{"id":3104,"date":"2019-01-10T10:35:03","date_gmt":"2019-01-10T10:35:03","guid":{"rendered":"https:\/\/proturcars.com\/CARS\/faqs\/"},"modified":"2025-09-01T12:21:12","modified_gmt":"2025-09-01T12:21:12","slug":"faqs","status":"publish","type":"page","link":"https:\/\/proturcars.com\/de\/faqs\/","title":{"rendered":"FAQs"},"content":{"rendered":"\t\t<div data-elementor-type=\"wp-post\" data-elementor-id=\"3104\" class=\"elementor elementor-3104 elementor-187\" data-elementor-post-type=\"page\">\n\t\t\t\t\t\t<section class=\"elementor-section elementor-top-section elementor-element elementor-element-4e92359 elementor-section-full_width elementor-section-stretched elementor-section-height-default elementor-section-height-default\" data-id=\"4e92359\" data-element_type=\"section\" data-e-type=\"section\" data-settings=\"{&quot;stretch_section&quot;:&quot;section-stretched&quot;}\">\n\t\t\t\t\t\t<div class=\"elementor-container elementor-column-gap-no\">\n\t\t\t\t\t<div class=\"elementor-column elementor-col-100 elementor-top-column elementor-element elementor-element-d58a8e5\" data-id=\"d58a8e5\" data-element_type=\"column\" data-e-type=\"column\">\n\t\t\t<div class=\"elementor-widget-wrap elementor-element-populated\">\n\t\t\t\t\t\t<div class=\"elementor-element elementor-element-2c90cac elementor-hidden-tablet elementor-hidden-mobile elementor-widget elementor-widget-image\" data-id=\"2c90cac\" data-element_type=\"widget\" data-e-type=\"widget\" data-widget_type=\"image.default\">\n\t\t\t\t<div class=\"elementor-widget-container\">\n\t\t\t\t\t\t\t\t\t\t\t\t\t\t\t<img fetchpriority=\"high\" decoding=\"async\" width=\"2427\" height=\"700\" src=\"https:\/\/proturcars.com\/wp-content\/uploads\/2024\/10\/faqs-preguntas-y-dudas-en-alquiler-de-coches.jpg\" class=\"attachment-full size-full wp-image-2990\" alt=\"Fragen und Zweifel bei der Autoanmietung\" srcset=\"https:\/\/proturcars.com\/wp-content\/uploads\/2024\/10\/faqs-preguntas-y-dudas-en-alquiler-de-coches.jpg 2427w, https:\/\/proturcars.com\/wp-content\/uploads\/2024\/10\/faqs-preguntas-y-dudas-en-alquiler-de-coches-300x87.jpg 300w, https:\/\/proturcars.com\/wp-content\/uploads\/2024\/10\/faqs-preguntas-y-dudas-en-alquiler-de-coches-1024x295.jpg 1024w, https:\/\/proturcars.com\/wp-content\/uploads\/2024\/10\/faqs-preguntas-y-dudas-en-alquiler-de-coches-768x222.jpg 768w, https:\/\/proturcars.com\/wp-content\/uploads\/2024\/10\/faqs-preguntas-y-dudas-en-alquiler-de-coches-1536x443.jpg 1536w, https:\/\/proturcars.com\/wp-content\/uploads\/2024\/10\/faqs-preguntas-y-dudas-en-alquiler-de-coches-2048x591.jpg 2048w, https:\/\/proturcars.com\/wp-content\/uploads\/2024\/10\/faqs-preguntas-y-dudas-en-alquiler-de-coches-370x107.jpg 370w, https:\/\/proturcars.com\/wp-content\/uploads\/2024\/10\/faqs-preguntas-y-dudas-en-alquiler-de-coches-760x219.jpg 760w\" sizes=\"(max-width: 2427px) 100vw, 2427px\" \/>\t\t\t\t\t\t\t\t\t\t\t\t\t\t\t<\/div>\n\t\t\t\t<\/div>\n\t\t\t\t<div class=\"elementor-element elementor-element-507c755 elementor-hidden-desktop elementor-widget elementor-widget-image\" data-id=\"507c755\" data-element_type=\"widget\" data-e-type=\"widget\" data-widget_type=\"image.default\">\n\t\t\t\t<div class=\"elementor-widget-container\">\n\t\t\t\t\t\t\t\t\t\t\t\t\t\t\t<img decoding=\"async\" width=\"700\" height=\"700\" src=\"https:\/\/proturcars.com\/wp-content\/uploads\/2024\/10\/faqs-preguntas-y-dudas-en-alquiler-de-coches-700x700.jpg\" class=\"attachment-tp-image-grid size-tp-image-grid wp-image-2990\" alt=\"Fragen und Zweifel bei der Autoanmietung\" srcset=\"https:\/\/proturcars.com\/wp-content\/uploads\/2024\/10\/faqs-preguntas-y-dudas-en-alquiler-de-coches-700x700.jpg 700w, https:\/\/proturcars.com\/wp-content\/uploads\/2024\/10\/faqs-preguntas-y-dudas-en-alquiler-de-coches-150x150.jpg 150w, https:\/\/proturcars.com\/wp-content\/uploads\/2024\/10\/faqs-preguntas-y-dudas-en-alquiler-de-coches-90x90.jpg 90w, https:\/\/proturcars.com\/wp-content\/uploads\/2024\/10\/faqs-preguntas-y-dudas-en-alquiler-de-coches-300x300.jpg 300w, https:\/\/proturcars.com\/wp-content\/uploads\/2024\/10\/faqs-preguntas-y-dudas-en-alquiler-de-coches-370x370.jpg 370w\" sizes=\"(max-width: 700px) 100vw, 700px\" \/>\t\t\t\t\t\t\t\t\t\t\t\t\t\t\t<\/div>\n\t\t\t\t<\/div>\n\t\t\t\t\t<\/div>\n\t\t<\/div>\n\t\t\t\t\t<\/div>\n\t\t<\/section>\n\t\t\t\t<section class=\"elementor-section elementor-top-section elementor-element elementor-element-a24a452 elementor-section-stretched elementor-section-full_width search-box elementor-section-height-default elementor-section-height-default\" data-id=\"a24a452\" data-element_type=\"section\" data-e-type=\"section\" data-settings=\"{&quot;stretch_section&quot;:&quot;section-stretched&quot;,&quot;background_background&quot;:&quot;classic&quot;}\">\n\t\t\t\t\t\t<div class=\"elementor-container elementor-column-gap-no\">\n\t\t\t\t\t<div class=\"elementor-column elementor-col-100 elementor-top-column elementor-element elementor-element-25b775d\" data-id=\"25b775d\" data-element_type=\"column\" data-e-type=\"column\">\n\t\t\t<div class=\"elementor-widget-wrap elementor-element-populated\">\n\t\t\t\t\t\t<section class=\"elementor-section elementor-inner-section elementor-element elementor-element-0e2caf1 elementor-section-full_width elementor-section-height-default elementor-section-height-default\" data-id=\"0e2caf1\" data-element_type=\"section\" data-e-type=\"section\" data-settings=\"{&quot;background_background&quot;:&quot;classic&quot;}\">\n\t\t\t\t\t\t<div class=\"elementor-container elementor-column-gap-no\">\n\t\t\t\t\t<div class=\"elementor-column elementor-col-100 elementor-inner-column elementor-element elementor-element-fce9cda\" data-id=\"fce9cda\" data-element_type=\"column\" data-e-type=\"column\">\n\t\t\t<div class=\"elementor-widget-wrap elementor-element-populated\">\n\t\t\t\t\t\t<div class=\"elementor-element elementor-element-9cfcc4d elementor-widget elementor-widget-shortcode\" data-id=\"9cfcc4d\" data-element_type=\"widget\" data-e-type=\"widget\" data-widget_type=\"shortcode.default\">\n\t\t\t\t<div class=\"elementor-widget-container\">\n\t\t\t\t\t\t\t<div class=\"elementor-shortcode\"><div class=\"nrhsf-container rh-std-background rh-std-radius\">\n            <div class=\"nrhsf-form-container gs-container-fluid \">\n        <form class=\"renthub-search-form\" method=\"GET\" action=\"https:\/\/proturcars.com\/de\/waehlen-sie-ihr-mietwagen\/\">\n            <div class=\"gs-row\">\n                \n                                        <input type=\"hidden\" id=\"rsf_type\" name=\"rsf_type\" value=\"\">\n                \n                <input type=\"hidden\" id=\"rsf_macro_type\" name=\"rsf_macro_type\" value=\"\">\n\n                <div class=\"nrhsf-pickup-container gs-cs-12 gs-cm-6 gs-cl-6 rh_details_show_right\">\n                    <div class=\"gs-fgroup\">\n                        <label>\n                                                            Ort der Abholung\n                                                    <\/label>\n                        <select required class=\"gs-fcontrol gs-hidden-sm\" id=\"rsf_pickup\" name=\"rsf_pickup\">\n                            <option value=\"\">- Ausw\u00e4hlen -<\/option>\n                                                            <option \n                                        value=\"4\" data-timetable=\"1\" data-dropoff-timetable=\"1\">B\u00fcro Cala Millor Protur Cars | Central <\/option>\n                                                            <option \n                                        value=\"6\" data-timetable=\"1\" data-dropoff-timetable=\"1\">B\u00fcro Cala Millor Protur Cars | Sa M\u00e0niga<\/option>\n                                                            <option \n                                        value=\"5\" data-timetable=\"1\" data-dropoff-timetable=\"1\">B\u00fcro Sa Coma Protur Cars | Savines<\/option>\n                                                            <option \n                                        value=\"1\" data-timetable=\"3\" data-dropoff-timetable=\"3\">B\u00fcro Sa Coma Protur Cars | Club House<\/option>\n                                                            <option \n                                        value=\"8\" data-timetable=\"1\" data-dropoff-timetable=\"1\">Protur Alicia Hotel<\/option>\n                                                            <option \n                                        value=\"7\" data-timetable=\"1\" data-dropoff-timetable=\"1\">Protur Atalaya Apartamentos<\/option>\n                                                            <option \n                                        value=\"9\" data-timetable=\"1\" data-dropoff-timetable=\"1\">Protur Bad\u00eda Park Aparthotel<\/option>\n                                                            <option \n                                        value=\"10\" data-timetable=\"1\" data-dropoff-timetable=\"1\">Protur Biomar Sensatori Resort<\/option>\n                                                            <option \n                                        value=\"11\" data-timetable=\"1\" data-dropoff-timetable=\"1\">Protur Bonaire Aparthotel<\/option>\n                                                            <option \n                                        value=\"12\" data-timetable=\"1\" data-dropoff-timetable=\"1\">Protur Bonamar Hotel<\/option>\n                                                            <option \n                                        value=\"13\" data-timetable=\"1\" data-dropoff-timetable=\"1\">Protur Floriana Resort Aparthotel<\/option>\n                                                            <option \n                                        value=\"14\" data-timetable=\"1\" data-dropoff-timetable=\"1\">Protur Monte Safari Aparthotel<\/option>\n                                                            <option \n                                        value=\"15\" data-timetable=\"1\" data-dropoff-timetable=\"1\">Protur Palmeras Playa Hotel<\/option>\n                                                            <option \n                                        value=\"16\" data-timetable=\"1\" data-dropoff-timetable=\"1\">Protur Playa Cala Millor Hotel<\/option>\n                                                            <option \n                                        value=\"17\" data-timetable=\"1\" data-dropoff-timetable=\"1\">Protur Sa Coma Playa Hotel &amp; Spa<\/option>\n                                                            <option \n                                        value=\"18\" data-timetable=\"1\" data-dropoff-timetable=\"1\">Protur Safari Park Aparthotel<\/option>\n                                                            <option \n                                        value=\"20\" data-timetable=\"1\" data-dropoff-timetable=\"1\">Protur Tur\u00f3 Pins Hotel (exklusiv f\u00fcr Hotelg\u00e4ste und Mindestmietdauer von 3 Tagen)<\/option>\n                                                            <option \n                                        value=\"19\" data-timetable=\"1\" data-dropoff-timetable=\"1\">Protur Vista Bad\u00eda Aparthotel<\/option>\n                                                            <option \n                                        value=\"21\" data-timetable=\"1\" data-dropoff-timetable=\"1\">Restaurante - Residencia Son Floriana<\/option>\n                                                            <option \n                                        value=\"24\" data-timetable=\"2\" data-dropoff-timetable=\"2\">Hotel Club S&#039;Illot<\/option>\n                                                            <option \n                                        value=\"3\" data-timetable=\"1\" data-dropoff-timetable=\"1\">Aeropuerto de Palma de Mallorca<\/option>\n                                                    <\/select>\n                        <div class=\"location_input\">\n                                                        <input type=\"text\" required class=\"gs-fcontrol rsf_pickup_input\" name=\"rsf_pickup_input\" id=\"rsf_pickup_input\" autocomplete=\"off\" placeholder=\"Ort der Abholung\" value=\"\" \/>\n                                                    <\/div>\n                        <div class=\"rh_location_results\" id=\"rh_location_results\">\n                            <ul class=\"rh_pickup_locations\">\n                                                            <li data-id=\"4\" data-timetable=\"1\" data-dropoff-timetable=\"1\">\n                                    <span class=\"rh_loc_label\">B\u00fcro Cala Millor Protur Cars | Central <\/span>\n                                                                        <div class=\"rh_loc_more_info\"><span class=\"rh_info_open\">+<\/span> Info<\/div>\n                                                                        <span class=\"rh_loc_icon\">\n                                                                                    <i class=\"fa fa-building\"><\/i>\n                                                                            <\/span>\n                                                                        <div class=\"rh_location-data\">\n                                        <div class=\"rh_loc_name_address\">\n                                            <h3 class=\"rh_loc_name\">B\u00fcro Cala Millor Protur Cars | Central <\/h3>\n                                        <\/div>\n\n                                        <div class=\"rh_loc_other_info\">\n                                                                                        <p>\n                                                                                                Carrer de sa Roca \n                                                \n                                                                                                2, \n                                                                                                \n                                            <\/p>\n                                            \n                                                                                        <p>\n                                                                                                Sant Lloren\u00e7 des Cardassar, \n                                                \n                                                                                                PM, \n                                                \n                                                                                                07530, \n                                                \n                                                                                                ES\n                                                                                            <\/p>\n                                            \n                                                                                        <p><a href=\"https:\/\/www.google.com\/maps?q=39.5939717,3.3795364\" target=\"_blank\"><i class=\"fa fa-map\"><\/i> Siehe Karte<\/a><\/p>\n                                            \n                                            <a href=\"javascript:void(0);\" class=\"rh_loc-select rh-std-background\">Ausw\u00e4hlen<\/a>\n                                        <\/div>\n                                                                                                                    <\/div>\n                                                                    <\/li>\n                                                            <li data-id=\"6\" data-timetable=\"1\" data-dropoff-timetable=\"1\">\n                                    <span class=\"rh_loc_label\">B\u00fcro Cala Millor Protur Cars | Sa M\u00e0niga<\/span>\n                                                                        <div class=\"rh_loc_more_info\"><span class=\"rh_info_open\">+<\/span> Info<\/div>\n                                                                        <span class=\"rh_loc_icon\">\n                                                                                    <i class=\"fa fa-building\"><\/i>\n                                                                            <\/span>\n                                                                        <div class=\"rh_location-data\">\n                                        <div class=\"rh_loc_name_address\">\n                                            <h3 class=\"rh_loc_name\">B\u00fcro Cala Millor Protur Cars | Sa M\u00e0niga<\/h3>\n                                        <\/div>\n\n                                        <div class=\"rh_loc_other_info\">\n                                                                                        <p>\n                                                                                                Avinguda sa Coma \n                                                \n                                                                                                14, \n                                                                                                \n                                            <\/p>\n                                            \n                                                                                        <p>\n                                                                                                Sant Lloren\u00e7 des Cardassar, \n                                                \n                                                                                                PM, \n                                                \n                                                                                                07560, \n                                                \n                                                                                                ES\n                                                                                            <\/p>\n                                            \n                                                                                        <p><a href=\"https:\/\/www.google.com\/maps?q=39.5935766,3.3825542\" target=\"_blank\"><i class=\"fa fa-map\"><\/i> Siehe Karte<\/a><\/p>\n                                            \n                                            <a href=\"javascript:void(0);\" class=\"rh_loc-select rh-std-background\">Ausw\u00e4hlen<\/a>\n                                        <\/div>\n                                                                                                                    <\/div>\n                                                                    <\/li>\n                                                            <li data-id=\"5\" data-timetable=\"1\" data-dropoff-timetable=\"1\">\n                                    <span class=\"rh_loc_label\">B\u00fcro Sa Coma Protur Cars | Savines<\/span>\n                                                                        <div class=\"rh_loc_more_info\"><span class=\"rh_info_open\">+<\/span> Info<\/div>\n                                                                        <span class=\"rh_loc_icon\">\n                                                                                    <i class=\"fa fa-building\"><\/i>\n                                                                            <\/span>\n                                                                        <div class=\"rh_location-data\">\n                                        <div class=\"rh_loc_name_address\">\n                                            <h3 class=\"rh_loc_name\">B\u00fcro Sa Coma Protur Cars | Savines<\/h3>\n                                        <\/div>\n\n                                        <div class=\"rh_loc_other_info\">\n                                                                                        <p>\n                                                                                                Carrer Atzeroles \n                                                \n                                                                                                2, \n                                                                                                \n                                            <\/p>\n                                            \n                                                                                        <p>\n                                                                                                Son Servera, \n                                                \n                                                                                                PM, \n                                                \n                                                                                                07560, \n                                                \n                                                                                                ES\n                                                                                            <\/p>\n                                            \n                                                                                        <p><a href=\"https:\/\/www.google.com\/maps?q=39.5708185,3.373305\" target=\"_blank\"><i class=\"fa fa-map\"><\/i> Siehe Karte<\/a><\/p>\n                                            \n                                            <a href=\"javascript:void(0);\" class=\"rh_loc-select rh-std-background\">Ausw\u00e4hlen<\/a>\n                                        <\/div>\n                                                                                                                    <\/div>\n                                                                    <\/li>\n                                                            <li data-id=\"1\" data-timetable=\"3\" data-dropoff-timetable=\"3\">\n                                    <span class=\"rh_loc_label\">B\u00fcro Sa Coma Protur Cars | Club House<\/span>\n                                                                        <div class=\"rh_loc_more_info\"><span class=\"rh_info_open\">+<\/span> Info<\/div>\n                                                                        <span class=\"rh_loc_icon\">\n                                                                                    <i class=\"fa fa-building\"><\/i>\n                                                                            <\/span>\n                                                                        <div class=\"rh_location-data\">\n                                        <div class=\"rh_loc_name_address\">\n                                            <h3 class=\"rh_loc_name\">B\u00fcro Sa Coma Protur Cars | Club House<\/h3>\n                                        <\/div>\n\n                                        <div class=\"rh_loc_other_info\">\n                                                                                        <p>\n                                                                                                Carrer de les Mimoses \n                                                \n                                                                                                4, \n                                                                                                \n                                            <\/p>\n                                            \n                                                                                        <p>\n                                                                                                Sant Lloren\u00e7 des Cardassar, \n                                                \n                                                                                                Illes Balears, \n                                                \n                                                                                                07560, \n                                                \n                                                                                                ES\n                                                                                            <\/p>\n                                            \n                                                                                        <p><a href=\"https:\/\/www.google.com\/maps?q=39.5828795,3.3752794\" target=\"_blank\"><i class=\"fa fa-map\"><\/i> Siehe Karte<\/a><\/p>\n                                            \n                                            <a href=\"javascript:void(0);\" class=\"rh_loc-select rh-std-background\">Ausw\u00e4hlen<\/a>\n                                        <\/div>\n                                                                                                                        <div class=\"rh_loc_desc\">\n                                            <h3>Beschreibung<\/h3>\n                                            <p>Oficina abierta solo por las ma\u00f1anas en horario de 08.00 h a 12.00 h; domingos cerrado.<\/p>\n                                        <\/div>\n                                                                            <\/div>\n                                                                    <\/li>\n                                                            <li data-id=\"8\" data-timetable=\"1\" data-dropoff-timetable=\"1\">\n                                    <span class=\"rh_loc_label\">Protur Alicia Hotel<\/span>\n                                                                        <div class=\"rh_loc_more_info\"><span class=\"rh_info_open\">+<\/span> Info<\/div>\n                                                                        <span class=\"rh_loc_icon\">\n                                                                                    <i class=\"fa fa-building\"><\/i>\n                                                                            <\/span>\n                                                                        <div class=\"rh_location-data\">\n                                        <div class=\"rh_loc_name_address\">\n                                            <h3 class=\"rh_loc_name\">Protur Alicia Hotel<\/h3>\n                                        <\/div>\n\n                                        <div class=\"rh_loc_other_info\">\n                                                                                        <p>\n                                                                                                Carrer na Llambies \n                                                \n                                                                                                26, \n                                                                                                \n                                            <\/p>\n                                            \n                                                                                        <p>\n                                                                                                Son Servera, \n                                                \n                                                                                                PM, \n                                                \n                                                                                                07559, \n                                                \n                                                                                                ES\n                                                                                            <\/p>\n                                            \n                                                                                        <p><a href=\"https:\/\/www.google.com\/maps?q=39.6090814,3.3896632\" target=\"_blank\"><i class=\"fa fa-map\"><\/i> Siehe Karte<\/a><\/p>\n                                            \n                                            <a href=\"javascript:void(0);\" class=\"rh_loc-select rh-std-background\">Ausw\u00e4hlen<\/a>\n                                        <\/div>\n                                                                                                                    <\/div>\n                                                                    <\/li>\n                                                            <li data-id=\"7\" data-timetable=\"1\" data-dropoff-timetable=\"1\">\n                                    <span class=\"rh_loc_label\">Protur Atalaya Apartamentos<\/span>\n                                                                        <div class=\"rh_loc_more_info\"><span class=\"rh_info_open\">+<\/span> Info<\/div>\n                                                                        <span class=\"rh_loc_icon\">\n                                                                                    <i class=\"fa fa-building\"><\/i>\n                                                                            <\/span>\n                                                                        <div class=\"rh_location-data\">\n                                        <div class=\"rh_loc_name_address\">\n                                            <h3 class=\"rh_loc_name\">Protur Atalaya Apartamentos<\/h3>\n                                        <\/div>\n\n                                        <div class=\"rh_loc_other_info\">\n                                                                                        <p>\n                                                                                                Carrer Sol Naixent \n                                                \n                                                                                                s\/n, \n                                                                                                \n                                            <\/p>\n                                            \n                                                                                        <p>\n                                                                                                Sant Lloren\u00e7 des Cardassar, \n                                                \n                                                                                                PM, \n                                                \n                                                \n                                                                                                ES\n                                                                                            <\/p>\n                                            \n                                                                                        <p><a href=\"https:\/\/www.google.com\/maps?q=39.600578,3.3829411\" target=\"_blank\"><i class=\"fa fa-map\"><\/i> Siehe Karte<\/a><\/p>\n                                            \n                                            <a href=\"javascript:void(0);\" class=\"rh_loc-select rh-std-background\">Ausw\u00e4hlen<\/a>\n                                        <\/div>\n                                                                                                                    <\/div>\n                                                                    <\/li>\n                                                            <li data-id=\"9\" data-timetable=\"1\" data-dropoff-timetable=\"1\">\n                                    <span class=\"rh_loc_label\">Protur Bad\u00eda Park Aparthotel<\/span>\n                                                                        <div class=\"rh_loc_more_info\"><span class=\"rh_info_open\">+<\/span> Info<\/div>\n                                                                        <span class=\"rh_loc_icon\">\n                                                                                    <i class=\"fa fa-building\"><\/i>\n                                                                            <\/span>\n                                                                        <div class=\"rh_location-data\">\n                                        <div class=\"rh_loc_name_address\">\n                                            <h3 class=\"rh_loc_name\">Protur Bad\u00eda Park Aparthotel<\/h3>\n                                        <\/div>\n\n                                        <div class=\"rh_loc_other_info\">\n                                                                                        <p>\n                                                                                                Avinguda de ses Palmeres \n                                                \n                                                                                                6, \n                                                                                                \n                                            <\/p>\n                                            \n                                                                                        <p>\n                                                                                                Sant Lloren\u00e7 des Cardassar, \n                                                \n                                                                                                PM, \n                                                \n                                                                                                07560, \n                                                \n                                                                                                ES\n                                                                                            <\/p>\n                                            \n                                                                                        <p><a href=\"https:\/\/www.google.com\/maps?q=39.579362,3.37458\" target=\"_blank\"><i class=\"fa fa-map\"><\/i> Siehe Karte<\/a><\/p>\n                                            \n                                            <a href=\"javascript:void(0);\" class=\"rh_loc-select rh-std-background\">Ausw\u00e4hlen<\/a>\n                                        <\/div>\n                                                                                                                    <\/div>\n                                                                    <\/li>\n                                                            <li data-id=\"10\" data-timetable=\"1\" data-dropoff-timetable=\"1\">\n                                    <span class=\"rh_loc_label\">Protur Biomar Sensatori Resort<\/span>\n                                                                        <div class=\"rh_loc_more_info\"><span class=\"rh_info_open\">+<\/span> Info<\/div>\n                                                                        <span class=\"rh_loc_icon\">\n                                                                                    <i class=\"fa fa-building\"><\/i>\n                                                                            <\/span>\n                                                                        <div class=\"rh_location-data\">\n                                        <div class=\"rh_loc_name_address\">\n                                            <h3 class=\"rh_loc_name\">Protur Biomar Sensatori Resort<\/h3>\n                                        <\/div>\n\n                                        <div class=\"rh_loc_other_info\">\n                                                                                        <p>\n                                                                                                Carrer dels Baladres \n                                                \n                                                                                                5, \n                                                                                                \n                                            <\/p>\n                                            \n                                                                                        <p>\n                                                                                                Sant Lloren\u00e7 des Cardassar, \n                                                \n                                                                                                PM, \n                                                \n                                                                                                07560, \n                                                \n                                                                                                ES\n                                                                                            <\/p>\n                                            \n                                                                                        <p><a href=\"https:\/\/www.google.com\/maps?q=39.5805769,3.3793518\" target=\"_blank\"><i class=\"fa fa-map\"><\/i> Siehe Karte<\/a><\/p>\n                                            \n                                            <a href=\"javascript:void(0);\" class=\"rh_loc-select rh-std-background\">Ausw\u00e4hlen<\/a>\n                                        <\/div>\n                                                                                                                    <\/div>\n                                                                    <\/li>\n                                                            <li data-id=\"11\" data-timetable=\"1\" data-dropoff-timetable=\"1\">\n                                    <span class=\"rh_loc_label\">Protur Bonaire Aparthotel<\/span>\n                                                                        <div class=\"rh_loc_more_info\"><span class=\"rh_info_open\">+<\/span> Info<\/div>\n                                                                        <span class=\"rh_loc_icon\">\n                                                                                    <i class=\"fa fa-building\"><\/i>\n                                                                            <\/span>\n                                                                        <div class=\"rh_location-data\">\n                                        <div class=\"rh_loc_name_address\">\n                                            <h3 class=\"rh_loc_name\">Protur Bonaire Aparthotel<\/h3>\n                                        <\/div>\n\n                                        <div class=\"rh_loc_other_info\">\n                                                                                        <p>\n                                                                                                Passeig Pintor Miquel Vives \n                                                \n                                                                                                29, \n                                                                                                \n                                            <\/p>\n                                            \n                                                                                        <p>\n                                                                                                Son Servera, \n                                                \n                                                                                                PM, \n                                                \n                                                                                                07559, \n                                                \n                                                                                                ES\n                                                                                            <\/p>\n                                            \n                                                                                        <p><a href=\"https:\/\/www.google.com\/maps?q=39.6178377,3.3900255\" target=\"_blank\"><i class=\"fa fa-map\"><\/i> Siehe Karte<\/a><\/p>\n                                            \n                                            <a href=\"javascript:void(0);\" class=\"rh_loc-select rh-std-background\">Ausw\u00e4hlen<\/a>\n                                        <\/div>\n                                                                                                                    <\/div>\n                                                                    <\/li>\n                                                            <li data-id=\"12\" data-timetable=\"1\" data-dropoff-timetable=\"1\">\n                                    <span class=\"rh_loc_label\">Protur Bonamar Hotel<\/span>\n                                                                        <div class=\"rh_loc_more_info\"><span class=\"rh_info_open\">+<\/span> Info<\/div>\n                                                                        <span class=\"rh_loc_icon\">\n                                                                                    <i class=\"fa fa-building\"><\/i>\n                                                                            <\/span>\n                                                                        <div class=\"rh_location-data\">\n                                        <div class=\"rh_loc_name_address\">\n                                            <h3 class=\"rh_loc_name\">Protur Bonamar Hotel<\/h3>\n                                        <\/div>\n\n                                        <div class=\"rh_loc_other_info\">\n                                                                                        <p>\n                                                                                                Carrer na Llambies \n                                                \n                                                                                                \n                                            <\/p>\n                                            \n                                                                                        <p>\n                                                                                                Sant Lloren\u00e7 des Cardassar, \n                                                \n                                                                                                PM, \n                                                \n                                                                                                07560, \n                                                \n                                                                                                ES\n                                                                                            <\/p>\n                                            \n                                                                                        <p><a href=\"https:\/\/www.google.com\/maps?q=39.606793,3.3880689\" target=\"_blank\"><i class=\"fa fa-map\"><\/i> Siehe Karte<\/a><\/p>\n                                            \n                                            <a href=\"javascript:void(0);\" class=\"rh_loc-select rh-std-background\">Ausw\u00e4hlen<\/a>\n                                        <\/div>\n                                                                                                                    <\/div>\n                                                                    <\/li>\n                                                            <li data-id=\"13\" data-timetable=\"1\" data-dropoff-timetable=\"1\">\n                                    <span class=\"rh_loc_label\">Protur Floriana Resort Aparthotel<\/span>\n                                                                        <div class=\"rh_loc_more_info\"><span class=\"rh_info_open\">+<\/span> Info<\/div>\n                                                                        <span class=\"rh_loc_icon\">\n                                                                                    <i class=\"fa fa-building\"><\/i>\n                                                                            <\/span>\n                                                                        <div class=\"rh_location-data\">\n                                        <div class=\"rh_loc_name_address\">\n                                            <h3 class=\"rh_loc_name\">Protur Floriana Resort Aparthotel<\/h3>\n                                        <\/div>\n\n                                        <div class=\"rh_loc_other_info\">\n                                                                                        <p>\n                                                                                                carrer de ses joanetes \n                                                \n                                                                                                s\/n, \n                                                                                                \n                                            <\/p>\n                                            \n                                                                                        <p>\n                                                                                                Son Servera, \n                                                \n                                                                                                Illes Balears, \n                                                \n                                                                                                07559, \n                                                \n                                                                                                ES\n                                                                                            <\/p>\n                                            \n                                                                                        <p><a href=\"https:\/\/www.google.com\/maps?q=39.6123,3.38586\" target=\"_blank\"><i class=\"fa fa-map\"><\/i> Siehe Karte<\/a><\/p>\n                                            \n                                            <a href=\"javascript:void(0);\" class=\"rh_loc-select rh-std-background\">Ausw\u00e4hlen<\/a>\n                                        <\/div>\n                                                                                                                    <\/div>\n                                                                    <\/li>\n                                                            <li data-id=\"14\" data-timetable=\"1\" data-dropoff-timetable=\"1\">\n                                    <span class=\"rh_loc_label\">Protur Monte Safari Aparthotel<\/span>\n                                                                        <div class=\"rh_loc_more_info\"><span class=\"rh_info_open\">+<\/span> Info<\/div>\n                                                                        <span class=\"rh_loc_icon\">\n                                                                                    <i class=\"fa fa-building\"><\/i>\n                                                                            <\/span>\n                                                                        <div class=\"rh_location-data\">\n                                        <div class=\"rh_loc_name_address\">\n                                            <h3 class=\"rh_loc_name\">Protur Monte Safari Aparthotel<\/h3>\n                                        <\/div>\n\n                                        <div class=\"rh_loc_other_info\">\n                                                                                        <p>\n                                                                                                Carretera Porto Cristo-Son Servera \n                                                \n                                                                                                s\/n, \n                                                                                                \n                                            <\/p>\n                                            \n                                                                                        <p>\n                                                                                                Sant Lloren\u00e7 des Cardassar, \n                                                \n                                                                                                PM, \n                                                \n                                                                                                07560, \n                                                \n                                                                                                ES\n                                                                                            <\/p>\n                                            \n                                                                                        <p><a href=\"https:\/\/www.google.com\/maps?q=39.5987984,3.3679956\" target=\"_blank\"><i class=\"fa fa-map\"><\/i> Siehe Karte<\/a><\/p>\n                                            \n                                            <a href=\"javascript:void(0);\" class=\"rh_loc-select rh-std-background\">Ausw\u00e4hlen<\/a>\n                                        <\/div>\n                                                                                                                    <\/div>\n                                                                    <\/li>\n                                                            <li data-id=\"15\" data-timetable=\"1\" data-dropoff-timetable=\"1\">\n                                    <span class=\"rh_loc_label\">Protur Palmeras Playa Hotel<\/span>\n                                                                        <div class=\"rh_loc_more_info\"><span class=\"rh_info_open\">+<\/span> Info<\/div>\n                                                                        <span class=\"rh_loc_icon\">\n                                                                                    <i class=\"fa fa-building\"><\/i>\n                                                                            <\/span>\n                                                                        <div class=\"rh_location-data\">\n                                        <div class=\"rh_loc_name_address\">\n                                            <h3 class=\"rh_loc_name\">Protur Palmeras Playa Hotel<\/h3>\n                                        <\/div>\n\n                                        <div class=\"rh_loc_other_info\">\n                                                                                        <p>\n                                                                                                Avinguda de les Savines \n                                                \n                                                                                                \n                                            <\/p>\n                                            \n                                                                                        <p>\n                                                                                                Sant Lloren\u00e7 des Cardassar, \n                                                \n                                                                                                PM, \n                                                \n                                                                                                07560, \n                                                \n                                                                                                ES\n                                                                                            <\/p>\n                                            \n                                                                                        <p><a href=\"https:\/\/www.google.com\/maps?q=39.5704256,3.3731303\" target=\"_blank\"><i class=\"fa fa-map\"><\/i> Siehe Karte<\/a><\/p>\n                                            \n                                            <a href=\"javascript:void(0);\" class=\"rh_loc-select rh-std-background\">Ausw\u00e4hlen<\/a>\n                                        <\/div>\n                                                                                                                    <\/div>\n                                                                    <\/li>\n                                                            <li data-id=\"16\" data-timetable=\"1\" data-dropoff-timetable=\"1\">\n                                    <span class=\"rh_loc_label\">Protur Playa Cala Millor Hotel<\/span>\n                                                                        <div class=\"rh_loc_more_info\"><span class=\"rh_info_open\">+<\/span> Info<\/div>\n                                                                        <span class=\"rh_loc_icon\">\n                                                                                    <i class=\"fa fa-building\"><\/i>\n                                                                            <\/span>\n                                                                        <div class=\"rh_location-data\">\n                                        <div class=\"rh_loc_name_address\">\n                                            <h3 class=\"rh_loc_name\">Protur Playa Cala Millor Hotel<\/h3>\n                                        <\/div>\n\n                                        <div class=\"rh_loc_other_info\">\n                                                                                        <p>\n                                                                                                Carrer Platja Cala Millor \n                                                \n                                                                                                1, \n                                                                                                \n                                            <\/p>\n                                            \n                                                                                        <p>\n                                                                                                Sant Lloren\u00e7 des Cardassar, \n                                                \n                                                                                                PM, \n                                                \n                                                                                                07560, \n                                                \n                                                                                                ES\n                                                                                            <\/p>\n                                            \n                                                                                        <p><a href=\"https:\/\/www.google.com\/maps?q=39.5933038,3.3833273\" target=\"_blank\"><i class=\"fa fa-map\"><\/i> Siehe Karte<\/a><\/p>\n                                            \n                                            <a href=\"javascript:void(0);\" class=\"rh_loc-select rh-std-background\">Ausw\u00e4hlen<\/a>\n                                        <\/div>\n                                                                                                                    <\/div>\n                                                                    <\/li>\n                                                            <li data-id=\"17\" data-timetable=\"1\" data-dropoff-timetable=\"1\">\n                                    <span class=\"rh_loc_label\">Protur Sa Coma Playa Hotel &amp; Spa<\/span>\n                                                                        <div class=\"rh_loc_more_info\"><span class=\"rh_info_open\">+<\/span> Info<\/div>\n                                                                        <span class=\"rh_loc_icon\">\n                                                                                    <i class=\"fa fa-building\"><\/i>\n                                                                            <\/span>\n                                                                        <div class=\"rh_location-data\">\n                                        <div class=\"rh_loc_name_address\">\n                                            <h3 class=\"rh_loc_name\">Protur Sa Coma Playa Hotel &amp; Spa<\/h3>\n                                        <\/div>\n\n                                        <div class=\"rh_loc_other_info\">\n                                                                                        <p>\n                                                                                                Carrer Eucaliptus \n                                                \n                                                                                                \n                                            <\/p>\n                                            \n                                                                                        <p>\n                                                                                                Sant Lloren\u00e7 des Cardassar, \n                                                \n                                                                                                PM, \n                                                \n                                                                                                07560, \n                                                \n                                                                                                ES\n                                                                                            <\/p>\n                                            \n                                                                                        <p><a href=\"https:\/\/www.google.com\/maps?q=39.580986,3.3774187\" target=\"_blank\"><i class=\"fa fa-map\"><\/i> Siehe Karte<\/a><\/p>\n                                            \n                                            <a href=\"javascript:void(0);\" class=\"rh_loc-select rh-std-background\">Ausw\u00e4hlen<\/a>\n                                        <\/div>\n                                                                                                                    <\/div>\n                                                                    <\/li>\n                                                            <li data-id=\"18\" data-timetable=\"1\" data-dropoff-timetable=\"1\">\n                                    <span class=\"rh_loc_label\">Protur Safari Park Aparthotel<\/span>\n                                                                        <div class=\"rh_loc_more_info\"><span class=\"rh_info_open\">+<\/span> Info<\/div>\n                                                                        <span class=\"rh_loc_icon\">\n                                                                                    <i class=\"fa fa-building\"><\/i>\n                                                                            <\/span>\n                                                                        <div class=\"rh_location-data\">\n                                        <div class=\"rh_loc_name_address\">\n                                            <h3 class=\"rh_loc_name\">Protur Safari Park Aparthotel<\/h3>\n                                        <\/div>\n\n                                        <div class=\"rh_loc_other_info\">\n                                                                                        <p>\n                                                                                                Carrer Liles \n                                                \n                                                                                                S\/N, \n                                                                                                \n                                            <\/p>\n                                            \n                                                                                        <p>\n                                                                                                Sant Lloren\u00e7 des Cardassar, \n                                                \n                                                                                                PM, \n                                                \n                                                                                                07530, \n                                                \n                                                                                                ES\n                                                                                            <\/p>\n                                            \n                                                                                        <p><a href=\"https:\/\/www.google.com\/maps?q=39.5812285,3.3765857\" target=\"_blank\"><i class=\"fa fa-map\"><\/i> Siehe Karte<\/a><\/p>\n                                            \n                                            <a href=\"javascript:void(0);\" class=\"rh_loc-select rh-std-background\">Ausw\u00e4hlen<\/a>\n                                        <\/div>\n                                                                                                                    <\/div>\n                                                                    <\/li>\n                                                            <li data-id=\"20\" data-timetable=\"1\" data-dropoff-timetable=\"1\">\n                                    <span class=\"rh_loc_label\">Protur Tur\u00f3 Pins Hotel (exklusiv f\u00fcr Hotelg\u00e4ste und Mindestmietdauer von 3 Tagen)<\/span>\n                                                                        <div class=\"rh_loc_more_info\"><span class=\"rh_info_open\">+<\/span> Info<\/div>\n                                                                        <span class=\"rh_loc_icon\">\n                                                                                    <i class=\"fa fa-building\"><\/i>\n                                                                            <\/span>\n                                                                        <div class=\"rh_location-data\">\n                                        <div class=\"rh_loc_name_address\">\n                                            <h3 class=\"rh_loc_name\">Protur Tur\u00f3 Pins Hotel (exklusiv f\u00fcr Hotelg\u00e4ste und Mindestmietdauer von 3 Tagen)<\/h3>\n                                        <\/div>\n\n                                        <div class=\"rh_loc_other_info\">\n                                                                                        <p>\n                                                                                                Carrer de na Lliteres \n                                                \n                                                                                                \n                                            <\/p>\n                                            \n                                                                                        <p>\n                                                                                                Capdepera, \n                                                \n                                                                                                PM, \n                                                \n                                                                                                07590, \n                                                \n                                                                                                ES\n                                                                                            <\/p>\n                                            \n                                                                                        <p><a href=\"https:\/\/www.google.com\/maps?q=39.718003,3.463763\" target=\"_blank\"><i class=\"fa fa-map\"><\/i> Siehe Karte<\/a><\/p>\n                                            \n                                            <a href=\"javascript:void(0);\" class=\"rh_loc-select rh-std-background\">Ausw\u00e4hlen<\/a>\n                                        <\/div>\n                                                                                                                        <div class=\"rh_loc_desc\">\n                                            <h3>Beschreibung<\/h3>\n                                            <p>(exklusiv f\u00fcr Hotelg\u00e4ste und Mindestmietdauer von 3 Tagen)<\/p>\n                                        <\/div>\n                                                                            <\/div>\n                                                                    <\/li>\n                                                            <li data-id=\"19\" data-timetable=\"1\" data-dropoff-timetable=\"1\">\n                                    <span class=\"rh_loc_label\">Protur Vista Bad\u00eda Aparthotel<\/span>\n                                                                        <div class=\"rh_loc_more_info\"><span class=\"rh_info_open\">+<\/span> Info<\/div>\n                                                                        <span class=\"rh_loc_icon\">\n                                                                                    <i class=\"fa fa-building\"><\/i>\n                                                                            <\/span>\n                                                                        <div class=\"rh_location-data\">\n                                        <div class=\"rh_loc_name_address\">\n                                            <h3 class=\"rh_loc_name\">Protur Vista Bad\u00eda Aparthotel<\/h3>\n                                        <\/div>\n\n                                        <div class=\"rh_loc_other_info\">\n                                                                                        <p>\n                                                                                                Carrer Xiprers \n                                                \n                                                                                                \n                                            <\/p>\n                                            \n                                                                                        <p>\n                                                                                                Sant Lloren\u00e7 des Cardassar, \n                                                \n                                                                                                PM, \n                                                \n                                                                                                07560, \n                                                \n                                                                                                ES\n                                                                                            <\/p>\n                                            \n                                                                                        <p><a href=\"https:\/\/www.google.com\/maps?q=39.5801659,3.3768804\" target=\"_blank\"><i class=\"fa fa-map\"><\/i> Siehe Karte<\/a><\/p>\n                                            \n                                            <a href=\"javascript:void(0);\" class=\"rh_loc-select rh-std-background\">Ausw\u00e4hlen<\/a>\n                                        <\/div>\n                                                                                                                    <\/div>\n                                                                    <\/li>\n                                                            <li data-id=\"21\" data-timetable=\"1\" data-dropoff-timetable=\"1\">\n                                    <span class=\"rh_loc_label\">Restaurante - Residencia Son Floriana<\/span>\n                                                                        <div class=\"rh_loc_more_info\"><span class=\"rh_info_open\">+<\/span> Info<\/div>\n                                                                        <span class=\"rh_loc_icon\">\n                                                                                    <i class=\"fa fa-building\"><\/i>\n                                                                            <\/span>\n                                                                        <div class=\"rh_location-data\">\n                                        <div class=\"rh_loc_name_address\">\n                                            <h3 class=\"rh_loc_name\">Restaurante - Residencia Son Floriana<\/h3>\n                                        <\/div>\n\n                                        <div class=\"rh_loc_other_info\">\n                                                                                        <p>\n                                                                                                Avenida Magnolia \n                                                \n                                                                                                \n                                            <\/p>\n                                            \n                                                                                        <p>\n                                                                                                Son Servera, \n                                                \n                                                                                                PM, \n                                                \n                                                                                                07559, \n                                                \n                                                                                                ES\n                                                                                            <\/p>\n                                            \n                                                                                        <p><a href=\"https:\/\/www.google.com\/maps?q=39.611479,3.383928\" target=\"_blank\"><i class=\"fa fa-map\"><\/i> Siehe Karte<\/a><\/p>\n                                            \n                                            <a href=\"javascript:void(0);\" class=\"rh_loc-select rh-std-background\">Ausw\u00e4hlen<\/a>\n                                        <\/div>\n                                                                                                                    <\/div>\n                                                                    <\/li>\n                                                            <li data-id=\"24\" data-timetable=\"2\" data-dropoff-timetable=\"2\">\n                                    <span class=\"rh_loc_label\">Hotel Club S&#039;Illot<\/span>\n                                                                        <div class=\"rh_loc_more_info\"><span class=\"rh_info_open\">+<\/span> Info<\/div>\n                                                                        <span class=\"rh_loc_icon\">\n                                                                                    <i class=\"fa fa-building\"><\/i>\n                                                                            <\/span>\n                                                                        <div class=\"rh_location-data\">\n                                        <div class=\"rh_loc_name_address\">\n                                            <h3 class=\"rh_loc_name\">Hotel Club S&#039;Illot<\/h3>\n                                        <\/div>\n\n                                        <div class=\"rh_loc_other_info\">\n                                                                                        <p>\n                                                                                                Carrer dels Cards \n                                                \n                                                                                                2, \n                                                                                                \n                                            <\/p>\n                                            \n                                                                                        <p>\n                                                                                                Manacor, \n                                                \n                                                                                                PM, \n                                                \n                                                                                                07687, \n                                                \n                                                                                                ES\n                                                                                            <\/p>\n                                            \n                                                                                        <p><a href=\"https:\/\/www.google.com\/maps?q=39.5656124,3.37242\" target=\"_blank\"><i class=\"fa fa-map\"><\/i> Siehe Karte<\/a><\/p>\n                                            \n                                            <a href=\"javascript:void(0);\" class=\"rh_loc-select rh-std-background\">Ausw\u00e4hlen<\/a>\n                                        <\/div>\n                                                                                <div class=\"rh_loc_contacts\">\n                                            <h3>Kontakte<\/h3>\n                                                                                                                                    <p>E-Mail: <a href=\"emailto:HOTEL@HOTELSILLOT.COM\">HOTEL@HOTELSILLOT.COM<\/a><\/p>\n                                                                                    <\/div>\n                                                                                                                    <\/div>\n                                                                    <\/li>\n                                                            <li data-id=\"3\" data-timetable=\"1\" data-dropoff-timetable=\"1\">\n                                    <span class=\"rh_loc_label\">Aeropuerto de Palma de Mallorca<\/span>\n                                                                        <div class=\"rh_loc_more_info\"><span class=\"rh_info_open\">+<\/span> Info<\/div>\n                                                                        <span class=\"rh_loc_icon\">\n                                                                                    <i class=\"fa fa-plane\"><\/i>\n                                                                            <\/span>\n                                                                        <div class=\"rh_location-data\">\n                                        <div class=\"rh_loc_name_address\">\n                                            <h3 class=\"rh_loc_name\">Aeropuerto de Palma de Mallorca<\/h3>\n                                        <\/div>\n\n                                        <div class=\"rh_loc_other_info\">\n                                                                                        <p>\n                                                                                                LEVANTE \n                                                \n                                                                                                \n                                            <\/p>\n                                            \n                                                                                        <p>\n                                                                                                Palma , \n                                                \n                                                                                                Illes Balears, \n                                                \n                                                                                                07611, \n                                                \n                                                                                                ES\n                                                                                            <\/p>\n                                            \n                                                                                        <p><a href=\"https:\/\/www.google.com\/maps?q=39.5524708,2.7393803\" target=\"_blank\"><i class=\"fa fa-map\"><\/i> Siehe Karte<\/a><\/p>\n                                            \n                                            <a href=\"javascript:void(0);\" class=\"rh_loc-select rh-std-background\">Ausw\u00e4hlen<\/a>\n                                        <\/div>\n                                                                                                                        <div class=\"rh_loc_desc\">\n                                            <h3>Beschreibung<\/h3>\n                                            <p>mit Aufpreis f\u00fcr zus\u00e4tzlichen Abhol- und\/oder Bringservice und mindestens 4 volle Tage (96 h). Abholung und R\u00fcckgabe im Erdgeschoss des Parkhauses, Zone G.<\/p>\n                                        <\/div>\n                                                                            <\/div>\n                                                                    <\/li>\n                                                        <\/ul>\n                                                        <div class=\"rh_location_info\"><\/div>\n                                                    <\/div>\n                    <\/div>\n                <\/div>\n\n                                    <div class=\"nrhsf-dropoff-container gs-cs-12 gs-cm-6 gs-cl-6\">\n                        <div class=\"gs-fgroup\">\n                            <label>\n                                Ort der R\u00fcckgabe\n                            <\/label>\n                            <select required class=\"gs-fcontrol gs-hidden-sm\" id=\"rsf_dropoff\" name=\"rsf_dropoff\">\n                                <option value=\"\">- Ausw\u00e4hlen -<\/option>\n                                                                    <option \n                                            value=\"4\" data-timetable=\"1\">B\u00fcro Cala Millor Protur Cars | Central <\/option>\n                                                                    <option \n                                            value=\"6\" data-timetable=\"1\">B\u00fcro Cala Millor Protur Cars | Sa M\u00e0niga<\/option>\n                                                                    <option \n                                            value=\"5\" data-timetable=\"1\">B\u00fcro Sa Coma Protur Cars | Savines<\/option>\n                                                                    <option \n                                            value=\"1\" data-timetable=\"3\">B\u00fcro Sa Coma Protur Cars | Club House<\/option>\n                                                                    <option \n                                            value=\"8\" data-timetable=\"1\">Protur Alicia Hotel<\/option>\n                                                                    <option \n                                            value=\"7\" data-timetable=\"1\">Protur Atalaya Apartamentos<\/option>\n                                                                    <option \n                                            value=\"9\" data-timetable=\"1\">Protur Bad\u00eda Park Aparthotel<\/option>\n                                                                    <option \n                                            value=\"10\" data-timetable=\"1\">Protur Biomar Sensatori Resort<\/option>\n                                                                    <option \n                                            value=\"11\" data-timetable=\"1\">Protur Bonaire Aparthotel<\/option>\n                                                                    <option \n                                            value=\"12\" data-timetable=\"1\">Protur Bonamar Hotel<\/option>\n                                                                    <option \n                                            value=\"13\" data-timetable=\"1\">Protur Floriana Resort Aparthotel<\/option>\n                                                                    <option \n                                            value=\"14\" data-timetable=\"1\">Protur Monte Safari Aparthotel<\/option>\n                                                                    <option \n                                            value=\"15\" data-timetable=\"1\">Protur Palmeras Playa Hotel<\/option>\n                                                                    <option \n                                            value=\"16\" data-timetable=\"1\">Protur Playa Cala Millor Hotel<\/option>\n                                                                    <option \n                                            value=\"17\" data-timetable=\"1\">Protur Sa Coma Playa Hotel &amp; Spa<\/option>\n                                                                    <option \n                                            value=\"18\" data-timetable=\"1\">Protur Safari Park Aparthotel<\/option>\n                                                                    <option \n                                            value=\"20\" data-timetable=\"1\">Protur Tur\u00f3 Pins Hotel (exklusiv f\u00fcr Hotelg\u00e4ste und Mindestmietdauer von 3 Tagen)<\/option>\n                                                                    <option \n                                            value=\"19\" data-timetable=\"1\">Protur Vista Bad\u00eda Aparthotel<\/option>\n                                                                    <option \n                                            value=\"21\" data-timetable=\"1\">Restaurante - Residencia Son Floriana<\/option>\n                                                                    <option \n                                            value=\"24\" data-timetable=\"2\">Hotel Club S&#039;Illot<\/option>\n                                                                    <option \n                                            value=\"3\" data-timetable=\"1\">Aeropuerto de Palma de Mallorca<\/option>\n                                                            <\/select>\n                            <div class=\"location_input\">\n                                \n\n                                                                <input type=\"text\" required class=\"gs-fcontrol\" name=\"rsf_dropoff_input\" id=\"rsf_dropoff_input\" autocomplete=\"off\" placeholder=\"Ort der R\u00fcckgabe\" value=\"\" \/>\n                                                                \n                            <\/div>\n                            <div class=\"rh_location_results\" id=\"dropoff_rh_location_results\">\n                                <ul class=\"rh_dropoff_locations\">\n                                                                    <li data-id=\"4\" data-timetable=\"1\" data-dropoff-timetable=\"1\">\n                                        <span class=\"rh_loc_label\">B\u00fcro Cala Millor Protur Cars | Central <\/span>\n                                                                                <div class=\"rh_loc_more_info\"><span class=\"rh_info_open\">+<\/span> Info<\/div>\n                                                                                <span class=\"rh_loc_icon\">\n                                                                                            <i class=\"fa fa-building\"><\/i>\n                                                                                    <\/span>\n                                                                                <div class=\"rh_location-data\">\n                                            <div class=\"rh_loc_name_address\">\n                                                <h3 class=\"rh_loc_name\">B\u00fcro Cala Millor Protur Cars | Central <\/h3>\n                                            <\/div>\n\n                                            <div class=\"rh_loc_other_info\">\n                                                                                                <p>\n                                                                                                        Carrer de sa Roca \n                                                                                                        \n                                                                                                        2, \n                                                                                                    <\/p>\n                                                \n                                                                                                <p>\n                                                                                                        Sant Lloren\u00e7 des Cardassar, \n                                                    \n                                                                                                        PM, \n                                                    \n                                                                                                        07530, \n                                                    \n                                                                                                        ES\n                                                                                                    <\/p>\n                                                \n                                                                                                <p><a href=\"https:\/\/www.google.com\/maps?q=39.5939717,3.3795364\" target=\"_blank\"><i class=\"fa fa-map\"><\/i> Siehe Karte<\/a><\/p>\n                                                \n                                                <a href=\"javascript:void(0);\" class=\"rh_loc-select rh-std-background\">Ausw\u00e4hlen<\/a>\n                                            <\/div>\n                                                                                                                                <\/div>\n                                                                            <\/li>\n                                                                    <li data-id=\"6\" data-timetable=\"1\" data-dropoff-timetable=\"1\">\n                                        <span class=\"rh_loc_label\">B\u00fcro Cala Millor Protur Cars | Sa M\u00e0niga<\/span>\n                                                                                <div class=\"rh_loc_more_info\"><span class=\"rh_info_open\">+<\/span> Info<\/div>\n                                                                                <span class=\"rh_loc_icon\">\n                                                                                            <i class=\"fa fa-building\"><\/i>\n                                                                                    <\/span>\n                                                                                <div class=\"rh_location-data\">\n                                            <div class=\"rh_loc_name_address\">\n                                                <h3 class=\"rh_loc_name\">B\u00fcro Cala Millor Protur Cars | Sa M\u00e0niga<\/h3>\n                                            <\/div>\n\n                                            <div class=\"rh_loc_other_info\">\n                                                                                                <p>\n                                                                                                        Avinguda sa Coma \n                                                                                                        \n                                                                                                        14, \n                                                                                                    <\/p>\n                                                \n                                                                                                <p>\n                                                                                                        Sant Lloren\u00e7 des Cardassar, \n                                                    \n                                                                                                        PM, \n                                                    \n                                                                                                        07560, \n                                                    \n                                                                                                        ES\n                                                                                                    <\/p>\n                                                \n                                                                                                <p><a href=\"https:\/\/www.google.com\/maps?q=39.5935766,3.3825542\" target=\"_blank\"><i class=\"fa fa-map\"><\/i> Siehe Karte<\/a><\/p>\n                                                \n                                                <a href=\"javascript:void(0);\" class=\"rh_loc-select rh-std-background\">Ausw\u00e4hlen<\/a>\n                                            <\/div>\n                                                                                                                                <\/div>\n                                                                            <\/li>\n                                                                    <li data-id=\"5\" data-timetable=\"1\" data-dropoff-timetable=\"1\">\n                                        <span class=\"rh_loc_label\">B\u00fcro Sa Coma Protur Cars | Savines<\/span>\n                                                                                <div class=\"rh_loc_more_info\"><span class=\"rh_info_open\">+<\/span> Info<\/div>\n                                                                                <span class=\"rh_loc_icon\">\n                                                                                            <i class=\"fa fa-building\"><\/i>\n                                                                                    <\/span>\n                                                                                <div class=\"rh_location-data\">\n                                            <div class=\"rh_loc_name_address\">\n                                                <h3 class=\"rh_loc_name\">B\u00fcro Sa Coma Protur Cars | Savines<\/h3>\n                                            <\/div>\n\n                                            <div class=\"rh_loc_other_info\">\n                                                                                                <p>\n                                                                                                        Carrer Atzeroles \n                                                                                                        \n                                                                                                        2, \n                                                                                                    <\/p>\n                                                \n                                                                                                <p>\n                                                                                                        Son Servera, \n                                                    \n                                                                                                        PM, \n                                                    \n                                                                                                        07560, \n                                                    \n                                                                                                        ES\n                                                                                                    <\/p>\n                                                \n                                                                                                <p><a href=\"https:\/\/www.google.com\/maps?q=39.5708185,3.373305\" target=\"_blank\"><i class=\"fa fa-map\"><\/i> Siehe Karte<\/a><\/p>\n                                                \n                                                <a href=\"javascript:void(0);\" class=\"rh_loc-select rh-std-background\">Ausw\u00e4hlen<\/a>\n                                            <\/div>\n                                                                                                                                <\/div>\n                                                                            <\/li>\n                                                                    <li data-id=\"1\" data-timetable=\"3\" data-dropoff-timetable=\"3\">\n                                        <span class=\"rh_loc_label\">B\u00fcro Sa Coma Protur Cars | Club House<\/span>\n                                                                                <div class=\"rh_loc_more_info\"><span class=\"rh_info_open\">+<\/span> Info<\/div>\n                                                                                <span class=\"rh_loc_icon\">\n                                                                                            <i class=\"fa fa-building\"><\/i>\n                                                                                    <\/span>\n                                                                                <div class=\"rh_location-data\">\n                                            <div class=\"rh_loc_name_address\">\n                                                <h3 class=\"rh_loc_name\">B\u00fcro Sa Coma Protur Cars | Club House<\/h3>\n                                            <\/div>\n\n                                            <div class=\"rh_loc_other_info\">\n                                                                                                <p>\n                                                                                                        Carrer de les Mimoses \n                                                                                                        \n                                                                                                        4, \n                                                                                                    <\/p>\n                                                \n                                                                                                <p>\n                                                                                                        Sant Lloren\u00e7 des Cardassar, \n                                                    \n                                                                                                        Illes Balears, \n                                                    \n                                                                                                        07560, \n                                                    \n                                                                                                        ES\n                                                                                                    <\/p>\n                                                \n                                                                                                <p><a href=\"https:\/\/www.google.com\/maps?q=39.5828795,3.3752794\" target=\"_blank\"><i class=\"fa fa-map\"><\/i> Siehe Karte<\/a><\/p>\n                                                \n                                                <a href=\"javascript:void(0);\" class=\"rh_loc-select rh-std-background\">Ausw\u00e4hlen<\/a>\n                                            <\/div>\n                                                                                                                                    <div class=\"rh_loc_desc\">\n                                                <h3>Beschreibung<\/h3>\n                                                <p>Oficina abierta solo por las ma\u00f1anas en horario de 08.00 h a 12.00 h; domingos cerrado.<\/p>\n                                            <\/div>\n                                                                                    <\/div>\n                                                                            <\/li>\n                                                                    <li data-id=\"8\" data-timetable=\"1\" data-dropoff-timetable=\"1\">\n                                        <span class=\"rh_loc_label\">Protur Alicia Hotel<\/span>\n                                                                                <div class=\"rh_loc_more_info\"><span class=\"rh_info_open\">+<\/span> Info<\/div>\n                                                                                <span class=\"rh_loc_icon\">\n                                                                                            <i class=\"fa fa-building\"><\/i>\n                                                                                    <\/span>\n                                                                                <div class=\"rh_location-data\">\n                                            <div class=\"rh_loc_name_address\">\n                                                <h3 class=\"rh_loc_name\">Protur Alicia Hotel<\/h3>\n                                            <\/div>\n\n                                            <div class=\"rh_loc_other_info\">\n                                                                                                <p>\n                                                                                                        Carrer na Llambies \n                                                                                                        \n                                                                                                        26, \n                                                                                                    <\/p>\n                                                \n                                                                                                <p>\n                                                                                                        Son Servera, \n                                                    \n                                                                                                        PM, \n                                                    \n                                                                                                        07559, \n                                                    \n                                                                                                        ES\n                                                                                                    <\/p>\n                                                \n                                                                                                <p><a href=\"https:\/\/www.google.com\/maps?q=39.6090814,3.3896632\" target=\"_blank\"><i class=\"fa fa-map\"><\/i> Siehe Karte<\/a><\/p>\n                                                \n                                                <a href=\"javascript:void(0);\" class=\"rh_loc-select rh-std-background\">Ausw\u00e4hlen<\/a>\n                                            <\/div>\n                                                                                                                                <\/div>\n                                                                            <\/li>\n                                                                    <li data-id=\"7\" data-timetable=\"1\" data-dropoff-timetable=\"1\">\n                                        <span class=\"rh_loc_label\">Protur Atalaya Apartamentos<\/span>\n                                                                                <div class=\"rh_loc_more_info\"><span class=\"rh_info_open\">+<\/span> Info<\/div>\n                                                                                <span class=\"rh_loc_icon\">\n                                                                                            <i class=\"fa fa-building\"><\/i>\n                                                                                    <\/span>\n                                                                                <div class=\"rh_location-data\">\n                                            <div class=\"rh_loc_name_address\">\n                                                <h3 class=\"rh_loc_name\">Protur Atalaya Apartamentos<\/h3>\n                                            <\/div>\n\n                                            <div class=\"rh_loc_other_info\">\n                                                                                                <p>\n                                                                                                        Carrer Sol Naixent \n                                                                                                        \n                                                                                                        s\/n, \n                                                                                                    <\/p>\n                                                \n                                                                                                <p>\n                                                                                                        Sant Lloren\u00e7 des Cardassar, \n                                                    \n                                                                                                        PM, \n                                                    \n                                                    \n                                                                                                        ES\n                                                                                                    <\/p>\n                                                \n                                                                                                <p><a href=\"https:\/\/www.google.com\/maps?q=39.600578,3.3829411\" target=\"_blank\"><i class=\"fa fa-map\"><\/i> Siehe Karte<\/a><\/p>\n                                                \n                                                <a href=\"javascript:void(0);\" class=\"rh_loc-select rh-std-background\">Ausw\u00e4hlen<\/a>\n                                            <\/div>\n                                                                                                                                <\/div>\n                                                                            <\/li>\n                                                                    <li data-id=\"9\" data-timetable=\"1\" data-dropoff-timetable=\"1\">\n                                        <span class=\"rh_loc_label\">Protur Bad\u00eda Park Aparthotel<\/span>\n                                                                                <div class=\"rh_loc_more_info\"><span class=\"rh_info_open\">+<\/span> Info<\/div>\n                                                                                <span class=\"rh_loc_icon\">\n                                                                                            <i class=\"fa fa-building\"><\/i>\n                                                                                    <\/span>\n                                                                                <div class=\"rh_location-data\">\n                                            <div class=\"rh_loc_name_address\">\n                                                <h3 class=\"rh_loc_name\">Protur Bad\u00eda Park Aparthotel<\/h3>\n                                            <\/div>\n\n                                            <div class=\"rh_loc_other_info\">\n                                                                                                <p>\n                                                                                                        Avinguda de ses Palmeres \n                                                                                                        \n                                                                                                        6, \n                                                                                                    <\/p>\n                                                \n                                                                                                <p>\n                                                                                                        Sant Lloren\u00e7 des Cardassar, \n                                                    \n                                                                                                        PM, \n                                                    \n                                                                                                        07560, \n                                                    \n                                                                                                        ES\n                                                                                                    <\/p>\n                                                \n                                                                                                <p><a href=\"https:\/\/www.google.com\/maps?q=39.579362,3.37458\" target=\"_blank\"><i class=\"fa fa-map\"><\/i> Siehe Karte<\/a><\/p>\n                                                \n                                                <a href=\"javascript:void(0);\" class=\"rh_loc-select rh-std-background\">Ausw\u00e4hlen<\/a>\n                                            <\/div>\n                                                                                                                                <\/div>\n                                                                            <\/li>\n                                                                    <li data-id=\"10\" data-timetable=\"1\" data-dropoff-timetable=\"1\">\n                                        <span class=\"rh_loc_label\">Protur Biomar Sensatori Resort<\/span>\n                                                                                <div class=\"rh_loc_more_info\"><span class=\"rh_info_open\">+<\/span> Info<\/div>\n                                                                                <span class=\"rh_loc_icon\">\n                                                                                            <i class=\"fa fa-building\"><\/i>\n                                                                                    <\/span>\n                                                                                <div class=\"rh_location-data\">\n                                            <div class=\"rh_loc_name_address\">\n                                                <h3 class=\"rh_loc_name\">Protur Biomar Sensatori Resort<\/h3>\n                                            <\/div>\n\n                                            <div class=\"rh_loc_other_info\">\n                                                                                                <p>\n                                                                                                        Carrer dels Baladres \n                                                                                                        \n                                                                                                        5, \n                                                                                                    <\/p>\n                                                \n                                                                                                <p>\n                                                                                                        Sant Lloren\u00e7 des Cardassar, \n                                                    \n                                                                                                        PM, \n                                                    \n                                                                                                        07560, \n                                                    \n                                                                                                        ES\n                                                                                                    <\/p>\n                                                \n                                                                                                <p><a href=\"https:\/\/www.google.com\/maps?q=39.5805769,3.3793518\" target=\"_blank\"><i class=\"fa fa-map\"><\/i> Siehe Karte<\/a><\/p>\n                                                \n                                                <a href=\"javascript:void(0);\" class=\"rh_loc-select rh-std-background\">Ausw\u00e4hlen<\/a>\n                                            <\/div>\n                                                                                                                                <\/div>\n                                                                            <\/li>\n                                                                    <li data-id=\"11\" data-timetable=\"1\" data-dropoff-timetable=\"1\">\n                                        <span class=\"rh_loc_label\">Protur Bonaire Aparthotel<\/span>\n                                                                                <div class=\"rh_loc_more_info\"><span class=\"rh_info_open\">+<\/span> Info<\/div>\n                                                                                <span class=\"rh_loc_icon\">\n                                                                                            <i class=\"fa fa-building\"><\/i>\n                                                                                    <\/span>\n                                                                                <div class=\"rh_location-data\">\n                                            <div class=\"rh_loc_name_address\">\n                                                <h3 class=\"rh_loc_name\">Protur Bonaire Aparthotel<\/h3>\n                                            <\/div>\n\n                                            <div class=\"rh_loc_other_info\">\n                                                                                                <p>\n                                                                                                        Passeig Pintor Miquel Vives \n                                                                                                        \n                                                                                                        29, \n                                                                                                    <\/p>\n                                                \n                                                                                                <p>\n                                                                                                        Son Servera, \n                                                    \n                                                                                                        PM, \n                                                    \n                                                                                                        07559, \n                                                    \n                                                                                                        ES\n                                                                                                    <\/p>\n                                                \n                                                                                                <p><a href=\"https:\/\/www.google.com\/maps?q=39.6178377,3.3900255\" target=\"_blank\"><i class=\"fa fa-map\"><\/i> Siehe Karte<\/a><\/p>\n                                                \n                                                <a href=\"javascript:void(0);\" class=\"rh_loc-select rh-std-background\">Ausw\u00e4hlen<\/a>\n                                            <\/div>\n                                                                                                                                <\/div>\n                                                                            <\/li>\n                                                                    <li data-id=\"12\" data-timetable=\"1\" data-dropoff-timetable=\"1\">\n                                        <span class=\"rh_loc_label\">Protur Bonamar Hotel<\/span>\n                                                                                <div class=\"rh_loc_more_info\"><span class=\"rh_info_open\">+<\/span> Info<\/div>\n                                                                                <span class=\"rh_loc_icon\">\n                                                                                            <i class=\"fa fa-building\"><\/i>\n                                                                                    <\/span>\n                                                                                <div class=\"rh_location-data\">\n                                            <div class=\"rh_loc_name_address\">\n                                                <h3 class=\"rh_loc_name\">Protur Bonamar Hotel<\/h3>\n                                            <\/div>\n\n                                            <div class=\"rh_loc_other_info\">\n                                                                                                <p>\n                                                                                                        Carrer na Llambies \n                                                                                                        \n                                                                                                    <\/p>\n                                                \n                                                                                                <p>\n                                                                                                        Sant Lloren\u00e7 des Cardassar, \n                                                    \n                                                                                                        PM, \n                                                    \n                                                                                                        07560, \n                                                    \n                                                                                                        ES\n                                                                                                    <\/p>\n                                                \n                                                                                                <p><a href=\"https:\/\/www.google.com\/maps?q=39.606793,3.3880689\" target=\"_blank\"><i class=\"fa fa-map\"><\/i> Siehe Karte<\/a><\/p>\n                                                \n                                                <a href=\"javascript:void(0);\" class=\"rh_loc-select rh-std-background\">Ausw\u00e4hlen<\/a>\n                                            <\/div>\n                                                                                                                                <\/div>\n                                                                            <\/li>\n                                                                    <li data-id=\"13\" data-timetable=\"1\" data-dropoff-timetable=\"1\">\n                                        <span class=\"rh_loc_label\">Protur Floriana Resort Aparthotel<\/span>\n                                                                                <div class=\"rh_loc_more_info\"><span class=\"rh_info_open\">+<\/span> Info<\/div>\n                                                                                <span class=\"rh_loc_icon\">\n                                                                                            <i class=\"fa fa-building\"><\/i>\n                                                                                    <\/span>\n                                                                                <div class=\"rh_location-data\">\n                                            <div class=\"rh_loc_name_address\">\n                                                <h3 class=\"rh_loc_name\">Protur Floriana Resort Aparthotel<\/h3>\n                                            <\/div>\n\n                                            <div class=\"rh_loc_other_info\">\n                                                                                                <p>\n                                                                                                        carrer de ses joanetes \n                                                                                                        \n                                                                                                        s\/n, \n                                                                                                    <\/p>\n                                                \n                                                                                                <p>\n                                                                                                        Son Servera, \n                                                    \n                                                                                                        Illes Balears, \n                                                    \n                                                                                                        07559, \n                                                    \n                                                                                                        ES\n                                                                                                    <\/p>\n                                                \n                                                                                                <p><a href=\"https:\/\/www.google.com\/maps?q=39.6123,3.38586\" target=\"_blank\"><i class=\"fa fa-map\"><\/i> Siehe Karte<\/a><\/p>\n                                                \n                                                <a href=\"javascript:void(0);\" class=\"rh_loc-select rh-std-background\">Ausw\u00e4hlen<\/a>\n                                            <\/div>\n                                                                                                                                <\/div>\n                                                                            <\/li>\n                                                                    <li data-id=\"14\" data-timetable=\"1\" data-dropoff-timetable=\"1\">\n                                        <span class=\"rh_loc_label\">Protur Monte Safari Aparthotel<\/span>\n                                                                                <div class=\"rh_loc_more_info\"><span class=\"rh_info_open\">+<\/span> Info<\/div>\n                                                                                <span class=\"rh_loc_icon\">\n                                                                                            <i class=\"fa fa-building\"><\/i>\n                                                                                    <\/span>\n                                                                                <div class=\"rh_location-data\">\n                                            <div class=\"rh_loc_name_address\">\n                                                <h3 class=\"rh_loc_name\">Protur Monte Safari Aparthotel<\/h3>\n                                            <\/div>\n\n                                            <div class=\"rh_loc_other_info\">\n                                                                                                <p>\n                                                                                                        Carretera Porto Cristo-Son Servera \n                                                                                                        \n                                                                                                        s\/n, \n                                                                                                    <\/p>\n                                                \n                                                                                                <p>\n                                                                                                        Sant Lloren\u00e7 des Cardassar, \n                                                    \n                                                                                                        PM, \n                                                    \n                                                                                                        07560, \n                                                    \n                                                                                                        ES\n                                                                                                    <\/p>\n                                                \n                                                                                                <p><a href=\"https:\/\/www.google.com\/maps?q=39.5987984,3.3679956\" target=\"_blank\"><i class=\"fa fa-map\"><\/i> Siehe Karte<\/a><\/p>\n                                                \n                                                <a href=\"javascript:void(0);\" class=\"rh_loc-select rh-std-background\">Ausw\u00e4hlen<\/a>\n                                            <\/div>\n                                                                                                                                <\/div>\n                                                                            <\/li>\n                                                                    <li data-id=\"15\" data-timetable=\"1\" data-dropoff-timetable=\"1\">\n                                        <span class=\"rh_loc_label\">Protur Palmeras Playa Hotel<\/span>\n                                                                                <div class=\"rh_loc_more_info\"><span class=\"rh_info_open\">+<\/span> Info<\/div>\n                                                                                <span class=\"rh_loc_icon\">\n                                                                                            <i class=\"fa fa-building\"><\/i>\n                                                                                    <\/span>\n                                                                                <div class=\"rh_location-data\">\n                                            <div class=\"rh_loc_name_address\">\n                                                <h3 class=\"rh_loc_name\">Protur Palmeras Playa Hotel<\/h3>\n                                            <\/div>\n\n                                            <div class=\"rh_loc_other_info\">\n                                                                                                <p>\n                                                                                                        Avinguda de les Savines \n                                                                                                        \n                                                                                                    <\/p>\n                                                \n                                                                                                <p>\n                                                                                                        Sant Lloren\u00e7 des Cardassar, \n                                                    \n                                                                                                        PM, \n                                                    \n                                                                                                        07560, \n                                                    \n                                                                                                        ES\n                                                                                                    <\/p>\n                                                \n                                                                                                <p><a href=\"https:\/\/www.google.com\/maps?q=39.5704256,3.3731303\" target=\"_blank\"><i class=\"fa fa-map\"><\/i> Siehe Karte<\/a><\/p>\n                                                \n                                                <a href=\"javascript:void(0);\" class=\"rh_loc-select rh-std-background\">Ausw\u00e4hlen<\/a>\n                                            <\/div>\n                                                                                                                                <\/div>\n                                                                            <\/li>\n                                                                    <li data-id=\"16\" data-timetable=\"1\" data-dropoff-timetable=\"1\">\n                                        <span class=\"rh_loc_label\">Protur Playa Cala Millor Hotel<\/span>\n                                                                                <div class=\"rh_loc_more_info\"><span class=\"rh_info_open\">+<\/span> Info<\/div>\n                                                                                <span class=\"rh_loc_icon\">\n                                                                                            <i class=\"fa fa-building\"><\/i>\n                                                                                    <\/span>\n                                                                                <div class=\"rh_location-data\">\n                                            <div class=\"rh_loc_name_address\">\n                                                <h3 class=\"rh_loc_name\">Protur Playa Cala Millor Hotel<\/h3>\n                                            <\/div>\n\n                                            <div class=\"rh_loc_other_info\">\n                                                                                                <p>\n                                                                                                        Carrer Platja Cala Millor \n                                                                                                        \n                                                                                                        1, \n                                                                                                    <\/p>\n                                                \n                                                                                                <p>\n                                                                                                        Sant Lloren\u00e7 des Cardassar, \n                                                    \n                                                                                                        PM, \n                                                    \n                                                                                                        07560, \n                                                    \n                                                                                                        ES\n                                                                                                    <\/p>\n                                                \n                                                                                                <p><a href=\"https:\/\/www.google.com\/maps?q=39.5933038,3.3833273\" target=\"_blank\"><i class=\"fa fa-map\"><\/i> Siehe Karte<\/a><\/p>\n                                                \n                                                <a href=\"javascript:void(0);\" class=\"rh_loc-select rh-std-background\">Ausw\u00e4hlen<\/a>\n                                            <\/div>\n                                                                                                                                <\/div>\n                                                                            <\/li>\n                                                                    <li data-id=\"17\" data-timetable=\"1\" data-dropoff-timetable=\"1\">\n                                        <span class=\"rh_loc_label\">Protur Sa Coma Playa Hotel &amp; Spa<\/span>\n                                                                                <div class=\"rh_loc_more_info\"><span class=\"rh_info_open\">+<\/span> Info<\/div>\n                                                                                <span class=\"rh_loc_icon\">\n                                                                                            <i class=\"fa fa-building\"><\/i>\n                                                                                    <\/span>\n                                                                                <div class=\"rh_location-data\">\n                                            <div class=\"rh_loc_name_address\">\n                                                <h3 class=\"rh_loc_name\">Protur Sa Coma Playa Hotel &amp; Spa<\/h3>\n                                            <\/div>\n\n                                            <div class=\"rh_loc_other_info\">\n                                                                                                <p>\n                                                                                                        Carrer Eucaliptus \n                                                                                                        \n                                                                                                    <\/p>\n                                                \n                                                                                                <p>\n                                                                                                        Sant Lloren\u00e7 des Cardassar, \n                                                    \n                                                                                                        PM, \n                                                    \n                                                                                                        07560, \n                                                    \n                                                                                                        ES\n                                                                                                    <\/p>\n                                                \n                                                                                                <p><a href=\"https:\/\/www.google.com\/maps?q=39.580986,3.3774187\" target=\"_blank\"><i class=\"fa fa-map\"><\/i> Siehe Karte<\/a><\/p>\n                                                \n                                                <a href=\"javascript:void(0);\" class=\"rh_loc-select rh-std-background\">Ausw\u00e4hlen<\/a>\n                                            <\/div>\n                                                                                                                                <\/div>\n                                                                            <\/li>\n                                                                    <li data-id=\"18\" data-timetable=\"1\" data-dropoff-timetable=\"1\">\n                                        <span class=\"rh_loc_label\">Protur Safari Park Aparthotel<\/span>\n                                                                                <div class=\"rh_loc_more_info\"><span class=\"rh_info_open\">+<\/span> Info<\/div>\n                                                                                <span class=\"rh_loc_icon\">\n                                                                                            <i class=\"fa fa-building\"><\/i>\n                                                                                    <\/span>\n                                                                                <div class=\"rh_location-data\">\n                                            <div class=\"rh_loc_name_address\">\n                                                <h3 class=\"rh_loc_name\">Protur Safari Park Aparthotel<\/h3>\n                                            <\/div>\n\n                                            <div class=\"rh_loc_other_info\">\n                                                                                                <p>\n                                                                                                        Carrer Liles \n                                                                                                        \n                                                                                                        S\/N, \n                                                                                                    <\/p>\n                                                \n                                                                                                <p>\n                                                                                                        Sant Lloren\u00e7 des Cardassar, \n                                                    \n                                                                                                        PM, \n                                                    \n                                                                                                        07530, \n                                                    \n                                                                                                        ES\n                                                                                                    <\/p>\n                                                \n                                                                                                <p><a href=\"https:\/\/www.google.com\/maps?q=39.5812285,3.3765857\" target=\"_blank\"><i class=\"fa fa-map\"><\/i> Siehe Karte<\/a><\/p>\n                                                \n                                                <a href=\"javascript:void(0);\" class=\"rh_loc-select rh-std-background\">Ausw\u00e4hlen<\/a>\n                                            <\/div>\n                                                                                                                                <\/div>\n                                                                            <\/li>\n                                                                    <li data-id=\"20\" data-timetable=\"1\" data-dropoff-timetable=\"1\">\n                                        <span class=\"rh_loc_label\">Protur Tur\u00f3 Pins Hotel (exklusiv f\u00fcr Hotelg\u00e4ste und Mindestmietdauer von 3 Tagen)<\/span>\n                                                                                <div class=\"rh_loc_more_info\"><span class=\"rh_info_open\">+<\/span> Info<\/div>\n                                                                                <span class=\"rh_loc_icon\">\n                                                                                            <i class=\"fa fa-building\"><\/i>\n                                                                                    <\/span>\n                                                                                <div class=\"rh_location-data\">\n                                            <div class=\"rh_loc_name_address\">\n                                                <h3 class=\"rh_loc_name\">Protur Tur\u00f3 Pins Hotel (exklusiv f\u00fcr Hotelg\u00e4ste und Mindestmietdauer von 3 Tagen)<\/h3>\n                                            <\/div>\n\n                                            <div class=\"rh_loc_other_info\">\n                                                                                                <p>\n                                                                                                        Carrer de na Lliteres \n                                                                                                        \n                                                                                                    <\/p>\n                                                \n                                                                                                <p>\n                                                                                                        Capdepera, \n                                                    \n                                                                                                        PM, \n                                                    \n                                                                                                        07590, \n                                                    \n                                                                                                        ES\n                                                                                                    <\/p>\n                                                \n                                                                                                <p><a href=\"https:\/\/www.google.com\/maps?q=39.718003,3.463763\" target=\"_blank\"><i class=\"fa fa-map\"><\/i> Siehe Karte<\/a><\/p>\n                                                \n                                                <a href=\"javascript:void(0);\" class=\"rh_loc-select rh-std-background\">Ausw\u00e4hlen<\/a>\n                                            <\/div>\n                                                                                                                                    <div class=\"rh_loc_desc\">\n                                                <h3>Beschreibung<\/h3>\n                                                <p>(exklusiv f\u00fcr Hotelg\u00e4ste und Mindestmietdauer von 3 Tagen)<\/p>\n                                            <\/div>\n                                                                                    <\/div>\n                                                                            <\/li>\n                                                                    <li data-id=\"19\" data-timetable=\"1\" data-dropoff-timetable=\"1\">\n                                        <span class=\"rh_loc_label\">Protur Vista Bad\u00eda Aparthotel<\/span>\n                                                                                <div class=\"rh_loc_more_info\"><span class=\"rh_info_open\">+<\/span> Info<\/div>\n                                                                                <span class=\"rh_loc_icon\">\n                                                                                            <i class=\"fa fa-building\"><\/i>\n                                                                                    <\/span>\n                                                                                <div class=\"rh_location-data\">\n                                            <div class=\"rh_loc_name_address\">\n                                                <h3 class=\"rh_loc_name\">Protur Vista Bad\u00eda Aparthotel<\/h3>\n                                            <\/div>\n\n                                            <div class=\"rh_loc_other_info\">\n                                                                                                <p>\n                                                                                                        Carrer Xiprers \n                                                                                                        \n                                                                                                    <\/p>\n                                                \n                                                                                                <p>\n                                                                                                        Sant Lloren\u00e7 des Cardassar, \n                                                    \n                                                                                                        PM, \n                                                    \n                                                                                                        07560, \n                                                    \n                                                                                                        ES\n                                                                                                    <\/p>\n                                                \n                                                                                                <p><a href=\"https:\/\/www.google.com\/maps?q=39.5801659,3.3768804\" target=\"_blank\"><i class=\"fa fa-map\"><\/i> Siehe Karte<\/a><\/p>\n                                                \n                                                <a href=\"javascript:void(0);\" class=\"rh_loc-select rh-std-background\">Ausw\u00e4hlen<\/a>\n                                            <\/div>\n                                                                                                                                <\/div>\n                                                                            <\/li>\n                                                                    <li data-id=\"21\" data-timetable=\"1\" data-dropoff-timetable=\"1\">\n                                        <span class=\"rh_loc_label\">Restaurante - Residencia Son Floriana<\/span>\n                                                                                <div class=\"rh_loc_more_info\"><span class=\"rh_info_open\">+<\/span> Info<\/div>\n                                                                                <span class=\"rh_loc_icon\">\n                                                                                            <i class=\"fa fa-building\"><\/i>\n                                                                                    <\/span>\n                                                                                <div class=\"rh_location-data\">\n                                            <div class=\"rh_loc_name_address\">\n                                                <h3 class=\"rh_loc_name\">Restaurante - Residencia Son Floriana<\/h3>\n                                            <\/div>\n\n                                            <div class=\"rh_loc_other_info\">\n                                                                                                <p>\n                                                                                                        Avenida Magnolia \n                                                                                                        \n                                                                                                    <\/p>\n                                                \n                                                                                                <p>\n                                                                                                        Son Servera, \n                                                    \n                                                                                                        PM, \n                                                    \n                                                                                                        07559, \n                                                    \n                                                                                                        ES\n                                                                                                    <\/p>\n                                                \n                                                                                                <p><a href=\"https:\/\/www.google.com\/maps?q=39.611479,3.383928\" target=\"_blank\"><i class=\"fa fa-map\"><\/i> Siehe Karte<\/a><\/p>\n                                                \n                                                <a href=\"javascript:void(0);\" class=\"rh_loc-select rh-std-background\">Ausw\u00e4hlen<\/a>\n                                            <\/div>\n                                                                                                                                <\/div>\n                                                                            <\/li>\n                                                                    <li data-id=\"24\" data-timetable=\"2\" data-dropoff-timetable=\"2\">\n                                        <span class=\"rh_loc_label\">Hotel Club S&#039;Illot<\/span>\n                                                                                <div class=\"rh_loc_more_info\"><span class=\"rh_info_open\">+<\/span> Info<\/div>\n                                                                                <span class=\"rh_loc_icon\">\n                                                                                            <i class=\"fa fa-building\"><\/i>\n                                                                                    <\/span>\n                                                                                <div class=\"rh_location-data\">\n                                            <div class=\"rh_loc_name_address\">\n                                                <h3 class=\"rh_loc_name\">Hotel Club S&#039;Illot<\/h3>\n                                            <\/div>\n\n                                            <div class=\"rh_loc_other_info\">\n                                                                                                <p>\n                                                                                                        Carrer dels Cards \n                                                                                                        \n                                                                                                        2, \n                                                                                                    <\/p>\n                                                \n                                                                                                <p>\n                                                                                                        Manacor, \n                                                    \n                                                                                                        PM, \n                                                    \n                                                                                                        07687, \n                                                    \n                                                                                                        ES\n                                                                                                    <\/p>\n                                                \n                                                                                                <p><a href=\"https:\/\/www.google.com\/maps?q=39.5656124,3.37242\" target=\"_blank\"><i class=\"fa fa-map\"><\/i> Siehe Karte<\/a><\/p>\n                                                \n                                                <a href=\"javascript:void(0);\" class=\"rh_loc-select rh-std-background\">Ausw\u00e4hlen<\/a>\n                                            <\/div>\n                                                                                        <div class=\"rh_loc_contacts\">\n                                                <h3>Kontakte<\/h3>\n                                                                                                                                                <p>E-Mail: <a href=\"emailto:HOTEL@HOTELSILLOT.COM\">HOTEL@HOTELSILLOT.COM<\/a><\/p>\n                                                                                            <\/div>\n                                                                                                                                <\/div>\n                                                                            <\/li>\n                                                                    <li data-id=\"3\" data-timetable=\"1\" data-dropoff-timetable=\"1\">\n                                        <span class=\"rh_loc_label\">Aeropuerto de Palma de Mallorca<\/span>\n                                                                                <div class=\"rh_loc_more_info\"><span class=\"rh_info_open\">+<\/span> Info<\/div>\n                                                                                <span class=\"rh_loc_icon\">\n                                                                                            <i class=\"fa fa-plane\"><\/i>\n                                                                                    <\/span>\n                                                                                <div class=\"rh_location-data\">\n                                            <div class=\"rh_loc_name_address\">\n                                                <h3 class=\"rh_loc_name\">Aeropuerto de Palma de Mallorca<\/h3>\n                                            <\/div>\n\n                                            <div class=\"rh_loc_other_info\">\n                                                                                                <p>\n                                                                                                        LEVANTE \n                                                                                                        \n                                                                                                    <\/p>\n                                                \n                                                                                                <p>\n                                                                                                        Palma , \n                                                    \n                                                                                                        Illes Balears, \n                                                    \n                                                                                                        07611, \n                                                    \n                                                                                                        ES\n                                                                                                    <\/p>\n                                                \n                                                                                                <p><a href=\"https:\/\/www.google.com\/maps?q=39.5524708,2.7393803\" target=\"_blank\"><i class=\"fa fa-map\"><\/i> Siehe Karte<\/a><\/p>\n                                                \n                                                <a href=\"javascript:void(0);\" class=\"rh_loc-select rh-std-background\">Ausw\u00e4hlen<\/a>\n                                            <\/div>\n                                                                                                                                    <div class=\"rh_loc_desc\">\n                                                <h3>Beschreibung<\/h3>\n                                                <p>mit Aufpreis f\u00fcr zus\u00e4tzlichen Abhol- und\/oder Bringservice und mindestens 4 volle Tage (96 h). Abholung und R\u00fcckgabe im Erdgeschoss des Parkhauses, Zone G.<\/p>\n                                            <\/div>\n                                                                                    <\/div>\n                                                                            <\/li>\n                                                                <\/ul>\n                                                                <div class=\"rh_location_info\"><\/div>\n                                                            <\/div>\n                        <\/div>\n                    <\/div>\n                \n                <div class=\"nrhsf-pickup-datetime-container gs-cs-12 gs-cm-6 gs-cl-6\">\n                    <div class=\"gs-fgroup\">\n                        <label>Abholdatum \/Uhrzeit<\/label>\n                        <div class=\"new-datetime-group\">\n                            <input readonly placeholder=\"Abholdatum \/Uhrzeit\" required\n                                   class=\"gs-fcontrol datepicker-input\" id=\"rsf_pickup_date\" name=\"rsf_pickup_date\"\n                                   value=\"\">\n                            <select required class=\"gs-fcontrol timepicker-input\" name=\"rsf_pickup_time\"\n                                    id=\"rsf_pickup_time\">\n                                <option value=\"\">- Ausw\u00e4hlen -<\/option>\n                            <\/select>\n                        <\/div>\n                    <\/div>\n                <\/div>\n                \n                <div class=\"nrhsf-dropoff-datetime-container gs-cs-12 gs-cm-6 gs-cl-6\">\n                    <label>R\u00fcckgabedatum\/Uhrzeit<\/label>\n                    <div class=\"new-datetime-group\">\n                        <input readonly placeholder=\"R\u00fcckgabedatum\/Uhrzeit\" required\n                               class=\"gs-fcontrol datepicker-input\" id=\"rsf_dropoff_date\" name=\"rsf_dropoff_date\"\n                               value=\"\">\n                        <select required class=\"gs-fcontrol timepicker-input\" name=\"rsf_dropoff_time\"\n                                id=\"rsf_dropoff_time\">\n                            <option value=\"\">- Ausw\u00e4hlen -<\/option>\n                        <\/select>\n                    <\/div>\n                <\/div>\n                \n                                <div class=\"renthub-coupon-checkbox gs-cs-12 gs-cm-6 gs-cl-6\">\n                    <label class=\"rsf_coupon_checkbox_container\" style=\"\"><input type=\"checkbox\" id=\"rsf_add_coupon\"  \/> Hast Du einen Gutschein?<\/label>\n                    <div class=\"rsf_show_coupon\" style=\"display:none\">\n                        <label>Gutscheinnummer<\/label>\n                        <input class=\"gs-fcontrol\" type=\"text\" name=\"rbf_coupon\" id=\"rbf_coupon\" placeholder=\"Gutscheinnummer\" value=\"\">\n                    <\/div>\n                <\/div>\n                            <\/div>\n            <div class=\"gs-row\">\n                                    <div class=\"nrhsf-age gs-cs-12 gs-cm-4 gs-cl-3\">\n                        <div class=\"gs-fgroup agecontainer\">\n                            <label>Alter<\/label>\n                            <select required class=\"gs-fcontrol\" id=\"rsf_age\" name=\"rsf_age\">\n                                                                    <option \n                                            value=\"18\">18<\/option>\n                                                                    <option \n                                            value=\"19\">19<\/option>\n                                                                    <option \n                                            value=\"20\">20<\/option>\n                                                                    <option selected=\"selected\"\n                                            value=\"21\">21-80<\/option>\n                                                            <\/select>\n                        <\/div>\n                    <\/div>\n                                <div class=\"nrhsf-search-btn-container gs-cs-12 gs-cm-8 gs-cl-9\">\n                    <label>&nbsp;<\/label>\n                    <button id=\"rsf_start_search\" name=\"rsf_start_search\" value=\"1\" type=\"submit\"\n                            class=\"rh-second-button-100 btn-submit\">Suchen<\/button>\n                <\/div>\n            <\/div>\n        <\/form>\n    <\/div>\n<\/div>\n<\/div>\n\t\t\t\t\t\t<\/div>\n\t\t\t\t<\/div>\n\t\t\t\t\t<\/div>\n\t\t<\/div>\n\t\t\t\t\t<\/div>\n\t\t<\/section>\n\t\t\t\t\t<\/div>\n\t\t<\/div>\n\t\t\t\t\t<\/div>\n\t\t<\/section>\n\t\t\t\t<section class=\"elementor-section elementor-top-section elementor-element elementor-element-b0b3dd8 elementor-section-stretched elementor-section-full_width elementor-section-height-default elementor-section-height-default\" data-id=\"b0b3dd8\" data-element_type=\"section\" data-e-type=\"section\" data-settings=\"{&quot;stretch_section&quot;:&quot;section-stretched&quot;}\">\n\t\t\t\t\t\t<div class=\"elementor-container elementor-column-gap-narrow\">\n\t\t\t\t\t<div class=\"elementor-column elementor-col-100 elementor-top-column elementor-element elementor-element-cf079c5\" data-id=\"cf079c5\" data-element_type=\"column\" data-e-type=\"column\">\n\t\t\t<div class=\"elementor-widget-wrap elementor-element-populated\">\n\t\t\t\t\t\t<div class=\"elementor-element elementor-element-3e52730 elementor-widget elementor-widget-heading\" data-id=\"3e52730\" data-element_type=\"widget\" data-e-type=\"widget\" data-widget_type=\"heading.default\">\n\t\t\t\t<div class=\"elementor-widget-container\">\n\t\t\t\t\t<h1 class=\"elementor-heading-title elementor-size-default\">Bei PROTUR CARS gibt es keine b\u00f6sen \u00dcberraschungen.<\/h1>\t\t\t\t<\/div>\n\t\t\t\t<\/div>\n\t\t\t\t<div class=\"elementor-element elementor-element-74efb08 elementor-widget elementor-widget-spacer\" data-id=\"74efb08\" data-element_type=\"widget\" data-e-type=\"widget\" data-widget_type=\"spacer.default\">\n\t\t\t\t<div class=\"elementor-widget-container\">\n\t\t\t\t\t\t\t<div class=\"elementor-spacer\">\n\t\t\t<div class=\"elementor-spacer-inner\"><\/div>\n\t\t<\/div>\n\t\t\t\t\t\t<\/div>\n\t\t\t\t<\/div>\n\t\t\t\t<section class=\"elementor-section elementor-inner-section elementor-element elementor-element-69a4f84 elementor-section-boxed elementor-section-height-default elementor-section-height-default\" data-id=\"69a4f84\" data-element_type=\"section\" data-e-type=\"section\">\n\t\t\t\t\t\t<div class=\"elementor-container elementor-column-gap-default\">\n\t\t\t\t\t<div class=\"elementor-column elementor-col-50 elementor-inner-column elementor-element elementor-element-6b7eb2e\" data-id=\"6b7eb2e\" data-element_type=\"column\" data-e-type=\"column\">\n\t\t\t<div class=\"elementor-widget-wrap elementor-element-populated\">\n\t\t\t\t\t\t<div class=\"elementor-element elementor-element-79f740f elementor-widget elementor-widget-toggle\" data-id=\"79f740f\" data-element_type=\"widget\" data-e-type=\"widget\" data-widget_type=\"toggle.default\">\n\t\t\t\t<div class=\"elementor-widget-container\">\n\t\t\t\t\t\t\t<div class=\"elementor-toggle\">\n\t\t\t\t\t\t\t<div class=\"elementor-toggle-item\">\n\t\t\t\t\t<div id=\"elementor-tab-title-1271\" class=\"elementor-tab-title\" data-tab=\"1\" role=\"button\" aria-controls=\"elementor-tab-content-1271\" aria-expanded=\"false\">\n\t\t\t\t\t\t\t\t\t\t\t\t<span class=\"elementor-toggle-icon elementor-toggle-icon-right\" aria-hidden=\"true\">\n\t\t\t\t\t\t\t\t\t\t\t\t\t\t\t<span class=\"elementor-toggle-icon-closed\"><i class=\"fas fa-plus\"><\/i><\/span>\n\t\t\t\t\t\t\t\t<span class=\"elementor-toggle-icon-opened\"><i class=\"elementor-toggle-icon-opened fas fa-minus\"><\/i><\/span>\n\t\t\t\t\t\t\t\t\t\t\t\t\t<\/span>\n\t\t\t\t\t\t\t\t\t\t\t\t<a class=\"elementor-toggle-title\" tabindex=\"0\">Kann ich das Automodell ausw\u00e4hlen?<\/a>\n\t\t\t\t\t<\/div>\n\n\t\t\t\t\t<div id=\"elementor-tab-content-1271\" class=\"elementor-tab-content elementor-clearfix\" data-tab=\"1\" role=\"region\" aria-labelledby=\"elementor-tab-title-1271\"><p>Sie k\u00f6nnen die Fahrzeuggruppe w\u00e4hlen, die Ihnen bestimmte Eigenschaften garantiert, und in jeder Gruppe gibt es ein bestimmtes Modell. Wenn die gew\u00fcnschte Gruppe zum Zeitpunkt der Lieferung nicht verf\u00fcgbar ist, wird eine h\u00f6here Gruppe ohne Aufpreis geliefert. Eine bestimmte Kraftstoffart (Benzin oder Diesel) oder Farbe k\u00f6nnen wir nicht garantieren.<\/p><\/div>\n\t\t\t\t<\/div>\n\t\t\t\t\t\t\t<div class=\"elementor-toggle-item\">\n\t\t\t\t\t<div id=\"elementor-tab-title-1272\" class=\"elementor-tab-title\" data-tab=\"2\" role=\"button\" aria-controls=\"elementor-tab-content-1272\" aria-expanded=\"false\">\n\t\t\t\t\t\t\t\t\t\t\t\t<span class=\"elementor-toggle-icon elementor-toggle-icon-right\" aria-hidden=\"true\">\n\t\t\t\t\t\t\t\t\t\t\t\t\t\t\t<span class=\"elementor-toggle-icon-closed\"><i class=\"fas fa-plus\"><\/i><\/span>\n\t\t\t\t\t\t\t\t<span class=\"elementor-toggle-icon-opened\"><i class=\"elementor-toggle-icon-opened fas fa-minus\"><\/i><\/span>\n\t\t\t\t\t\t\t\t\t\t\t\t\t<\/span>\n\t\t\t\t\t\t\t\t\t\t\t\t<a class=\"elementor-toggle-title\" tabindex=\"0\">  Kann ich das Auto an verschiedenen Orten abholen und zur\u00fcckgeben?<\/a>\n\t\t\t\t\t<\/div>\n\n\t\t\t\t\t<div id=\"elementor-tab-content-1272\" class=\"elementor-tab-content elementor-clearfix\" data-tab=\"2\" role=\"region\" aria-labelledby=\"elementor-tab-title-1272\"><p>Ja, es reicht aus, wenn Sie dies bei der Buchung angeben, solange es in einer unserer Abhol- und Bringzonen liegt.<\/p><p>Die \u00dcbergabe oder R\u00fcckgabe am Flughafen erfordert eine Mindestmietdauer von 4 vollen Tagen (96 h), zus\u00e4tzlich zur Zahlung des entsprechenden Aufpreises von 110\u20ac pro Service; andernfalls ist die Reservierung ung\u00fcltig. Bei der \u00dcbergabe des Fahrzeugs wird au\u00dferdem eine Kaution in H\u00f6he von 125\u20ac f\u00fcr Kraftstoff und Betankung durch Vorautorisierung per Kreditkarte verlangt; dieser Betrag wird nicht berechnet, wenn das Fahrzeug vollgetankt zur\u00fcckgegeben wird.<\/p><\/div>\n\t\t\t\t<\/div>\n\t\t\t\t\t\t\t<div class=\"elementor-toggle-item\">\n\t\t\t\t\t<div id=\"elementor-tab-title-1273\" class=\"elementor-tab-title\" data-tab=\"3\" role=\"button\" aria-controls=\"elementor-tab-content-1273\" aria-expanded=\"false\">\n\t\t\t\t\t\t\t\t\t\t\t\t<span class=\"elementor-toggle-icon elementor-toggle-icon-right\" aria-hidden=\"true\">\n\t\t\t\t\t\t\t\t\t\t\t\t\t\t\t<span class=\"elementor-toggle-icon-closed\"><i class=\"fas fa-plus\"><\/i><\/span>\n\t\t\t\t\t\t\t\t<span class=\"elementor-toggle-icon-opened\"><i class=\"elementor-toggle-icon-opened fas fa-minus\"><\/i><\/span>\n\t\t\t\t\t\t\t\t\t\t\t\t\t<\/span>\n\t\t\t\t\t\t\t\t\t\t\t\t<a class=\"elementor-toggle-title\" tabindex=\"0\">Wie storniere ich meine Buchung?<\/a>\n\t\t\t\t\t<\/div>\n\n\t\t\t\t\t<div id=\"elementor-tab-content-1273\" class=\"elementor-tab-content elementor-clearfix\" data-tab=\"3\" role=\"region\" aria-labelledby=\"elementor-tab-title-1273\"><p>Stornierungen ohne Geb\u00fchr m\u00fcssen mindestens 48 Stunden vor Mietbeginn (08:00 Uhr am ersten Tag) erfolgen. Andernfalls gilt:<\/p><ul><li>Zwischen 48 und 24 Stunden vor Beginn werden 50 % des vereinbarten Gesamtpreises berechnet.<\/li><li>Weniger als 24 Stunden vor Beginn werden 100 % des vereinbarten Gesamtpreises berechnet.<\/li><li>Stornierungen m\u00fcssen per E-Mail an reservas@proturcars.com<br \/>mitgeteilt werden.<\/li><\/ul><\/div>\n\t\t\t\t<\/div>\n\t\t\t\t\t\t\t<div class=\"elementor-toggle-item\">\n\t\t\t\t\t<div id=\"elementor-tab-title-1274\" class=\"elementor-tab-title\" data-tab=\"4\" role=\"button\" aria-controls=\"elementor-tab-content-1274\" aria-expanded=\"false\">\n\t\t\t\t\t\t\t\t\t\t\t\t<span class=\"elementor-toggle-icon elementor-toggle-icon-right\" aria-hidden=\"true\">\n\t\t\t\t\t\t\t\t\t\t\t\t\t\t\t<span class=\"elementor-toggle-icon-closed\"><i class=\"fas fa-plus\"><\/i><\/span>\n\t\t\t\t\t\t\t\t<span class=\"elementor-toggle-icon-opened\"><i class=\"elementor-toggle-icon-opened fas fa-minus\"><\/i><\/span>\n\t\t\t\t\t\t\t\t\t\t\t\t\t<\/span>\n\t\t\t\t\t\t\t\t\t\t\t\t<a class=\"elementor-toggle-title\" tabindex=\"0\">  Muss ich eine Selbstbeteiligung oder Kaution zahlen?<\/a>\n\t\t\t\t\t<\/div>\n\n\t\t\t\t\t<div id=\"elementor-tab-content-1274\" class=\"elementor-tab-content elementor-clearfix\" data-tab=\"4\" role=\"region\" aria-labelledby=\"elementor-tab-title-1274\"><p>Nein. Alle unsere Fahrzeuge sind ohne Selbstbeteiligung oder Kaution voll versichert und beinhalten eine CDW- und SCDW-Versicherung.<\/p><\/div>\n\t\t\t\t<\/div>\n\t\t\t\t\t\t\t<div class=\"elementor-toggle-item\">\n\t\t\t\t\t<div id=\"elementor-tab-title-1275\" class=\"elementor-tab-title\" data-tab=\"5\" role=\"button\" aria-controls=\"elementor-tab-content-1275\" aria-expanded=\"false\">\n\t\t\t\t\t\t\t\t\t\t\t\t<span class=\"elementor-toggle-icon elementor-toggle-icon-right\" aria-hidden=\"true\">\n\t\t\t\t\t\t\t\t\t\t\t\t\t\t\t<span class=\"elementor-toggle-icon-closed\"><i class=\"fas fa-plus\"><\/i><\/span>\n\t\t\t\t\t\t\t\t<span class=\"elementor-toggle-icon-opened\"><i class=\"elementor-toggle-icon-opened fas fa-minus\"><\/i><\/span>\n\t\t\t\t\t\t\t\t\t\t\t\t\t<\/span>\n\t\t\t\t\t\t\t\t\t\t\t\t<a class=\"elementor-toggle-title\" tabindex=\"0\">Kann ich das Auto au\u00dferhalb der Insel, auf der ich es gemietet habe, mitnehmen?<\/a>\n\t\t\t\t\t<\/div>\n\n\t\t\t\t\t<div id=\"elementor-tab-content-1275\" class=\"elementor-tab-content elementor-clearfix\" data-tab=\"5\" role=\"region\" aria-labelledby=\"elementor-tab-title-1275\"><p>Autos d\u00fcrfen nicht bewegt werden, auch nicht zwischen Inseln, und sind nicht versichert.<\/p><\/div>\n\t\t\t\t<\/div>\n\t\t\t\t\t\t\t<div class=\"elementor-toggle-item\">\n\t\t\t\t\t<div id=\"elementor-tab-title-1276\" class=\"elementor-tab-title\" data-tab=\"6\" role=\"button\" aria-controls=\"elementor-tab-content-1276\" aria-expanded=\"false\">\n\t\t\t\t\t\t\t\t\t\t\t\t<span class=\"elementor-toggle-icon elementor-toggle-icon-right\" aria-hidden=\"true\">\n\t\t\t\t\t\t\t\t\t\t\t\t\t\t\t<span class=\"elementor-toggle-icon-closed\"><i class=\"fas fa-plus\"><\/i><\/span>\n\t\t\t\t\t\t\t\t<span class=\"elementor-toggle-icon-opened\"><i class=\"elementor-toggle-icon-opened fas fa-minus\"><\/i><\/span>\n\t\t\t\t\t\t\t\t\t\t\t\t\t<\/span>\n\t\t\t\t\t\t\t\t\t\t\t\t<a class=\"elementor-toggle-title\" tabindex=\"0\">  Brauche ich eine Kreditkarte, um eine Reservierung vorzunehmen?<\/a>\n\t\t\t\t\t<\/div>\n\n\t\t\t\t\t<div id=\"elementor-tab-content-1276\" class=\"elementor-tab-content elementor-clearfix\" data-tab=\"6\" role=\"region\" aria-labelledby=\"elementor-tab-title-1276\"><p>Ja, da 10% des Gesamtbetrags der Reservierung als Kaution erhoben werden, die bei der \u00dcbergabe des Fahrzeugs vom zu zahlenden Gesamtbetrag abgezogen wird. Im Falle einer Stornierung der Reservierung und unter der Voraussetzung, dass die Stornierungsbedingungen erf\u00fcllt sind, wird dieser Betrag zur\u00fcckerstattet.<\/p><\/div>\n\t\t\t\t<\/div>\n\t\t\t\t\t\t\t\t<\/div>\n\t\t\t\t\t\t<\/div>\n\t\t\t\t<\/div>\n\t\t\t\t\t<\/div>\n\t\t<\/div>\n\t\t\t\t<div class=\"elementor-column elementor-col-50 elementor-inner-column elementor-element elementor-element-71287cc\" data-id=\"71287cc\" data-element_type=\"column\" data-e-type=\"column\">\n\t\t\t<div class=\"elementor-widget-wrap elementor-element-populated\">\n\t\t\t\t\t\t<div class=\"elementor-element elementor-element-ea2debc elementor-widget elementor-widget-toggle\" data-id=\"ea2debc\" data-element_type=\"widget\" data-e-type=\"widget\" data-widget_type=\"toggle.default\">\n\t\t\t\t<div class=\"elementor-widget-container\">\n\t\t\t\t\t\t\t<div class=\"elementor-toggle\">\n\t\t\t\t\t\t\t<div class=\"elementor-toggle-item\">\n\t\t\t\t\t<div id=\"elementor-tab-title-2451\" class=\"elementor-tab-title\" data-tab=\"1\" role=\"button\" aria-controls=\"elementor-tab-content-2451\" aria-expanded=\"false\">\n\t\t\t\t\t\t\t\t\t\t\t\t<span class=\"elementor-toggle-icon elementor-toggle-icon-right\" aria-hidden=\"true\">\n\t\t\t\t\t\t\t\t\t\t\t\t\t\t\t<span class=\"elementor-toggle-icon-closed\"><i class=\"fas fa-plus\"><\/i><\/span>\n\t\t\t\t\t\t\t\t<span class=\"elementor-toggle-icon-opened\"><i class=\"elementor-toggle-icon-opened fas fa-minus\"><\/i><\/span>\n\t\t\t\t\t\t\t\t\t\t\t\t\t<\/span>\n\t\t\t\t\t\t\t\t\t\t\t\t<a class=\"elementor-toggle-title\" tabindex=\"0\">Kraftstoff-Politik<\/a>\n\t\t\t\t\t<\/div>\n\n\t\t\t\t\t<div id=\"elementor-tab-content-2451\" class=\"elementor-tab-content elementor-clearfix\" data-tab=\"1\" role=\"region\" aria-labelledby=\"elementor-tab-title-2451\"><p>Das Auto wird bei der Anmietung mit einem bestimmten Kraftstoffstand ausgeliefert, und der Mieter muss das Auto mit demselben Kraftstoffstand zur\u00fcckgeben, mit dem es ausgeliefert wurde. <b>Es wird derzeit voll geliefert und muss voll zur\u00fcckgegeben werden. <\/b><span style=\"font-family: Helvetica;\">Wenn das Fahrzeug mit einem niedrigeren Kraftstoffstand als dem gelieferten zur\u00fcckgegeben wird, wird der Betrag, der der Differenz entspricht, gem\u00e4\u00df dem aktuellen Preis vom Kunden bezahlt, zuz\u00fcglich 20,00 \u20ac f\u00fcr den Betankungsservice.<\/span> F\u00fcr den falschen Kraftstoff wird keine Erstattung gew\u00e4hrt.<\/p><\/div>\n\t\t\t\t<\/div>\n\t\t\t\t\t\t\t<div class=\"elementor-toggle-item\">\n\t\t\t\t\t<div id=\"elementor-tab-title-2452\" class=\"elementor-tab-title\" data-tab=\"2\" role=\"button\" aria-controls=\"elementor-tab-content-2452\" aria-expanded=\"false\">\n\t\t\t\t\t\t\t\t\t\t\t\t<span class=\"elementor-toggle-icon elementor-toggle-icon-right\" aria-hidden=\"true\">\n\t\t\t\t\t\t\t\t\t\t\t\t\t\t\t<span class=\"elementor-toggle-icon-closed\"><i class=\"fas fa-plus\"><\/i><\/span>\n\t\t\t\t\t\t\t\t<span class=\"elementor-toggle-icon-opened\"><i class=\"elementor-toggle-icon-opened fas fa-minus\"><\/i><\/span>\n\t\t\t\t\t\t\t\t\t\t\t\t\t<\/span>\n\t\t\t\t\t\t\t\t\t\t\t\t<a class=\"elementor-toggle-title\" tabindex=\"0\">Wie alt muss ich sein, um ein Auto zu mieten?<\/a>\n\t\t\t\t\t<\/div>\n\n\t\t\t\t\t<div id=\"elementor-tab-content-2452\" class=\"elementor-tab-content elementor-clearfix\" data-tab=\"2\" role=\"region\" aria-labelledby=\"elementor-tab-title-2452\"><p>Mindestalter 21 Jahre und 2 Jahre F\u00fchrerschein.<\/p><\/div>\n\t\t\t\t<\/div>\n\t\t\t\t\t\t\t<div class=\"elementor-toggle-item\">\n\t\t\t\t\t<div id=\"elementor-tab-title-2453\" class=\"elementor-tab-title\" data-tab=\"3\" role=\"button\" aria-controls=\"elementor-tab-content-2453\" aria-expanded=\"false\">\n\t\t\t\t\t\t\t\t\t\t\t\t<span class=\"elementor-toggle-icon elementor-toggle-icon-right\" aria-hidden=\"true\">\n\t\t\t\t\t\t\t\t\t\t\t\t\t\t\t<span class=\"elementor-toggle-icon-closed\"><i class=\"fas fa-plus\"><\/i><\/span>\n\t\t\t\t\t\t\t\t<span class=\"elementor-toggle-icon-opened\"><i class=\"elementor-toggle-icon-opened fas fa-minus\"><\/i><\/span>\n\t\t\t\t\t\t\t\t\t\t\t\t\t<\/span>\n\t\t\t\t\t\t\t\t\t\t\t\t<a class=\"elementor-toggle-title\" tabindex=\"0\">Reisen Sie mit Kindern? Ben\u00f6tigen Sie einen Kindersitz?<\/a>\n\t\t\t\t\t<\/div>\n\n\t\t\t\t\t<div id=\"elementor-tab-content-2453\" class=\"elementor-tab-content elementor-clearfix\" data-tab=\"3\" role=\"region\" aria-labelledby=\"elementor-tab-title-2453\">Wir verf\u00fcgen \u00fcber zugelassene Sitze f\u00fcr jedes Alter.\nSie k\u00f6nnen diese zu Ihrer Reservierung f\u00fcr einen Aufpreis von 5 \u20ac pro Tag hinzuf\u00fcgen.<\/div>\n\t\t\t\t<\/div>\n\t\t\t\t\t\t\t<div class=\"elementor-toggle-item\">\n\t\t\t\t\t<div id=\"elementor-tab-title-2454\" class=\"elementor-tab-title\" data-tab=\"4\" role=\"button\" aria-controls=\"elementor-tab-content-2454\" aria-expanded=\"false\">\n\t\t\t\t\t\t\t\t\t\t\t\t<span class=\"elementor-toggle-icon elementor-toggle-icon-right\" aria-hidden=\"true\">\n\t\t\t\t\t\t\t\t\t\t\t\t\t\t\t<span class=\"elementor-toggle-icon-closed\"><i class=\"fas fa-plus\"><\/i><\/span>\n\t\t\t\t\t\t\t\t<span class=\"elementor-toggle-icon-opened\"><i class=\"elementor-toggle-icon-opened fas fa-minus\"><\/i><\/span>\n\t\t\t\t\t\t\t\t\t\t\t\t\t<\/span>\n\t\t\t\t\t\t\t\t\t\t\t\t<a class=\"elementor-toggle-title\" tabindex=\"0\">  Wer kann das Auto fahren?<\/a>\n\t\t\t\t\t<\/div>\n\n\t\t\t\t\t<div id=\"elementor-tab-content-2454\" class=\"elementor-tab-content elementor-clearfix\" data-tab=\"4\" role=\"region\" aria-labelledby=\"elementor-tab-title-2454\"><p>Nur Personen, die im Vertrag als Haupt- oder Zusatzfahrer aufgef\u00fchrt sind.<\/p><\/div>\n\t\t\t\t<\/div>\n\t\t\t\t\t\t\t<div class=\"elementor-toggle-item\">\n\t\t\t\t\t<div id=\"elementor-tab-title-2455\" class=\"elementor-tab-title\" data-tab=\"5\" role=\"button\" aria-controls=\"elementor-tab-content-2455\" aria-expanded=\"false\">\n\t\t\t\t\t\t\t\t\t\t\t\t<span class=\"elementor-toggle-icon elementor-toggle-icon-right\" aria-hidden=\"true\">\n\t\t\t\t\t\t\t\t\t\t\t\t\t\t\t<span class=\"elementor-toggle-icon-closed\"><i class=\"fas fa-plus\"><\/i><\/span>\n\t\t\t\t\t\t\t\t<span class=\"elementor-toggle-icon-opened\"><i class=\"elementor-toggle-icon-opened fas fa-minus\"><\/i><\/span>\n\t\t\t\t\t\t\t\t\t\t\t\t\t<\/span>\n\t\t\t\t\t\t\t\t\t\t\t\t<a class=\"elementor-toggle-title\" tabindex=\"0\">Kann ich mit einem ausl\u00e4ndischen F\u00fchrerschein fahren?<\/a>\n\t\t\t\t\t<\/div>\n\n\t\t\t\t\t<div id=\"elementor-tab-content-2455\" class=\"elementor-tab-content elementor-clearfix\" data-tab=\"5\" role=\"region\" aria-labelledby=\"elementor-tab-title-2455\"><p><span style=\"font-family: Helvetica Neue;\">Bevor Sie in unserem Land fahren, sollten Sie herausfinden, ob Ihr F\u00fchrerschein f\u00fcr das Fahren in Spanien g\u00fcltig ist, ob Sie ihn umtauschen oder einen internationalen F\u00fchrerschein erwerben m\u00fcssen. Je nachdem, woher Ihr F\u00fchrerschein stammt, k\u00f6nnen die Anforderungen f\u00fcr das Fahren in Spanien unterschiedlich sein. F\u00fchrerscheine, die in L\u00e4ndern der Europ\u00e4ischen Union und des Europ\u00e4ischen Wirtschaftsraums (Island, Liechtenstein und Norwegen) ausgestellt wurden, sind f\u00fcr das Fahren in Spanien voll g\u00fcltig, solange sie g\u00fcltig sind. <\/span><\/p><p><a href=\"https:\/\/www.dgt.es\/nuestros-servicios\/permisos-de-conducir\/permisos-extranjeros-y-de-fuerzas-y-cuerpos-de-seguridad\/conducir-con-un-permiso-extranjero\/?utm_medium=copy&amp;utm_source=DGT&amp;utm_campaign=web\"><span style=\"font-family: Helvetica Neue;\">Weitere Informationen finden Sie auf der Website der DGT.<\/span><\/a><\/p><\/div>\n\t\t\t\t<\/div>\n\t\t\t\t\t\t\t<div class=\"elementor-toggle-item\">\n\t\t\t\t\t<div id=\"elementor-tab-title-2456\" class=\"elementor-tab-title\" data-tab=\"6\" role=\"button\" aria-controls=\"elementor-tab-content-2456\" aria-expanded=\"false\">\n\t\t\t\t\t\t\t\t\t\t\t\t<span class=\"elementor-toggle-icon elementor-toggle-icon-right\" aria-hidden=\"true\">\n\t\t\t\t\t\t\t\t\t\t\t\t\t\t\t<span class=\"elementor-toggle-icon-closed\"><i class=\"fas fa-plus\"><\/i><\/span>\n\t\t\t\t\t\t\t\t<span class=\"elementor-toggle-icon-opened\"><i class=\"elementor-toggle-icon-opened fas fa-minus\"><\/i><\/span>\n\t\t\t\t\t\t\t\t\t\t\t\t\t<\/span>\n\t\t\t\t\t\t\t\t\t\t\t\t<a class=\"elementor-toggle-title\" tabindex=\"0\">Kann ich die Preise sehen, bevor ich buche?<\/a>\n\t\t\t\t\t<\/div>\n\n\t\t\t\t\t<div id=\"elementor-tab-content-2456\" class=\"elementor-tab-content elementor-clearfix\" data-tab=\"6\" role=\"region\" aria-labelledby=\"elementor-tab-title-2456\"><p>Sobald Sie den Ort und die Daten, an denen Sie Ihr Auto mieten m\u00f6chten, in das Reservierungspanel eingegeben haben, k\u00f6nnen Sie die Verf\u00fcgbarkeit und den Preis sofort und unverbindlich best\u00e4tigen. Und wenn Sie mit diesen Preisen einverstanden sind, k\u00f6nnen Sie mit der Reservierung fortfahren, indem Sie sich als neuer Benutzer und mit einem Passwort (akzeptieren Sie alphanumerische Zeichen ohne Sonderzeichen) registrieren und das Formular mit allen erforderlichen Daten ausf\u00fcllen.<\/p><p>Sobald der Vorgang abgeschlossen ist, erhalten Sie eine E-Mail mit allen Details zu Ihrer Anfrage, die Sie dar\u00fcber informiert, dass sie korrekt gestellt wurde und alle Informationen dazu enth\u00e4lt. Sollten Sie diese E-Mail nicht erhalten oder einen Fehler entdecken, kontaktieren Sie uns bitte so schnell wie m\u00f6glich. Sie k\u00f6nnen uns unter<a href=\"tel:0034971585969\" target=\"_blank\" rel=\"noopener noreferrer\" data-auth=\"NotApplicable\" data-linkindex=\"0\"> +34-971585456<\/a> anrufen oder eine E-Mail an <a href=\"mailto:reservas@proturcars.com\" target=\"_blank\" rel=\"noopener noreferrer\" data-auth=\"NotApplicable\" data-linkindex=\"1\">reservas@proturcars.com senden.<\/a><\/p><\/div>\n\t\t\t\t<\/div>\n\t\t\t\t\t\t\t\t<\/div>\n\t\t\t\t\t\t<\/div>\n\t\t\t\t<\/div>\n\t\t\t\t\t<\/div>\n\t\t<\/div>\n\t\t\t\t\t<\/div>\n\t\t<\/section>\n\t\t\t\t\t<\/div>\n\t\t<\/div>\n\t\t\t\t\t<\/div>\n\t\t<\/section>\n\t\t\t\t<section class=\"elementor-section elementor-top-section elementor-element elementor-element-1510dee elementor-section-boxed elementor-section-height-default elementor-section-height-default\" data-id=\"1510dee\" data-element_type=\"section\" data-e-type=\"section\">\n\t\t\t\t\t\t<div class=\"elementor-container elementor-column-gap-default\">\n\t\t\t\t\t<div class=\"elementor-column elementor-col-16 elementor-top-column elementor-element elementor-element-20635af\" data-id=\"20635af\" data-element_type=\"column\" data-e-type=\"column\">\n\t\t\t<div class=\"elementor-widget-wrap\">\n\t\t\t\t\t\t\t<\/div>\n\t\t<\/div>\n\t\t\t\t<div class=\"elementor-column elementor-col-66 elementor-top-column elementor-element elementor-element-1746864\" data-id=\"1746864\" data-element_type=\"column\" data-e-type=\"column\">\n\t\t\t<div class=\"elementor-widget-wrap elementor-element-populated\">\n\t\t\t\t\t\t<div class=\"elementor-element elementor-element-26e5082 elementor-widget elementor-widget-spacer\" data-id=\"26e5082\" data-element_type=\"widget\" data-e-type=\"widget\" data-widget_type=\"spacer.default\">\n\t\t\t\t<div class=\"elementor-widget-container\">\n\t\t\t\t\t\t\t<div class=\"elementor-spacer\">\n\t\t\t<div class=\"elementor-spacer-inner\"><\/div>\n\t\t<\/div>\n\t\t\t\t\t\t<\/div>\n\t\t\t\t<\/div>\n\t\t\t\t<div class=\"elementor-element elementor-element-e9e48fb elementor-widget elementor-widget-shortcode\" data-id=\"e9e48fb\" data-element_type=\"widget\" data-e-type=\"widget\" data-widget_type=\"shortcode.default\">\n\t\t\t\t<div class=\"elementor-widget-container\">\n\t\t\t\t\t\t\t<div class=\"elementor-shortcode\">\n<div class=\"wpcf7 no-js\" id=\"wpcf7-f3705-o1\" lang=\"de-DE\" dir=\"ltr\" data-wpcf7-id=\"3705\">\n<div class=\"screen-reader-response\"><p role=\"status\" aria-live=\"polite\" aria-atomic=\"true\"><\/p> <ul><\/ul><\/div>\n<form action=\"\/de\/wp-json\/wp\/v2\/pages\/3104#wpcf7-f3705-o1\" method=\"post\" class=\"wpcf7-form init\" aria-label=\"Kontaktformular\" novalidate=\"novalidate\" data-status=\"init\">\n<fieldset class=\"hidden-fields-container\"><input type=\"hidden\" name=\"_wpcf7\" value=\"3705\" \/><input type=\"hidden\" name=\"_wpcf7_version\" value=\"6.1.5\" \/><input type=\"hidden\" name=\"_wpcf7_locale\" value=\"de_DE\" \/><input type=\"hidden\" name=\"_wpcf7_unit_tag\" value=\"wpcf7-f3705-o1\" \/><input type=\"hidden\" name=\"_wpcf7_container_post\" value=\"0\" \/><input type=\"hidden\" name=\"_wpcf7_posted_data_hash\" value=\"\" \/><input type=\"hidden\" name=\"_wpcf7_recaptcha_response\" value=\"\" \/>\n<\/fieldset>\n<p><label> Ihr Name <span class=\"wpcf7-form-control-wrap\" data-name=\"your-name\"><input size=\"40\" maxlength=\"400\" class=\"wpcf7-form-control wpcf7-text wpcf7-validates-as-required\" autocomplete=\"name\" aria-required=\"true\" aria-invalid=\"false\" value=\"\" type=\"text\" name=\"your-name\" \/><\/span> <\/label>\n<\/p>\n<p><label> Ihre E-Mail Adresse <span class=\"wpcf7-form-control-wrap\" data-name=\"your-email\"><input size=\"40\" maxlength=\"400\" class=\"wpcf7-form-control wpcf7-email wpcf7-validates-as-required wpcf7-text wpcf7-validates-as-email\" autocomplete=\"email\" aria-required=\"true\" aria-invalid=\"false\" value=\"\" type=\"email\" name=\"your-email\" \/><\/span> <\/label>\n<\/p>\n<p><label> Ihr Telefon <span class=\"wpcf7-form-control-wrap\" data-name=\"tel-192\"><input size=\"40\" maxlength=\"400\" class=\"wpcf7-form-control wpcf7-tel wpcf7-validates-as-required wpcf7-text wpcf7-validates-as-tel\" autocomplete=\"tel\" aria-required=\"true\" aria-invalid=\"false\" value=\"\" type=\"tel\" name=\"tel-192\" \/><\/span> <\/label>\n<\/p>\n<p><label> Thema <span class=\"wpcf7-form-control-wrap\" data-name=\"your-subject\"><input size=\"40\" maxlength=\"400\" class=\"wpcf7-form-control wpcf7-text wpcf7-validates-as-required\" aria-required=\"true\" aria-invalid=\"false\" value=\"\" type=\"text\" name=\"your-subject\" \/><\/span> <\/label>\n<\/p>\n<p><label> Ihre Nachricht <span class=\"wpcf7-form-control-wrap\" data-name=\"your-message\"><textarea cols=\"40\" rows=\"10\" maxlength=\"2000\" class=\"wpcf7-form-control wpcf7-textarea wpcf7-validates-as-required\" aria-required=\"true\" aria-invalid=\"false\" name=\"your-message\"><\/textarea><\/span> <\/label>\n<\/p>\n<p><span class=\"wpcf7-form-control-wrap\" data-name=\"acceptance-977\"><span class=\"wpcf7-form-control wpcf7-acceptance\"><span class=\"wpcf7-list-item\"><label><input type=\"checkbox\" name=\"acceptance-977\" value=\"1\" aria-invalid=\"false\" \/><span class=\"wpcf7-list-item-label\">Ich habe die <a href=\"\/de\/impressum\/\" target=\"_blank\">rechtlichen Hinweise<\/a> und die <a href=\"\/de\/datenschutzerklaerung\/\" target=\"_blank\">Datenschutzbestimmungen<\/a> gelesen und akzeptiere sie.<\/span><\/label><\/span><\/span><\/span>\n<\/p>\n<p>Diese Seite ist durch reCAPTCHA gesch\u00fctzt und es gelten die Google Datenschutzbestimmungen und Nutzungsbedingungen.\n<\/p>\n<p><input class=\"wpcf7-form-control wpcf7-submit has-spinner\" type=\"submit\" value=\"Senden Sie\" \/>\n<\/p><div class=\"wpcf7-response-output\" aria-hidden=\"true\"><\/div>\n<\/form>\n<\/div>\n<\/div>\n\t\t\t\t\t\t<\/div>\n\t\t\t\t<\/div>\n\t\t\t\t\t<\/div>\n\t\t<\/div>\n\t\t\t\t<div class=\"elementor-column elementor-col-16 elementor-top-column elementor-element elementor-element-13dc6db\" data-id=\"13dc6db\" data-element_type=\"column\" data-e-type=\"column\">\n\t\t\t<div class=\"elementor-widget-wrap\">\n\t\t\t\t\t\t\t<\/div>\n\t\t<\/div>\n\t\t\t\t\t<\/div>\n\t\t<\/section>\n\t\t\t\t<\/div>\n\t\t","protected":false},"excerpt":{"rendered":"<p>Bei PROTUR CARS gibt es keine b\u00f6sen \u00dcberraschungen. Kann ich das Automodell ausw\u00e4hlen? Sie k\u00f6nnen die Fahrzeuggruppe w\u00e4hlen, die Ihnen bestimmte Eigenschaften garantiert, und in jeder Gruppe gibt es ein bestimmtes Modell. Wenn die gew\u00fcnschte Gruppe zum Zeitpunkt der Lieferung nicht verf\u00fcgbar ist, wird eine h\u00f6here Gruppe ohne Aufpreis geliefert. Eine bestimmte Kraftstoffart (Benzin oder [&hellip;]<\/p>\n","protected":false},"author":1,"featured_media":2990,"parent":0,"menu_order":0,"comment_status":"closed","ping_status":"closed","template":"","meta":{"footnotes":""},"class_list":["post-3104","page","type-page","status-publish","has-post-thumbnail","hentry"],"yoast_head":"<!-- This site is optimized with the Yoast SEO plugin v27.4 - https:\/\/yoast.com\/product\/yoast-seo-wordpress\/ -->\n<title>FAQs | FAQs H\u00e4ufig gestellte Fragen | Mietwagen Protur Cars<\/title>\n<meta name=\"description\" content=\"Sehen Sie sich unsere h\u00e4ufig gestellten Fragen zum Mietwagen bei PROTUR CARS an: Fahrzeugauswahl, Kraftstoffpolitik...\" \/>\n<meta name=\"robots\" content=\"index, follow, max-snippet:-1, max-image-preview:large, max-video-preview:-1\" \/>\n<link rel=\"canonical\" href=\"https:\/\/proturcars.com\/de\/faqs\/\" \/>\n<meta property=\"og:locale\" content=\"de_DE\" \/>\n<meta property=\"og:type\" content=\"article\" \/>\n<meta property=\"og:title\" content=\"FAQs | FAQs H\u00e4ufig gestellte Fragen | Mietwagen Protur Cars\" \/>\n<meta property=\"og:description\" content=\"Sehen Sie sich unsere h\u00e4ufig gestellten Fragen zum Mietwagen bei PROTUR CARS an: Fahrzeugauswahl, Kraftstoffpolitik...\" \/>\n<meta property=\"og:url\" content=\"https:\/\/proturcars.com\/de\/faqs\/\" \/>\n<meta property=\"og:site_name\" content=\"Alquiler de Coches en Cala Millor, Sa Coma y Cala Bona\" \/>\n<meta property=\"article:modified_time\" content=\"2025-09-01T12:21:12+00:00\" \/>\n<meta property=\"og:image\" content=\"https:\/\/proturcars.com\/wp-content\/uploads\/2024\/10\/faqs-preguntas-y-dudas-en-alquiler-de-coches.jpg\" \/>\n\t<meta property=\"og:image:width\" content=\"2427\" \/>\n\t<meta property=\"og:image:height\" content=\"700\" \/>\n\t<meta property=\"og:image:type\" content=\"image\/jpeg\" \/>\n<meta name=\"twitter:card\" content=\"summary_large_image\" \/>\n<meta name=\"twitter:label1\" content=\"Gesch\u00e4tzte Lesezeit\" \/>\n\t<meta name=\"twitter:data1\" content=\"5\u00a0Minuten\" \/>\n<script type=\"application\/ld+json\" class=\"yoast-schema-graph\">{\"@context\":\"https:\\\/\\\/schema.org\",\"@graph\":[{\"@type\":\"WebPage\",\"@id\":\"https:\\\/\\\/proturcars.com\\\/de\\\/faqs\\\/\",\"url\":\"https:\\\/\\\/proturcars.com\\\/de\\\/faqs\\\/\",\"name\":\"FAQs | FAQs H\u00e4ufig gestellte Fragen | Mietwagen Protur Cars\",\"isPartOf\":{\"@id\":\"https:\\\/\\\/proturcars.com\\\/de\\\/#website\"},\"primaryImageOfPage\":{\"@id\":\"https:\\\/\\\/proturcars.com\\\/de\\\/faqs\\\/#primaryimage\"},\"image\":{\"@id\":\"https:\\\/\\\/proturcars.com\\\/de\\\/faqs\\\/#primaryimage\"},\"thumbnailUrl\":\"https:\\\/\\\/proturcars.com\\\/wp-content\\\/uploads\\\/2024\\\/10\\\/faqs-preguntas-y-dudas-en-alquiler-de-coches.jpg\",\"datePublished\":\"2019-01-10T10:35:03+00:00\",\"dateModified\":\"2025-09-01T12:21:12+00:00\",\"description\":\"Sehen Sie sich unsere h\u00e4ufig gestellten Fragen zum Mietwagen bei PROTUR CARS an: Fahrzeugauswahl, Kraftstoffpolitik...\",\"breadcrumb\":{\"@id\":\"https:\\\/\\\/proturcars.com\\\/de\\\/faqs\\\/#breadcrumb\"},\"inLanguage\":\"de\",\"potentialAction\":[{\"@type\":\"ReadAction\",\"target\":[\"https:\\\/\\\/proturcars.com\\\/de\\\/faqs\\\/\"]}]},{\"@type\":\"ImageObject\",\"inLanguage\":\"de\",\"@id\":\"https:\\\/\\\/proturcars.com\\\/de\\\/faqs\\\/#primaryimage\",\"url\":\"https:\\\/\\\/proturcars.com\\\/wp-content\\\/uploads\\\/2024\\\/10\\\/faqs-preguntas-y-dudas-en-alquiler-de-coches.jpg\",\"contentUrl\":\"https:\\\/\\\/proturcars.com\\\/wp-content\\\/uploads\\\/2024\\\/10\\\/faqs-preguntas-y-dudas-en-alquiler-de-coches.jpg\",\"width\":2427,\"height\":700,\"caption\":\"Fragen und Zweifel bei der Autoanmietung\"},{\"@type\":\"BreadcrumbList\",\"@id\":\"https:\\\/\\\/proturcars.com\\\/de\\\/faqs\\\/#breadcrumb\",\"itemListElement\":[{\"@type\":\"ListItem\",\"position\":1,\"name\":\"Portada\",\"item\":\"https:\\\/\\\/proturcars.com\\\/de\\\/\"},{\"@type\":\"ListItem\",\"position\":2,\"name\":\"FAQs\"}]},{\"@type\":\"WebSite\",\"@id\":\"https:\\\/\\\/proturcars.com\\\/de\\\/#website\",\"url\":\"https:\\\/\\\/proturcars.com\\\/de\\\/\",\"name\":\"Alquiler de Coches en Cala Millor, Sa Coma y Cala Bona\",\"description\":\"Alquila coches en Cala Millor, Sa Coma, Cala Bona y S'Illot. Seguro sin franquicia, asistencia 24\\\/7 y kil&oacute;metros ilimitados\",\"publisher\":{\"@id\":\"https:\\\/\\\/proturcars.com\\\/de\\\/#organization\"},\"alternateName\":\"Alquiler de Coches en Cala Millor, Sa Coma y Cala Bona\",\"potentialAction\":[{\"@type\":\"SearchAction\",\"target\":{\"@type\":\"EntryPoint\",\"urlTemplate\":\"https:\\\/\\\/proturcars.com\\\/de\\\/?s={search_term_string}\"},\"query-input\":{\"@type\":\"PropertyValueSpecification\",\"valueRequired\":true,\"valueName\":\"search_term_string\"}}],\"inLanguage\":\"de\"},{\"@type\":\"Organization\",\"@id\":\"https:\\\/\\\/proturcars.com\\\/de\\\/#organization\",\"name\":\"Protur Cars alquiler de coches en Cala Millor, Sa Coma y Cala Bona\",\"alternateName\":\"Protur Cars alquiler de coches\",\"url\":\"https:\\\/\\\/proturcars.com\\\/de\\\/\",\"logo\":{\"@type\":\"ImageObject\",\"inLanguage\":\"de\",\"@id\":\"https:\\\/\\\/proturcars.com\\\/de\\\/#\\\/schema\\\/logo\\\/image\\\/\",\"url\":\"https:\\\/\\\/proturcars.com\\\/wp-content\\\/uploads\\\/2024\\\/10\\\/cropped-proturcars-logo.webp\",\"contentUrl\":\"https:\\\/\\\/proturcars.com\\\/wp-content\\\/uploads\\\/2024\\\/10\\\/cropped-proturcars-logo.webp\",\"width\":500,\"height\":194,\"caption\":\"Protur Cars alquiler de coches en Cala Millor, Sa Coma y Cala Bona\"},\"image\":{\"@id\":\"https:\\\/\\\/proturcars.com\\\/de\\\/#\\\/schema\\\/logo\\\/image\\\/\"}}]}<\/script>\n<!-- \/ Yoast SEO plugin. -->","yoast_head_json":{"title":"FAQs | FAQs H\u00e4ufig gestellte Fragen | Mietwagen Protur Cars","description":"Sehen Sie sich unsere h\u00e4ufig gestellten Fragen zum Mietwagen bei PROTUR CARS an: Fahrzeugauswahl, Kraftstoffpolitik...","robots":{"index":"index","follow":"follow","max-snippet":"max-snippet:-1","max-image-preview":"max-image-preview:large","max-video-preview":"max-video-preview:-1"},"canonical":"https:\/\/proturcars.com\/de\/faqs\/","og_locale":"de_DE","og_type":"article","og_title":"FAQs | FAQs H\u00e4ufig gestellte Fragen | Mietwagen Protur Cars","og_description":"Sehen Sie sich unsere h\u00e4ufig gestellten Fragen zum Mietwagen bei PROTUR CARS an: Fahrzeugauswahl, Kraftstoffpolitik...","og_url":"https:\/\/proturcars.com\/de\/faqs\/","og_site_name":"Alquiler de Coches en Cala Millor, Sa Coma y Cala Bona","article_modified_time":"2025-09-01T12:21:12+00:00","og_image":[{"width":2427,"height":700,"url":"https:\/\/proturcars.com\/wp-content\/uploads\/2024\/10\/faqs-preguntas-y-dudas-en-alquiler-de-coches.jpg","type":"image\/jpeg"}],"twitter_card":"summary_large_image","twitter_misc":{"Gesch\u00e4tzte Lesezeit":"5\u00a0Minuten"},"schema":{"@context":"https:\/\/schema.org","@graph":[{"@type":"WebPage","@id":"https:\/\/proturcars.com\/de\/faqs\/","url":"https:\/\/proturcars.com\/de\/faqs\/","name":"FAQs | FAQs H\u00e4ufig gestellte Fragen | Mietwagen Protur Cars","isPartOf":{"@id":"https:\/\/proturcars.com\/de\/#website"},"primaryImageOfPage":{"@id":"https:\/\/proturcars.com\/de\/faqs\/#primaryimage"},"image":{"@id":"https:\/\/proturcars.com\/de\/faqs\/#primaryimage"},"thumbnailUrl":"https:\/\/proturcars.com\/wp-content\/uploads\/2024\/10\/faqs-preguntas-y-dudas-en-alquiler-de-coches.jpg","datePublished":"2019-01-10T10:35:03+00:00","dateModified":"2025-09-01T12:21:12+00:00","description":"Sehen Sie sich unsere h\u00e4ufig gestellten Fragen zum Mietwagen bei PROTUR CARS an: Fahrzeugauswahl, Kraftstoffpolitik...","breadcrumb":{"@id":"https:\/\/proturcars.com\/de\/faqs\/#breadcrumb"},"inLanguage":"de","potentialAction":[{"@type":"ReadAction","target":["https:\/\/proturcars.com\/de\/faqs\/"]}]},{"@type":"ImageObject","inLanguage":"de","@id":"https:\/\/proturcars.com\/de\/faqs\/#primaryimage","url":"https:\/\/proturcars.com\/wp-content\/uploads\/2024\/10\/faqs-preguntas-y-dudas-en-alquiler-de-coches.jpg","contentUrl":"https:\/\/proturcars.com\/wp-content\/uploads\/2024\/10\/faqs-preguntas-y-dudas-en-alquiler-de-coches.jpg","width":2427,"height":700,"caption":"Fragen und Zweifel bei der Autoanmietung"},{"@type":"BreadcrumbList","@id":"https:\/\/proturcars.com\/de\/faqs\/#breadcrumb","itemListElement":[{"@type":"ListItem","position":1,"name":"Portada","item":"https:\/\/proturcars.com\/de\/"},{"@type":"ListItem","position":2,"name":"FAQs"}]},{"@type":"WebSite","@id":"https:\/\/proturcars.com\/de\/#website","url":"https:\/\/proturcars.com\/de\/","name":"Alquiler de Coches en Cala Millor, Sa Coma y Cala Bona","description":"Alquila coches en Cala Millor, Sa Coma, Cala Bona y S'Illot. Seguro sin franquicia, asistencia 24\/7 y kil&oacute;metros ilimitados","publisher":{"@id":"https:\/\/proturcars.com\/de\/#organization"},"alternateName":"Alquiler de Coches en Cala Millor, Sa Coma y Cala Bona","potentialAction":[{"@type":"SearchAction","target":{"@type":"EntryPoint","urlTemplate":"https:\/\/proturcars.com\/de\/?s={search_term_string}"},"query-input":{"@type":"PropertyValueSpecification","valueRequired":true,"valueName":"search_term_string"}}],"inLanguage":"de"},{"@type":"Organization","@id":"https:\/\/proturcars.com\/de\/#organization","name":"Protur Cars alquiler de coches en Cala Millor, Sa Coma y Cala Bona","alternateName":"Protur Cars alquiler de coches","url":"https:\/\/proturcars.com\/de\/","logo":{"@type":"ImageObject","inLanguage":"de","@id":"https:\/\/proturcars.com\/de\/#\/schema\/logo\/image\/","url":"https:\/\/proturcars.com\/wp-content\/uploads\/2024\/10\/cropped-proturcars-logo.webp","contentUrl":"https:\/\/proturcars.com\/wp-content\/uploads\/2024\/10\/cropped-proturcars-logo.webp","width":500,"height":194,"caption":"Protur Cars alquiler de coches en Cala Millor, Sa Coma y Cala Bona"},"image":{"@id":"https:\/\/proturcars.com\/de\/#\/schema\/logo\/image\/"}}]}},"_links":{"self":[{"href":"https:\/\/proturcars.com\/de\/wp-json\/wp\/v2\/pages\/3104","targetHints":{"allow":["GET"]}}],"collection":[{"href":"https:\/\/proturcars.com\/de\/wp-json\/wp\/v2\/pages"}],"about":[{"href":"https:\/\/proturcars.com\/de\/wp-json\/wp\/v2\/types\/page"}],"author":[{"embeddable":true,"href":"https:\/\/proturcars.com\/de\/wp-json\/wp\/v2\/users\/1"}],"replies":[{"embeddable":true,"href":"https:\/\/proturcars.com\/de\/wp-json\/wp\/v2\/comments?post=3104"}],"version-history":[{"count":6,"href":"https:\/\/proturcars.com\/de\/wp-json\/wp\/v2\/pages\/3104\/revisions"}],"predecessor-version":[{"id":6553,"href":"https:\/\/proturcars.com\/de\/wp-json\/wp\/v2\/pages\/3104\/revisions\/6553"}],"wp:featuredmedia":[{"embeddable":true,"href":"https:\/\/proturcars.com\/de\/wp-json\/wp\/v2\/media\/2990"}],"wp:attachment":[{"href":"https:\/\/proturcars.com\/de\/wp-json\/wp\/v2\/media?parent=3104"}],"curies":[{"name":"wp","href":"https:\/\/api.w.org\/{rel}","templated":true}]}}