{"id":6494,"date":"2025-08-11T08:38:33","date_gmt":"2025-08-11T08:38:33","guid":{"rendered":"https:\/\/proturcars.com\/sostenibilidad-medioambiental\/"},"modified":"2025-08-11T11:01:55","modified_gmt":"2025-08-11T11:01:55","slug":"umweltvertraegliche-nachhaltigkeit","status":"publish","type":"page","link":"https:\/\/proturcars.com\/de\/umweltvertraegliche-nachhaltigkeit\/","title":{"rendered":"Umweltvertr\u00e4gliche Nachhaltigkeit"},"content":{"rendered":"\t\t<div data-elementor-type=\"wp-page\" data-elementor-id=\"6494\" class=\"elementor elementor-6494 elementor-6422\" data-elementor-post-type=\"page\">\n\t\t\t\t\t\t<section class=\"elementor-section elementor-top-section elementor-element elementor-element-86d68a1 elementor-section-full_width elementor-section-height-min-height elementor-section-items-stretch elementor-reverse-tablet elementor-reverse-mobile elementor-section-content-middle elementor-section-height-default\" data-id=\"86d68a1\" data-element_type=\"section\" data-e-type=\"section\">\n\t\t\t\t\t\t<div class=\"elementor-container elementor-column-gap-no\">\n\t\t\t\t\t<div class=\"elementor-column elementor-col-50 elementor-top-column elementor-element elementor-element-687e5adf\" data-id=\"687e5adf\" data-element_type=\"column\" data-e-type=\"column\" data-settings=\"{&quot;background_background&quot;:&quot;classic&quot;}\">\n\t\t\t<div class=\"elementor-widget-wrap elementor-element-populated\">\n\t\t\t\t\t\t<div class=\"elementor-element elementor-element-9257ca9 elementor-widget elementor-widget-image\" data-id=\"9257ca9\" data-element_type=\"widget\" data-e-type=\"widget\" data-widget_type=\"image.default\">\n\t\t\t\t<div class=\"elementor-widget-container\">\n\t\t\t\t\t\t\t\t\t\t\t\t\t\t\t<img fetchpriority=\"high\" decoding=\"async\" width=\"1490\" height=\"1412\" src=\"https:\/\/proturcars.com\/wp-content\/uploads\/2025\/08\/sostenibilidad-mediambiental-protur-cars.png\" class=\"attachment-full size-full wp-image-6471\" alt=\"sostenibilidad-mediambiental-protur-cars\" srcset=\"https:\/\/proturcars.com\/wp-content\/uploads\/2025\/08\/sostenibilidad-mediambiental-protur-cars.png 1490w, https:\/\/proturcars.com\/wp-content\/uploads\/2025\/08\/sostenibilidad-mediambiental-protur-cars-300x284.png 300w, https:\/\/proturcars.com\/wp-content\/uploads\/2025\/08\/sostenibilidad-mediambiental-protur-cars-1024x970.png 1024w, https:\/\/proturcars.com\/wp-content\/uploads\/2025\/08\/sostenibilidad-mediambiental-protur-cars-768x728.png 768w\" sizes=\"(max-width: 1490px) 100vw, 1490px\" \/>\t\t\t\t\t\t\t\t\t\t\t\t\t\t\t<\/div>\n\t\t\t\t<\/div>\n\t\t\t\t\t<\/div>\n\t\t<\/div>\n\t\t\t\t<div class=\"elementor-column elementor-col-50 elementor-top-column elementor-element elementor-element-29d6d36d\" data-id=\"29d6d36d\" data-element_type=\"column\" data-e-type=\"column\">\n\t\t\t<div class=\"elementor-widget-wrap elementor-element-populated\">\n\t\t\t\t\t\t<div class=\"elementor-element elementor-element-220c9038 elementor-widget__width-initial elementor-widget elementor-widget-heading\" data-id=\"220c9038\" data-element_type=\"widget\" data-e-type=\"widget\" data-widget_type=\"heading.default\">\n\t\t\t\t<div class=\"elementor-widget-container\">\n\t\t\t\t\t<h1 class=\"elementor-heading-title elementor-size-default\">Umweltvertr\u00e4gliche<br>\n<b>Nachhaltigkeit<\/b>\n<\/h1>\t\t\t\t<\/div>\n\t\t\t\t<\/div>\n\t\t\t\t<div class=\"elementor-element elementor-element-bcffcea elementor-widget__width-initial elementor-widget elementor-widget-text-editor\" data-id=\"bcffcea\" data-element_type=\"widget\" data-e-type=\"widget\" data-widget_type=\"text-editor.default\">\n\t\t\t\t<div class=\"elementor-widget-container\">\n\t\t\t\t\t\t\t\t\t<p>Bei Protur Cars setzen wir auf ein Mobilit\u00e4ts- und Managementmodell, das verantwortungsbewusst mit der Umwelt umgeht. Unsere Philosophie basiert darauf, die Umweltauswirkungen unserer T\u00e4tigkeit zu verringern, die Nutzung erneuerbarer Energien zu f\u00f6rdern, den Ressourcenverbrauch zu optimieren und Initiativen zu unterst\u00fctzen, die zu einer nachhaltigeren Zukunft f\u00fcr die Balearen beitragen.<br \/><br \/>Jede von uns ergriffene Ma\u00dfnahme zielt darauf ab, den von uns angebotenen Service mit dem Respekt f\u00fcr unsere Umgebung in Einklang zu bringen und L\u00f6sungen zu integrieren, die den \u00dcbergang zu einer kohlenstoffarmen Wirtschaft f\u00f6rdern.<\/p>\t\t\t\t\t\t\t\t<\/div>\n\t\t\t\t<\/div>\n\t\t\t\t\t<\/div>\n\t\t<\/div>\n\t\t\t\t\t<\/div>\n\t\t<\/section>\n\t\t\t\t<section class=\"elementor-section elementor-top-section elementor-element elementor-element-16aaaf02 elementor-section-full_width elementor-section-content-middle elementor-section-height-default elementor-section-height-default\" data-id=\"16aaaf02\" data-element_type=\"section\" data-e-type=\"section\">\n\t\t\t\t\t\t<div class=\"elementor-container elementor-column-gap-no\">\n\t\t\t\t\t<div class=\"elementor-column elementor-col-50 elementor-top-column elementor-element elementor-element-fb0efb7\" data-id=\"fb0efb7\" data-element_type=\"column\" data-e-type=\"column\">\n\t\t\t<div class=\"elementor-widget-wrap elementor-element-populated\">\n\t\t\t\t\t\t<div class=\"elementor-element elementor-element-b4eaec7 elementor-widget__width-initial elementor-widget elementor-widget-heading\" data-id=\"b4eaec7\" data-element_type=\"widget\" data-e-type=\"widget\" data-widget_type=\"heading.default\">\n\t\t\t\t<div class=\"elementor-widget-container\">\n\t\t\t\t\t<h2 class=\"elementor-heading-title elementor-size-default\">Ma\u00dfnahmen zur Energiewende mit Unterst\u00fctzung der Europ\u00e4ischen Union\n<\/h2>\t\t\t\t<\/div>\n\t\t\t\t<\/div>\n\t\t\t\t<div class=\"elementor-element elementor-element-d221a2a elementor-widget__width-initial elementor-widget elementor-widget-text-editor\" data-id=\"d221a2a\" data-element_type=\"widget\" data-e-type=\"widget\" data-widget_type=\"text-editor.default\">\n\t\t\t\t<div class=\"elementor-widget-container\">\n\t\t\t\t\t\t\t\t\t<p>Im Rahmen des <strong>Investitionsplans f\u00fcr die Energiewende auf den Balearen (PITEIB)<\/strong> haben wir zwei wichtige Photovoltaikprojekte umgesetzt, um den \u00dcbergang zu einem saubereren Energiemodell zu f\u00f6rdern:<\/p>\n<p><strong>Installation auf dem Dach des Protur Cars Hauptsitzes<\/strong><\/p>\n<ul>\n<li>Photovoltaikanlage mit <strong>10 kW<\/strong><\/li>\n<li>Gesamtinvestition: <strong>10.168 \u20ac<\/strong><\/li>\n<li>Erhaltene F\u00f6rderung: <strong>6.091 \u20ac<br><br><\/strong><\/li>\n<\/ul>\n<p>Dieses Projekt wurde dank finanzieller Unterst\u00fctzung der <strong>Europ\u00e4ischen Union<\/strong> realisiert und bekr\u00e4ftigt unser Engagement f\u00fcr erneuerbare Energien und die Reduzierung von Emissionen.<\/p>\t\t\t\t\t\t\t\t<\/div>\n\t\t\t\t<\/div>\n\t\t\t\t<div class=\"elementor-element elementor-element-a13bd5d elementor-widget__width-initial elementor-widget elementor-widget-image\" data-id=\"a13bd5d\" data-element_type=\"widget\" data-e-type=\"widget\" data-widget_type=\"image.default\">\n\t\t\t\t<div class=\"elementor-widget-container\">\n\t\t\t\t\t\t\t\t\t\t\t\t\t\t\t<img decoding=\"async\" width=\"622\" height=\"142\" src=\"https:\/\/proturcars.com\/wp-content\/uploads\/2025\/08\/PITEIB-PIMES.jpg\" class=\"attachment-large size-large wp-image-6480\" alt=\"Actuaciones de Transici\u00f3n Energ\u00e9tica con el apoyo de la Uni\u00f3n Europea\" srcset=\"https:\/\/proturcars.com\/wp-content\/uploads\/2025\/08\/PITEIB-PIMES.jpg 622w, https:\/\/proturcars.com\/wp-content\/uploads\/2025\/08\/PITEIB-PIMES-300x68.jpg 300w\" sizes=\"(max-width: 622px) 100vw, 622px\" \/>\t\t\t\t\t\t\t\t\t\t\t\t\t\t\t<\/div>\n\t\t\t\t<\/div>\n\t\t\t\t\t<\/div>\n\t\t<\/div>\n\t\t\t\t<div class=\"elementor-column elementor-col-50 elementor-top-column elementor-element elementor-element-2f3ae423\" data-id=\"2f3ae423\" data-element_type=\"column\" data-e-type=\"column\" data-settings=\"{&quot;background_background&quot;:&quot;classic&quot;}\">\n\t\t\t<div class=\"elementor-widget-wrap elementor-element-populated\">\n\t\t\t\t\t\t\t<\/div>\n\t\t<\/div>\n\t\t\t\t\t<\/div>\n\t\t<\/section>\n\t\t\t\t<\/div>\n\t\t","protected":false},"excerpt":{"rendered":"<p>Umweltvertr\u00e4gliche Nachhaltigkeit Bei Protur Cars setzen wir auf ein Mobilit\u00e4ts- und Managementmodell, das verantwortungsbewusst mit der Umwelt umgeht. Unsere Philosophie basiert darauf, die Umweltauswirkungen unserer T\u00e4tigkeit zu verringern, die Nutzung erneuerbarer Energien zu f\u00f6rdern, den Ressourcenverbrauch zu optimieren und Initiativen zu unterst\u00fctzen, die zu einer nachhaltigeren Zukunft f\u00fcr die Balearen beitragen. Jede von uns ergriffene [&hellip;]<\/p>\n","protected":false},"author":1,"featured_media":0,"parent":0,"menu_order":0,"comment_status":"closed","ping_status":"closed","template":"","meta":{"footnotes":""},"class_list":["post-6494","page","type-page","status-publish","hentry"],"yoast_head":"<!-- This site is optimized with the Yoast SEO plugin v27.4 - https:\/\/yoast.com\/product\/yoast-seo-wordpress\/ -->\n<title>Umweltvertr\u00e4gliche Nachhaltigkeit | Protur Cars<\/title>\n<meta name=\"description\" content=\"Umweltauswirkungen unserer T\u00e4tigkeit zu verringern, die Nutzung erneuerbarer Energien zu f\u00f6rdern, den Ressourcenverbrauch...\" \/>\n<meta name=\"robots\" content=\"index, follow, max-snippet:-1, max-image-preview:large, max-video-preview:-1\" \/>\n<link rel=\"canonical\" href=\"https:\/\/proturcars.com\/de\/umweltvertraegliche-nachhaltigkeit\/\" \/>\n<meta property=\"og:locale\" content=\"de_DE\" \/>\n<meta property=\"og:type\" content=\"article\" \/>\n<meta property=\"og:title\" content=\"Umweltvertr\u00e4gliche Nachhaltigkeit | Protur Cars\" \/>\n<meta property=\"og:description\" content=\"Umweltauswirkungen unserer T\u00e4tigkeit zu verringern, die Nutzung erneuerbarer Energien zu f\u00f6rdern, den Ressourcenverbrauch...\" \/>\n<meta property=\"og:url\" content=\"https:\/\/proturcars.com\/de\/umweltvertraegliche-nachhaltigkeit\/\" \/>\n<meta property=\"og:site_name\" content=\"Alquiler de Coches en Cala Millor, Sa Coma y Cala Bona\" \/>\n<meta property=\"article:modified_time\" content=\"2025-08-11T11:01:55+00:00\" \/>\n<meta property=\"og:image\" content=\"https:\/\/proturcars.com\/wp-content\/uploads\/2025\/08\/sostenibilidad-mediambiental-protur-cars.png\" \/>\n\t<meta property=\"og:image:width\" content=\"1490\" \/>\n\t<meta property=\"og:image:height\" content=\"1412\" \/>\n\t<meta property=\"og:image:type\" content=\"image\/png\" \/>\n<meta name=\"twitter:card\" content=\"summary_large_image\" \/>\n<meta name=\"twitter:label1\" content=\"Gesch\u00e4tzte Lesezeit\" \/>\n\t<meta name=\"twitter:data1\" content=\"2\u00a0Minuten\" \/>\n<script type=\"application\/ld+json\" class=\"yoast-schema-graph\">{\"@context\":\"https:\\\/\\\/schema.org\",\"@graph\":[{\"@type\":\"WebPage\",\"@id\":\"https:\\\/\\\/proturcars.com\\\/de\\\/umweltvertraegliche-nachhaltigkeit\\\/\",\"url\":\"https:\\\/\\\/proturcars.com\\\/de\\\/umweltvertraegliche-nachhaltigkeit\\\/\",\"name\":\"Umweltvertr\u00e4gliche Nachhaltigkeit | Protur Cars\",\"isPartOf\":{\"@id\":\"https:\\\/\\\/proturcars.com\\\/de\\\/#website\"},\"primaryImageOfPage\":{\"@id\":\"https:\\\/\\\/proturcars.com\\\/de\\\/umweltvertraegliche-nachhaltigkeit\\\/#primaryimage\"},\"image\":{\"@id\":\"https:\\\/\\\/proturcars.com\\\/de\\\/umweltvertraegliche-nachhaltigkeit\\\/#primaryimage\"},\"thumbnailUrl\":\"https:\\\/\\\/proturcars.com\\\/wp-content\\\/uploads\\\/2025\\\/08\\\/sostenibilidad-mediambiental-protur-cars.png\",\"datePublished\":\"2025-08-11T08:38:33+00:00\",\"dateModified\":\"2025-08-11T11:01:55+00:00\",\"description\":\"Umweltauswirkungen unserer T\u00e4tigkeit zu verringern, die Nutzung erneuerbarer Energien zu f\u00f6rdern, den Ressourcenverbrauch...\",\"breadcrumb\":{\"@id\":\"https:\\\/\\\/proturcars.com\\\/de\\\/umweltvertraegliche-nachhaltigkeit\\\/#breadcrumb\"},\"inLanguage\":\"de\",\"potentialAction\":[{\"@type\":\"ReadAction\",\"target\":[\"https:\\\/\\\/proturcars.com\\\/de\\\/umweltvertraegliche-nachhaltigkeit\\\/\"]}]},{\"@type\":\"ImageObject\",\"inLanguage\":\"de\",\"@id\":\"https:\\\/\\\/proturcars.com\\\/de\\\/umweltvertraegliche-nachhaltigkeit\\\/#primaryimage\",\"url\":\"https:\\\/\\\/proturcars.com\\\/wp-content\\\/uploads\\\/2025\\\/08\\\/sostenibilidad-mediambiental-protur-cars.png\",\"contentUrl\":\"https:\\\/\\\/proturcars.com\\\/wp-content\\\/uploads\\\/2025\\\/08\\\/sostenibilidad-mediambiental-protur-cars.png\"},{\"@type\":\"BreadcrumbList\",\"@id\":\"https:\\\/\\\/proturcars.com\\\/de\\\/umweltvertraegliche-nachhaltigkeit\\\/#breadcrumb\",\"itemListElement\":[{\"@type\":\"ListItem\",\"position\":1,\"name\":\"Portada\",\"item\":\"https:\\\/\\\/proturcars.com\\\/de\\\/\"},{\"@type\":\"ListItem\",\"position\":2,\"name\":\"Umweltvertr\u00e4gliche Nachhaltigkeit\"}]},{\"@type\":\"WebSite\",\"@id\":\"https:\\\/\\\/proturcars.com\\\/de\\\/#website\",\"url\":\"https:\\\/\\\/proturcars.com\\\/de\\\/\",\"name\":\"Alquiler de Coches en Cala Millor, Sa Coma y Cala Bona\",\"description\":\"Alquila coches en Cala Millor, Sa Coma, Cala Bona y S'Illot. Seguro sin franquicia, asistencia 24\\\/7 y kil&oacute;metros ilimitados\",\"publisher\":{\"@id\":\"https:\\\/\\\/proturcars.com\\\/de\\\/#organization\"},\"alternateName\":\"Alquiler de Coches en Cala Millor, Sa Coma y Cala Bona\",\"potentialAction\":[{\"@type\":\"SearchAction\",\"target\":{\"@type\":\"EntryPoint\",\"urlTemplate\":\"https:\\\/\\\/proturcars.com\\\/de\\\/?s={search_term_string}\"},\"query-input\":{\"@type\":\"PropertyValueSpecification\",\"valueRequired\":true,\"valueName\":\"search_term_string\"}}],\"inLanguage\":\"de\"},{\"@type\":\"Organization\",\"@id\":\"https:\\\/\\\/proturcars.com\\\/de\\\/#organization\",\"name\":\"Protur Cars alquiler de coches en Cala Millor, Sa Coma y Cala Bona\",\"alternateName\":\"Protur Cars alquiler de coches\",\"url\":\"https:\\\/\\\/proturcars.com\\\/de\\\/\",\"logo\":{\"@type\":\"ImageObject\",\"inLanguage\":\"de\",\"@id\":\"https:\\\/\\\/proturcars.com\\\/de\\\/#\\\/schema\\\/logo\\\/image\\\/\",\"url\":\"https:\\\/\\\/proturcars.com\\\/wp-content\\\/uploads\\\/2024\\\/10\\\/cropped-proturcars-logo.webp\",\"contentUrl\":\"https:\\\/\\\/proturcars.com\\\/wp-content\\\/uploads\\\/2024\\\/10\\\/cropped-proturcars-logo.webp\",\"width\":500,\"height\":194,\"caption\":\"Protur Cars alquiler de coches en Cala Millor, Sa Coma y Cala Bona\"},\"image\":{\"@id\":\"https:\\\/\\\/proturcars.com\\\/de\\\/#\\\/schema\\\/logo\\\/image\\\/\"}}]}<\/script>\n<!-- \/ Yoast SEO plugin. -->","yoast_head_json":{"title":"Umweltvertr\u00e4gliche Nachhaltigkeit | Protur Cars","description":"Umweltauswirkungen unserer T\u00e4tigkeit zu verringern, die Nutzung erneuerbarer Energien zu f\u00f6rdern, den Ressourcenverbrauch...","robots":{"index":"index","follow":"follow","max-snippet":"max-snippet:-1","max-image-preview":"max-image-preview:large","max-video-preview":"max-video-preview:-1"},"canonical":"https:\/\/proturcars.com\/de\/umweltvertraegliche-nachhaltigkeit\/","og_locale":"de_DE","og_type":"article","og_title":"Umweltvertr\u00e4gliche Nachhaltigkeit | Protur Cars","og_description":"Umweltauswirkungen unserer T\u00e4tigkeit zu verringern, die Nutzung erneuerbarer Energien zu f\u00f6rdern, den Ressourcenverbrauch...","og_url":"https:\/\/proturcars.com\/de\/umweltvertraegliche-nachhaltigkeit\/","og_site_name":"Alquiler de Coches en Cala Millor, Sa Coma y Cala Bona","article_modified_time":"2025-08-11T11:01:55+00:00","og_image":[{"width":1490,"height":1412,"url":"https:\/\/proturcars.com\/wp-content\/uploads\/2025\/08\/sostenibilidad-mediambiental-protur-cars.png","type":"image\/png"}],"twitter_card":"summary_large_image","twitter_misc":{"Gesch\u00e4tzte Lesezeit":"2\u00a0Minuten"},"schema":{"@context":"https:\/\/schema.org","@graph":[{"@type":"WebPage","@id":"https:\/\/proturcars.com\/de\/umweltvertraegliche-nachhaltigkeit\/","url":"https:\/\/proturcars.com\/de\/umweltvertraegliche-nachhaltigkeit\/","name":"Umweltvertr\u00e4gliche Nachhaltigkeit | Protur Cars","isPartOf":{"@id":"https:\/\/proturcars.com\/de\/#website"},"primaryImageOfPage":{"@id":"https:\/\/proturcars.com\/de\/umweltvertraegliche-nachhaltigkeit\/#primaryimage"},"image":{"@id":"https:\/\/proturcars.com\/de\/umweltvertraegliche-nachhaltigkeit\/#primaryimage"},"thumbnailUrl":"https:\/\/proturcars.com\/wp-content\/uploads\/2025\/08\/sostenibilidad-mediambiental-protur-cars.png","datePublished":"2025-08-11T08:38:33+00:00","dateModified":"2025-08-11T11:01:55+00:00","description":"Umweltauswirkungen unserer T\u00e4tigkeit zu verringern, die Nutzung erneuerbarer Energien zu f\u00f6rdern, den Ressourcenverbrauch...","breadcrumb":{"@id":"https:\/\/proturcars.com\/de\/umweltvertraegliche-nachhaltigkeit\/#breadcrumb"},"inLanguage":"de","potentialAction":[{"@type":"ReadAction","target":["https:\/\/proturcars.com\/de\/umweltvertraegliche-nachhaltigkeit\/"]}]},{"@type":"ImageObject","inLanguage":"de","@id":"https:\/\/proturcars.com\/de\/umweltvertraegliche-nachhaltigkeit\/#primaryimage","url":"https:\/\/proturcars.com\/wp-content\/uploads\/2025\/08\/sostenibilidad-mediambiental-protur-cars.png","contentUrl":"https:\/\/proturcars.com\/wp-content\/uploads\/2025\/08\/sostenibilidad-mediambiental-protur-cars.png"},{"@type":"BreadcrumbList","@id":"https:\/\/proturcars.com\/de\/umweltvertraegliche-nachhaltigkeit\/#breadcrumb","itemListElement":[{"@type":"ListItem","position":1,"name":"Portada","item":"https:\/\/proturcars.com\/de\/"},{"@type":"ListItem","position":2,"name":"Umweltvertr\u00e4gliche Nachhaltigkeit"}]},{"@type":"WebSite","@id":"https:\/\/proturcars.com\/de\/#website","url":"https:\/\/proturcars.com\/de\/","name":"Alquiler de Coches en Cala Millor, Sa Coma y Cala Bona","description":"Alquila coches en Cala Millor, Sa Coma, Cala Bona y S'Illot. Seguro sin franquicia, asistencia 24\/7 y kil&oacute;metros ilimitados","publisher":{"@id":"https:\/\/proturcars.com\/de\/#organization"},"alternateName":"Alquiler de Coches en Cala Millor, Sa Coma y Cala Bona","potentialAction":[{"@type":"SearchAction","target":{"@type":"EntryPoint","urlTemplate":"https:\/\/proturcars.com\/de\/?s={search_term_string}"},"query-input":{"@type":"PropertyValueSpecification","valueRequired":true,"valueName":"search_term_string"}}],"inLanguage":"de"},{"@type":"Organization","@id":"https:\/\/proturcars.com\/de\/#organization","name":"Protur Cars alquiler de coches en Cala Millor, Sa Coma y Cala Bona","alternateName":"Protur Cars alquiler de coches","url":"https:\/\/proturcars.com\/de\/","logo":{"@type":"ImageObject","inLanguage":"de","@id":"https:\/\/proturcars.com\/de\/#\/schema\/logo\/image\/","url":"https:\/\/proturcars.com\/wp-content\/uploads\/2024\/10\/cropped-proturcars-logo.webp","contentUrl":"https:\/\/proturcars.com\/wp-content\/uploads\/2024\/10\/cropped-proturcars-logo.webp","width":500,"height":194,"caption":"Protur Cars alquiler de coches en Cala Millor, Sa Coma y Cala Bona"},"image":{"@id":"https:\/\/proturcars.com\/de\/#\/schema\/logo\/image\/"}}]}},"_links":{"self":[{"href":"https:\/\/proturcars.com\/de\/wp-json\/wp\/v2\/pages\/6494","targetHints":{"allow":["GET"]}}],"collection":[{"href":"https:\/\/proturcars.com\/de\/wp-json\/wp\/v2\/pages"}],"about":[{"href":"https:\/\/proturcars.com\/de\/wp-json\/wp\/v2\/types\/page"}],"author":[{"embeddable":true,"href":"https:\/\/proturcars.com\/de\/wp-json\/wp\/v2\/users\/1"}],"replies":[{"embeddable":true,"href":"https:\/\/proturcars.com\/de\/wp-json\/wp\/v2\/comments?post=6494"}],"version-history":[{"count":4,"href":"https:\/\/proturcars.com\/de\/wp-json\/wp\/v2\/pages\/6494\/revisions"}],"predecessor-version":[{"id":6501,"href":"https:\/\/proturcars.com\/de\/wp-json\/wp\/v2\/pages\/6494\/revisions\/6501"}],"wp:attachment":[{"href":"https:\/\/proturcars.com\/de\/wp-json\/wp\/v2\/media?parent=6494"}],"curies":[{"name":"wp","href":"https:\/\/api.w.org\/{rel}","templated":true}]}}