{"id":6491,"date":"2025-08-11T08:38:33","date_gmt":"2025-08-11T08:38:33","guid":{"rendered":"https:\/\/proturcars.com\/sostenibilidad-medioambiental\/"},"modified":"2025-08-11T11:35:52","modified_gmt":"2025-08-11T11:35:52","slug":"environmental-sustainability","status":"publish","type":"page","link":"https:\/\/proturcars.com\/en\/environmental-sustainability\/","title":{"rendered":"Environmental Sustainability"},"content":{"rendered":"\t\t<div data-elementor-type=\"wp-page\" data-elementor-id=\"6491\" class=\"elementor elementor-6491 elementor-6422\" data-elementor-post-type=\"page\">\n\t\t\t\t\t\t<section class=\"elementor-section elementor-top-section elementor-element elementor-element-86d68a1 elementor-section-full_width elementor-section-height-min-height elementor-section-items-stretch elementor-reverse-tablet elementor-reverse-mobile elementor-section-content-middle elementor-section-height-default\" data-id=\"86d68a1\" data-element_type=\"section\" data-e-type=\"section\">\n\t\t\t\t\t\t<div class=\"elementor-container elementor-column-gap-no\">\n\t\t\t\t\t<div class=\"elementor-column elementor-col-50 elementor-top-column elementor-element elementor-element-687e5adf\" data-id=\"687e5adf\" data-element_type=\"column\" data-e-type=\"column\" data-settings=\"{&quot;background_background&quot;:&quot;classic&quot;}\">\n\t\t\t<div class=\"elementor-widget-wrap elementor-element-populated\">\n\t\t\t\t\t\t<div class=\"elementor-element elementor-element-9257ca9 elementor-widget elementor-widget-image\" data-id=\"9257ca9\" data-element_type=\"widget\" data-e-type=\"widget\" data-widget_type=\"image.default\">\n\t\t\t\t<div class=\"elementor-widget-container\">\n\t\t\t\t\t\t\t\t\t\t\t\t\t\t\t<img fetchpriority=\"high\" decoding=\"async\" width=\"1490\" height=\"1412\" src=\"https:\/\/proturcars.com\/wp-content\/uploads\/2025\/08\/sostenibilidad-mediambiental-protur-cars.png\" class=\"attachment-full size-full wp-image-6469\" alt=\"sostenibilidad-mediambiental-protur-cars\" srcset=\"https:\/\/proturcars.com\/wp-content\/uploads\/2025\/08\/sostenibilidad-mediambiental-protur-cars.png 1490w, https:\/\/proturcars.com\/wp-content\/uploads\/2025\/08\/sostenibilidad-mediambiental-protur-cars-300x284.png 300w, https:\/\/proturcars.com\/wp-content\/uploads\/2025\/08\/sostenibilidad-mediambiental-protur-cars-1024x970.png 1024w, https:\/\/proturcars.com\/wp-content\/uploads\/2025\/08\/sostenibilidad-mediambiental-protur-cars-768x728.png 768w\" sizes=\"(max-width: 1490px) 100vw, 1490px\" \/>\t\t\t\t\t\t\t\t\t\t\t\t\t\t\t<\/div>\n\t\t\t\t<\/div>\n\t\t\t\t\t<\/div>\n\t\t<\/div>\n\t\t\t\t<div class=\"elementor-column elementor-col-50 elementor-top-column elementor-element elementor-element-29d6d36d\" data-id=\"29d6d36d\" data-element_type=\"column\" data-e-type=\"column\">\n\t\t\t<div class=\"elementor-widget-wrap elementor-element-populated\">\n\t\t\t\t\t\t<div class=\"elementor-element elementor-element-220c9038 elementor-widget__width-initial elementor-widget elementor-widget-heading\" data-id=\"220c9038\" data-element_type=\"widget\" data-e-type=\"widget\" data-widget_type=\"heading.default\">\n\t\t\t\t<div class=\"elementor-widget-container\">\n\t\t\t\t\t<h1 class=\"elementor-heading-title elementor-size-default\">Environmental <br> <b>Sustainability<\/b><\/h1>\t\t\t\t<\/div>\n\t\t\t\t<\/div>\n\t\t\t\t<div class=\"elementor-element elementor-element-bcffcea elementor-widget__width-initial elementor-widget elementor-widget-text-editor\" data-id=\"bcffcea\" data-element_type=\"widget\" data-e-type=\"widget\" data-widget_type=\"text-editor.default\">\n\t\t\t\t<div class=\"elementor-widget-container\">\n\t\t\t\t\t\t\t\t\t<p>At Protur Cars, we are committed to a mobility and management model that acts responsibly towards the environment. Our philosophy is based on reducing the environmental impact of our activity, promoting the use of renewable energy, optimising resource consumption, and supporting initiatives that contribute to a more sustainable future for the Balearic Islands.<\/p><p>Every action we take aims to strike a balance between the service we provide and respect for our surroundings, integrating solutions that encourage the transition towards a low-carbon economy.<\/p>\t\t\t\t\t\t\t\t<\/div>\n\t\t\t\t<\/div>\n\t\t\t\t\t<\/div>\n\t\t<\/div>\n\t\t\t\t\t<\/div>\n\t\t<\/section>\n\t\t\t\t<section class=\"elementor-section elementor-top-section elementor-element elementor-element-16aaaf02 elementor-section-full_width elementor-section-content-middle elementor-section-height-default elementor-section-height-default\" data-id=\"16aaaf02\" data-element_type=\"section\" data-e-type=\"section\">\n\t\t\t\t\t\t<div class=\"elementor-container elementor-column-gap-no\">\n\t\t\t\t\t<div class=\"elementor-column elementor-col-50 elementor-top-column elementor-element elementor-element-fb0efb7\" data-id=\"fb0efb7\" data-element_type=\"column\" data-e-type=\"column\">\n\t\t\t<div class=\"elementor-widget-wrap elementor-element-populated\">\n\t\t\t\t\t\t<div class=\"elementor-element elementor-element-b4eaec7 elementor-widget__width-initial elementor-widget elementor-widget-heading\" data-id=\"b4eaec7\" data-element_type=\"widget\" data-e-type=\"widget\" data-widget_type=\"heading.default\">\n\t\t\t\t<div class=\"elementor-widget-container\">\n\t\t\t\t\t<h2 class=\"elementor-heading-title elementor-size-default\">Energy Transition Initiatives with the Support of the European Union\n<\/h2>\t\t\t\t<\/div>\n\t\t\t\t<\/div>\n\t\t\t\t<div class=\"elementor-element elementor-element-d221a2a elementor-widget__width-initial elementor-widget elementor-widget-text-editor\" data-id=\"d221a2a\" data-element_type=\"widget\" data-e-type=\"widget\" data-widget_type=\"text-editor.default\">\n\t\t\t\t<div class=\"elementor-widget-container\">\n\t\t\t\t\t\t\t\t\t<p>Within the framework of the <strong>Investment Plan for the Energy Transition of the Balearic Islands (PITEIB)<\/strong>, we have carried out two major photovoltaic installation projects with the aim of moving towards a cleaner energy model:<\/p><p><strong>Installation on the roof of the Protur Cars base<\/strong><\/p><ul><li>10 kW photovoltaic system<\/li><li>Total investment: <strong>\u20ac10,168<\/strong><\/li><li>Subsidy received: <strong>\u20ac6,091<br \/><br \/><\/strong><\/li><\/ul><p>This project has been made possible thanks to financial support from the <strong>European Union<\/strong>, reinforcing our commitment to renewable energy and reducing emissions.<\/p>\t\t\t\t\t\t\t\t<\/div>\n\t\t\t\t<\/div>\n\t\t\t\t<div class=\"elementor-element elementor-element-a13bd5d elementor-widget__width-initial elementor-widget elementor-widget-image\" data-id=\"a13bd5d\" data-element_type=\"widget\" data-e-type=\"widget\" data-widget_type=\"image.default\">\n\t\t\t\t<div class=\"elementor-widget-container\">\n\t\t\t\t\t\t\t\t\t\t\t\t\t\t\t<img decoding=\"async\" width=\"622\" height=\"142\" src=\"https:\/\/proturcars.com\/wp-content\/uploads\/2025\/08\/PITEIB-PIMES.jpg\" class=\"attachment-large size-large wp-image-6478\" alt=\"Actuaciones de Transici\u00f3n Energ\u00e9tica con el apoyo de la Uni\u00f3n Europea\" srcset=\"https:\/\/proturcars.com\/wp-content\/uploads\/2025\/08\/PITEIB-PIMES.jpg 622w, https:\/\/proturcars.com\/wp-content\/uploads\/2025\/08\/PITEIB-PIMES-300x68.jpg 300w\" sizes=\"(max-width: 622px) 100vw, 622px\" \/>\t\t\t\t\t\t\t\t\t\t\t\t\t\t\t<\/div>\n\t\t\t\t<\/div>\n\t\t\t\t\t<\/div>\n\t\t<\/div>\n\t\t\t\t<div class=\"elementor-column elementor-col-50 elementor-top-column elementor-element elementor-element-2f3ae423\" data-id=\"2f3ae423\" data-element_type=\"column\" data-e-type=\"column\" data-settings=\"{&quot;background_background&quot;:&quot;classic&quot;}\">\n\t\t\t<div class=\"elementor-widget-wrap elementor-element-populated\">\n\t\t\t\t\t\t\t<\/div>\n\t\t<\/div>\n\t\t\t\t\t<\/div>\n\t\t<\/section>\n\t\t\t\t<\/div>\n\t\t","protected":false},"excerpt":{"rendered":"<p>Environmental Sustainability At Protur Cars, we are committed to a mobility and management model that acts responsibly towards the environment. Our philosophy is based on reducing the environmental impact of our activity, promoting the use of renewable energy, optimising resource consumption, and supporting initiatives that contribute to a more sustainable future for the Balearic Islands. [&hellip;]<\/p>\n","protected":false},"author":1,"featured_media":0,"parent":0,"menu_order":0,"comment_status":"closed","ping_status":"closed","template":"","meta":{"footnotes":""},"class_list":["post-6491","page","type-page","status-publish","hentry"],"yoast_head":"<!-- This site is optimized with the Yoast SEO plugin v27.4 - https:\/\/yoast.com\/product\/yoast-seo-wordpress\/ -->\n<title>Environmental Sustainability | Protur Cars<\/title>\n<meta name=\"description\" content=\"Our philosophy is based on reducing the environmental impact of our activity, promoting the use of renewable energy\" \/>\n<meta name=\"robots\" content=\"index, follow, max-snippet:-1, max-image-preview:large, max-video-preview:-1\" \/>\n<link rel=\"canonical\" href=\"https:\/\/proturcars.com\/en\/environmental-sustainability\/\" \/>\n<meta property=\"og:locale\" content=\"en_US\" \/>\n<meta property=\"og:type\" content=\"article\" \/>\n<meta property=\"og:title\" content=\"Environmental Sustainability | Protur Cars\" \/>\n<meta property=\"og:description\" content=\"Our philosophy is based on reducing the environmental impact of our activity, promoting the use of renewable energy\" \/>\n<meta property=\"og:url\" content=\"https:\/\/proturcars.com\/en\/environmental-sustainability\/\" \/>\n<meta property=\"og:site_name\" content=\"Alquiler de Coches en Cala Millor, Sa Coma y Cala Bona\" \/>\n<meta property=\"article:modified_time\" content=\"2025-08-11T11:35:52+00:00\" \/>\n<meta property=\"og:image\" content=\"https:\/\/proturcars.com\/wp-content\/uploads\/2025\/08\/sostenibilidad-mediambiental-protur-cars.png\" \/>\n\t<meta property=\"og:image:width\" content=\"1490\" \/>\n\t<meta property=\"og:image:height\" content=\"1412\" \/>\n\t<meta property=\"og:image:type\" content=\"image\/png\" \/>\n<meta name=\"twitter:card\" content=\"summary_large_image\" \/>\n<meta name=\"twitter:label1\" content=\"Est. reading time\" \/>\n\t<meta name=\"twitter:data1\" content=\"2 minutes\" \/>\n<script type=\"application\/ld+json\" class=\"yoast-schema-graph\">{\"@context\":\"https:\\\/\\\/schema.org\",\"@graph\":[{\"@type\":\"WebPage\",\"@id\":\"https:\\\/\\\/proturcars.com\\\/en\\\/environmental-sustainability\\\/\",\"url\":\"https:\\\/\\\/proturcars.com\\\/en\\\/environmental-sustainability\\\/\",\"name\":\"Environmental Sustainability | Protur Cars\",\"isPartOf\":{\"@id\":\"https:\\\/\\\/proturcars.com\\\/en\\\/#website\"},\"primaryImageOfPage\":{\"@id\":\"https:\\\/\\\/proturcars.com\\\/en\\\/environmental-sustainability\\\/#primaryimage\"},\"image\":{\"@id\":\"https:\\\/\\\/proturcars.com\\\/en\\\/environmental-sustainability\\\/#primaryimage\"},\"thumbnailUrl\":\"https:\\\/\\\/proturcars.com\\\/wp-content\\\/uploads\\\/2025\\\/08\\\/sostenibilidad-mediambiental-protur-cars.png\",\"datePublished\":\"2025-08-11T08:38:33+00:00\",\"dateModified\":\"2025-08-11T11:35:52+00:00\",\"description\":\"Our philosophy is based on reducing the environmental impact of our activity, promoting the use of renewable energy\",\"breadcrumb\":{\"@id\":\"https:\\\/\\\/proturcars.com\\\/en\\\/environmental-sustainability\\\/#breadcrumb\"},\"inLanguage\":\"en-US\",\"potentialAction\":[{\"@type\":\"ReadAction\",\"target\":[\"https:\\\/\\\/proturcars.com\\\/en\\\/environmental-sustainability\\\/\"]}]},{\"@type\":\"ImageObject\",\"inLanguage\":\"en-US\",\"@id\":\"https:\\\/\\\/proturcars.com\\\/en\\\/environmental-sustainability\\\/#primaryimage\",\"url\":\"https:\\\/\\\/proturcars.com\\\/wp-content\\\/uploads\\\/2025\\\/08\\\/sostenibilidad-mediambiental-protur-cars.png\",\"contentUrl\":\"https:\\\/\\\/proturcars.com\\\/wp-content\\\/uploads\\\/2025\\\/08\\\/sostenibilidad-mediambiental-protur-cars.png\"},{\"@type\":\"BreadcrumbList\",\"@id\":\"https:\\\/\\\/proturcars.com\\\/en\\\/environmental-sustainability\\\/#breadcrumb\",\"itemListElement\":[{\"@type\":\"ListItem\",\"position\":1,\"name\":\"Portada\",\"item\":\"https:\\\/\\\/proturcars.com\\\/en\\\/\"},{\"@type\":\"ListItem\",\"position\":2,\"name\":\"Environmental Sustainability\"}]},{\"@type\":\"WebSite\",\"@id\":\"https:\\\/\\\/proturcars.com\\\/en\\\/#website\",\"url\":\"https:\\\/\\\/proturcars.com\\\/en\\\/\",\"name\":\"Alquiler de Coches en Cala Millor, Sa Coma y Cala Bona\",\"description\":\"Alquila coches en Cala Millor, Sa Coma, Cala Bona y S'Illot. Seguro sin franquicia, asistencia 24\\\/7 y kil&oacute;metros ilimitados\",\"publisher\":{\"@id\":\"https:\\\/\\\/proturcars.com\\\/en\\\/#organization\"},\"alternateName\":\"Alquiler de Coches en Cala Millor, Sa Coma y Cala Bona\",\"potentialAction\":[{\"@type\":\"SearchAction\",\"target\":{\"@type\":\"EntryPoint\",\"urlTemplate\":\"https:\\\/\\\/proturcars.com\\\/en\\\/?s={search_term_string}\"},\"query-input\":{\"@type\":\"PropertyValueSpecification\",\"valueRequired\":true,\"valueName\":\"search_term_string\"}}],\"inLanguage\":\"en-US\"},{\"@type\":\"Organization\",\"@id\":\"https:\\\/\\\/proturcars.com\\\/en\\\/#organization\",\"name\":\"Protur Cars alquiler de coches en Cala Millor, Sa Coma y Cala Bona\",\"alternateName\":\"Protur Cars alquiler de coches\",\"url\":\"https:\\\/\\\/proturcars.com\\\/en\\\/\",\"logo\":{\"@type\":\"ImageObject\",\"inLanguage\":\"en-US\",\"@id\":\"https:\\\/\\\/proturcars.com\\\/en\\\/#\\\/schema\\\/logo\\\/image\\\/\",\"url\":\"https:\\\/\\\/proturcars.com\\\/wp-content\\\/uploads\\\/2024\\\/10\\\/cropped-proturcars-logo.webp\",\"contentUrl\":\"https:\\\/\\\/proturcars.com\\\/wp-content\\\/uploads\\\/2024\\\/10\\\/cropped-proturcars-logo.webp\",\"width\":500,\"height\":194,\"caption\":\"Protur Cars alquiler de coches en Cala Millor, Sa Coma y Cala Bona\"},\"image\":{\"@id\":\"https:\\\/\\\/proturcars.com\\\/en\\\/#\\\/schema\\\/logo\\\/image\\\/\"}}]}<\/script>\n<!-- \/ Yoast SEO plugin. -->","yoast_head_json":{"title":"Environmental Sustainability | Protur Cars","description":"Our philosophy is based on reducing the environmental impact of our activity, promoting the use of renewable energy","robots":{"index":"index","follow":"follow","max-snippet":"max-snippet:-1","max-image-preview":"max-image-preview:large","max-video-preview":"max-video-preview:-1"},"canonical":"https:\/\/proturcars.com\/en\/environmental-sustainability\/","og_locale":"en_US","og_type":"article","og_title":"Environmental Sustainability | Protur Cars","og_description":"Our philosophy is based on reducing the environmental impact of our activity, promoting the use of renewable energy","og_url":"https:\/\/proturcars.com\/en\/environmental-sustainability\/","og_site_name":"Alquiler de Coches en Cala Millor, Sa Coma y Cala Bona","article_modified_time":"2025-08-11T11:35:52+00:00","og_image":[{"width":1490,"height":1412,"url":"https:\/\/proturcars.com\/wp-content\/uploads\/2025\/08\/sostenibilidad-mediambiental-protur-cars.png","type":"image\/png"}],"twitter_card":"summary_large_image","twitter_misc":{"Est. reading time":"2 minutes"},"schema":{"@context":"https:\/\/schema.org","@graph":[{"@type":"WebPage","@id":"https:\/\/proturcars.com\/en\/environmental-sustainability\/","url":"https:\/\/proturcars.com\/en\/environmental-sustainability\/","name":"Environmental Sustainability | Protur Cars","isPartOf":{"@id":"https:\/\/proturcars.com\/en\/#website"},"primaryImageOfPage":{"@id":"https:\/\/proturcars.com\/en\/environmental-sustainability\/#primaryimage"},"image":{"@id":"https:\/\/proturcars.com\/en\/environmental-sustainability\/#primaryimage"},"thumbnailUrl":"https:\/\/proturcars.com\/wp-content\/uploads\/2025\/08\/sostenibilidad-mediambiental-protur-cars.png","datePublished":"2025-08-11T08:38:33+00:00","dateModified":"2025-08-11T11:35:52+00:00","description":"Our philosophy is based on reducing the environmental impact of our activity, promoting the use of renewable energy","breadcrumb":{"@id":"https:\/\/proturcars.com\/en\/environmental-sustainability\/#breadcrumb"},"inLanguage":"en-US","potentialAction":[{"@type":"ReadAction","target":["https:\/\/proturcars.com\/en\/environmental-sustainability\/"]}]},{"@type":"ImageObject","inLanguage":"en-US","@id":"https:\/\/proturcars.com\/en\/environmental-sustainability\/#primaryimage","url":"https:\/\/proturcars.com\/wp-content\/uploads\/2025\/08\/sostenibilidad-mediambiental-protur-cars.png","contentUrl":"https:\/\/proturcars.com\/wp-content\/uploads\/2025\/08\/sostenibilidad-mediambiental-protur-cars.png"},{"@type":"BreadcrumbList","@id":"https:\/\/proturcars.com\/en\/environmental-sustainability\/#breadcrumb","itemListElement":[{"@type":"ListItem","position":1,"name":"Portada","item":"https:\/\/proturcars.com\/en\/"},{"@type":"ListItem","position":2,"name":"Environmental Sustainability"}]},{"@type":"WebSite","@id":"https:\/\/proturcars.com\/en\/#website","url":"https:\/\/proturcars.com\/en\/","name":"Alquiler de Coches en Cala Millor, Sa Coma y Cala Bona","description":"Alquila coches en Cala Millor, Sa Coma, Cala Bona y S'Illot. Seguro sin franquicia, asistencia 24\/7 y kil&oacute;metros ilimitados","publisher":{"@id":"https:\/\/proturcars.com\/en\/#organization"},"alternateName":"Alquiler de Coches en Cala Millor, Sa Coma y Cala Bona","potentialAction":[{"@type":"SearchAction","target":{"@type":"EntryPoint","urlTemplate":"https:\/\/proturcars.com\/en\/?s={search_term_string}"},"query-input":{"@type":"PropertyValueSpecification","valueRequired":true,"valueName":"search_term_string"}}],"inLanguage":"en-US"},{"@type":"Organization","@id":"https:\/\/proturcars.com\/en\/#organization","name":"Protur Cars alquiler de coches en Cala Millor, Sa Coma y Cala Bona","alternateName":"Protur Cars alquiler de coches","url":"https:\/\/proturcars.com\/en\/","logo":{"@type":"ImageObject","inLanguage":"en-US","@id":"https:\/\/proturcars.com\/en\/#\/schema\/logo\/image\/","url":"https:\/\/proturcars.com\/wp-content\/uploads\/2024\/10\/cropped-proturcars-logo.webp","contentUrl":"https:\/\/proturcars.com\/wp-content\/uploads\/2024\/10\/cropped-proturcars-logo.webp","width":500,"height":194,"caption":"Protur Cars alquiler de coches en Cala Millor, Sa Coma y Cala Bona"},"image":{"@id":"https:\/\/proturcars.com\/en\/#\/schema\/logo\/image\/"}}]}},"_links":{"self":[{"href":"https:\/\/proturcars.com\/en\/wp-json\/wp\/v2\/pages\/6491","targetHints":{"allow":["GET"]}}],"collection":[{"href":"https:\/\/proturcars.com\/en\/wp-json\/wp\/v2\/pages"}],"about":[{"href":"https:\/\/proturcars.com\/en\/wp-json\/wp\/v2\/types\/page"}],"author":[{"embeddable":true,"href":"https:\/\/proturcars.com\/en\/wp-json\/wp\/v2\/users\/1"}],"replies":[{"embeddable":true,"href":"https:\/\/proturcars.com\/en\/wp-json\/wp\/v2\/comments?post=6491"}],"version-history":[{"count":5,"href":"https:\/\/proturcars.com\/en\/wp-json\/wp\/v2\/pages\/6491\/revisions"}],"predecessor-version":[{"id":6506,"href":"https:\/\/proturcars.com\/en\/wp-json\/wp\/v2\/pages\/6491\/revisions\/6506"}],"wp:attachment":[{"href":"https:\/\/proturcars.com\/en\/wp-json\/wp\/v2\/media?parent=6491"}],"curies":[{"name":"wp","href":"https:\/\/api.w.org\/{rel}","templated":true}]}}