{"id":3075,"date":"2024-10-28T14:49:17","date_gmt":"2024-10-28T14:49:17","guid":{"rendered":"https:\/\/proturcars.com\/CARS\/ofertas-y-promociones\/"},"modified":"2026-03-10T14:51:20","modified_gmt":"2026-03-10T14:51:20","slug":"offres-et-promotions","status":"publish","type":"page","link":"https:\/\/proturcars.com\/fr\/offres-et-promotions\/","title":{"rendered":"Offres et Promotions"},"content":{"rendered":"\t\t<div data-elementor-type=\"wp-page\" data-elementor-id=\"3075\" class=\"elementor elementor-3075 elementor-2640\" data-elementor-post-type=\"page\">\n\t\t\t\t\t\t<section class=\"elementor-section elementor-top-section elementor-element elementor-element-786978e elementor-section-full_width elementor-section-stretched elementor-section-height-default elementor-section-height-default\" data-id=\"786978e\" data-element_type=\"section\" data-e-type=\"section\" data-settings=\"{&quot;stretch_section&quot;:&quot;section-stretched&quot;}\">\n\t\t\t\t\t\t<div class=\"elementor-container elementor-column-gap-no\">\n\t\t\t\t\t<div class=\"elementor-column elementor-col-100 elementor-top-column elementor-element elementor-element-d4e4d59\" data-id=\"d4e4d59\" data-element_type=\"column\" data-e-type=\"column\">\n\t\t\t<div class=\"elementor-widget-wrap elementor-element-populated\">\n\t\t\t\t\t\t<div class=\"elementor-element elementor-element-1e54756 elementor-hidden-tablet elementor-hidden-mobile elementor-widget elementor-widget-image\" data-id=\"1e54756\" data-element_type=\"widget\" data-e-type=\"widget\" data-widget_type=\"image.default\">\n\t\t\t\t<div class=\"elementor-widget-container\">\n\t\t\t\t\t\t\t\t\t\t\t\t\t\t\t<img fetchpriority=\"high\" decoding=\"async\" width=\"2427\" height=\"700\" src=\"https:\/\/proturcars.com\/wp-content\/uploads\/2024\/11\/ofertas-promociones-protur-cars.jpg\" class=\"attachment-full size-full wp-image-3019\" alt=\"Les meilleures offres de location de voitures \u00e0 Sa Coma et Cala Millorillor\" srcset=\"https:\/\/proturcars.com\/wp-content\/uploads\/2024\/11\/ofertas-promociones-protur-cars.jpg 2427w, https:\/\/proturcars.com\/wp-content\/uploads\/2024\/11\/ofertas-promociones-protur-cars-300x87.jpg 300w, https:\/\/proturcars.com\/wp-content\/uploads\/2024\/11\/ofertas-promociones-protur-cars-1024x295.jpg 1024w, https:\/\/proturcars.com\/wp-content\/uploads\/2024\/11\/ofertas-promociones-protur-cars-768x222.jpg 768w, https:\/\/proturcars.com\/wp-content\/uploads\/2024\/11\/ofertas-promociones-protur-cars-1536x443.jpg 1536w, https:\/\/proturcars.com\/wp-content\/uploads\/2024\/11\/ofertas-promociones-protur-cars-2048x591.jpg 2048w, https:\/\/proturcars.com\/wp-content\/uploads\/2024\/11\/ofertas-promociones-protur-cars-370x107.jpg 370w, https:\/\/proturcars.com\/wp-content\/uploads\/2024\/11\/ofertas-promociones-protur-cars-760x219.jpg 760w\" sizes=\"(max-width: 2427px) 100vw, 2427px\" \/>\t\t\t\t\t\t\t\t\t\t\t\t\t\t\t<\/div>\n\t\t\t\t<\/div>\n\t\t\t\t<div class=\"elementor-element elementor-element-acc768c elementor-hidden-desktop elementor-widget elementor-widget-image\" data-id=\"acc768c\" data-element_type=\"widget\" data-e-type=\"widget\" data-widget_type=\"image.default\">\n\t\t\t\t<div class=\"elementor-widget-container\">\n\t\t\t\t\t\t\t\t\t\t\t\t\t\t\t<img decoding=\"async\" src=\"https:\/\/proturcars.com\/wp-content\/uploads\/elementor\/thumbs\/ofertas-promociones-protur-cars-qwkgjypnd73ia6roktem6hoblvknzwk73k2ultpjyw.jpg\" title=\"Les meilleures offres de location de voitures \u00e0 Sa Coma et Cala Millor\" alt=\"Les meilleures offres de location de voitures \u00e0 Sa Coma et Cala Millorillor\" loading=\"lazy\" \/>\t\t\t\t\t\t\t\t\t\t\t\t\t\t\t<\/div>\n\t\t\t\t<\/div>\n\t\t\t\t\t<\/div>\n\t\t<\/div>\n\t\t\t\t\t<\/div>\n\t\t<\/section>\n\t\t\t\t<section class=\"elementor-section elementor-top-section elementor-element elementor-element-d240319 elementor-section-boxed elementor-section-height-default elementor-section-height-default\" data-id=\"d240319\" data-element_type=\"section\" data-e-type=\"section\">\n\t\t\t\t\t\t<div class=\"elementor-container elementor-column-gap-default\">\n\t\t\t\t\t<div class=\"elementor-column elementor-col-100 elementor-top-column elementor-element elementor-element-aa32b6b\" data-id=\"aa32b6b\" data-element_type=\"column\" data-e-type=\"column\">\n\t\t\t<div class=\"elementor-widget-wrap elementor-element-populated\">\n\t\t\t\t\t\t<div class=\"elementor-element elementor-element-57fbbe4 elementor-widget elementor-widget-spacer\" data-id=\"57fbbe4\" data-element_type=\"widget\" data-e-type=\"widget\" data-widget_type=\"spacer.default\">\n\t\t\t\t<div class=\"elementor-widget-container\">\n\t\t\t\t\t\t\t<div class=\"elementor-spacer\">\n\t\t\t<div class=\"elementor-spacer-inner\"><\/div>\n\t\t<\/div>\n\t\t\t\t\t\t<\/div>\n\t\t\t\t<\/div>\n\t\t\t\t\t<\/div>\n\t\t<\/div>\n\t\t\t\t\t<\/div>\n\t\t<\/section>\n\t\t\t\t<section class=\"elementor-section elementor-top-section elementor-element elementor-element-f4f4579 elementor-section-stretched elementor-section-full_width search-box elementor-section-height-default elementor-section-height-default\" data-id=\"f4f4579\" data-element_type=\"section\" data-e-type=\"section\" data-settings=\"{&quot;stretch_section&quot;:&quot;section-stretched&quot;,&quot;background_background&quot;:&quot;classic&quot;}\">\n\t\t\t\t\t\t<div class=\"elementor-container elementor-column-gap-no\">\n\t\t\t\t\t<div class=\"elementor-column elementor-col-100 elementor-top-column elementor-element elementor-element-ce92b16\" data-id=\"ce92b16\" data-element_type=\"column\" data-e-type=\"column\">\n\t\t\t<div class=\"elementor-widget-wrap elementor-element-populated\">\n\t\t\t\t\t\t<section class=\"elementor-section elementor-inner-section elementor-element elementor-element-c86fb3e elementor-section-full_width elementor-section-height-default elementor-section-height-default\" data-id=\"c86fb3e\" data-element_type=\"section\" data-e-type=\"section\" data-settings=\"{&quot;background_background&quot;:&quot;classic&quot;}\">\n\t\t\t\t\t\t<div class=\"elementor-container elementor-column-gap-no\">\n\t\t\t\t\t<div class=\"elementor-column elementor-col-100 elementor-inner-column elementor-element elementor-element-07bc5c0\" data-id=\"07bc5c0\" data-element_type=\"column\" data-e-type=\"column\">\n\t\t\t<div class=\"elementor-widget-wrap elementor-element-populated\">\n\t\t\t\t\t\t<div class=\"elementor-element elementor-element-378355f elementor-widget elementor-widget-shortcode\" data-id=\"378355f\" data-element_type=\"widget\" data-e-type=\"widget\" data-widget_type=\"shortcode.default\">\n\t\t\t\t<div class=\"elementor-widget-container\">\n\t\t\t\t\t\t\t<div class=\"elementor-shortcode\"><div class=\"nrhsf-container rh-std-background rh-std-radius\">\n            <div class=\"nrhsf-form-container gs-container-fluid \">\n        <form class=\"renthub-search-form\" method=\"GET\" action=\"https:\/\/proturcars.com\/fr\/choisissez-votre-voiture-de-location\/\">\n            <div class=\"gs-row\">\n                \n                                        <input type=\"hidden\" id=\"rsf_type\" name=\"rsf_type\" value=\"\">\n                \n                <input type=\"hidden\" id=\"rsf_macro_type\" name=\"rsf_macro_type\" value=\"\">\n\n                <div class=\"nrhsf-pickup-container gs-cs-12 gs-cm-6 gs-cl-6 rh_details_show_right\">\n                    <div class=\"gs-fgroup\">\n                        <label>\n                                                            Lieux de prise en charge\n                                                    <\/label>\n                        <select required class=\"gs-fcontrol gs-hidden-sm\" id=\"rsf_pickup\" name=\"rsf_pickup\">\n                            <option value=\"\">- Choisir -<\/option>\n                                                            <option \n                                        value=\"4\" data-timetable=\"1\" data-dropoff-timetable=\"1\">Bureau Protur Cars de Cala Millor | Central<\/option>\n                                                            <option \n                                        value=\"6\" data-timetable=\"1\" data-dropoff-timetable=\"1\">Bureau Cala Millor Protur Cars | Sa M\u00e0niga<\/option>\n                                                            <option \n                                        value=\"5\" data-timetable=\"1\" data-dropoff-timetable=\"1\">Bureau Sa Coma Protur Cars | Savines<\/option>\n                                                            <option \n                                        value=\"1\" data-timetable=\"3\" data-dropoff-timetable=\"3\">Bureau Sa Coma Protur Cars | Club House<\/option>\n                                                            <option \n                                        value=\"8\" data-timetable=\"1\" data-dropoff-timetable=\"1\">Protur Alicia Hotel<\/option>\n                                                            <option \n                                        value=\"7\" data-timetable=\"1\" data-dropoff-timetable=\"1\">Protur Atalaya Apartamentos<\/option>\n                                                            <option \n                                        value=\"9\" data-timetable=\"1\" data-dropoff-timetable=\"1\">Protur Bad\u00eda Park Aparthotel<\/option>\n                                                            <option \n                                        value=\"10\" data-timetable=\"1\" data-dropoff-timetable=\"1\">Protur Biomar Sensatori Resort<\/option>\n                                                            <option \n                                        value=\"11\" data-timetable=\"1\" data-dropoff-timetable=\"1\">Protur Bonaire Aparthotel<\/option>\n                                                            <option \n                                        value=\"12\" data-timetable=\"1\" data-dropoff-timetable=\"1\">Protur Bonamar Hotel<\/option>\n                                                            <option \n                                        value=\"13\" data-timetable=\"1\" data-dropoff-timetable=\"1\">Protur Floriana Resort Aparthotel<\/option>\n                                                            <option \n                                        value=\"14\" data-timetable=\"1\" data-dropoff-timetable=\"1\">Protur Monte Safari Aparthotel<\/option>\n                                                            <option \n                                        value=\"15\" data-timetable=\"1\" data-dropoff-timetable=\"1\">Protur Palmeras Playa Hotel<\/option>\n                                                            <option \n                                        value=\"16\" data-timetable=\"1\" data-dropoff-timetable=\"1\">Protur Playa Cala Millor Hotel<\/option>\n                                                            <option \n                                        value=\"17\" data-timetable=\"1\" data-dropoff-timetable=\"1\">Protur Sa Coma Playa Hotel &amp; Spa<\/option>\n                                                            <option \n                                        value=\"18\" data-timetable=\"1\" data-dropoff-timetable=\"1\">Protur Safari Park Aparthotel<\/option>\n                                                            <option \n                                        value=\"20\" data-timetable=\"1\" data-dropoff-timetable=\"1\">H\u00f4tel Protur Tur\u00f3 Pins (exclusif pour les clients de l&#039;h\u00f4tel et location minimum de 3 jours)<\/option>\n                                                            <option \n                                        value=\"19\" data-timetable=\"1\" data-dropoff-timetable=\"1\">Protur Vista Bad\u00eda Aparthotel<\/option>\n                                                            <option \n                                        value=\"21\" data-timetable=\"1\" data-dropoff-timetable=\"1\">Restaurante - Residencia Son Floriana<\/option>\n                                                            <option \n                                        value=\"24\" data-timetable=\"2\" data-dropoff-timetable=\"2\">Hotel Club S&#039;Illot<\/option>\n                                                            <option \n                                        value=\"3\" data-timetable=\"1\" data-dropoff-timetable=\"1\">Aeropuerto de Palma de Mallorca<\/option>\n                                                    <\/select>\n                        <div class=\"location_input\">\n                                                        <input type=\"text\" required class=\"gs-fcontrol rsf_pickup_input\" name=\"rsf_pickup_input\" id=\"rsf_pickup_input\" autocomplete=\"off\" placeholder=\"Lieux de prise en charge\" value=\"\" \/>\n                                                    <\/div>\n                        <div class=\"rh_location_results\" id=\"rh_location_results\">\n                            <ul class=\"rh_pickup_locations\">\n                                                            <li data-id=\"4\" data-timetable=\"1\" data-dropoff-timetable=\"1\">\n                                    <span class=\"rh_loc_label\">Bureau Protur Cars de Cala Millor | Central<\/span>\n                                                                        <div class=\"rh_loc_more_info\"><span class=\"rh_info_open\">+<\/span> Infos<\/div>\n                                                                        <span class=\"rh_loc_icon\">\n                                                                                    <i class=\"fa fa-building\"><\/i>\n                                                                            <\/span>\n                                                                        <div class=\"rh_location-data\">\n                                        <div class=\"rh_loc_name_address\">\n                                            <h3 class=\"rh_loc_name\">Bureau Protur Cars de Cala Millor | Central<\/h3>\n                                        <\/div>\n\n                                        <div class=\"rh_loc_other_info\">\n                                                                                        <p>\n                                                                                                Carrer de sa Roca \n                                                \n                                                                                                2, \n                                                                                                \n                                            <\/p>\n                                            \n                                                                                        <p>\n                                                                                                Sant Lloren\u00e7 des Cardassar, \n                                                \n                                                                                                PM, \n                                                \n                                                                                                07530, \n                                                \n                                                                                                ES\n                                                                                            <\/p>\n                                            \n                                                                                        <p><a href=\"https:\/\/www.google.com\/maps?q=39.5939717,3.3795364\" target=\"_blank\"><i class=\"fa fa-map\"><\/i> Voir carte<\/a><\/p>\n                                            \n                                            <a href=\"javascript:void(0);\" class=\"rh_loc-select rh-std-background\">S\u00e9lectionner <\/a>\n                                        <\/div>\n                                                                                                                    <\/div>\n                                                                    <\/li>\n                                                            <li data-id=\"6\" data-timetable=\"1\" data-dropoff-timetable=\"1\">\n                                    <span class=\"rh_loc_label\">Bureau Cala Millor Protur Cars | Sa M\u00e0niga<\/span>\n                                                                        <div class=\"rh_loc_more_info\"><span class=\"rh_info_open\">+<\/span> Infos<\/div>\n                                                                        <span class=\"rh_loc_icon\">\n                                                                                    <i class=\"fa fa-building\"><\/i>\n                                                                            <\/span>\n                                                                        <div class=\"rh_location-data\">\n                                        <div class=\"rh_loc_name_address\">\n                                            <h3 class=\"rh_loc_name\">Bureau Cala Millor Protur Cars | Sa M\u00e0niga<\/h3>\n                                        <\/div>\n\n                                        <div class=\"rh_loc_other_info\">\n                                                                                        <p>\n                                                                                                Avinguda sa Coma \n                                                \n                                                                                                14, \n                                                                                                \n                                            <\/p>\n                                            \n                                                                                        <p>\n                                                                                                Sant Lloren\u00e7 des Cardassar, \n                                                \n                                                                                                PM, \n                                                \n                                                                                                07560, \n                                                \n                                                                                                ES\n                                                                                            <\/p>\n                                            \n                                                                                        <p><a href=\"https:\/\/www.google.com\/maps?q=39.5935766,3.3825542\" target=\"_blank\"><i class=\"fa fa-map\"><\/i> Voir carte<\/a><\/p>\n                                            \n                                            <a href=\"javascript:void(0);\" class=\"rh_loc-select rh-std-background\">S\u00e9lectionner <\/a>\n                                        <\/div>\n                                                                                                                    <\/div>\n                                                                    <\/li>\n                                                            <li data-id=\"5\" data-timetable=\"1\" data-dropoff-timetable=\"1\">\n                                    <span class=\"rh_loc_label\">Bureau Sa Coma Protur Cars | Savines<\/span>\n                                                                        <div class=\"rh_loc_more_info\"><span class=\"rh_info_open\">+<\/span> Infos<\/div>\n                                                                        <span class=\"rh_loc_icon\">\n                                                                                    <i class=\"fa fa-building\"><\/i>\n                                                                            <\/span>\n                                                                        <div class=\"rh_location-data\">\n                                        <div class=\"rh_loc_name_address\">\n                                            <h3 class=\"rh_loc_name\">Bureau Sa Coma Protur Cars | Savines<\/h3>\n                                        <\/div>\n\n                                        <div class=\"rh_loc_other_info\">\n                                                                                        <p>\n                                                                                                Carrer Atzeroles \n                                                \n                                                                                                2, \n                                                                                                \n                                            <\/p>\n                                            \n                                                                                        <p>\n                                                                                                Son Servera, \n                                                \n                                                                                                PM, \n                                                \n                                                                                                07560, \n                                                \n                                                                                                ES\n                                                                                            <\/p>\n                                            \n                                                                                        <p><a href=\"https:\/\/www.google.com\/maps?q=39.5708185,3.373305\" target=\"_blank\"><i class=\"fa fa-map\"><\/i> Voir carte<\/a><\/p>\n                                            \n                                            <a href=\"javascript:void(0);\" class=\"rh_loc-select rh-std-background\">S\u00e9lectionner <\/a>\n                                        <\/div>\n                                                                                                                    <\/div>\n                                                                    <\/li>\n                                                            <li data-id=\"1\" data-timetable=\"3\" data-dropoff-timetable=\"3\">\n                                    <span class=\"rh_loc_label\">Bureau Sa Coma Protur Cars | Club House<\/span>\n                                                                        <div class=\"rh_loc_more_info\"><span class=\"rh_info_open\">+<\/span> Infos<\/div>\n                                                                        <span class=\"rh_loc_icon\">\n                                                                                    <i class=\"fa fa-building\"><\/i>\n                                                                            <\/span>\n                                                                        <div class=\"rh_location-data\">\n                                        <div class=\"rh_loc_name_address\">\n                                            <h3 class=\"rh_loc_name\">Bureau Sa Coma Protur Cars | Club House<\/h3>\n                                        <\/div>\n\n                                        <div class=\"rh_loc_other_info\">\n                                                                                        <p>\n                                                                                                Carrer de les Mimoses \n                                                \n                                                                                                4, \n                                                                                                \n                                            <\/p>\n                                            \n                                                                                        <p>\n                                                                                                Sant Lloren\u00e7 des Cardassar, \n                                                \n                                                                                                Illes Balears, \n                                                \n                                                                                                07560, \n                                                \n                                                                                                ES\n                                                                                            <\/p>\n                                            \n                                                                                        <p><a href=\"https:\/\/www.google.com\/maps?q=39.5828795,3.3752794\" target=\"_blank\"><i class=\"fa fa-map\"><\/i> Voir carte<\/a><\/p>\n                                            \n                                            <a href=\"javascript:void(0);\" class=\"rh_loc-select rh-std-background\">S\u00e9lectionner <\/a>\n                                        <\/div>\n                                                                                                                        <div class=\"rh_loc_desc\">\n                                            <h3>Description<\/h3>\n                                            <p>Oficina abierta solo por las ma\u00f1anas en horario de 08.00 h a 12.00 h; domingos cerrado.<\/p>\n                                        <\/div>\n                                                                            <\/div>\n                                                                    <\/li>\n                                                            <li data-id=\"8\" data-timetable=\"1\" data-dropoff-timetable=\"1\">\n                                    <span class=\"rh_loc_label\">Protur Alicia Hotel<\/span>\n                                                                        <div class=\"rh_loc_more_info\"><span class=\"rh_info_open\">+<\/span> Infos<\/div>\n                                                                        <span class=\"rh_loc_icon\">\n                                                                                    <i class=\"fa fa-building\"><\/i>\n                                                                            <\/span>\n                                                                        <div class=\"rh_location-data\">\n                                        <div class=\"rh_loc_name_address\">\n                                            <h3 class=\"rh_loc_name\">Protur Alicia Hotel<\/h3>\n                                        <\/div>\n\n                                        <div class=\"rh_loc_other_info\">\n                                                                                        <p>\n                                                                                                Carrer na Llambies \n                                                \n                                                                                                26, \n                                                                                                \n                                            <\/p>\n                                            \n                                                                                        <p>\n                                                                                                Son Servera, \n                                                \n                                                                                                PM, \n                                                \n                                                                                                07559, \n                                                \n                                                                                                ES\n                                                                                            <\/p>\n                                            \n                                                                                        <p><a href=\"https:\/\/www.google.com\/maps?q=39.6090814,3.3896632\" target=\"_blank\"><i class=\"fa fa-map\"><\/i> Voir carte<\/a><\/p>\n                                            \n                                            <a href=\"javascript:void(0);\" class=\"rh_loc-select rh-std-background\">S\u00e9lectionner <\/a>\n                                        <\/div>\n                                                                                                                    <\/div>\n                                                                    <\/li>\n                                                            <li data-id=\"7\" data-timetable=\"1\" data-dropoff-timetable=\"1\">\n                                    <span class=\"rh_loc_label\">Protur Atalaya Apartamentos<\/span>\n                                                                        <div class=\"rh_loc_more_info\"><span class=\"rh_info_open\">+<\/span> Infos<\/div>\n                                                                        <span class=\"rh_loc_icon\">\n                                                                                    <i class=\"fa fa-building\"><\/i>\n                                                                            <\/span>\n                                                                        <div class=\"rh_location-data\">\n                                        <div class=\"rh_loc_name_address\">\n                                            <h3 class=\"rh_loc_name\">Protur Atalaya Apartamentos<\/h3>\n                                        <\/div>\n\n                                        <div class=\"rh_loc_other_info\">\n                                                                                        <p>\n                                                                                                Carrer Sol Naixent \n                                                \n                                                                                                s\/n, \n                                                                                                \n                                            <\/p>\n                                            \n                                                                                        <p>\n                                                                                                Sant Lloren\u00e7 des Cardassar, \n                                                \n                                                                                                PM, \n                                                \n                                                \n                                                                                                ES\n                                                                                            <\/p>\n                                            \n                                                                                        <p><a href=\"https:\/\/www.google.com\/maps?q=39.600578,3.3829411\" target=\"_blank\"><i class=\"fa fa-map\"><\/i> Voir carte<\/a><\/p>\n                                            \n                                            <a href=\"javascript:void(0);\" class=\"rh_loc-select rh-std-background\">S\u00e9lectionner <\/a>\n                                        <\/div>\n                                                                                                                    <\/div>\n                                                                    <\/li>\n                                                            <li data-id=\"9\" data-timetable=\"1\" data-dropoff-timetable=\"1\">\n                                    <span class=\"rh_loc_label\">Protur Bad\u00eda Park Aparthotel<\/span>\n                                                                        <div class=\"rh_loc_more_info\"><span class=\"rh_info_open\">+<\/span> Infos<\/div>\n                                                                        <span class=\"rh_loc_icon\">\n                                                                                    <i class=\"fa fa-building\"><\/i>\n                                                                            <\/span>\n                                                                        <div class=\"rh_location-data\">\n                                        <div class=\"rh_loc_name_address\">\n                                            <h3 class=\"rh_loc_name\">Protur Bad\u00eda Park Aparthotel<\/h3>\n                                        <\/div>\n\n                                        <div class=\"rh_loc_other_info\">\n                                                                                        <p>\n                                                                                                Avinguda de ses Palmeres \n                                                \n                                                                                                6, \n                                                                                                \n                                            <\/p>\n                                            \n                                                                                        <p>\n                                                                                                Sant Lloren\u00e7 des Cardassar, \n                                                \n                                                                                                PM, \n                                                \n                                                                                                07560, \n                                                \n                                                                                                ES\n                                                                                            <\/p>\n                                            \n                                                                                        <p><a href=\"https:\/\/www.google.com\/maps?q=39.579362,3.37458\" target=\"_blank\"><i class=\"fa fa-map\"><\/i> Voir carte<\/a><\/p>\n                                            \n                                            <a href=\"javascript:void(0);\" class=\"rh_loc-select rh-std-background\">S\u00e9lectionner <\/a>\n                                        <\/div>\n                                                                                                                    <\/div>\n                                                                    <\/li>\n                                                            <li data-id=\"10\" data-timetable=\"1\" data-dropoff-timetable=\"1\">\n                                    <span class=\"rh_loc_label\">Protur Biomar Sensatori Resort<\/span>\n                                                                        <div class=\"rh_loc_more_info\"><span class=\"rh_info_open\">+<\/span> Infos<\/div>\n                                                                        <span class=\"rh_loc_icon\">\n                                                                                    <i class=\"fa fa-building\"><\/i>\n                                                                            <\/span>\n                                                                        <div class=\"rh_location-data\">\n                                        <div class=\"rh_loc_name_address\">\n                                            <h3 class=\"rh_loc_name\">Protur Biomar Sensatori Resort<\/h3>\n                                        <\/div>\n\n                                        <div class=\"rh_loc_other_info\">\n                                                                                        <p>\n                                                                                                Carrer dels Baladres \n                                                \n                                                                                                5, \n                                                                                                \n                                            <\/p>\n                                            \n                                                                                        <p>\n                                                                                                Sant Lloren\u00e7 des Cardassar, \n                                                \n                                                                                                PM, \n                                                \n                                                                                                07560, \n                                                \n                                                                                                ES\n                                                                                            <\/p>\n                                            \n                                                                                        <p><a href=\"https:\/\/www.google.com\/maps?q=39.5805769,3.3793518\" target=\"_blank\"><i class=\"fa fa-map\"><\/i> Voir carte<\/a><\/p>\n                                            \n                                            <a href=\"javascript:void(0);\" class=\"rh_loc-select rh-std-background\">S\u00e9lectionner <\/a>\n                                        <\/div>\n                                                                                                                    <\/div>\n                                                                    <\/li>\n                                                            <li data-id=\"11\" data-timetable=\"1\" data-dropoff-timetable=\"1\">\n                                    <span class=\"rh_loc_label\">Protur Bonaire Aparthotel<\/span>\n                                                                        <div class=\"rh_loc_more_info\"><span class=\"rh_info_open\">+<\/span> Infos<\/div>\n                                                                        <span class=\"rh_loc_icon\">\n                                                                                    <i class=\"fa fa-building\"><\/i>\n                                                                            <\/span>\n                                                                        <div class=\"rh_location-data\">\n                                        <div class=\"rh_loc_name_address\">\n                                            <h3 class=\"rh_loc_name\">Protur Bonaire Aparthotel<\/h3>\n                                        <\/div>\n\n                                        <div class=\"rh_loc_other_info\">\n                                                                                        <p>\n                                                                                                Passeig Pintor Miquel Vives \n                                                \n                                                                                                29, \n                                                                                                \n                                            <\/p>\n                                            \n                                                                                        <p>\n                                                                                                Son Servera, \n                                                \n                                                                                                PM, \n                                                \n                                                                                                07559, \n                                                \n                                                                                                ES\n                                                                                            <\/p>\n                                            \n                                                                                        <p><a href=\"https:\/\/www.google.com\/maps?q=39.6178377,3.3900255\" target=\"_blank\"><i class=\"fa fa-map\"><\/i> Voir carte<\/a><\/p>\n                                            \n                                            <a href=\"javascript:void(0);\" class=\"rh_loc-select rh-std-background\">S\u00e9lectionner <\/a>\n                                        <\/div>\n                                                                                                                    <\/div>\n                                                                    <\/li>\n                                                            <li data-id=\"12\" data-timetable=\"1\" data-dropoff-timetable=\"1\">\n                                    <span class=\"rh_loc_label\">Protur Bonamar Hotel<\/span>\n                                                                        <div class=\"rh_loc_more_info\"><span class=\"rh_info_open\">+<\/span> Infos<\/div>\n                                                                        <span class=\"rh_loc_icon\">\n                                                                                    <i class=\"fa fa-building\"><\/i>\n                                                                            <\/span>\n                                                                        <div class=\"rh_location-data\">\n                                        <div class=\"rh_loc_name_address\">\n                                            <h3 class=\"rh_loc_name\">Protur Bonamar Hotel<\/h3>\n                                        <\/div>\n\n                                        <div class=\"rh_loc_other_info\">\n                                                                                        <p>\n                                                                                                Carrer na Llambies \n                                                \n                                                                                                \n                                            <\/p>\n                                            \n                                                                                        <p>\n                                                                                                Sant Lloren\u00e7 des Cardassar, \n                                                \n                                                                                                PM, \n                                                \n                                                                                                07560, \n                                                \n                                                                                                ES\n                                                                                            <\/p>\n                                            \n                                                                                        <p><a href=\"https:\/\/www.google.com\/maps?q=39.606793,3.3880689\" target=\"_blank\"><i class=\"fa fa-map\"><\/i> Voir carte<\/a><\/p>\n                                            \n                                            <a href=\"javascript:void(0);\" class=\"rh_loc-select rh-std-background\">S\u00e9lectionner <\/a>\n                                        <\/div>\n                                                                                                                    <\/div>\n                                                                    <\/li>\n                                                            <li data-id=\"13\" data-timetable=\"1\" data-dropoff-timetable=\"1\">\n                                    <span class=\"rh_loc_label\">Protur Floriana Resort Aparthotel<\/span>\n                                                                        <div class=\"rh_loc_more_info\"><span class=\"rh_info_open\">+<\/span> Infos<\/div>\n                                                                        <span class=\"rh_loc_icon\">\n                                                                                    <i class=\"fa fa-building\"><\/i>\n                                                                            <\/span>\n                                                                        <div class=\"rh_location-data\">\n                                        <div class=\"rh_loc_name_address\">\n                                            <h3 class=\"rh_loc_name\">Protur Floriana Resort Aparthotel<\/h3>\n                                        <\/div>\n\n                                        <div class=\"rh_loc_other_info\">\n                                                                                        <p>\n                                                                                                carrer de ses joanetes \n                                                \n                                                                                                s\/n, \n                                                                                                \n                                            <\/p>\n                                            \n                                                                                        <p>\n                                                                                                Son Servera, \n                                                \n                                                                                                Illes Balears, \n                                                \n                                                                                                07559, \n                                                \n                                                                                                ES\n                                                                                            <\/p>\n                                            \n                                                                                        <p><a href=\"https:\/\/www.google.com\/maps?q=39.6123,3.38586\" target=\"_blank\"><i class=\"fa fa-map\"><\/i> Voir carte<\/a><\/p>\n                                            \n                                            <a href=\"javascript:void(0);\" class=\"rh_loc-select rh-std-background\">S\u00e9lectionner <\/a>\n                                        <\/div>\n                                                                                                                    <\/div>\n                                                                    <\/li>\n                                                            <li data-id=\"14\" data-timetable=\"1\" data-dropoff-timetable=\"1\">\n                                    <span class=\"rh_loc_label\">Protur Monte Safari Aparthotel<\/span>\n                                                                        <div class=\"rh_loc_more_info\"><span class=\"rh_info_open\">+<\/span> Infos<\/div>\n                                                                        <span class=\"rh_loc_icon\">\n                                                                                    <i class=\"fa fa-building\"><\/i>\n                                                                            <\/span>\n                                                                        <div class=\"rh_location-data\">\n                                        <div class=\"rh_loc_name_address\">\n                                            <h3 class=\"rh_loc_name\">Protur Monte Safari Aparthotel<\/h3>\n                                        <\/div>\n\n                                        <div class=\"rh_loc_other_info\">\n                                                                                        <p>\n                                                                                                Carretera Porto Cristo-Son Servera \n                                                \n                                                                                                s\/n, \n                                                                                                \n                                            <\/p>\n                                            \n                                                                                        <p>\n                                                                                                Sant Lloren\u00e7 des Cardassar, \n                                                \n                                                                                                PM, \n                                                \n                                                                                                07560, \n                                                \n                                                                                                ES\n                                                                                            <\/p>\n                                            \n                                                                                        <p><a href=\"https:\/\/www.google.com\/maps?q=39.5987984,3.3679956\" target=\"_blank\"><i class=\"fa fa-map\"><\/i> Voir carte<\/a><\/p>\n                                            \n                                            <a href=\"javascript:void(0);\" class=\"rh_loc-select rh-std-background\">S\u00e9lectionner <\/a>\n                                        <\/div>\n                                                                                                                    <\/div>\n                                                                    <\/li>\n                                                            <li data-id=\"15\" data-timetable=\"1\" data-dropoff-timetable=\"1\">\n                                    <span class=\"rh_loc_label\">Protur Palmeras Playa Hotel<\/span>\n                                                                        <div class=\"rh_loc_more_info\"><span class=\"rh_info_open\">+<\/span> Infos<\/div>\n                                                                        <span class=\"rh_loc_icon\">\n                                                                                    <i class=\"fa fa-building\"><\/i>\n                                                                            <\/span>\n                                                                        <div class=\"rh_location-data\">\n                                        <div class=\"rh_loc_name_address\">\n                                            <h3 class=\"rh_loc_name\">Protur Palmeras Playa Hotel<\/h3>\n                                        <\/div>\n\n                                        <div class=\"rh_loc_other_info\">\n                                                                                        <p>\n                                                                                                Avinguda de les Savines \n                                                \n                                                                                                \n                                            <\/p>\n                                            \n                                                                                        <p>\n                                                                                                Sant Lloren\u00e7 des Cardassar, \n                                                \n                                                                                                PM, \n                                                \n                                                                                                07560, \n                                                \n                                                                                                ES\n                                                                                            <\/p>\n                                            \n                                                                                        <p><a href=\"https:\/\/www.google.com\/maps?q=39.5704256,3.3731303\" target=\"_blank\"><i class=\"fa fa-map\"><\/i> Voir carte<\/a><\/p>\n                                            \n                                            <a href=\"javascript:void(0);\" class=\"rh_loc-select rh-std-background\">S\u00e9lectionner <\/a>\n                                        <\/div>\n                                                                                                                    <\/div>\n                                                                    <\/li>\n                                                            <li data-id=\"16\" data-timetable=\"1\" data-dropoff-timetable=\"1\">\n                                    <span class=\"rh_loc_label\">Protur Playa Cala Millor Hotel<\/span>\n                                                                        <div class=\"rh_loc_more_info\"><span class=\"rh_info_open\">+<\/span> Infos<\/div>\n                                                                        <span class=\"rh_loc_icon\">\n                                                                                    <i class=\"fa fa-building\"><\/i>\n                                                                            <\/span>\n                                                                        <div class=\"rh_location-data\">\n                                        <div class=\"rh_loc_name_address\">\n                                            <h3 class=\"rh_loc_name\">Protur Playa Cala Millor Hotel<\/h3>\n                                        <\/div>\n\n                                        <div class=\"rh_loc_other_info\">\n                                                                                        <p>\n                                                                                                Carrer Platja Cala Millor \n                                                \n                                                                                                1, \n                                                                                                \n                                            <\/p>\n                                            \n                                                                                        <p>\n                                                                                                Sant Lloren\u00e7 des Cardassar, \n                                                \n                                                                                                PM, \n                                                \n                                                                                                07560, \n                                                \n                                                                                                ES\n                                                                                            <\/p>\n                                            \n                                                                                        <p><a href=\"https:\/\/www.google.com\/maps?q=39.5933038,3.3833273\" target=\"_blank\"><i class=\"fa fa-map\"><\/i> Voir carte<\/a><\/p>\n                                            \n                                            <a href=\"javascript:void(0);\" class=\"rh_loc-select rh-std-background\">S\u00e9lectionner <\/a>\n                                        <\/div>\n                                                                                                                    <\/div>\n                                                                    <\/li>\n                                                            <li data-id=\"17\" data-timetable=\"1\" data-dropoff-timetable=\"1\">\n                                    <span class=\"rh_loc_label\">Protur Sa Coma Playa Hotel &amp; Spa<\/span>\n                                                                        <div class=\"rh_loc_more_info\"><span class=\"rh_info_open\">+<\/span> Infos<\/div>\n                                                                        <span class=\"rh_loc_icon\">\n                                                                                    <i class=\"fa fa-building\"><\/i>\n                                                                            <\/span>\n                                                                        <div class=\"rh_location-data\">\n                                        <div class=\"rh_loc_name_address\">\n                                            <h3 class=\"rh_loc_name\">Protur Sa Coma Playa Hotel &amp; Spa<\/h3>\n                                        <\/div>\n\n                                        <div class=\"rh_loc_other_info\">\n                                                                                        <p>\n                                                                                                Carrer Eucaliptus \n                                                \n                                                                                                \n                                            <\/p>\n                                            \n                                                                                        <p>\n                                                                                                Sant Lloren\u00e7 des Cardassar, \n                                                \n                                                                                                PM, \n                                                \n                                                                                                07560, \n                                                \n                                                                                                ES\n                                                                                            <\/p>\n                                            \n                                                                                        <p><a href=\"https:\/\/www.google.com\/maps?q=39.580986,3.3774187\" target=\"_blank\"><i class=\"fa fa-map\"><\/i> Voir carte<\/a><\/p>\n                                            \n                                            <a href=\"javascript:void(0);\" class=\"rh_loc-select rh-std-background\">S\u00e9lectionner <\/a>\n                                        <\/div>\n                                                                                                                    <\/div>\n                                                                    <\/li>\n                                                            <li data-id=\"18\" data-timetable=\"1\" data-dropoff-timetable=\"1\">\n                                    <span class=\"rh_loc_label\">Protur Safari Park Aparthotel<\/span>\n                                                                        <div class=\"rh_loc_more_info\"><span class=\"rh_info_open\">+<\/span> Infos<\/div>\n                                                                        <span class=\"rh_loc_icon\">\n                                                                                    <i class=\"fa fa-building\"><\/i>\n                                                                            <\/span>\n                                                                        <div class=\"rh_location-data\">\n                                        <div class=\"rh_loc_name_address\">\n                                            <h3 class=\"rh_loc_name\">Protur Safari Park Aparthotel<\/h3>\n                                        <\/div>\n\n                                        <div class=\"rh_loc_other_info\">\n                                                                                        <p>\n                                                                                                Carrer Liles \n                                                \n                                                                                                S\/N, \n                                                                                                \n                                            <\/p>\n                                            \n                                                                                        <p>\n                                                                                                Sant Lloren\u00e7 des Cardassar, \n                                                \n                                                                                                PM, \n                                                \n                                                                                                07530, \n                                                \n                                                                                                ES\n                                                                                            <\/p>\n                                            \n                                                                                        <p><a href=\"https:\/\/www.google.com\/maps?q=39.5812285,3.3765857\" target=\"_blank\"><i class=\"fa fa-map\"><\/i> Voir carte<\/a><\/p>\n                                            \n                                            <a href=\"javascript:void(0);\" class=\"rh_loc-select rh-std-background\">S\u00e9lectionner <\/a>\n                                        <\/div>\n                                                                                                                    <\/div>\n                                                                    <\/li>\n                                                            <li data-id=\"20\" data-timetable=\"1\" data-dropoff-timetable=\"1\">\n                                    <span class=\"rh_loc_label\">H\u00f4tel Protur Tur\u00f3 Pins (exclusif pour les clients de l&#039;h\u00f4tel et location minimum de 3 jours)<\/span>\n                                                                        <div class=\"rh_loc_more_info\"><span class=\"rh_info_open\">+<\/span> Infos<\/div>\n                                                                        <span class=\"rh_loc_icon\">\n                                                                                    <i class=\"fa fa-building\"><\/i>\n                                                                            <\/span>\n                                                                        <div class=\"rh_location-data\">\n                                        <div class=\"rh_loc_name_address\">\n                                            <h3 class=\"rh_loc_name\">H\u00f4tel Protur Tur\u00f3 Pins (exclusif pour les clients de l&#039;h\u00f4tel et location minimum de 3 jours)<\/h3>\n                                        <\/div>\n\n                                        <div class=\"rh_loc_other_info\">\n                                                                                        <p>\n                                                                                                Carrer de na Lliteres \n                                                \n                                                                                                \n                                            <\/p>\n                                            \n                                                                                        <p>\n                                                                                                Capdepera, \n                                                \n                                                                                                PM, \n                                                \n                                                                                                07590, \n                                                \n                                                                                                ES\n                                                                                            <\/p>\n                                            \n                                                                                        <p><a href=\"https:\/\/www.google.com\/maps?q=39.718003,3.463763\" target=\"_blank\"><i class=\"fa fa-map\"><\/i> Voir carte<\/a><\/p>\n                                            \n                                            <a href=\"javascript:void(0);\" class=\"rh_loc-select rh-std-background\">S\u00e9lectionner <\/a>\n                                        <\/div>\n                                                                                                                        <div class=\"rh_loc_desc\">\n                                            <h3>Description<\/h3>\n                                            <p>(exclusif pour les clients de l'h\u00f4tel et location minimum de 3 jours)<\/p>\n                                        <\/div>\n                                                                            <\/div>\n                                                                    <\/li>\n                                                            <li data-id=\"19\" data-timetable=\"1\" data-dropoff-timetable=\"1\">\n                                    <span class=\"rh_loc_label\">Protur Vista Bad\u00eda Aparthotel<\/span>\n                                                                        <div class=\"rh_loc_more_info\"><span class=\"rh_info_open\">+<\/span> Infos<\/div>\n                                                                        <span class=\"rh_loc_icon\">\n                                                                                    <i class=\"fa fa-building\"><\/i>\n                                                                            <\/span>\n                                                                        <div class=\"rh_location-data\">\n                                        <div class=\"rh_loc_name_address\">\n                                            <h3 class=\"rh_loc_name\">Protur Vista Bad\u00eda Aparthotel<\/h3>\n                                        <\/div>\n\n                                        <div class=\"rh_loc_other_info\">\n                                                                                        <p>\n                                                                                                Carrer Xiprers \n                                                \n                                                                                                \n                                            <\/p>\n                                            \n                                                                                        <p>\n                                                                                                Sant Lloren\u00e7 des Cardassar, \n                                                \n                                                                                                PM, \n                                                \n                                                                                                07560, \n                                                \n                                                                                                ES\n                                                                                            <\/p>\n                                            \n                                                                                        <p><a href=\"https:\/\/www.google.com\/maps?q=39.5801659,3.3768804\" target=\"_blank\"><i class=\"fa fa-map\"><\/i> Voir carte<\/a><\/p>\n                                            \n                                            <a href=\"javascript:void(0);\" class=\"rh_loc-select rh-std-background\">S\u00e9lectionner <\/a>\n                                        <\/div>\n                                                                                                                    <\/div>\n                                                                    <\/li>\n                                                            <li data-id=\"21\" data-timetable=\"1\" data-dropoff-timetable=\"1\">\n                                    <span class=\"rh_loc_label\">Restaurante - Residencia Son Floriana<\/span>\n                                                                        <div class=\"rh_loc_more_info\"><span class=\"rh_info_open\">+<\/span> Infos<\/div>\n                                                                        <span class=\"rh_loc_icon\">\n                                                                                    <i class=\"fa fa-building\"><\/i>\n                                                                            <\/span>\n                                                                        <div class=\"rh_location-data\">\n                                        <div class=\"rh_loc_name_address\">\n                                            <h3 class=\"rh_loc_name\">Restaurante - Residencia Son Floriana<\/h3>\n                                        <\/div>\n\n                                        <div class=\"rh_loc_other_info\">\n                                                                                        <p>\n                                                                                                Avenida Magnolia \n                                                \n                                                                                                \n                                            <\/p>\n                                            \n                                                                                        <p>\n                                                                                                Son Servera, \n                                                \n                                                                                                PM, \n                                                \n                                                                                                07559, \n                                                \n                                                                                                ES\n                                                                                            <\/p>\n                                            \n                                                                                        <p><a href=\"https:\/\/www.google.com\/maps?q=39.611479,3.383928\" target=\"_blank\"><i class=\"fa fa-map\"><\/i> Voir carte<\/a><\/p>\n                                            \n                                            <a href=\"javascript:void(0);\" class=\"rh_loc-select rh-std-background\">S\u00e9lectionner <\/a>\n                                        <\/div>\n                                                                                                                    <\/div>\n                                                                    <\/li>\n                                                            <li data-id=\"24\" data-timetable=\"2\" data-dropoff-timetable=\"2\">\n                                    <span class=\"rh_loc_label\">Hotel Club S&#039;Illot<\/span>\n                                                                        <div class=\"rh_loc_more_info\"><span class=\"rh_info_open\">+<\/span> Infos<\/div>\n                                                                        <span class=\"rh_loc_icon\">\n                                                                                    <i class=\"fa fa-building\"><\/i>\n                                                                            <\/span>\n                                                                        <div class=\"rh_location-data\">\n                                        <div class=\"rh_loc_name_address\">\n                                            <h3 class=\"rh_loc_name\">Hotel Club S&#039;Illot<\/h3>\n                                        <\/div>\n\n                                        <div class=\"rh_loc_other_info\">\n                                                                                        <p>\n                                                                                                Carrer dels Cards \n                                                \n                                                                                                2, \n                                                                                                \n                                            <\/p>\n                                            \n                                                                                        <p>\n                                                                                                Manacor, \n                                                \n                                                                                                PM, \n                                                \n                                                                                                07687, \n                                                \n                                                                                                ES\n                                                                                            <\/p>\n                                            \n                                                                                        <p><a href=\"https:\/\/www.google.com\/maps?q=39.5656124,3.37242\" target=\"_blank\"><i class=\"fa fa-map\"><\/i> Voir carte<\/a><\/p>\n                                            \n                                            <a href=\"javascript:void(0);\" class=\"rh_loc-select rh-std-background\">S\u00e9lectionner <\/a>\n                                        <\/div>\n                                                                                <div class=\"rh_loc_contacts\">\n                                            <h3>Contacts<\/h3>\n                                                                                                                                    <p>E-mail: <a href=\"emailto:HOTEL@HOTELSILLOT.COM\">HOTEL@HOTELSILLOT.COM<\/a><\/p>\n                                                                                    <\/div>\n                                                                                                                    <\/div>\n                                                                    <\/li>\n                                                            <li data-id=\"3\" data-timetable=\"1\" data-dropoff-timetable=\"1\">\n                                    <span class=\"rh_loc_label\">Aeropuerto de Palma de Mallorca<\/span>\n                                                                        <div class=\"rh_loc_more_info\"><span class=\"rh_info_open\">+<\/span> Infos<\/div>\n                                                                        <span class=\"rh_loc_icon\">\n                                                                                    <i class=\"fa fa-plane\"><\/i>\n                                                                            <\/span>\n                                                                        <div class=\"rh_location-data\">\n                                        <div class=\"rh_loc_name_address\">\n                                            <h3 class=\"rh_loc_name\">Aeropuerto de Palma de Mallorca<\/h3>\n                                        <\/div>\n\n                                        <div class=\"rh_loc_other_info\">\n                                                                                        <p>\n                                                                                                LEVANTE \n                                                \n                                                                                                \n                                            <\/p>\n                                            \n                                                                                        <p>\n                                                                                                Palma , \n                                                \n                                                                                                Illes Balears, \n                                                \n                                                                                                07611, \n                                                \n                                                                                                ES\n                                                                                            <\/p>\n                                            \n                                                                                        <p><a href=\"https:\/\/www.google.com\/maps?q=39.5524708,2.7393803\" target=\"_blank\"><i class=\"fa fa-map\"><\/i> Voir carte<\/a><\/p>\n                                            \n                                            <a href=\"javascript:void(0);\" class=\"rh_loc-select rh-std-background\">S\u00e9lectionner <\/a>\n                                        <\/div>\n                                                                                                                        <div class=\"rh_loc_desc\">\n                                            <h3>Description<\/h3>\n                                            <p>avec un suppl\u00e9ment pour un service suppl\u00e9mentaire de prise en charge et\/ou de retour et un minimum de 4 jours complets (96 h). La prise en charge et la d\u00e9pose se font au rez-de-chauss\u00e9e du b\u00e2timent du parking, zone G.<\/p>\n                                        <\/div>\n                                                                            <\/div>\n                                                                    <\/li>\n                                                        <\/ul>\n                                                        <div class=\"rh_location_info\"><\/div>\n                                                    <\/div>\n                    <\/div>\n                <\/div>\n\n                                    <div class=\"nrhsf-dropoff-container gs-cs-12 gs-cm-6 gs-cl-6\">\n                        <div class=\"gs-fgroup\">\n                            <label>\n                                Lieux de restitution\n                            <\/label>\n                            <select required class=\"gs-fcontrol gs-hidden-sm\" id=\"rsf_dropoff\" name=\"rsf_dropoff\">\n                                <option value=\"\">- Choisir -<\/option>\n                                                                    <option \n                                            value=\"4\" data-timetable=\"1\">Bureau Protur Cars de Cala Millor | Central<\/option>\n                                                                    <option \n                                            value=\"6\" data-timetable=\"1\">Bureau Cala Millor Protur Cars | Sa M\u00e0niga<\/option>\n                                                                    <option \n                                            value=\"5\" data-timetable=\"1\">Bureau Sa Coma Protur Cars | Savines<\/option>\n                                                                    <option \n                                            value=\"1\" data-timetable=\"3\">Bureau Sa Coma Protur Cars | Club House<\/option>\n                                                                    <option \n                                            value=\"8\" data-timetable=\"1\">Protur Alicia Hotel<\/option>\n                                                                    <option \n                                            value=\"7\" data-timetable=\"1\">Protur Atalaya Apartamentos<\/option>\n                                                                    <option \n                                            value=\"9\" data-timetable=\"1\">Protur Bad\u00eda Park Aparthotel<\/option>\n                                                                    <option \n                                            value=\"10\" data-timetable=\"1\">Protur Biomar Sensatori Resort<\/option>\n                                                                    <option \n                                            value=\"11\" data-timetable=\"1\">Protur Bonaire Aparthotel<\/option>\n                                                                    <option \n                                            value=\"12\" data-timetable=\"1\">Protur Bonamar Hotel<\/option>\n                                                                    <option \n                                            value=\"13\" data-timetable=\"1\">Protur Floriana Resort Aparthotel<\/option>\n                                                                    <option \n                                            value=\"14\" data-timetable=\"1\">Protur Monte Safari Aparthotel<\/option>\n                                                                    <option \n                                            value=\"15\" data-timetable=\"1\">Protur Palmeras Playa Hotel<\/option>\n                                                                    <option \n                                            value=\"16\" data-timetable=\"1\">Protur Playa Cala Millor Hotel<\/option>\n                                                                    <option \n                                            value=\"17\" data-timetable=\"1\">Protur Sa Coma Playa Hotel &amp; Spa<\/option>\n                                                                    <option \n                                            value=\"18\" data-timetable=\"1\">Protur Safari Park Aparthotel<\/option>\n                                                                    <option \n                                            value=\"20\" data-timetable=\"1\">H\u00f4tel Protur Tur\u00f3 Pins (exclusif pour les clients de l&#039;h\u00f4tel et location minimum de 3 jours)<\/option>\n                                                                    <option \n                                            value=\"19\" data-timetable=\"1\">Protur Vista Bad\u00eda Aparthotel<\/option>\n                                                                    <option \n                                            value=\"21\" data-timetable=\"1\">Restaurante - Residencia Son Floriana<\/option>\n                                                                    <option \n                                            value=\"24\" data-timetable=\"2\">Hotel Club S&#039;Illot<\/option>\n                                                                    <option \n                                            value=\"3\" data-timetable=\"1\">Aeropuerto de Palma de Mallorca<\/option>\n                                                            <\/select>\n                            <div class=\"location_input\">\n                                \n\n                                                                <input type=\"text\" required class=\"gs-fcontrol\" name=\"rsf_dropoff_input\" id=\"rsf_dropoff_input\" autocomplete=\"off\" placeholder=\"Lieux de restitution\" value=\"\" \/>\n                                                                \n                            <\/div>\n                            <div class=\"rh_location_results\" id=\"dropoff_rh_location_results\">\n                                <ul class=\"rh_dropoff_locations\">\n                                                                    <li data-id=\"4\" data-timetable=\"1\" data-dropoff-timetable=\"1\">\n                                        <span class=\"rh_loc_label\">Bureau Protur Cars de Cala Millor | Central<\/span>\n                                                                                <div class=\"rh_loc_more_info\"><span class=\"rh_info_open\">+<\/span> Infos<\/div>\n                                                                                <span class=\"rh_loc_icon\">\n                                                                                            <i class=\"fa fa-building\"><\/i>\n                                                                                    <\/span>\n                                                                                <div class=\"rh_location-data\">\n                                            <div class=\"rh_loc_name_address\">\n                                                <h3 class=\"rh_loc_name\">Bureau Protur Cars de Cala Millor | Central<\/h3>\n                                            <\/div>\n\n                                            <div class=\"rh_loc_other_info\">\n                                                                                                <p>\n                                                                                                        Carrer de sa Roca \n                                                                                                        \n                                                                                                        2, \n                                                                                                    <\/p>\n                                                \n                                                                                                <p>\n                                                                                                        Sant Lloren\u00e7 des Cardassar, \n                                                    \n                                                                                                        PM, \n                                                    \n                                                                                                        07530, \n                                                    \n                                                                                                        ES\n                                                                                                    <\/p>\n                                                \n                                                                                                <p><a href=\"https:\/\/www.google.com\/maps?q=39.5939717,3.3795364\" target=\"_blank\"><i class=\"fa fa-map\"><\/i> Voir carte<\/a><\/p>\n                                                \n                                                <a href=\"javascript:void(0);\" class=\"rh_loc-select rh-std-background\">S\u00e9lectionner <\/a>\n                                            <\/div>\n                                                                                                                                <\/div>\n                                                                            <\/li>\n                                                                    <li data-id=\"6\" data-timetable=\"1\" data-dropoff-timetable=\"1\">\n                                        <span class=\"rh_loc_label\">Bureau Cala Millor Protur Cars | Sa M\u00e0niga<\/span>\n                                                                                <div class=\"rh_loc_more_info\"><span class=\"rh_info_open\">+<\/span> Infos<\/div>\n                                                                                <span class=\"rh_loc_icon\">\n                                                                                            <i class=\"fa fa-building\"><\/i>\n                                                                                    <\/span>\n                                                                                <div class=\"rh_location-data\">\n                                            <div class=\"rh_loc_name_address\">\n                                                <h3 class=\"rh_loc_name\">Bureau Cala Millor Protur Cars | Sa M\u00e0niga<\/h3>\n                                            <\/div>\n\n                                            <div class=\"rh_loc_other_info\">\n                                                                                                <p>\n                                                                                                        Avinguda sa Coma \n                                                                                                        \n                                                                                                        14, \n                                                                                                    <\/p>\n                                                \n                                                                                                <p>\n                                                                                                        Sant Lloren\u00e7 des Cardassar, \n                                                    \n                                                                                                        PM, \n                                                    \n                                                                                                        07560, \n                                                    \n                                                                                                        ES\n                                                                                                    <\/p>\n                                                \n                                                                                                <p><a href=\"https:\/\/www.google.com\/maps?q=39.5935766,3.3825542\" target=\"_blank\"><i class=\"fa fa-map\"><\/i> Voir carte<\/a><\/p>\n                                                \n                                                <a href=\"javascript:void(0);\" class=\"rh_loc-select rh-std-background\">S\u00e9lectionner <\/a>\n                                            <\/div>\n                                                                                                                                <\/div>\n                                                                            <\/li>\n                                                                    <li data-id=\"5\" data-timetable=\"1\" data-dropoff-timetable=\"1\">\n                                        <span class=\"rh_loc_label\">Bureau Sa Coma Protur Cars | Savines<\/span>\n                                                                                <div class=\"rh_loc_more_info\"><span class=\"rh_info_open\">+<\/span> Infos<\/div>\n                                                                                <span class=\"rh_loc_icon\">\n                                                                                            <i class=\"fa fa-building\"><\/i>\n                                                                                    <\/span>\n                                                                                <div class=\"rh_location-data\">\n                                            <div class=\"rh_loc_name_address\">\n                                                <h3 class=\"rh_loc_name\">Bureau Sa Coma Protur Cars | Savines<\/h3>\n                                            <\/div>\n\n                                            <div class=\"rh_loc_other_info\">\n                                                                                                <p>\n                                                                                                        Carrer Atzeroles \n                                                                                                        \n                                                                                                        2, \n                                                                                                    <\/p>\n                                                \n                                                                                                <p>\n                                                                                                        Son Servera, \n                                                    \n                                                                                                        PM, \n                                                    \n                                                                                                        07560, \n                                                    \n                                                                                                        ES\n                                                                                                    <\/p>\n                                                \n                                                                                                <p><a href=\"https:\/\/www.google.com\/maps?q=39.5708185,3.373305\" target=\"_blank\"><i class=\"fa fa-map\"><\/i> Voir carte<\/a><\/p>\n                                                \n                                                <a href=\"javascript:void(0);\" class=\"rh_loc-select rh-std-background\">S\u00e9lectionner <\/a>\n                                            <\/div>\n                                                                                                                                <\/div>\n                                                                            <\/li>\n                                                                    <li data-id=\"1\" data-timetable=\"3\" data-dropoff-timetable=\"3\">\n                                        <span class=\"rh_loc_label\">Bureau Sa Coma Protur Cars | Club House<\/span>\n                                                                                <div class=\"rh_loc_more_info\"><span class=\"rh_info_open\">+<\/span> Infos<\/div>\n                                                                                <span class=\"rh_loc_icon\">\n                                                                                            <i class=\"fa fa-building\"><\/i>\n                                                                                    <\/span>\n                                                                                <div class=\"rh_location-data\">\n                                            <div class=\"rh_loc_name_address\">\n                                                <h3 class=\"rh_loc_name\">Bureau Sa Coma Protur Cars | Club House<\/h3>\n                                            <\/div>\n\n                                            <div class=\"rh_loc_other_info\">\n                                                                                                <p>\n                                                                                                        Carrer de les Mimoses \n                                                                                                        \n                                                                                                        4, \n                                                                                                    <\/p>\n                                                \n                                                                                                <p>\n                                                                                                        Sant Lloren\u00e7 des Cardassar, \n                                                    \n                                                                                                        Illes Balears, \n                                                    \n                                                                                                        07560, \n                                                    \n                                                                                                        ES\n                                                                                                    <\/p>\n                                                \n                                                                                                <p><a href=\"https:\/\/www.google.com\/maps?q=39.5828795,3.3752794\" target=\"_blank\"><i class=\"fa fa-map\"><\/i> Voir carte<\/a><\/p>\n                                                \n                                                <a href=\"javascript:void(0);\" class=\"rh_loc-select rh-std-background\">S\u00e9lectionner <\/a>\n                                            <\/div>\n                                                                                                                                    <div class=\"rh_loc_desc\">\n                                                <h3>Description<\/h3>\n                                                <p>Oficina abierta solo por las ma\u00f1anas en horario de 08.00 h a 12.00 h; domingos cerrado.<\/p>\n                                            <\/div>\n                                                                                    <\/div>\n                                                                            <\/li>\n                                                                    <li data-id=\"8\" data-timetable=\"1\" data-dropoff-timetable=\"1\">\n                                        <span class=\"rh_loc_label\">Protur Alicia Hotel<\/span>\n                                                                                <div class=\"rh_loc_more_info\"><span class=\"rh_info_open\">+<\/span> Infos<\/div>\n                                                                                <span class=\"rh_loc_icon\">\n                                                                                            <i class=\"fa fa-building\"><\/i>\n                                                                                    <\/span>\n                                                                                <div class=\"rh_location-data\">\n                                            <div class=\"rh_loc_name_address\">\n                                                <h3 class=\"rh_loc_name\">Protur Alicia Hotel<\/h3>\n                                            <\/div>\n\n                                            <div class=\"rh_loc_other_info\">\n                                                                                                <p>\n                                                                                                        Carrer na Llambies \n                                                                                                        \n                                                                                                        26, \n                                                                                                    <\/p>\n                                                \n                                                                                                <p>\n                                                                                                        Son Servera, \n                                                    \n                                                                                                        PM, \n                                                    \n                                                                                                        07559, \n                                                    \n                                                                                                        ES\n                                                                                                    <\/p>\n                                                \n                                                                                                <p><a href=\"https:\/\/www.google.com\/maps?q=39.6090814,3.3896632\" target=\"_blank\"><i class=\"fa fa-map\"><\/i> Voir carte<\/a><\/p>\n                                                \n                                                <a href=\"javascript:void(0);\" class=\"rh_loc-select rh-std-background\">S\u00e9lectionner <\/a>\n                                            <\/div>\n                                                                                                                                <\/div>\n                                                                            <\/li>\n                                                                    <li data-id=\"7\" data-timetable=\"1\" data-dropoff-timetable=\"1\">\n                                        <span class=\"rh_loc_label\">Protur Atalaya Apartamentos<\/span>\n                                                                                <div class=\"rh_loc_more_info\"><span class=\"rh_info_open\">+<\/span> Infos<\/div>\n                                                                                <span class=\"rh_loc_icon\">\n                                                                                            <i class=\"fa fa-building\"><\/i>\n                                                                                    <\/span>\n                                                                                <div class=\"rh_location-data\">\n                                            <div class=\"rh_loc_name_address\">\n                                                <h3 class=\"rh_loc_name\">Protur Atalaya Apartamentos<\/h3>\n                                            <\/div>\n\n                                            <div class=\"rh_loc_other_info\">\n                                                                                                <p>\n                                                                                                        Carrer Sol Naixent \n                                                                                                        \n                                                                                                        s\/n, \n                                                                                                    <\/p>\n                                                \n                                                                                                <p>\n                                                                                                        Sant Lloren\u00e7 des Cardassar, \n                                                    \n                                                                                                        PM, \n                                                    \n                                                    \n                                                                                                        ES\n                                                                                                    <\/p>\n                                                \n                                                                                                <p><a href=\"https:\/\/www.google.com\/maps?q=39.600578,3.3829411\" target=\"_blank\"><i class=\"fa fa-map\"><\/i> Voir carte<\/a><\/p>\n                                                \n                                                <a href=\"javascript:void(0);\" class=\"rh_loc-select rh-std-background\">S\u00e9lectionner <\/a>\n                                            <\/div>\n                                                                                                                                <\/div>\n                                                                            <\/li>\n                                                                    <li data-id=\"9\" data-timetable=\"1\" data-dropoff-timetable=\"1\">\n                                        <span class=\"rh_loc_label\">Protur Bad\u00eda Park Aparthotel<\/span>\n                                                                                <div class=\"rh_loc_more_info\"><span class=\"rh_info_open\">+<\/span> Infos<\/div>\n                                                                                <span class=\"rh_loc_icon\">\n                                                                                            <i class=\"fa fa-building\"><\/i>\n                                                                                    <\/span>\n                                                                                <div class=\"rh_location-data\">\n                                            <div class=\"rh_loc_name_address\">\n                                                <h3 class=\"rh_loc_name\">Protur Bad\u00eda Park Aparthotel<\/h3>\n                                            <\/div>\n\n                                            <div class=\"rh_loc_other_info\">\n                                                                                                <p>\n                                                                                                        Avinguda de ses Palmeres \n                                                                                                        \n                                                                                                        6, \n                                                                                                    <\/p>\n                                                \n                                                                                                <p>\n                                                                                                        Sant Lloren\u00e7 des Cardassar, \n                                                    \n                                                                                                        PM, \n                                                    \n                                                                                                        07560, \n                                                    \n                                                                                                        ES\n                                                                                                    <\/p>\n                                                \n                                                                                                <p><a href=\"https:\/\/www.google.com\/maps?q=39.579362,3.37458\" target=\"_blank\"><i class=\"fa fa-map\"><\/i> Voir carte<\/a><\/p>\n                                                \n                                                <a href=\"javascript:void(0);\" class=\"rh_loc-select rh-std-background\">S\u00e9lectionner <\/a>\n                                            <\/div>\n                                                                                                                                <\/div>\n                                                                            <\/li>\n                                                                    <li data-id=\"10\" data-timetable=\"1\" data-dropoff-timetable=\"1\">\n                                        <span class=\"rh_loc_label\">Protur Biomar Sensatori Resort<\/span>\n                                                                                <div class=\"rh_loc_more_info\"><span class=\"rh_info_open\">+<\/span> Infos<\/div>\n                                                                                <span class=\"rh_loc_icon\">\n                                                                                            <i class=\"fa fa-building\"><\/i>\n                                                                                    <\/span>\n                                                                                <div class=\"rh_location-data\">\n                                            <div class=\"rh_loc_name_address\">\n                                                <h3 class=\"rh_loc_name\">Protur Biomar Sensatori Resort<\/h3>\n                                            <\/div>\n\n                                            <div class=\"rh_loc_other_info\">\n                                                                                                <p>\n                                                                                                        Carrer dels Baladres \n                                                                                                        \n                                                                                                        5, \n                                                                                                    <\/p>\n                                                \n                                                                                                <p>\n                                                                                                        Sant Lloren\u00e7 des Cardassar, \n                                                    \n                                                                                                        PM, \n                                                    \n                                                                                                        07560, \n                                                    \n                                                                                                        ES\n                                                                                                    <\/p>\n                                                \n                                                                                                <p><a href=\"https:\/\/www.google.com\/maps?q=39.5805769,3.3793518\" target=\"_blank\"><i class=\"fa fa-map\"><\/i> Voir carte<\/a><\/p>\n                                                \n                                                <a href=\"javascript:void(0);\" class=\"rh_loc-select rh-std-background\">S\u00e9lectionner <\/a>\n                                            <\/div>\n                                                                                                                                <\/div>\n                                                                            <\/li>\n                                                                    <li data-id=\"11\" data-timetable=\"1\" data-dropoff-timetable=\"1\">\n                                        <span class=\"rh_loc_label\">Protur Bonaire Aparthotel<\/span>\n                                                                                <div class=\"rh_loc_more_info\"><span class=\"rh_info_open\">+<\/span> Infos<\/div>\n                                                                                <span class=\"rh_loc_icon\">\n                                                                                            <i class=\"fa fa-building\"><\/i>\n                                                                                    <\/span>\n                                                                                <div class=\"rh_location-data\">\n                                            <div class=\"rh_loc_name_address\">\n                                                <h3 class=\"rh_loc_name\">Protur Bonaire Aparthotel<\/h3>\n                                            <\/div>\n\n                                            <div class=\"rh_loc_other_info\">\n                                                                                                <p>\n                                                                                                        Passeig Pintor Miquel Vives \n                                                                                                        \n                                                                                                        29, \n                                                                                                    <\/p>\n                                                \n                                                                                                <p>\n                                                                                                        Son Servera, \n                                                    \n                                                                                                        PM, \n                                                    \n                                                                                                        07559, \n                                                    \n                                                                                                        ES\n                                                                                                    <\/p>\n                                                \n                                                                                                <p><a href=\"https:\/\/www.google.com\/maps?q=39.6178377,3.3900255\" target=\"_blank\"><i class=\"fa fa-map\"><\/i> Voir carte<\/a><\/p>\n                                                \n                                                <a href=\"javascript:void(0);\" class=\"rh_loc-select rh-std-background\">S\u00e9lectionner <\/a>\n                                            <\/div>\n                                                                                                                                <\/div>\n                                                                            <\/li>\n                                                                    <li data-id=\"12\" data-timetable=\"1\" data-dropoff-timetable=\"1\">\n                                        <span class=\"rh_loc_label\">Protur Bonamar Hotel<\/span>\n                                                                                <div class=\"rh_loc_more_info\"><span class=\"rh_info_open\">+<\/span> Infos<\/div>\n                                                                                <span class=\"rh_loc_icon\">\n                                                                                            <i class=\"fa fa-building\"><\/i>\n                                                                                    <\/span>\n                                                                                <div class=\"rh_location-data\">\n                                            <div class=\"rh_loc_name_address\">\n                                                <h3 class=\"rh_loc_name\">Protur Bonamar Hotel<\/h3>\n                                            <\/div>\n\n                                            <div class=\"rh_loc_other_info\">\n                                                                                                <p>\n                                                                                                        Carrer na Llambies \n                                                                                                        \n                                                                                                    <\/p>\n                                                \n                                                                                                <p>\n                                                                                                        Sant Lloren\u00e7 des Cardassar, \n                                                    \n                                                                                                        PM, \n                                                    \n                                                                                                        07560, \n                                                    \n                                                                                                        ES\n                                                                                                    <\/p>\n                                                \n                                                                                                <p><a href=\"https:\/\/www.google.com\/maps?q=39.606793,3.3880689\" target=\"_blank\"><i class=\"fa fa-map\"><\/i> Voir carte<\/a><\/p>\n                                                \n                                                <a href=\"javascript:void(0);\" class=\"rh_loc-select rh-std-background\">S\u00e9lectionner <\/a>\n                                            <\/div>\n                                                                                                                                <\/div>\n                                                                            <\/li>\n                                                                    <li data-id=\"13\" data-timetable=\"1\" data-dropoff-timetable=\"1\">\n                                        <span class=\"rh_loc_label\">Protur Floriana Resort Aparthotel<\/span>\n                                                                                <div class=\"rh_loc_more_info\"><span class=\"rh_info_open\">+<\/span> Infos<\/div>\n                                                                                <span class=\"rh_loc_icon\">\n                                                                                            <i class=\"fa fa-building\"><\/i>\n                                                                                    <\/span>\n                                                                                <div class=\"rh_location-data\">\n                                            <div class=\"rh_loc_name_address\">\n                                                <h3 class=\"rh_loc_name\">Protur Floriana Resort Aparthotel<\/h3>\n                                            <\/div>\n\n                                            <div class=\"rh_loc_other_info\">\n                                                                                                <p>\n                                                                                                        carrer de ses joanetes \n                                                                                                        \n                                                                                                        s\/n, \n                                                                                                    <\/p>\n                                                \n                                                                                                <p>\n                                                                                                        Son Servera, \n                                                    \n                                                                                                        Illes Balears, \n                                                    \n                                                                                                        07559, \n                                                    \n                                                                                                        ES\n                                                                                                    <\/p>\n                                                \n                                                                                                <p><a href=\"https:\/\/www.google.com\/maps?q=39.6123,3.38586\" target=\"_blank\"><i class=\"fa fa-map\"><\/i> Voir carte<\/a><\/p>\n                                                \n                                                <a href=\"javascript:void(0);\" class=\"rh_loc-select rh-std-background\">S\u00e9lectionner <\/a>\n                                            <\/div>\n                                                                                                                                <\/div>\n                                                                            <\/li>\n                                                                    <li data-id=\"14\" data-timetable=\"1\" data-dropoff-timetable=\"1\">\n                                        <span class=\"rh_loc_label\">Protur Monte Safari Aparthotel<\/span>\n                                                                                <div class=\"rh_loc_more_info\"><span class=\"rh_info_open\">+<\/span> Infos<\/div>\n                                                                                <span class=\"rh_loc_icon\">\n                                                                                            <i class=\"fa fa-building\"><\/i>\n                                                                                    <\/span>\n                                                                                <div class=\"rh_location-data\">\n                                            <div class=\"rh_loc_name_address\">\n                                                <h3 class=\"rh_loc_name\">Protur Monte Safari Aparthotel<\/h3>\n                                            <\/div>\n\n                                            <div class=\"rh_loc_other_info\">\n                                                                                                <p>\n                                                                                                        Carretera Porto Cristo-Son Servera \n                                                                                                        \n                                                                                                        s\/n, \n                                                                                                    <\/p>\n                                                \n                                                                                                <p>\n                                                                                                        Sant Lloren\u00e7 des Cardassar, \n                                                    \n                                                                                                        PM, \n                                                    \n                                                                                                        07560, \n                                                    \n                                                                                                        ES\n                                                                                                    <\/p>\n                                                \n                                                                                                <p><a href=\"https:\/\/www.google.com\/maps?q=39.5987984,3.3679956\" target=\"_blank\"><i class=\"fa fa-map\"><\/i> Voir carte<\/a><\/p>\n                                                \n                                                <a href=\"javascript:void(0);\" class=\"rh_loc-select rh-std-background\">S\u00e9lectionner <\/a>\n                                            <\/div>\n                                                                                                                                <\/div>\n                                                                            <\/li>\n                                                                    <li data-id=\"15\" data-timetable=\"1\" data-dropoff-timetable=\"1\">\n                                        <span class=\"rh_loc_label\">Protur Palmeras Playa Hotel<\/span>\n                                                                                <div class=\"rh_loc_more_info\"><span class=\"rh_info_open\">+<\/span> Infos<\/div>\n                                                                                <span class=\"rh_loc_icon\">\n                                                                                            <i class=\"fa fa-building\"><\/i>\n                                                                                    <\/span>\n                                                                                <div class=\"rh_location-data\">\n                                            <div class=\"rh_loc_name_address\">\n                                                <h3 class=\"rh_loc_name\">Protur Palmeras Playa Hotel<\/h3>\n                                            <\/div>\n\n                                            <div class=\"rh_loc_other_info\">\n                                                                                                <p>\n                                                                                                        Avinguda de les Savines \n                                                                                                        \n                                                                                                    <\/p>\n                                                \n                                                                                                <p>\n                                                                                                        Sant Lloren\u00e7 des Cardassar, \n                                                    \n                                                                                                        PM, \n                                                    \n                                                                                                        07560, \n                                                    \n                                                                                                        ES\n                                                                                                    <\/p>\n                                                \n                                                                                                <p><a href=\"https:\/\/www.google.com\/maps?q=39.5704256,3.3731303\" target=\"_blank\"><i class=\"fa fa-map\"><\/i> Voir carte<\/a><\/p>\n                                                \n                                                <a href=\"javascript:void(0);\" class=\"rh_loc-select rh-std-background\">S\u00e9lectionner <\/a>\n                                            <\/div>\n                                                                                                                                <\/div>\n                                                                            <\/li>\n                                                                    <li data-id=\"16\" data-timetable=\"1\" data-dropoff-timetable=\"1\">\n                                        <span class=\"rh_loc_label\">Protur Playa Cala Millor Hotel<\/span>\n                                                                                <div class=\"rh_loc_more_info\"><span class=\"rh_info_open\">+<\/span> Infos<\/div>\n                                                                                <span class=\"rh_loc_icon\">\n                                                                                            <i class=\"fa fa-building\"><\/i>\n                                                                                    <\/span>\n                                                                                <div class=\"rh_location-data\">\n                                            <div class=\"rh_loc_name_address\">\n                                                <h3 class=\"rh_loc_name\">Protur Playa Cala Millor Hotel<\/h3>\n                                            <\/div>\n\n                                            <div class=\"rh_loc_other_info\">\n                                                                                                <p>\n                                                                                                        Carrer Platja Cala Millor \n                                                                                                        \n                                                                                                        1, \n                                                                                                    <\/p>\n                                                \n                                                                                                <p>\n                                                                                                        Sant Lloren\u00e7 des Cardassar, \n                                                    \n                                                                                                        PM, \n                                                    \n                                                                                                        07560, \n                                                    \n                                                                                                        ES\n                                                                                                    <\/p>\n                                                \n                                                                                                <p><a href=\"https:\/\/www.google.com\/maps?q=39.5933038,3.3833273\" target=\"_blank\"><i class=\"fa fa-map\"><\/i> Voir carte<\/a><\/p>\n                                                \n                                                <a href=\"javascript:void(0);\" class=\"rh_loc-select rh-std-background\">S\u00e9lectionner <\/a>\n                                            <\/div>\n                                                                                                                                <\/div>\n                                                                            <\/li>\n                                                                    <li data-id=\"17\" data-timetable=\"1\" data-dropoff-timetable=\"1\">\n                                        <span class=\"rh_loc_label\">Protur Sa Coma Playa Hotel &amp; Spa<\/span>\n                                                                                <div class=\"rh_loc_more_info\"><span class=\"rh_info_open\">+<\/span> Infos<\/div>\n                                                                                <span class=\"rh_loc_icon\">\n                                                                                            <i class=\"fa fa-building\"><\/i>\n                                                                                    <\/span>\n                                                                                <div class=\"rh_location-data\">\n                                            <div class=\"rh_loc_name_address\">\n                                                <h3 class=\"rh_loc_name\">Protur Sa Coma Playa Hotel &amp; Spa<\/h3>\n                                            <\/div>\n\n                                            <div class=\"rh_loc_other_info\">\n                                                                                                <p>\n                                                                                                        Carrer Eucaliptus \n                                                                                                        \n                                                                                                    <\/p>\n                                                \n                                                                                                <p>\n                                                                                                        Sant Lloren\u00e7 des Cardassar, \n                                                    \n                                                                                                        PM, \n                                                    \n                                                                                                        07560, \n                                                    \n                                                                                                        ES\n                                                                                                    <\/p>\n                                                \n                                                                                                <p><a href=\"https:\/\/www.google.com\/maps?q=39.580986,3.3774187\" target=\"_blank\"><i class=\"fa fa-map\"><\/i> Voir carte<\/a><\/p>\n                                                \n                                                <a href=\"javascript:void(0);\" class=\"rh_loc-select rh-std-background\">S\u00e9lectionner <\/a>\n                                            <\/div>\n                                                                                                                                <\/div>\n                                                                            <\/li>\n                                                                    <li data-id=\"18\" data-timetable=\"1\" data-dropoff-timetable=\"1\">\n                                        <span class=\"rh_loc_label\">Protur Safari Park Aparthotel<\/span>\n                                                                                <div class=\"rh_loc_more_info\"><span class=\"rh_info_open\">+<\/span> Infos<\/div>\n                                                                                <span class=\"rh_loc_icon\">\n                                                                                            <i class=\"fa fa-building\"><\/i>\n                                                                                    <\/span>\n                                                                                <div class=\"rh_location-data\">\n                                            <div class=\"rh_loc_name_address\">\n                                                <h3 class=\"rh_loc_name\">Protur Safari Park Aparthotel<\/h3>\n                                            <\/div>\n\n                                            <div class=\"rh_loc_other_info\">\n                                                                                                <p>\n                                                                                                        Carrer Liles \n                                                                                                        \n                                                                                                        S\/N, \n                                                                                                    <\/p>\n                                                \n                                                                                                <p>\n                                                                                                        Sant Lloren\u00e7 des Cardassar, \n                                                    \n                                                                                                        PM, \n                                                    \n                                                                                                        07530, \n                                                    \n                                                                                                        ES\n                                                                                                    <\/p>\n                                                \n                                                                                                <p><a href=\"https:\/\/www.google.com\/maps?q=39.5812285,3.3765857\" target=\"_blank\"><i class=\"fa fa-map\"><\/i> Voir carte<\/a><\/p>\n                                                \n                                                <a href=\"javascript:void(0);\" class=\"rh_loc-select rh-std-background\">S\u00e9lectionner <\/a>\n                                            <\/div>\n                                                                                                                                <\/div>\n                                                                            <\/li>\n                                                                    <li data-id=\"20\" data-timetable=\"1\" data-dropoff-timetable=\"1\">\n                                        <span class=\"rh_loc_label\">H\u00f4tel Protur Tur\u00f3 Pins (exclusif pour les clients de l&#039;h\u00f4tel et location minimum de 3 jours)<\/span>\n                                                                                <div class=\"rh_loc_more_info\"><span class=\"rh_info_open\">+<\/span> Infos<\/div>\n                                                                                <span class=\"rh_loc_icon\">\n                                                                                            <i class=\"fa fa-building\"><\/i>\n                                                                                    <\/span>\n                                                                                <div class=\"rh_location-data\">\n                                            <div class=\"rh_loc_name_address\">\n                                                <h3 class=\"rh_loc_name\">H\u00f4tel Protur Tur\u00f3 Pins (exclusif pour les clients de l&#039;h\u00f4tel et location minimum de 3 jours)<\/h3>\n                                            <\/div>\n\n                                            <div class=\"rh_loc_other_info\">\n                                                                                                <p>\n                                                                                                        Carrer de na Lliteres \n                                                                                                        \n                                                                                                    <\/p>\n                                                \n                                                                                                <p>\n                                                                                                        Capdepera, \n                                                    \n                                                                                                        PM, \n                                                    \n                                                                                                        07590, \n                                                    \n                                                                                                        ES\n                                                                                                    <\/p>\n                                                \n                                                                                                <p><a href=\"https:\/\/www.google.com\/maps?q=39.718003,3.463763\" target=\"_blank\"><i class=\"fa fa-map\"><\/i> Voir carte<\/a><\/p>\n                                                \n                                                <a href=\"javascript:void(0);\" class=\"rh_loc-select rh-std-background\">S\u00e9lectionner <\/a>\n                                            <\/div>\n                                                                                                                                    <div class=\"rh_loc_desc\">\n                                                <h3>Description<\/h3>\n                                                <p>(exclusif pour les clients de l'h\u00f4tel et location minimum de 3 jours)<\/p>\n                                            <\/div>\n                                                                                    <\/div>\n                                                                            <\/li>\n                                                                    <li data-id=\"19\" data-timetable=\"1\" data-dropoff-timetable=\"1\">\n                                        <span class=\"rh_loc_label\">Protur Vista Bad\u00eda Aparthotel<\/span>\n                                                                                <div class=\"rh_loc_more_info\"><span class=\"rh_info_open\">+<\/span> Infos<\/div>\n                                                                                <span class=\"rh_loc_icon\">\n                                                                                            <i class=\"fa fa-building\"><\/i>\n                                                                                    <\/span>\n                                                                                <div class=\"rh_location-data\">\n                                            <div class=\"rh_loc_name_address\">\n                                                <h3 class=\"rh_loc_name\">Protur Vista Bad\u00eda Aparthotel<\/h3>\n                                            <\/div>\n\n                                            <div class=\"rh_loc_other_info\">\n                                                                                                <p>\n                                                                                                        Carrer Xiprers \n                                                                                                        \n                                                                                                    <\/p>\n                                                \n                                                                                                <p>\n                                                                                                        Sant Lloren\u00e7 des Cardassar, \n                                                    \n                                                                                                        PM, \n                                                    \n                                                                                                        07560, \n                                                    \n                                                                                                        ES\n                                                                                                    <\/p>\n                                                \n                                                                                                <p><a href=\"https:\/\/www.google.com\/maps?q=39.5801659,3.3768804\" target=\"_blank\"><i class=\"fa fa-map\"><\/i> Voir carte<\/a><\/p>\n                                                \n                                                <a href=\"javascript:void(0);\" class=\"rh_loc-select rh-std-background\">S\u00e9lectionner <\/a>\n                                            <\/div>\n                                                                                                                                <\/div>\n                                                                            <\/li>\n                                                                    <li data-id=\"21\" data-timetable=\"1\" data-dropoff-timetable=\"1\">\n                                        <span class=\"rh_loc_label\">Restaurante - Residencia Son Floriana<\/span>\n                                                                                <div class=\"rh_loc_more_info\"><span class=\"rh_info_open\">+<\/span> Infos<\/div>\n                                                                                <span class=\"rh_loc_icon\">\n                                                                                            <i class=\"fa fa-building\"><\/i>\n                                                                                    <\/span>\n                                                                                <div class=\"rh_location-data\">\n                                            <div class=\"rh_loc_name_address\">\n                                                <h3 class=\"rh_loc_name\">Restaurante - Residencia Son Floriana<\/h3>\n                                            <\/div>\n\n                                            <div class=\"rh_loc_other_info\">\n                                                                                                <p>\n                                                                                                        Avenida Magnolia \n                                                                                                        \n                                                                                                    <\/p>\n                                                \n                                                                                                <p>\n                                                                                                        Son Servera, \n                                                    \n                                                                                                        PM, \n                                                    \n                                                                                                        07559, \n                                                    \n                                                                                                        ES\n                                                                                                    <\/p>\n                                                \n                                                                                                <p><a href=\"https:\/\/www.google.com\/maps?q=39.611479,3.383928\" target=\"_blank\"><i class=\"fa fa-map\"><\/i> Voir carte<\/a><\/p>\n                                                \n                                                <a href=\"javascript:void(0);\" class=\"rh_loc-select rh-std-background\">S\u00e9lectionner <\/a>\n                                            <\/div>\n                                                                                                                                <\/div>\n                                                                            <\/li>\n                                                                    <li data-id=\"24\" data-timetable=\"2\" data-dropoff-timetable=\"2\">\n                                        <span class=\"rh_loc_label\">Hotel Club S&#039;Illot<\/span>\n                                                                                <div class=\"rh_loc_more_info\"><span class=\"rh_info_open\">+<\/span> Infos<\/div>\n                                                                                <span class=\"rh_loc_icon\">\n                                                                                            <i class=\"fa fa-building\"><\/i>\n                                                                                    <\/span>\n                                                                                <div class=\"rh_location-data\">\n                                            <div class=\"rh_loc_name_address\">\n                                                <h3 class=\"rh_loc_name\">Hotel Club S&#039;Illot<\/h3>\n                                            <\/div>\n\n                                            <div class=\"rh_loc_other_info\">\n                                                                                                <p>\n                                                                                                        Carrer dels Cards \n                                                                                                        \n                                                                                                        2, \n                                                                                                    <\/p>\n                                                \n                                                                                                <p>\n                                                                                                        Manacor, \n                                                    \n                                                                                                        PM, \n                                                    \n                                                                                                        07687, \n                                                    \n                                                                                                        ES\n                                                                                                    <\/p>\n                                                \n                                                                                                <p><a href=\"https:\/\/www.google.com\/maps?q=39.5656124,3.37242\" target=\"_blank\"><i class=\"fa fa-map\"><\/i> Voir carte<\/a><\/p>\n                                                \n                                                <a href=\"javascript:void(0);\" class=\"rh_loc-select rh-std-background\">S\u00e9lectionner <\/a>\n                                            <\/div>\n                                                                                        <div class=\"rh_loc_contacts\">\n                                                <h3>Contacts<\/h3>\n                                                                                                                                                <p>E-mail: <a href=\"emailto:HOTEL@HOTELSILLOT.COM\">HOTEL@HOTELSILLOT.COM<\/a><\/p>\n                                                                                            <\/div>\n                                                                                                                                <\/div>\n                                                                            <\/li>\n                                                                    <li data-id=\"3\" data-timetable=\"1\" data-dropoff-timetable=\"1\">\n                                        <span class=\"rh_loc_label\">Aeropuerto de Palma de Mallorca<\/span>\n                                                                                <div class=\"rh_loc_more_info\"><span class=\"rh_info_open\">+<\/span> Infos<\/div>\n                                                                                <span class=\"rh_loc_icon\">\n                                                                                            <i class=\"fa fa-plane\"><\/i>\n                                                                                    <\/span>\n                                                                                <div class=\"rh_location-data\">\n                                            <div class=\"rh_loc_name_address\">\n                                                <h3 class=\"rh_loc_name\">Aeropuerto de Palma de Mallorca<\/h3>\n                                            <\/div>\n\n                                            <div class=\"rh_loc_other_info\">\n                                                                                                <p>\n                                                                                                        LEVANTE \n                                                                                                        \n                                                                                                    <\/p>\n                                                \n                                                                                                <p>\n                                                                                                        Palma , \n                                                    \n                                                                                                        Illes Balears, \n                                                    \n                                                                                                        07611, \n                                                    \n                                                                                                        ES\n                                                                                                    <\/p>\n                                                \n                                                                                                <p><a href=\"https:\/\/www.google.com\/maps?q=39.5524708,2.7393803\" target=\"_blank\"><i class=\"fa fa-map\"><\/i> Voir carte<\/a><\/p>\n                                                \n                                                <a href=\"javascript:void(0);\" class=\"rh_loc-select rh-std-background\">S\u00e9lectionner <\/a>\n                                            <\/div>\n                                                                                                                                    <div class=\"rh_loc_desc\">\n                                                <h3>Description<\/h3>\n                                                <p>avec un suppl\u00e9ment pour un service suppl\u00e9mentaire de prise en charge et\/ou de retour et un minimum de 4 jours complets (96 h). La prise en charge et la d\u00e9pose se font au rez-de-chauss\u00e9e du b\u00e2timent du parking, zone G.<\/p>\n                                            <\/div>\n                                                                                    <\/div>\n                                                                            <\/li>\n                                                                <\/ul>\n                                                                <div class=\"rh_location_info\"><\/div>\n                                                            <\/div>\n                        <\/div>\n                    <\/div>\n                \n                <div class=\"nrhsf-pickup-datetime-container gs-cs-12 gs-cm-6 gs-cl-6\">\n                    <div class=\"gs-fgroup\">\n                        <label>Date\/Heure prise en charge<\/label>\n                        <div class=\"new-datetime-group\">\n                            <input readonly placeholder=\"Date\/Heure prise en charge\" required\n                                   class=\"gs-fcontrol datepicker-input\" id=\"rsf_pickup_date\" name=\"rsf_pickup_date\"\n                                   value=\"\">\n                            <select required class=\"gs-fcontrol timepicker-input\" name=\"rsf_pickup_time\"\n                                    id=\"rsf_pickup_time\">\n                                <option value=\"\">- Choisir -<\/option>\n                            <\/select>\n                        <\/div>\n                    <\/div>\n                <\/div>\n                \n                <div class=\"nrhsf-dropoff-datetime-container gs-cs-12 gs-cm-6 gs-cl-6\">\n                    <label>Date\/Heure restitution<\/label>\n                    <div class=\"new-datetime-group\">\n                        <input readonly placeholder=\"Date\/Heure restitution\" required\n                               class=\"gs-fcontrol datepicker-input\" id=\"rsf_dropoff_date\" name=\"rsf_dropoff_date\"\n                               value=\"\">\n                        <select required class=\"gs-fcontrol timepicker-input\" name=\"rsf_dropoff_time\"\n                                id=\"rsf_dropoff_time\">\n                            <option value=\"\">- Choisir -<\/option>\n                        <\/select>\n                    <\/div>\n                <\/div>\n                \n                                <div class=\"renthub-coupon-checkbox gs-cs-12 gs-cm-6 gs-cl-6\">\n                    <label class=\"rsf_coupon_checkbox_container\" style=\"\"><input type=\"checkbox\" id=\"rsf_add_coupon\"  \/> Avez-vous un coupon ?<\/label>\n                    <div class=\"rsf_show_coupon\" style=\"display:none\">\n                        <label>Avez-vous un coupon? Saisissez-le<\/label>\n                        <input class=\"gs-fcontrol\" type=\"text\" name=\"rbf_coupon\" id=\"rbf_coupon\" placeholder=\"Avez-vous un coupon? Saisissez-le\" value=\"\">\n                    <\/div>\n                <\/div>\n                            <\/div>\n            <div class=\"gs-row\">\n                                    <div class=\"nrhsf-age gs-cs-12 gs-cm-4 gs-cl-3\">\n                        <div class=\"gs-fgroup agecontainer\">\n                            <label>\u00c2ge<\/label>\n                            <select required class=\"gs-fcontrol\" id=\"rsf_age\" name=\"rsf_age\">\n                                                                    <option \n                                            value=\"18\">18<\/option>\n                                                                    <option \n                                            value=\"19\">19<\/option>\n                                                                    <option \n                                            value=\"20\">20<\/option>\n                                                                    <option selected=\"selected\"\n                                            value=\"21\">21-80<\/option>\n                                                            <\/select>\n                        <\/div>\n                    <\/div>\n                                <div class=\"nrhsf-search-btn-container gs-cs-12 gs-cm-8 gs-cl-9\">\n                    <label>&nbsp;<\/label>\n                    <button id=\"rsf_start_search\" name=\"rsf_start_search\" value=\"1\" type=\"submit\"\n                            class=\"rh-second-button-100 btn-submit\">Chercher<\/button>\n                <\/div>\n            <\/div>\n        <\/form>\n    <\/div>\n<\/div>\n<\/div>\n\t\t\t\t\t\t<\/div>\n\t\t\t\t<\/div>\n\t\t\t\t\t<\/div>\n\t\t<\/div>\n\t\t\t\t\t<\/div>\n\t\t<\/section>\n\t\t\t\t\t<\/div>\n\t\t<\/div>\n\t\t\t\t\t<\/div>\n\t\t<\/section>\n\t\t\t\t<section class=\"elementor-section elementor-top-section elementor-element elementor-element-25ba888 elementor-section-boxed elementor-section-height-default elementor-section-height-default\" data-id=\"25ba888\" data-element_type=\"section\" data-e-type=\"section\">\n\t\t\t\t\t\t<div class=\"elementor-container elementor-column-gap-default\">\n\t\t\t\t\t<div class=\"elementor-column elementor-col-100 elementor-top-column elementor-element elementor-element-99f3f33\" data-id=\"99f3f33\" data-element_type=\"column\" data-e-type=\"column\">\n\t\t\t<div class=\"elementor-widget-wrap elementor-element-populated\">\n\t\t\t\t\t\t<div class=\"elementor-element elementor-element-1c39311 elementor-widget elementor-widget-heading\" data-id=\"1c39311\" data-element_type=\"widget\" data-e-type=\"widget\" data-widget_type=\"heading.default\">\n\t\t\t\t<div class=\"elementor-widget-container\">\n\t\t\t\t\t<h1 class=\"elementor-heading-title elementor-size-default\">Offres de location de voitures - R\u00e9ductions exclusives avec Protur Cars\n\n<\/h1>\t\t\t\t<\/div>\n\t\t\t\t<\/div>\n\t\t\t\t\t<\/div>\n\t\t<\/div>\n\t\t\t\t\t<\/div>\n\t\t<\/section>\n\t\t\t\t<section class=\"elementor-section elementor-top-section elementor-element elementor-element-14ed545 elementor-section-boxed elementor-section-height-default elementor-section-height-default\" data-id=\"14ed545\" data-element_type=\"section\" data-e-type=\"section\">\n\t\t\t\t\t\t<div class=\"elementor-container elementor-column-gap-default\">\n\t\t\t\t\t<div class=\"elementor-column elementor-col-100 elementor-top-column elementor-element elementor-element-93d295a\" data-id=\"93d295a\" data-element_type=\"column\" data-e-type=\"column\">\n\t\t\t<div class=\"elementor-widget-wrap elementor-element-populated\">\n\t\t\t\t\t\t<div class=\"elementor-element elementor-element-d4aaa6d elementor-widget elementor-widget-text-editor\" data-id=\"d4aaa6d\" data-element_type=\"widget\" data-e-type=\"widget\" data-widget_type=\"text-editor.default\">\n\t\t\t\t<div class=\"elementor-widget-container\">\n\t\t\t\t\t\t\t\t\tLes meilleures offres de location de voitures \u00e0 Sa Coma et Cala Millor. D\u00e9couvrez des tarifs exclusifs et des r\u00e9ductions sp\u00e9ciales sur notre large flotte de voitures. Que ce soit pour des vacances, un voyage d&rsquo;affaires ou une escapade, nos offres vous offriront la flexibilit\u00e9 et les \u00e9conomies dont vous avez besoin. Profitez de ces promotions et vivez une exp\u00e9rience de location de voiture incomparable avec Protur Cars \u00e0 Sa Coma et Cala Millor ! R\u00e9servez maintenant et commencez \u00e0 explorer confortablement et avec style.\n\n\t\t\t\t\t\t\t\t<\/div>\n\t\t\t\t<\/div>\n\t\t\t\t\t<\/div>\n\t\t<\/div>\n\t\t\t\t\t<\/div>\n\t\t<\/section>\n\t\t\t\t<section class=\"elementor-section elementor-top-section elementor-element elementor-element-d470566 elementor-section-full_width elementor-section-stretched elementor-section-height-default elementor-section-height-default\" data-id=\"d470566\" data-element_type=\"section\" data-e-type=\"section\" data-settings=\"{&quot;stretch_section&quot;:&quot;section-stretched&quot;}\">\n\t\t\t\t\t\t<div class=\"elementor-container elementor-column-gap-no\">\n\t\t\t\t\t<div class=\"elementor-column elementor-col-100 elementor-top-column elementor-element elementor-element-72e57c6\" data-id=\"72e57c6\" data-element_type=\"column\" data-e-type=\"column\">\n\t\t\t<div class=\"elementor-widget-wrap elementor-element-populated\">\n\t\t\t\t\t\t<section class=\"elementor-section elementor-inner-section elementor-element elementor-element-84b0b32 elementor-section-content-middle elementor-reverse-mobile elementor-section-full_width elementor-hidden-desktop elementor-hidden-tablet elementor-hidden-mobile elementor-section-height-default elementor-section-height-default\" data-id=\"84b0b32\" data-element_type=\"section\" data-e-type=\"section\">\n\t\t\t\t\t\t<div class=\"elementor-container elementor-column-gap-no\">\n\t\t\t\t\t<div class=\"elementor-column elementor-col-50 elementor-inner-column elementor-element elementor-element-6c60cab\" data-id=\"6c60cab\" data-element_type=\"column\" data-e-type=\"column\">\n\t\t\t<div class=\"elementor-widget-wrap elementor-element-populated\">\n\t\t\t\t\t\t<div class=\"elementor-element elementor-element-933fb6f elementor-widget elementor-widget-heading\" data-id=\"933fb6f\" data-element_type=\"widget\" data-e-type=\"widget\" data-widget_type=\"heading.default\">\n\t\t\t\t<div class=\"elementor-widget-container\">\n\t\t\t\t\t<h2 class=\"elementor-heading-title elementor-size-default\">Offre sp\u00e9ciale Protur Cars \u2013 15 % de r\u00e9duction\n<\/h2>\t\t\t\t<\/div>\n\t\t\t\t<\/div>\n\t\t\t\t<div class=\"elementor-element elementor-element-5e4a916 elementor-widget elementor-widget-text-editor\" data-id=\"5e4a916\" data-element_type=\"widget\" data-e-type=\"widget\" data-widget_type=\"text-editor.default\">\n\t\t\t\t<div class=\"elementor-widget-container\">\n\t\t\t\t\t\t\t\t\t<p data-start=\"926\" data-end=\"1090\">R\u00e9servez votre voiture sur ProturCars.com et \u00e9conomisez 15 % sur votre location en saisissant le code <strong data-start=\"1081\" data-end=\"1089\">EB15<\/strong>.<\/p><p data-start=\"1092\" data-end=\"1262\">\u2714 Valable jusqu\u2019au 31\/01\/2026<br data-start=\"1121\" data-end=\"1124\" \/>\u2714 Toutes les agences : Cala Millor, Sa Coma, Cala Bona et S\u2019Illot<br data-start=\"1189\" data-end=\"1192\" \/>\u2714 Applicable \u00e0 l\u2019ensemble de la flotte (sous r\u00e9serve de disponibilit\u00e9)<\/p><p data-start=\"1264\" data-end=\"1303\">Non cumulable avec d\u2019autres promotions.<\/p>\t\t\t\t\t\t\t\t<\/div>\n\t\t\t\t<\/div>\n\t\t\t\t<div class=\"elementor-element elementor-element-b8b158e elementor-align-center elementor-widget elementor-widget-button\" data-id=\"b8b158e\" data-element_type=\"widget\" data-e-type=\"widget\" data-widget_type=\"button.default\">\n\t\t\t\t<div class=\"elementor-widget-container\">\n\t\t\t\t\t\t\t\t\t<div class=\"elementor-button-wrapper\">\n\t\t\t\t\t<a class=\"elementor-button elementor-button-link elementor-size-sm\" href=\"\/fr\/reservez-maintenant-et-economisez-15\/\">\n\t\t\t\t\t\t<span class=\"elementor-button-content-wrapper\">\n\t\t\t\t\t\t\t\t\t<span class=\"elementor-button-text\">VOIR L'OFFRE<\/span>\n\t\t\t\t\t<\/span>\n\t\t\t\t\t<\/a>\n\t\t\t\t<\/div>\n\t\t\t\t\t\t\t\t<\/div>\n\t\t\t\t<\/div>\n\t\t\t\t\t<\/div>\n\t\t<\/div>\n\t\t\t\t<div class=\"elementor-column elementor-col-50 elementor-inner-column elementor-element elementor-element-9fcda72\" data-id=\"9fcda72\" data-element_type=\"column\" data-e-type=\"column\">\n\t\t\t<div class=\"elementor-widget-wrap elementor-element-populated\">\n\t\t\t\t\t\t<div class=\"elementor-element elementor-element-d2728ff elementor-widget elementor-widget-image\" data-id=\"d2728ff\" data-element_type=\"widget\" data-e-type=\"widget\" data-widget_type=\"image.default\">\n\t\t\t\t<div class=\"elementor-widget-container\">\n\t\t\t\t\t\t\t\t\t\t\t\t\t\t\t<img decoding=\"async\" width=\"966\" height=\"640\" src=\"https:\/\/proturcars.com\/wp-content\/uploads\/2024\/11\/mejor-precio-online-alquiler-de-coches.jpg\" class=\"attachment-1536x1536 size-1536x1536 wp-image-3016\" alt=\"Meilleur Prix Garanti chez Protur Cars\" srcset=\"https:\/\/proturcars.com\/wp-content\/uploads\/2024\/11\/mejor-precio-online-alquiler-de-coches.jpg 966w, https:\/\/proturcars.com\/wp-content\/uploads\/2024\/11\/mejor-precio-online-alquiler-de-coches-300x199.jpg 300w, https:\/\/proturcars.com\/wp-content\/uploads\/2024\/11\/mejor-precio-online-alquiler-de-coches-768x509.jpg 768w, https:\/\/proturcars.com\/wp-content\/uploads\/2024\/11\/mejor-precio-online-alquiler-de-coches-370x245.jpg 370w, https:\/\/proturcars.com\/wp-content\/uploads\/2024\/11\/mejor-precio-online-alquiler-de-coches-760x504.jpg 760w\" sizes=\"(max-width: 966px) 100vw, 966px\" \/>\t\t\t\t\t\t\t\t\t\t\t\t\t\t\t<\/div>\n\t\t\t\t<\/div>\n\t\t\t\t\t<\/div>\n\t\t<\/div>\n\t\t\t\t\t<\/div>\n\t\t<\/section>\n\t\t\t\t\t<\/div>\n\t\t<\/div>\n\t\t\t\t\t<\/div>\n\t\t<\/section>\n\t\t\t\t<section class=\"elementor-section elementor-top-section elementor-element elementor-element-b91e372 elementor-section-full_width elementor-section-stretched elementor-section-height-default elementor-section-height-default\" data-id=\"b91e372\" data-element_type=\"section\" data-e-type=\"section\" data-settings=\"{&quot;stretch_section&quot;:&quot;section-stretched&quot;}\">\n\t\t\t\t\t\t<div class=\"elementor-container elementor-column-gap-no\">\n\t\t\t\t\t<div class=\"elementor-column elementor-col-50 elementor-top-column elementor-element elementor-element-c3a844b\" data-id=\"c3a844b\" data-element_type=\"column\" data-e-type=\"column\">\n\t\t\t<div class=\"elementor-widget-wrap elementor-element-populated\">\n\t\t\t\t\t\t<div class=\"elementor-element elementor-element-5bf0abc elementor-widget elementor-widget-image\" data-id=\"5bf0abc\" data-element_type=\"widget\" data-e-type=\"widget\" data-widget_type=\"image.default\">\n\t\t\t\t<div class=\"elementor-widget-container\">\n\t\t\t\t\t\t\t\t\t\t\t\t\t\t\t<img decoding=\"async\" width=\"966\" height=\"640\" src=\"https:\/\/proturcars.com\/wp-content\/uploads\/2024\/11\/oferta-10-porciento-descuento-reserva-de-coche-proturcars.jpg\" class=\"attachment-1536x1536 size-1536x1536 wp-image-3013\" alt=\"Profitez de l&#039;offre exclusive pour les membres de Protur Club !\" srcset=\"https:\/\/proturcars.com\/wp-content\/uploads\/2024\/11\/oferta-10-porciento-descuento-reserva-de-coche-proturcars.jpg 966w, https:\/\/proturcars.com\/wp-content\/uploads\/2024\/11\/oferta-10-porciento-descuento-reserva-de-coche-proturcars-300x199.jpg 300w, https:\/\/proturcars.com\/wp-content\/uploads\/2024\/11\/oferta-10-porciento-descuento-reserva-de-coche-proturcars-768x509.jpg 768w, https:\/\/proturcars.com\/wp-content\/uploads\/2024\/11\/oferta-10-porciento-descuento-reserva-de-coche-proturcars-370x245.jpg 370w, https:\/\/proturcars.com\/wp-content\/uploads\/2024\/11\/oferta-10-porciento-descuento-reserva-de-coche-proturcars-760x504.jpg 760w\" sizes=\"(max-width: 966px) 100vw, 966px\" \/>\t\t\t\t\t\t\t\t\t\t\t\t\t\t\t<\/div>\n\t\t\t\t<\/div>\n\t\t\t\t\t<\/div>\n\t\t<\/div>\n\t\t\t\t<div class=\"elementor-column elementor-col-50 elementor-top-column elementor-element elementor-element-b9c73be\" data-id=\"b9c73be\" data-element_type=\"column\" data-e-type=\"column\">\n\t\t\t<div class=\"elementor-widget-wrap elementor-element-populated\">\n\t\t\t\t\t\t<div class=\"elementor-element elementor-element-2c08b3e elementor-widget elementor-widget-heading\" data-id=\"2c08b3e\" data-element_type=\"widget\" data-e-type=\"widget\" data-widget_type=\"heading.default\">\n\t\t\t\t<div class=\"elementor-widget-container\">\n\t\t\t\t\t<h2 class=\"elementor-heading-title elementor-size-default\">Protur Club 10% de r\u00e9duction\n<\/h2>\t\t\t\t<\/div>\n\t\t\t\t<\/div>\n\t\t\t\t<div class=\"elementor-element elementor-element-53f073b elementor-widget elementor-widget-text-editor\" data-id=\"53f073b\" data-element_type=\"widget\" data-e-type=\"widget\" data-widget_type=\"text-editor.default\">\n\t\t\t\t<div class=\"elementor-widget-container\">\n\t\t\t\t\t\t\t\t\t<p><strong>Louez votre voiture avec Protur Cars et b\u00e9n\u00e9ficiez d\u2019une remise suppl\u00e9mentaire de 10 %.<\/strong> Il vous suffit d\u2019indiquer votre num\u00e9ro de membre dans le champ <strong>\u00ab\u00a0Observations\u00a0\u00bb<\/strong> lors de la r\u00e9servation. <b>Il est indispensable d\u2019avoir une r\u00e9servation confirm\u00e9e ou d\u2019\u00eatre h\u00e9berg\u00e9 dans un h\u00f4tel Protur Hotels pour b\u00e9n\u00e9ficier de cette offre.<\/b> <br \/>Une fois v\u00e9rifi\u00e9, vous recevrez la confirmation de votre r\u00e9servation avec le prix ajust\u00e9. Ne ratez pas cette offre et \u00e9conomisez sur votre location de voiture !<\/p>\t\t\t\t\t\t\t\t<\/div>\n\t\t\t\t<\/div>\n\t\t\t\t<div class=\"elementor-element elementor-element-0198d3d elementor-align-center elementor-widget elementor-widget-button\" data-id=\"0198d3d\" data-element_type=\"widget\" data-e-type=\"widget\" data-widget_type=\"button.default\">\n\t\t\t\t<div class=\"elementor-widget-container\">\n\t\t\t\t\t\t\t\t\t<div class=\"elementor-button-wrapper\">\n\t\t\t\t\t<a class=\"elementor-button elementor-button-link elementor-size-sm\" href=\"\/fr\/profitez-de-loffre-exclusive-pour-les-membres-de-protur-club\/\">\n\t\t\t\t\t\t<span class=\"elementor-button-content-wrapper\">\n\t\t\t\t\t\t\t\t\t<span class=\"elementor-button-text\">VOIR L'OFFRE<\/span>\n\t\t\t\t\t<\/span>\n\t\t\t\t\t<\/a>\n\t\t\t\t<\/div>\n\t\t\t\t\t\t\t\t<\/div>\n\t\t\t\t<\/div>\n\t\t\t\t\t<\/div>\n\t\t<\/div>\n\t\t\t\t\t<\/div>\n\t\t<\/section>\n\t\t\t\t<section class=\"elementor-section elementor-top-section elementor-element elementor-element-2e81964 elementor-section-full_width elementor-section-stretched elementor-section-height-default elementor-section-height-default\" data-id=\"2e81964\" data-element_type=\"section\" data-e-type=\"section\" data-settings=\"{&quot;stretch_section&quot;:&quot;section-stretched&quot;}\">\n\t\t\t\t\t\t<div class=\"elementor-container elementor-column-gap-no\">\n\t\t\t\t\t<div class=\"elementor-column elementor-col-100 elementor-top-column elementor-element elementor-element-e2641c9\" data-id=\"e2641c9\" data-element_type=\"column\" data-e-type=\"column\">\n\t\t\t<div class=\"elementor-widget-wrap elementor-element-populated\">\n\t\t\t\t\t\t<section class=\"elementor-section elementor-inner-section elementor-element elementor-element-fd03346 elementor-section-content-middle elementor-reverse-mobile elementor-section-full_width elementor-section-height-default elementor-section-height-default\" data-id=\"fd03346\" data-element_type=\"section\" data-e-type=\"section\">\n\t\t\t\t\t\t<div class=\"elementor-container elementor-column-gap-no\">\n\t\t\t\t\t<div class=\"elementor-column elementor-col-50 elementor-inner-column elementor-element elementor-element-1c587e0\" data-id=\"1c587e0\" data-element_type=\"column\" data-e-type=\"column\">\n\t\t\t<div class=\"elementor-widget-wrap elementor-element-populated\">\n\t\t\t\t\t\t<div class=\"elementor-element elementor-element-41bf874 elementor-widget elementor-widget-heading\" data-id=\"41bf874\" data-element_type=\"widget\" data-e-type=\"widget\" data-widget_type=\"heading.default\">\n\t\t\t\t<div class=\"elementor-widget-container\">\n\t\t\t\t\t<h2 class=\"elementor-heading-title elementor-size-default\">Meilleur Prix Garanti !\n<\/h2>\t\t\t\t<\/div>\n\t\t\t\t<\/div>\n\t\t\t\t<div class=\"elementor-element elementor-element-01e9aab elementor-widget elementor-widget-text-editor\" data-id=\"01e9aab\" data-element_type=\"widget\" data-e-type=\"widget\" data-widget_type=\"text-editor.default\">\n\t\t\t\t<div class=\"elementor-widget-container\">\n\t\t\t\t\t\t\t\t\tChez Protur Cars, nous vous garantissons toujours le meilleur prix. Lors de la prise en charge de votre v\u00e9hicule, nous appliquons le tarif le plus favorable pour vous. Si vous trouvez un prix plus bas, nous ajusterons votre tarif. R\u00e9servez avec nous et profitez de la tranquillit\u00e9 d\u2019esprit en sachant que vous obtenez la meilleure offre !\n\t\t\t\t\t\t\t\t<\/div>\n\t\t\t\t<\/div>\n\t\t\t\t<div class=\"elementor-element elementor-element-1ecc0cb elementor-align-center elementor-widget elementor-widget-button\" data-id=\"1ecc0cb\" data-element_type=\"widget\" data-e-type=\"widget\" data-widget_type=\"button.default\">\n\t\t\t\t<div class=\"elementor-widget-container\">\n\t\t\t\t\t\t\t\t\t<div class=\"elementor-button-wrapper\">\n\t\t\t\t\t<a class=\"elementor-button elementor-button-link elementor-size-sm\" href=\"\/fr\/meilleur-prix-garanti-chez-protur-cars\/\">\n\t\t\t\t\t\t<span class=\"elementor-button-content-wrapper\">\n\t\t\t\t\t\t\t\t\t<span class=\"elementor-button-text\">VOIR L'OFFRE<\/span>\n\t\t\t\t\t<\/span>\n\t\t\t\t\t<\/a>\n\t\t\t\t<\/div>\n\t\t\t\t\t\t\t\t<\/div>\n\t\t\t\t<\/div>\n\t\t\t\t\t<\/div>\n\t\t<\/div>\n\t\t\t\t<div class=\"elementor-column elementor-col-50 elementor-inner-column elementor-element elementor-element-2cee306\" data-id=\"2cee306\" data-element_type=\"column\" data-e-type=\"column\">\n\t\t\t<div class=\"elementor-widget-wrap elementor-element-populated\">\n\t\t\t\t\t\t<div class=\"elementor-element elementor-element-89774b7 elementor-widget elementor-widget-image\" data-id=\"89774b7\" data-element_type=\"widget\" data-e-type=\"widget\" data-widget_type=\"image.default\">\n\t\t\t\t<div class=\"elementor-widget-container\">\n\t\t\t\t\t\t\t\t\t\t\t\t\t\t\t<img decoding=\"async\" width=\"966\" height=\"640\" src=\"https:\/\/proturcars.com\/wp-content\/uploads\/2024\/11\/mejor-precio-online-alquiler-de-coches.jpg\" class=\"attachment-1536x1536 size-1536x1536 wp-image-3016\" alt=\"Meilleur Prix Garanti chez Protur Cars\" srcset=\"https:\/\/proturcars.com\/wp-content\/uploads\/2024\/11\/mejor-precio-online-alquiler-de-coches.jpg 966w, https:\/\/proturcars.com\/wp-content\/uploads\/2024\/11\/mejor-precio-online-alquiler-de-coches-300x199.jpg 300w, https:\/\/proturcars.com\/wp-content\/uploads\/2024\/11\/mejor-precio-online-alquiler-de-coches-768x509.jpg 768w, https:\/\/proturcars.com\/wp-content\/uploads\/2024\/11\/mejor-precio-online-alquiler-de-coches-370x245.jpg 370w, https:\/\/proturcars.com\/wp-content\/uploads\/2024\/11\/mejor-precio-online-alquiler-de-coches-760x504.jpg 760w\" sizes=\"(max-width: 966px) 100vw, 966px\" \/>\t\t\t\t\t\t\t\t\t\t\t\t\t\t\t<\/div>\n\t\t\t\t<\/div>\n\t\t\t\t\t<\/div>\n\t\t<\/div>\n\t\t\t\t\t<\/div>\n\t\t<\/section>\n\t\t\t\t\t<\/div>\n\t\t<\/div>\n\t\t\t\t\t<\/div>\n\t\t<\/section>\n\t\t\t\t<section class=\"elementor-section elementor-top-section elementor-element elementor-element-d95c5a9 elementor-section-full_width elementor-section-stretched elementor-hidden-desktop elementor-hidden-tablet elementor-hidden-mobile elementor-section-height-default elementor-section-height-default\" data-id=\"d95c5a9\" data-element_type=\"section\" data-e-type=\"section\" data-settings=\"{&quot;stretch_section&quot;:&quot;section-stretched&quot;}\">\n\t\t\t\t\t\t<div class=\"elementor-container elementor-column-gap-no\">\n\t\t\t\t\t<div class=\"elementor-column elementor-col-50 elementor-top-column elementor-element elementor-element-8d12333\" data-id=\"8d12333\" data-element_type=\"column\" data-e-type=\"column\">\n\t\t\t<div class=\"elementor-widget-wrap elementor-element-populated\">\n\t\t\t\t\t\t<div class=\"elementor-element elementor-element-25f1b4e elementor-widget elementor-widget-image\" data-id=\"25f1b4e\" data-element_type=\"widget\" data-e-type=\"widget\" data-widget_type=\"image.default\">\n\t\t\t\t<div class=\"elementor-widget-container\">\n\t\t\t\t\t\t\t\t\t\t\t\t\t\t\t<img loading=\"lazy\" decoding=\"async\" width=\"966\" height=\"640\" src=\"https:\/\/proturcars.com\/wp-content\/uploads\/2025\/01\/oferta-nueva-web-protur-cars-1.jpg\" class=\"attachment-1536x1536 size-1536x1536 wp-image-5810\" alt=\"\" srcset=\"https:\/\/proturcars.com\/wp-content\/uploads\/2025\/01\/oferta-nueva-web-protur-cars-1.jpg 966w, https:\/\/proturcars.com\/wp-content\/uploads\/2025\/01\/oferta-nueva-web-protur-cars-1-300x199.jpg 300w, https:\/\/proturcars.com\/wp-content\/uploads\/2025\/01\/oferta-nueva-web-protur-cars-1-768x509.jpg 768w\" sizes=\"(max-width: 966px) 100vw, 966px\" \/>\t\t\t\t\t\t\t\t\t\t\t\t\t\t\t<\/div>\n\t\t\t\t<\/div>\n\t\t\t\t\t<\/div>\n\t\t<\/div>\n\t\t\t\t<div class=\"elementor-column elementor-col-50 elementor-top-column elementor-element elementor-element-f70020b\" data-id=\"f70020b\" data-element_type=\"column\" data-e-type=\"column\">\n\t\t\t<div class=\"elementor-widget-wrap elementor-element-populated\">\n\t\t\t\t\t\t<div class=\"elementor-element elementor-element-4df2bb3 elementor-widget elementor-widget-heading\" data-id=\"4df2bb3\" data-element_type=\"widget\" data-e-type=\"widget\" data-widget_type=\"heading.default\">\n\t\t\t\t<div class=\"elementor-widget-container\">\n\t\t\t\t\t<h2 class=\"elementor-heading-title elementor-size-default\">Nous avons lanc\u00e9 notre nouveau site web!<\/h2>\t\t\t\t<\/div>\n\t\t\t\t<\/div>\n\t\t\t\t<div class=\"elementor-element elementor-element-98c39e4 elementor-widget elementor-widget-text-editor\" data-id=\"98c39e4\" data-element_type=\"widget\" data-e-type=\"widget\" data-widget_type=\"text-editor.default\">\n\t\t\t\t<div class=\"elementor-widget-container\">\n\t\t\t\t\t\t\t\t\t<p><strong>R\u00e9servez votre voiture de location maintenant et obtenez 10% de r\u00e9duction<\/strong> avec le code <strong>NEW25<\/strong>.<br \/>Uniquement sur notre site web et pour une dur\u00e9e limit\u00e9e.<\/p><p>Ne manquez pas cette offre exclusive ! Disponible pour toutes les r\u00e9servations en ligne. <br \/><strong>Non cumulable avec d&rsquo;autres promotions ou r\u00e9ductions Protur Club.<\/strong><\/p>\t\t\t\t\t\t\t\t<\/div>\n\t\t\t\t<\/div>\n\t\t\t\t<div class=\"elementor-element elementor-element-6d15774 elementor-align-center elementor-widget elementor-widget-button\" data-id=\"6d15774\" data-element_type=\"widget\" data-e-type=\"widget\" data-widget_type=\"button.default\">\n\t\t\t\t<div class=\"elementor-widget-container\">\n\t\t\t\t\t\t\t\t\t<div class=\"elementor-button-wrapper\">\n\t\t\t\t\t<a class=\"elementor-button elementor-button-link elementor-size-sm\" href=\"\/fr\/meilleur-prix-garanti-chez-protur-cars\/\">\n\t\t\t\t\t\t<span class=\"elementor-button-content-wrapper\">\n\t\t\t\t\t\t\t\t\t<span class=\"elementor-button-text\">VOIR L'OFFRE<\/span>\n\t\t\t\t\t<\/span>\n\t\t\t\t\t<\/a>\n\t\t\t\t<\/div>\n\t\t\t\t\t\t\t\t<\/div>\n\t\t\t\t<\/div>\n\t\t\t\t\t<\/div>\n\t\t<\/div>\n\t\t\t\t\t<\/div>\n\t\t<\/section>\n\t\t\t\t<section class=\"elementor-section elementor-top-section elementor-element elementor-element-1e8a5c7 elementor-section-boxed elementor-section-height-default elementor-section-height-default\" data-id=\"1e8a5c7\" data-element_type=\"section\" data-e-type=\"section\">\n\t\t\t\t\t\t<div class=\"elementor-container elementor-column-gap-default\">\n\t\t\t\t\t<div class=\"elementor-column elementor-col-100 elementor-top-column elementor-element elementor-element-cfd1de7\" data-id=\"cfd1de7\" data-element_type=\"column\" data-e-type=\"column\">\n\t\t\t<div class=\"elementor-widget-wrap elementor-element-populated\">\n\t\t\t\t\t\t<div class=\"elementor-element elementor-element-829b0a0 elementor-widget elementor-widget-spacer\" data-id=\"829b0a0\" data-element_type=\"widget\" data-e-type=\"widget\" data-widget_type=\"spacer.default\">\n\t\t\t\t<div class=\"elementor-widget-container\">\n\t\t\t\t\t\t\t<div class=\"elementor-spacer\">\n\t\t\t<div class=\"elementor-spacer-inner\"><\/div>\n\t\t<\/div>\n\t\t\t\t\t\t<\/div>\n\t\t\t\t<\/div>\n\t\t\t\t\t<\/div>\n\t\t<\/div>\n\t\t\t\t\t<\/div>\n\t\t<\/section>\n\t\t\t\t<\/div>\n\t\t","protected":false},"excerpt":{"rendered":"<p>Offres de location de voitures &#8211; R\u00e9ductions exclusives avec Protur Cars Les meilleures offres de location de voitures \u00e0 Sa Coma et Cala Millor. D\u00e9couvrez des tarifs exclusifs et des r\u00e9ductions sp\u00e9ciales sur notre large flotte de voitures. Que ce soit pour des vacances, un voyage d&rsquo;affaires ou une escapade, nos offres vous offriront la [&hellip;]<\/p>\n","protected":false},"author":1,"featured_media":3019,"parent":0,"menu_order":0,"comment_status":"closed","ping_status":"closed","template":"","meta":{"footnotes":""},"class_list":["post-3075","page","type-page","status-publish","has-post-thumbnail","hentry"],"yoast_head":"<!-- This site is optimized with the Yoast SEO plugin v27.4 - https:\/\/yoast.com\/product\/yoast-seo-wordpress\/ -->\n<title>Offres et Promotions | R\u00e9ductions Exclusives<\/title>\n<meta name=\"description\" content=\"Profitez de nos offres de location de voitures \u00e0 Sa Coma et Cala Millor. Tarifs exclusifs et r\u00e9ductions sp\u00e9ciales.\" \/>\n<meta name=\"robots\" content=\"index, follow, max-snippet:-1, max-image-preview:large, max-video-preview:-1\" \/>\n<link rel=\"canonical\" href=\"https:\/\/proturcars.com\/fr\/offres-et-promotions\/\" \/>\n<meta property=\"og:locale\" content=\"fr_FR\" \/>\n<meta property=\"og:type\" content=\"article\" \/>\n<meta property=\"og:title\" content=\"Offres et Promotions | R\u00e9ductions Exclusives\" \/>\n<meta property=\"og:description\" content=\"Profitez de nos offres de location de voitures \u00e0 Sa Coma et Cala Millor. Tarifs exclusifs et r\u00e9ductions sp\u00e9ciales.\" \/>\n<meta property=\"og:url\" content=\"https:\/\/proturcars.com\/fr\/offres-et-promotions\/\" \/>\n<meta property=\"og:site_name\" content=\"Alquiler de Coches en Cala Millor, Sa Coma y Cala Bona\" \/>\n<meta property=\"article:modified_time\" content=\"2026-03-10T14:51:20+00:00\" \/>\n<meta property=\"og:image\" content=\"https:\/\/proturcars.com\/wp-content\/uploads\/2024\/11\/ofertas-promociones-protur-cars.jpg\" \/>\n\t<meta property=\"og:image:width\" content=\"2427\" \/>\n\t<meta property=\"og:image:height\" content=\"700\" \/>\n\t<meta property=\"og:image:type\" content=\"image\/jpeg\" \/>\n<meta name=\"twitter:card\" content=\"summary_large_image\" \/>\n<meta name=\"twitter:label1\" content=\"Dur\u00e9e de lecture estim\u00e9e\" \/>\n\t<meta name=\"twitter:data1\" content=\"4 minutes\" \/>\n<script type=\"application\/ld+json\" class=\"yoast-schema-graph\">{\"@context\":\"https:\\\/\\\/schema.org\",\"@graph\":[{\"@type\":\"WebPage\",\"@id\":\"https:\\\/\\\/proturcars.com\\\/fr\\\/offres-et-promotions\\\/\",\"url\":\"https:\\\/\\\/proturcars.com\\\/fr\\\/offres-et-promotions\\\/\",\"name\":\"Offres et Promotions | R\u00e9ductions Exclusives\",\"isPartOf\":{\"@id\":\"https:\\\/\\\/proturcars.com\\\/fr\\\/#website\"},\"primaryImageOfPage\":{\"@id\":\"https:\\\/\\\/proturcars.com\\\/fr\\\/offres-et-promotions\\\/#primaryimage\"},\"image\":{\"@id\":\"https:\\\/\\\/proturcars.com\\\/fr\\\/offres-et-promotions\\\/#primaryimage\"},\"thumbnailUrl\":\"https:\\\/\\\/proturcars.com\\\/wp-content\\\/uploads\\\/2024\\\/11\\\/ofertas-promociones-protur-cars.jpg\",\"datePublished\":\"2024-10-28T14:49:17+00:00\",\"dateModified\":\"2026-03-10T14:51:20+00:00\",\"description\":\"Profitez de nos offres de location de voitures \u00e0 Sa Coma et Cala Millor. Tarifs exclusifs et r\u00e9ductions sp\u00e9ciales.\",\"breadcrumb\":{\"@id\":\"https:\\\/\\\/proturcars.com\\\/fr\\\/offres-et-promotions\\\/#breadcrumb\"},\"inLanguage\":\"fr-FR\",\"potentialAction\":[{\"@type\":\"ReadAction\",\"target\":[\"https:\\\/\\\/proturcars.com\\\/fr\\\/offres-et-promotions\\\/\"]}]},{\"@type\":\"ImageObject\",\"inLanguage\":\"fr-FR\",\"@id\":\"https:\\\/\\\/proturcars.com\\\/fr\\\/offres-et-promotions\\\/#primaryimage\",\"url\":\"https:\\\/\\\/proturcars.com\\\/wp-content\\\/uploads\\\/2024\\\/11\\\/ofertas-promociones-protur-cars.jpg\",\"contentUrl\":\"https:\\\/\\\/proturcars.com\\\/wp-content\\\/uploads\\\/2024\\\/11\\\/ofertas-promociones-protur-cars.jpg\",\"width\":2427,\"height\":700,\"caption\":\"Les meilleures offres de location de voitures \u00e0 Sa Coma et Cala Millor\"},{\"@type\":\"BreadcrumbList\",\"@id\":\"https:\\\/\\\/proturcars.com\\\/fr\\\/offres-et-promotions\\\/#breadcrumb\",\"itemListElement\":[{\"@type\":\"ListItem\",\"position\":1,\"name\":\"Portada\",\"item\":\"https:\\\/\\\/proturcars.com\\\/fr\\\/\"},{\"@type\":\"ListItem\",\"position\":2,\"name\":\"Offres et Promotions\"}]},{\"@type\":\"WebSite\",\"@id\":\"https:\\\/\\\/proturcars.com\\\/fr\\\/#website\",\"url\":\"https:\\\/\\\/proturcars.com\\\/fr\\\/\",\"name\":\"Alquiler de Coches en Cala Millor, Sa Coma y Cala Bona\",\"description\":\"Alquila coches en Cala Millor, Sa Coma, Cala Bona y S'Illot. Seguro sin franquicia, asistencia 24\\\/7 y kil&oacute;metros ilimitados\",\"publisher\":{\"@id\":\"https:\\\/\\\/proturcars.com\\\/fr\\\/#organization\"},\"alternateName\":\"Alquiler de Coches en Cala Millor, Sa Coma y Cala Bona\",\"potentialAction\":[{\"@type\":\"SearchAction\",\"target\":{\"@type\":\"EntryPoint\",\"urlTemplate\":\"https:\\\/\\\/proturcars.com\\\/fr\\\/?s={search_term_string}\"},\"query-input\":{\"@type\":\"PropertyValueSpecification\",\"valueRequired\":true,\"valueName\":\"search_term_string\"}}],\"inLanguage\":\"fr-FR\"},{\"@type\":\"Organization\",\"@id\":\"https:\\\/\\\/proturcars.com\\\/fr\\\/#organization\",\"name\":\"Protur Cars alquiler de coches en Cala Millor, Sa Coma y Cala Bona\",\"alternateName\":\"Protur Cars alquiler de coches\",\"url\":\"https:\\\/\\\/proturcars.com\\\/fr\\\/\",\"logo\":{\"@type\":\"ImageObject\",\"inLanguage\":\"fr-FR\",\"@id\":\"https:\\\/\\\/proturcars.com\\\/fr\\\/#\\\/schema\\\/logo\\\/image\\\/\",\"url\":\"https:\\\/\\\/proturcars.com\\\/wp-content\\\/uploads\\\/2024\\\/10\\\/cropped-proturcars-logo.webp\",\"contentUrl\":\"https:\\\/\\\/proturcars.com\\\/wp-content\\\/uploads\\\/2024\\\/10\\\/cropped-proturcars-logo.webp\",\"width\":500,\"height\":194,\"caption\":\"Protur Cars alquiler de coches en Cala Millor, Sa Coma y Cala Bona\"},\"image\":{\"@id\":\"https:\\\/\\\/proturcars.com\\\/fr\\\/#\\\/schema\\\/logo\\\/image\\\/\"}}]}<\/script>\n<!-- \/ Yoast SEO plugin. -->","yoast_head_json":{"title":"Offres et Promotions | R\u00e9ductions Exclusives","description":"Profitez de nos offres de location de voitures \u00e0 Sa Coma et Cala Millor. Tarifs exclusifs et r\u00e9ductions sp\u00e9ciales.","robots":{"index":"index","follow":"follow","max-snippet":"max-snippet:-1","max-image-preview":"max-image-preview:large","max-video-preview":"max-video-preview:-1"},"canonical":"https:\/\/proturcars.com\/fr\/offres-et-promotions\/","og_locale":"fr_FR","og_type":"article","og_title":"Offres et Promotions | R\u00e9ductions Exclusives","og_description":"Profitez de nos offres de location de voitures \u00e0 Sa Coma et Cala Millor. Tarifs exclusifs et r\u00e9ductions sp\u00e9ciales.","og_url":"https:\/\/proturcars.com\/fr\/offres-et-promotions\/","og_site_name":"Alquiler de Coches en Cala Millor, Sa Coma y Cala Bona","article_modified_time":"2026-03-10T14:51:20+00:00","og_image":[{"width":2427,"height":700,"url":"https:\/\/proturcars.com\/wp-content\/uploads\/2024\/11\/ofertas-promociones-protur-cars.jpg","type":"image\/jpeg"}],"twitter_card":"summary_large_image","twitter_misc":{"Dur\u00e9e de lecture estim\u00e9e":"4 minutes"},"schema":{"@context":"https:\/\/schema.org","@graph":[{"@type":"WebPage","@id":"https:\/\/proturcars.com\/fr\/offres-et-promotions\/","url":"https:\/\/proturcars.com\/fr\/offres-et-promotions\/","name":"Offres et Promotions | R\u00e9ductions Exclusives","isPartOf":{"@id":"https:\/\/proturcars.com\/fr\/#website"},"primaryImageOfPage":{"@id":"https:\/\/proturcars.com\/fr\/offres-et-promotions\/#primaryimage"},"image":{"@id":"https:\/\/proturcars.com\/fr\/offres-et-promotions\/#primaryimage"},"thumbnailUrl":"https:\/\/proturcars.com\/wp-content\/uploads\/2024\/11\/ofertas-promociones-protur-cars.jpg","datePublished":"2024-10-28T14:49:17+00:00","dateModified":"2026-03-10T14:51:20+00:00","description":"Profitez de nos offres de location de voitures \u00e0 Sa Coma et Cala Millor. Tarifs exclusifs et r\u00e9ductions sp\u00e9ciales.","breadcrumb":{"@id":"https:\/\/proturcars.com\/fr\/offres-et-promotions\/#breadcrumb"},"inLanguage":"fr-FR","potentialAction":[{"@type":"ReadAction","target":["https:\/\/proturcars.com\/fr\/offres-et-promotions\/"]}]},{"@type":"ImageObject","inLanguage":"fr-FR","@id":"https:\/\/proturcars.com\/fr\/offres-et-promotions\/#primaryimage","url":"https:\/\/proturcars.com\/wp-content\/uploads\/2024\/11\/ofertas-promociones-protur-cars.jpg","contentUrl":"https:\/\/proturcars.com\/wp-content\/uploads\/2024\/11\/ofertas-promociones-protur-cars.jpg","width":2427,"height":700,"caption":"Les meilleures offres de location de voitures \u00e0 Sa Coma et Cala Millor"},{"@type":"BreadcrumbList","@id":"https:\/\/proturcars.com\/fr\/offres-et-promotions\/#breadcrumb","itemListElement":[{"@type":"ListItem","position":1,"name":"Portada","item":"https:\/\/proturcars.com\/fr\/"},{"@type":"ListItem","position":2,"name":"Offres et Promotions"}]},{"@type":"WebSite","@id":"https:\/\/proturcars.com\/fr\/#website","url":"https:\/\/proturcars.com\/fr\/","name":"Alquiler de Coches en Cala Millor, Sa Coma y Cala Bona","description":"Alquila coches en Cala Millor, Sa Coma, Cala Bona y S'Illot. Seguro sin franquicia, asistencia 24\/7 y kil&oacute;metros ilimitados","publisher":{"@id":"https:\/\/proturcars.com\/fr\/#organization"},"alternateName":"Alquiler de Coches en Cala Millor, Sa Coma y Cala Bona","potentialAction":[{"@type":"SearchAction","target":{"@type":"EntryPoint","urlTemplate":"https:\/\/proturcars.com\/fr\/?s={search_term_string}"},"query-input":{"@type":"PropertyValueSpecification","valueRequired":true,"valueName":"search_term_string"}}],"inLanguage":"fr-FR"},{"@type":"Organization","@id":"https:\/\/proturcars.com\/fr\/#organization","name":"Protur Cars alquiler de coches en Cala Millor, Sa Coma y Cala Bona","alternateName":"Protur Cars alquiler de coches","url":"https:\/\/proturcars.com\/fr\/","logo":{"@type":"ImageObject","inLanguage":"fr-FR","@id":"https:\/\/proturcars.com\/fr\/#\/schema\/logo\/image\/","url":"https:\/\/proturcars.com\/wp-content\/uploads\/2024\/10\/cropped-proturcars-logo.webp","contentUrl":"https:\/\/proturcars.com\/wp-content\/uploads\/2024\/10\/cropped-proturcars-logo.webp","width":500,"height":194,"caption":"Protur Cars alquiler de coches en Cala Millor, Sa Coma y Cala Bona"},"image":{"@id":"https:\/\/proturcars.com\/fr\/#\/schema\/logo\/image\/"}}]}},"_links":{"self":[{"href":"https:\/\/proturcars.com\/fr\/wp-json\/wp\/v2\/pages\/3075","targetHints":{"allow":["GET"]}}],"collection":[{"href":"https:\/\/proturcars.com\/fr\/wp-json\/wp\/v2\/pages"}],"about":[{"href":"https:\/\/proturcars.com\/fr\/wp-json\/wp\/v2\/types\/page"}],"author":[{"embeddable":true,"href":"https:\/\/proturcars.com\/fr\/wp-json\/wp\/v2\/users\/1"}],"replies":[{"embeddable":true,"href":"https:\/\/proturcars.com\/fr\/wp-json\/wp\/v2\/comments?post=3075"}],"version-history":[{"count":15,"href":"https:\/\/proturcars.com\/fr\/wp-json\/wp\/v2\/pages\/3075\/revisions"}],"predecessor-version":[{"id":6855,"href":"https:\/\/proturcars.com\/fr\/wp-json\/wp\/v2\/pages\/3075\/revisions\/6855"}],"wp:featuredmedia":[{"embeddable":true,"href":"https:\/\/proturcars.com\/fr\/wp-json\/wp\/v2\/media\/3019"}],"wp:attachment":[{"href":"https:\/\/proturcars.com\/fr\/wp-json\/wp\/v2\/media?parent=3075"}],"curies":[{"name":"wp","href":"https:\/\/api.w.org\/{rel}","templated":true}]}}