{"id":3083,"date":"2019-01-08T12:29:28","date_gmt":"2019-01-08T12:29:28","guid":{"rendered":"https:\/\/proturcars.com\/CARS\/pack-protur-cars\/"},"modified":"2024-12-19T10:28:34","modified_gmt":"2024-12-19T10:28:34","slug":"pack-protur-cars","status":"publish","type":"page","link":"https:\/\/proturcars.com\/fr\/pack-protur-cars\/","title":{"rendered":"Pack Protur Cars"},"content":{"rendered":"\t\t<div data-elementor-type=\"wp-post\" data-elementor-id=\"3083\" class=\"elementor elementor-3083 elementor-181\" data-elementor-post-type=\"page\">\n\t\t\t\t\t\t<section class=\"elementor-section elementor-top-section elementor-element elementor-element-04322a8 elementor-section-full_width elementor-section-height-default elementor-section-height-default\" data-id=\"04322a8\" data-element_type=\"section\" data-e-type=\"section\">\n\t\t\t\t\t\t<div class=\"elementor-container elementor-column-gap-no\">\n\t\t\t\t\t<div class=\"elementor-column elementor-col-100 elementor-top-column elementor-element elementor-element-94e4a99\" data-id=\"94e4a99\" data-element_type=\"column\" data-e-type=\"column\">\n\t\t\t<div class=\"elementor-widget-wrap elementor-element-populated\">\n\t\t\t\t\t\t<div class=\"elementor-element elementor-element-7f3e72f elementor-hidden-tablet elementor-hidden-mobile elementor-widget elementor-widget-image\" data-id=\"7f3e72f\" data-element_type=\"widget\" data-e-type=\"widget\" data-widget_type=\"image.default\">\n\t\t\t\t<div class=\"elementor-widget-container\">\n\t\t\t\t\t\t\t\t\t\t\t\t\t\t\t<img fetchpriority=\"high\" decoding=\"async\" width=\"2427\" height=\"700\" src=\"https:\/\/proturcars.com\/wp-content\/uploads\/2024\/10\/pack-protur-cars-proteccion-total.jpg\" class=\"attachment-full size-full wp-image-2848\" alt=\"Protur Cars Paket mit umfassendem Schutz\" srcset=\"https:\/\/proturcars.com\/wp-content\/uploads\/2024\/10\/pack-protur-cars-proteccion-total.jpg 2427w, https:\/\/proturcars.com\/wp-content\/uploads\/2024\/10\/pack-protur-cars-proteccion-total-300x87.jpg 300w, https:\/\/proturcars.com\/wp-content\/uploads\/2024\/10\/pack-protur-cars-proteccion-total-1024x295.jpg 1024w, https:\/\/proturcars.com\/wp-content\/uploads\/2024\/10\/pack-protur-cars-proteccion-total-768x222.jpg 768w, https:\/\/proturcars.com\/wp-content\/uploads\/2024\/10\/pack-protur-cars-proteccion-total-1536x443.jpg 1536w, https:\/\/proturcars.com\/wp-content\/uploads\/2024\/10\/pack-protur-cars-proteccion-total-2048x591.jpg 2048w, https:\/\/proturcars.com\/wp-content\/uploads\/2024\/10\/pack-protur-cars-proteccion-total-370x107.jpg 370w, https:\/\/proturcars.com\/wp-content\/uploads\/2024\/10\/pack-protur-cars-proteccion-total-760x219.jpg 760w\" sizes=\"(max-width: 2427px) 100vw, 2427px\" \/>\t\t\t\t\t\t\t\t\t\t\t\t\t\t\t<\/div>\n\t\t\t\t<\/div>\n\t\t\t\t<div class=\"elementor-element elementor-element-2679768 elementor-hidden-desktop elementor-widget elementor-widget-image\" data-id=\"2679768\" data-element_type=\"widget\" data-e-type=\"widget\" data-widget_type=\"image.default\">\n\t\t\t\t<div class=\"elementor-widget-container\">\n\t\t\t\t\t\t\t\t\t\t\t\t\t\t\t<img decoding=\"async\" src=\"https:\/\/proturcars.com\/wp-content\/uploads\/elementor\/thumbs\/pack-protur-cars-proteccion-total-r267z0pftror6u1i6t0q2nhzf8vkd35yoiopmg6dlk.jpg\" title=\"Pack Protur Cars protecci\u00f3n total\" alt=\"Protur Cars Paket mit umfassendem Schutz\" loading=\"lazy\" \/>\t\t\t\t\t\t\t\t\t\t\t\t\t\t\t<\/div>\n\t\t\t\t<\/div>\n\t\t\t\t\t<\/div>\n\t\t<\/div>\n\t\t\t\t\t<\/div>\n\t\t<\/section>\n\t\t\t\t<section class=\"elementor-section elementor-top-section elementor-element elementor-element-0d5826e elementor-section-stretched elementor-section-full_width search-box elementor-section-height-default elementor-section-height-default\" data-id=\"0d5826e\" data-element_type=\"section\" data-e-type=\"section\" data-settings=\"{&quot;stretch_section&quot;:&quot;section-stretched&quot;,&quot;background_background&quot;:&quot;classic&quot;}\">\n\t\t\t\t\t\t<div class=\"elementor-container elementor-column-gap-no\">\n\t\t\t\t\t<div class=\"elementor-column elementor-col-100 elementor-top-column elementor-element elementor-element-37a8ab4\" data-id=\"37a8ab4\" data-element_type=\"column\" data-e-type=\"column\">\n\t\t\t<div class=\"elementor-widget-wrap elementor-element-populated\">\n\t\t\t\t\t\t<section class=\"elementor-section elementor-inner-section elementor-element elementor-element-6884aea elementor-section-full_width elementor-section-height-default elementor-section-height-default\" data-id=\"6884aea\" data-element_type=\"section\" data-e-type=\"section\" data-settings=\"{&quot;background_background&quot;:&quot;classic&quot;}\">\n\t\t\t\t\t\t<div class=\"elementor-container elementor-column-gap-no\">\n\t\t\t\t\t<div class=\"elementor-column elementor-col-100 elementor-inner-column elementor-element elementor-element-b87dd5c\" data-id=\"b87dd5c\" data-element_type=\"column\" data-e-type=\"column\">\n\t\t\t<div class=\"elementor-widget-wrap elementor-element-populated\">\n\t\t\t\t\t\t<div class=\"elementor-element elementor-element-e229266 elementor-widget elementor-widget-shortcode\" data-id=\"e229266\" data-element_type=\"widget\" data-e-type=\"widget\" data-widget_type=\"shortcode.default\">\n\t\t\t\t<div class=\"elementor-widget-container\">\n\t\t\t\t\t\t\t<div class=\"elementor-shortcode\"><div class=\"nrhsf-container rh-std-background rh-std-radius\">\n            <div class=\"nrhsf-form-container gs-container-fluid \">\n        <form class=\"renthub-search-form\" method=\"GET\" action=\"https:\/\/proturcars.com\/fr\/choisissez-votre-voiture-de-location\/\">\n            <div class=\"gs-row\">\n                \n                                        <input type=\"hidden\" id=\"rsf_type\" name=\"rsf_type\" value=\"\">\n                \n                <input type=\"hidden\" id=\"rsf_macro_type\" name=\"rsf_macro_type\" value=\"\">\n\n                <div class=\"nrhsf-pickup-container gs-cs-12 gs-cm-6 gs-cl-6 rh_details_show_right\">\n                    <div class=\"gs-fgroup\">\n                        <label>\n                                                            Lieux de prise en charge\n                                                    <\/label>\n                        <select required class=\"gs-fcontrol gs-hidden-sm\" id=\"rsf_pickup\" name=\"rsf_pickup\">\n                            <option value=\"\">- Choisir -<\/option>\n                                                            <option \n                                        value=\"4\" data-timetable=\"1\" data-dropoff-timetable=\"1\">Bureau Protur Cars de Cala Millor | Central<\/option>\n                                                            <option \n                                        value=\"6\" data-timetable=\"1\" data-dropoff-timetable=\"1\">Bureau Cala Millor Protur Cars | Sa M\u00e0niga<\/option>\n                                                            <option \n                                        value=\"5\" data-timetable=\"1\" data-dropoff-timetable=\"1\">Bureau Sa Coma Protur Cars | Savines<\/option>\n                                                            <option \n                                        value=\"1\" data-timetable=\"3\" data-dropoff-timetable=\"3\">Bureau Sa Coma Protur Cars | Club House<\/option>\n                                                            <option \n                                        value=\"8\" data-timetable=\"1\" data-dropoff-timetable=\"1\">Protur Alicia Hotel<\/option>\n                                                            <option \n                                        value=\"7\" data-timetable=\"1\" data-dropoff-timetable=\"1\">Protur Atalaya Apartamentos<\/option>\n                                                            <option \n                                        value=\"9\" data-timetable=\"1\" data-dropoff-timetable=\"1\">Protur Bad\u00eda Park Aparthotel<\/option>\n                                                            <option \n                                        value=\"10\" data-timetable=\"1\" data-dropoff-timetable=\"1\">Protur Biomar Sensatori Resort<\/option>\n                                                            <option \n                                        value=\"11\" data-timetable=\"1\" data-dropoff-timetable=\"1\">Protur Bonaire Aparthotel<\/option>\n                                                            <option \n                                        value=\"12\" data-timetable=\"1\" data-dropoff-timetable=\"1\">Protur Bonamar Hotel<\/option>\n                                                            <option \n                                        value=\"13\" data-timetable=\"1\" data-dropoff-timetable=\"1\">Protur Floriana Resort Aparthotel<\/option>\n                                                            <option \n                                        value=\"14\" data-timetable=\"1\" data-dropoff-timetable=\"1\">Protur Monte Safari Aparthotel<\/option>\n                                                            <option \n                                        value=\"15\" data-timetable=\"1\" data-dropoff-timetable=\"1\">Protur Palmeras Playa Hotel<\/option>\n                                                            <option \n                                        value=\"16\" data-timetable=\"1\" data-dropoff-timetable=\"1\">Protur Playa Cala Millor Hotel<\/option>\n                                                            <option \n                                        value=\"17\" data-timetable=\"1\" data-dropoff-timetable=\"1\">Protur Sa Coma Playa Hotel &amp; Spa<\/option>\n                                                            <option \n                                        value=\"18\" data-timetable=\"1\" data-dropoff-timetable=\"1\">Protur Safari Park Aparthotel<\/option>\n                                                            <option \n                                        value=\"20\" data-timetable=\"1\" data-dropoff-timetable=\"1\">H\u00f4tel Protur Tur\u00f3 Pins (exclusif pour les clients de l&#039;h\u00f4tel et location minimum de 3 jours)<\/option>\n                                                            <option \n                                        value=\"19\" data-timetable=\"1\" data-dropoff-timetable=\"1\">Protur Vista Bad\u00eda Aparthotel<\/option>\n                                                            <option \n                                        value=\"21\" data-timetable=\"1\" data-dropoff-timetable=\"1\">Restaurante - Residencia Son Floriana<\/option>\n                                                            <option \n                                        value=\"24\" data-timetable=\"2\" data-dropoff-timetable=\"2\">Hotel Club S&#039;Illot<\/option>\n                                                            <option \n                                        value=\"3\" data-timetable=\"1\" data-dropoff-timetable=\"1\">Aeropuerto de Palma de Mallorca<\/option>\n                                                    <\/select>\n                        <div class=\"location_input\">\n                                                        <input type=\"text\" required class=\"gs-fcontrol rsf_pickup_input\" name=\"rsf_pickup_input\" id=\"rsf_pickup_input\" autocomplete=\"off\" placeholder=\"Lieux de prise en charge\" value=\"\" \/>\n                                                    <\/div>\n                        <div class=\"rh_location_results\" id=\"rh_location_results\">\n                            <ul class=\"rh_pickup_locations\">\n                                                            <li data-id=\"4\" data-timetable=\"1\" data-dropoff-timetable=\"1\">\n                                    <span class=\"rh_loc_label\">Bureau Protur Cars de Cala Millor | Central<\/span>\n                                                                        <div class=\"rh_loc_more_info\"><span class=\"rh_info_open\">+<\/span> Infos<\/div>\n                                                                        <span class=\"rh_loc_icon\">\n                                                                                    <i class=\"fa fa-building\"><\/i>\n                                                                            <\/span>\n                                                                        <div class=\"rh_location-data\">\n                                        <div class=\"rh_loc_name_address\">\n                                            <h3 class=\"rh_loc_name\">Bureau Protur Cars de Cala Millor | Central<\/h3>\n                                        <\/div>\n\n                                        <div class=\"rh_loc_other_info\">\n                                                                                        <p>\n                                                                                                Carrer de sa Roca \n                                                \n                                                                                                2, \n                                                                                                \n                                            <\/p>\n                                            \n                                                                                        <p>\n                                                                                                Sant Lloren\u00e7 des Cardassar, \n                                                \n                                                                                                PM, \n                                                \n                                                                                                07530, \n                                                \n                                                                                                ES\n                                                                                            <\/p>\n                                            \n                                                                                        <p><a href=\"https:\/\/www.google.com\/maps?q=39.5939717,3.3795364\" target=\"_blank\"><i class=\"fa fa-map\"><\/i> Voir carte<\/a><\/p>\n                                            \n                                            <a href=\"javascript:void(0);\" class=\"rh_loc-select rh-std-background\">S\u00e9lectionner <\/a>\n                                        <\/div>\n                                                                                                                    <\/div>\n                                                                    <\/li>\n                                                            <li data-id=\"6\" data-timetable=\"1\" data-dropoff-timetable=\"1\">\n                                    <span class=\"rh_loc_label\">Bureau Cala Millor Protur Cars | Sa M\u00e0niga<\/span>\n                                                                        <div class=\"rh_loc_more_info\"><span class=\"rh_info_open\">+<\/span> Infos<\/div>\n                                                                        <span class=\"rh_loc_icon\">\n                                                                                    <i class=\"fa fa-building\"><\/i>\n                                                                            <\/span>\n                                                                        <div class=\"rh_location-data\">\n                                        <div class=\"rh_loc_name_address\">\n                                            <h3 class=\"rh_loc_name\">Bureau Cala Millor Protur Cars | Sa M\u00e0niga<\/h3>\n                                        <\/div>\n\n                                        <div class=\"rh_loc_other_info\">\n                                                                                        <p>\n                                                                                                Avinguda sa Coma \n                                                \n                                                                                                14, \n                                                                                                \n                                            <\/p>\n                                            \n                                                                                        <p>\n                                                                                                Sant Lloren\u00e7 des Cardassar, \n                                                \n                                                                                                PM, \n                                                \n                                                                                                07560, \n                                                \n                                                                                                ES\n                                                                                            <\/p>\n                                            \n                                                                                        <p><a href=\"https:\/\/www.google.com\/maps?q=39.5935766,3.3825542\" target=\"_blank\"><i class=\"fa fa-map\"><\/i> Voir carte<\/a><\/p>\n                                            \n                                            <a href=\"javascript:void(0);\" class=\"rh_loc-select rh-std-background\">S\u00e9lectionner <\/a>\n                                        <\/div>\n                                                                                                                    <\/div>\n                                                                    <\/li>\n                                                            <li data-id=\"5\" data-timetable=\"1\" data-dropoff-timetable=\"1\">\n                                    <span class=\"rh_loc_label\">Bureau Sa Coma Protur Cars | Savines<\/span>\n                                                                        <div class=\"rh_loc_more_info\"><span class=\"rh_info_open\">+<\/span> Infos<\/div>\n                                                                        <span class=\"rh_loc_icon\">\n                                                                                    <i class=\"fa fa-building\"><\/i>\n                                                                            <\/span>\n                                                                        <div class=\"rh_location-data\">\n                                        <div class=\"rh_loc_name_address\">\n                                            <h3 class=\"rh_loc_name\">Bureau Sa Coma Protur Cars | Savines<\/h3>\n                                        <\/div>\n\n                                        <div class=\"rh_loc_other_info\">\n                                                                                        <p>\n                                                                                                Carrer Atzeroles \n                                                \n                                                                                                2, \n                                                                                                \n                                            <\/p>\n                                            \n                                                                                        <p>\n                                                                                                Son Servera, \n                                                \n                                                                                                PM, \n                                                \n                                                                                                07560, \n                                                \n                                                                                                ES\n                                                                                            <\/p>\n                                            \n                                                                                        <p><a href=\"https:\/\/www.google.com\/maps?q=39.5708185,3.373305\" target=\"_blank\"><i class=\"fa fa-map\"><\/i> Voir carte<\/a><\/p>\n                                            \n                                            <a href=\"javascript:void(0);\" class=\"rh_loc-select rh-std-background\">S\u00e9lectionner <\/a>\n                                        <\/div>\n                                                                                                                    <\/div>\n                                                                    <\/li>\n                                                            <li data-id=\"1\" data-timetable=\"3\" data-dropoff-timetable=\"3\">\n                                    <span class=\"rh_loc_label\">Bureau Sa Coma Protur Cars | Club House<\/span>\n                                                                        <div class=\"rh_loc_more_info\"><span class=\"rh_info_open\">+<\/span> Infos<\/div>\n                                                                        <span class=\"rh_loc_icon\">\n                                                                                    <i class=\"fa fa-building\"><\/i>\n                                                                            <\/span>\n                                                                        <div class=\"rh_location-data\">\n                                        <div class=\"rh_loc_name_address\">\n                                            <h3 class=\"rh_loc_name\">Bureau Sa Coma Protur Cars | Club House<\/h3>\n                                        <\/div>\n\n                                        <div class=\"rh_loc_other_info\">\n                                                                                        <p>\n                                                                                                Carrer de les Mimoses \n                                                \n                                                                                                4, \n                                                                                                \n                                            <\/p>\n                                            \n                                                                                        <p>\n                                                                                                Sant Lloren\u00e7 des Cardassar, \n                                                \n                                                                                                Illes Balears, \n                                                \n                                                                                                07560, \n                                                \n                                                                                                ES\n                                                                                            <\/p>\n                                            \n                                                                                        <p><a href=\"https:\/\/www.google.com\/maps?q=39.5828795,3.3752794\" target=\"_blank\"><i class=\"fa fa-map\"><\/i> Voir carte<\/a><\/p>\n                                            \n                                            <a href=\"javascript:void(0);\" class=\"rh_loc-select rh-std-background\">S\u00e9lectionner <\/a>\n                                        <\/div>\n                                                                                                                        <div class=\"rh_loc_desc\">\n                                            <h3>Description<\/h3>\n                                            <p>Oficina abierta solo por las ma\u00f1anas en horario de 08.00 h a 12.00 h; domingos cerrado.<\/p>\n                                        <\/div>\n                                                                            <\/div>\n                                                                    <\/li>\n                                                            <li data-id=\"8\" data-timetable=\"1\" data-dropoff-timetable=\"1\">\n                                    <span class=\"rh_loc_label\">Protur Alicia Hotel<\/span>\n                                                                        <div class=\"rh_loc_more_info\"><span class=\"rh_info_open\">+<\/span> Infos<\/div>\n                                                                        <span class=\"rh_loc_icon\">\n                                                                                    <i class=\"fa fa-building\"><\/i>\n                                                                            <\/span>\n                                                                        <div class=\"rh_location-data\">\n                                        <div class=\"rh_loc_name_address\">\n                                            <h3 class=\"rh_loc_name\">Protur Alicia Hotel<\/h3>\n                                        <\/div>\n\n                                        <div class=\"rh_loc_other_info\">\n                                                                                        <p>\n                                                                                                Carrer na Llambies \n                                                \n                                                                                                26, \n                                                                                                \n                                            <\/p>\n                                            \n                                                                                        <p>\n                                                                                                Son Servera, \n                                                \n                                                                                                PM, \n                                                \n                                                                                                07559, \n                                                \n                                                                                                ES\n                                                                                            <\/p>\n                                            \n                                                                                        <p><a href=\"https:\/\/www.google.com\/maps?q=39.6090814,3.3896632\" target=\"_blank\"><i class=\"fa fa-map\"><\/i> Voir carte<\/a><\/p>\n                                            \n                                            <a href=\"javascript:void(0);\" class=\"rh_loc-select rh-std-background\">S\u00e9lectionner <\/a>\n                                        <\/div>\n                                                                                                                    <\/div>\n                                                                    <\/li>\n                                                            <li data-id=\"7\" data-timetable=\"1\" data-dropoff-timetable=\"1\">\n                                    <span class=\"rh_loc_label\">Protur Atalaya Apartamentos<\/span>\n                                                                        <div class=\"rh_loc_more_info\"><span class=\"rh_info_open\">+<\/span> Infos<\/div>\n                                                                        <span class=\"rh_loc_icon\">\n                                                                                    <i class=\"fa fa-building\"><\/i>\n                                                                            <\/span>\n                                                                        <div class=\"rh_location-data\">\n                                        <div class=\"rh_loc_name_address\">\n                                            <h3 class=\"rh_loc_name\">Protur Atalaya Apartamentos<\/h3>\n                                        <\/div>\n\n                                        <div class=\"rh_loc_other_info\">\n                                                                                        <p>\n                                                                                                Carrer Sol Naixent \n                                                \n                                                                                                s\/n, \n                                                                                                \n                                            <\/p>\n                                            \n                                                                                        <p>\n                                                                                                Sant Lloren\u00e7 des Cardassar, \n                                                \n                                                                                                PM, \n                                                \n                                                \n                                                                                                ES\n                                                                                            <\/p>\n                                            \n                                                                                        <p><a href=\"https:\/\/www.google.com\/maps?q=39.600578,3.3829411\" target=\"_blank\"><i class=\"fa fa-map\"><\/i> Voir carte<\/a><\/p>\n                                            \n                                            <a href=\"javascript:void(0);\" class=\"rh_loc-select rh-std-background\">S\u00e9lectionner <\/a>\n                                        <\/div>\n                                                                                                                    <\/div>\n                                                                    <\/li>\n                                                            <li data-id=\"9\" data-timetable=\"1\" data-dropoff-timetable=\"1\">\n                                    <span class=\"rh_loc_label\">Protur Bad\u00eda Park Aparthotel<\/span>\n                                                                        <div class=\"rh_loc_more_info\"><span class=\"rh_info_open\">+<\/span> Infos<\/div>\n                                                                        <span class=\"rh_loc_icon\">\n                                                                                    <i class=\"fa fa-building\"><\/i>\n                                                                            <\/span>\n                                                                        <div class=\"rh_location-data\">\n                                        <div class=\"rh_loc_name_address\">\n                                            <h3 class=\"rh_loc_name\">Protur Bad\u00eda Park Aparthotel<\/h3>\n                                        <\/div>\n\n                                        <div class=\"rh_loc_other_info\">\n                                                                                        <p>\n                                                                                                Avinguda de ses Palmeres \n                                                \n                                                                                                6, \n                                                                                                \n                                            <\/p>\n                                            \n                                                                                        <p>\n                                                                                                Sant Lloren\u00e7 des Cardassar, \n                                                \n                                                                                                PM, \n                                                \n                                                                                                07560, \n                                                \n                                                                                                ES\n                                                                                            <\/p>\n                                            \n                                                                                        <p><a href=\"https:\/\/www.google.com\/maps?q=39.579362,3.37458\" target=\"_blank\"><i class=\"fa fa-map\"><\/i> Voir carte<\/a><\/p>\n                                            \n                                            <a href=\"javascript:void(0);\" class=\"rh_loc-select rh-std-background\">S\u00e9lectionner <\/a>\n                                        <\/div>\n                                                                                                                    <\/div>\n                                                                    <\/li>\n                                                            <li data-id=\"10\" data-timetable=\"1\" data-dropoff-timetable=\"1\">\n                                    <span class=\"rh_loc_label\">Protur Biomar Sensatori Resort<\/span>\n                                                                        <div class=\"rh_loc_more_info\"><span class=\"rh_info_open\">+<\/span> Infos<\/div>\n                                                                        <span class=\"rh_loc_icon\">\n                                                                                    <i class=\"fa fa-building\"><\/i>\n                                                                            <\/span>\n                                                                        <div class=\"rh_location-data\">\n                                        <div class=\"rh_loc_name_address\">\n                                            <h3 class=\"rh_loc_name\">Protur Biomar Sensatori Resort<\/h3>\n                                        <\/div>\n\n                                        <div class=\"rh_loc_other_info\">\n                                                                                        <p>\n                                                                                                Carrer dels Baladres \n                                                \n                                                                                                5, \n                                                                                                \n                                            <\/p>\n                                            \n                                                                                        <p>\n                                                                                                Sant Lloren\u00e7 des Cardassar, \n                                                \n                                                                                                PM, \n                                                \n                                                                                                07560, \n                                                \n                                                                                                ES\n                                                                                            <\/p>\n                                            \n                                                                                        <p><a href=\"https:\/\/www.google.com\/maps?q=39.5805769,3.3793518\" target=\"_blank\"><i class=\"fa fa-map\"><\/i> Voir carte<\/a><\/p>\n                                            \n                                            <a href=\"javascript:void(0);\" class=\"rh_loc-select rh-std-background\">S\u00e9lectionner <\/a>\n                                        <\/div>\n                                                                                                                    <\/div>\n                                                                    <\/li>\n                                                            <li data-id=\"11\" data-timetable=\"1\" data-dropoff-timetable=\"1\">\n                                    <span class=\"rh_loc_label\">Protur Bonaire Aparthotel<\/span>\n                                                                        <div class=\"rh_loc_more_info\"><span class=\"rh_info_open\">+<\/span> Infos<\/div>\n                                                                        <span class=\"rh_loc_icon\">\n                                                                                    <i class=\"fa fa-building\"><\/i>\n                                                                            <\/span>\n                                                                        <div class=\"rh_location-data\">\n                                        <div class=\"rh_loc_name_address\">\n                                            <h3 class=\"rh_loc_name\">Protur Bonaire Aparthotel<\/h3>\n                                        <\/div>\n\n                                        <div class=\"rh_loc_other_info\">\n                                                                                        <p>\n                                                                                                Passeig Pintor Miquel Vives \n                                                \n                                                                                                29, \n                                                                                                \n                                            <\/p>\n                                            \n                                                                                        <p>\n                                                                                                Son Servera, \n                                                \n                                                                                                PM, \n                                                \n                                                                                                07559, \n                                                \n                                                                                                ES\n                                                                                            <\/p>\n                                            \n                                                                                        <p><a href=\"https:\/\/www.google.com\/maps?q=39.6178377,3.3900255\" target=\"_blank\"><i class=\"fa fa-map\"><\/i> Voir carte<\/a><\/p>\n                                            \n                                            <a href=\"javascript:void(0);\" class=\"rh_loc-select rh-std-background\">S\u00e9lectionner <\/a>\n                                        <\/div>\n                                                                                                                    <\/div>\n                                                                    <\/li>\n                                                            <li data-id=\"12\" data-timetable=\"1\" data-dropoff-timetable=\"1\">\n                                    <span class=\"rh_loc_label\">Protur Bonamar Hotel<\/span>\n                                                                        <div class=\"rh_loc_more_info\"><span class=\"rh_info_open\">+<\/span> Infos<\/div>\n                                                                        <span class=\"rh_loc_icon\">\n                                                                                    <i class=\"fa fa-building\"><\/i>\n                                                                            <\/span>\n                                                                        <div class=\"rh_location-data\">\n                                        <div class=\"rh_loc_name_address\">\n                                            <h3 class=\"rh_loc_name\">Protur Bonamar Hotel<\/h3>\n                                        <\/div>\n\n                                        <div class=\"rh_loc_other_info\">\n                                                                                        <p>\n                                                                                                Carrer na Llambies \n                                                \n                                                                                                \n                                            <\/p>\n                                            \n                                                                                        <p>\n                                                                                                Sant Lloren\u00e7 des Cardassar, \n                                                \n                                                                                                PM, \n                                                \n                                                                                                07560, \n                                                \n                                                                                                ES\n                                                                                            <\/p>\n                                            \n                                                                                        <p><a href=\"https:\/\/www.google.com\/maps?q=39.606793,3.3880689\" target=\"_blank\"><i class=\"fa fa-map\"><\/i> Voir carte<\/a><\/p>\n                                            \n                                            <a href=\"javascript:void(0);\" class=\"rh_loc-select rh-std-background\">S\u00e9lectionner <\/a>\n                                        <\/div>\n                                                                                                                    <\/div>\n                                                                    <\/li>\n                                                            <li data-id=\"13\" data-timetable=\"1\" data-dropoff-timetable=\"1\">\n                                    <span class=\"rh_loc_label\">Protur Floriana Resort Aparthotel<\/span>\n                                                                        <div class=\"rh_loc_more_info\"><span class=\"rh_info_open\">+<\/span> Infos<\/div>\n                                                                        <span class=\"rh_loc_icon\">\n                                                                                    <i class=\"fa fa-building\"><\/i>\n                                                                            <\/span>\n                                                                        <div class=\"rh_location-data\">\n                                        <div class=\"rh_loc_name_address\">\n                                            <h3 class=\"rh_loc_name\">Protur Floriana Resort Aparthotel<\/h3>\n                                        <\/div>\n\n                                        <div class=\"rh_loc_other_info\">\n                                                                                        <p>\n                                                                                                carrer de ses joanetes \n                                                \n                                                                                                s\/n, \n                                                                                                \n                                            <\/p>\n                                            \n                                                                                        <p>\n                                                                                                Son Servera, \n                                                \n                                                                                                Illes Balears, \n                                                \n                                                                                                07559, \n                                                \n                                                                                                ES\n                                                                                            <\/p>\n                                            \n                                                                                        <p><a href=\"https:\/\/www.google.com\/maps?q=39.6123,3.38586\" target=\"_blank\"><i class=\"fa fa-map\"><\/i> Voir carte<\/a><\/p>\n                                            \n                                            <a href=\"javascript:void(0);\" class=\"rh_loc-select rh-std-background\">S\u00e9lectionner <\/a>\n                                        <\/div>\n                                                                                                                    <\/div>\n                                                                    <\/li>\n                                                            <li data-id=\"14\" data-timetable=\"1\" data-dropoff-timetable=\"1\">\n                                    <span class=\"rh_loc_label\">Protur Monte Safari Aparthotel<\/span>\n                                                                        <div class=\"rh_loc_more_info\"><span class=\"rh_info_open\">+<\/span> Infos<\/div>\n                                                                        <span class=\"rh_loc_icon\">\n                                                                                    <i class=\"fa fa-building\"><\/i>\n                                                                            <\/span>\n                                                                        <div class=\"rh_location-data\">\n                                        <div class=\"rh_loc_name_address\">\n                                            <h3 class=\"rh_loc_name\">Protur Monte Safari Aparthotel<\/h3>\n                                        <\/div>\n\n                                        <div class=\"rh_loc_other_info\">\n                                                                                        <p>\n                                                                                                Carretera Porto Cristo-Son Servera \n                                                \n                                                                                                s\/n, \n                                                                                                \n                                            <\/p>\n                                            \n                                                                                        <p>\n                                                                                                Sant Lloren\u00e7 des Cardassar, \n                                                \n                                                                                                PM, \n                                                \n                                                                                                07560, \n                                                \n                                                                                                ES\n                                                                                            <\/p>\n                                            \n                                                                                        <p><a href=\"https:\/\/www.google.com\/maps?q=39.5987984,3.3679956\" target=\"_blank\"><i class=\"fa fa-map\"><\/i> Voir carte<\/a><\/p>\n                                            \n                                            <a href=\"javascript:void(0);\" class=\"rh_loc-select rh-std-background\">S\u00e9lectionner <\/a>\n                                        <\/div>\n                                                                                                                    <\/div>\n                                                                    <\/li>\n                                                            <li data-id=\"15\" data-timetable=\"1\" data-dropoff-timetable=\"1\">\n                                    <span class=\"rh_loc_label\">Protur Palmeras Playa Hotel<\/span>\n                                                                        <div class=\"rh_loc_more_info\"><span class=\"rh_info_open\">+<\/span> Infos<\/div>\n                                                                        <span class=\"rh_loc_icon\">\n                                                                                    <i class=\"fa fa-building\"><\/i>\n                                                                            <\/span>\n                                                                        <div class=\"rh_location-data\">\n                                        <div class=\"rh_loc_name_address\">\n                                            <h3 class=\"rh_loc_name\">Protur Palmeras Playa Hotel<\/h3>\n                                        <\/div>\n\n                                        <div class=\"rh_loc_other_info\">\n                                                                                        <p>\n                                                                                                Avinguda de les Savines \n                                                \n                                                                                                \n                                            <\/p>\n                                            \n                                                                                        <p>\n                                                                                                Sant Lloren\u00e7 des Cardassar, \n                                                \n                                                                                                PM, \n                                                \n                                                                                                07560, \n                                                \n                                                                                                ES\n                                                                                            <\/p>\n                                            \n                                                                                        <p><a href=\"https:\/\/www.google.com\/maps?q=39.5704256,3.3731303\" target=\"_blank\"><i class=\"fa fa-map\"><\/i> Voir carte<\/a><\/p>\n                                            \n                                            <a href=\"javascript:void(0);\" class=\"rh_loc-select rh-std-background\">S\u00e9lectionner <\/a>\n                                        <\/div>\n                                                                                                                    <\/div>\n                                                                    <\/li>\n                                                            <li data-id=\"16\" data-timetable=\"1\" data-dropoff-timetable=\"1\">\n                                    <span class=\"rh_loc_label\">Protur Playa Cala Millor Hotel<\/span>\n                                                                        <div class=\"rh_loc_more_info\"><span class=\"rh_info_open\">+<\/span> Infos<\/div>\n                                                                        <span class=\"rh_loc_icon\">\n                                                                                    <i class=\"fa fa-building\"><\/i>\n                                                                            <\/span>\n                                                                        <div class=\"rh_location-data\">\n                                        <div class=\"rh_loc_name_address\">\n                                            <h3 class=\"rh_loc_name\">Protur Playa Cala Millor Hotel<\/h3>\n                                        <\/div>\n\n                                        <div class=\"rh_loc_other_info\">\n                                                                                        <p>\n                                                                                                Carrer Platja Cala Millor \n                                                \n                                                                                                1, \n                                                                                                \n                                            <\/p>\n                                            \n                                                                                        <p>\n                                                                                                Sant Lloren\u00e7 des Cardassar, \n                                                \n                                                                                                PM, \n                                                \n                                                                                                07560, \n                                                \n                                                                                                ES\n                                                                                            <\/p>\n                                            \n                                                                                        <p><a href=\"https:\/\/www.google.com\/maps?q=39.5933038,3.3833273\" target=\"_blank\"><i class=\"fa fa-map\"><\/i> Voir carte<\/a><\/p>\n                                            \n                                            <a href=\"javascript:void(0);\" class=\"rh_loc-select rh-std-background\">S\u00e9lectionner <\/a>\n                                        <\/div>\n                                                                                                                    <\/div>\n                                                                    <\/li>\n                                                            <li data-id=\"17\" data-timetable=\"1\" data-dropoff-timetable=\"1\">\n                                    <span class=\"rh_loc_label\">Protur Sa Coma Playa Hotel &amp; Spa<\/span>\n                                                                        <div class=\"rh_loc_more_info\"><span class=\"rh_info_open\">+<\/span> Infos<\/div>\n                                                                        <span class=\"rh_loc_icon\">\n                                                                                    <i class=\"fa fa-building\"><\/i>\n                                                                            <\/span>\n                                                                        <div class=\"rh_location-data\">\n                                        <div class=\"rh_loc_name_address\">\n                                            <h3 class=\"rh_loc_name\">Protur Sa Coma Playa Hotel &amp; Spa<\/h3>\n                                        <\/div>\n\n                                        <div class=\"rh_loc_other_info\">\n                                                                                        <p>\n                                                                                                Carrer Eucaliptus \n                                                \n                                                                                                \n                                            <\/p>\n                                            \n                                                                                        <p>\n                                                                                                Sant Lloren\u00e7 des Cardassar, \n                                                \n                                                                                                PM, \n                                                \n                                                                                                07560, \n                                                \n                                                                                                ES\n                                                                                            <\/p>\n                                            \n                                                                                        <p><a href=\"https:\/\/www.google.com\/maps?q=39.580986,3.3774187\" target=\"_blank\"><i class=\"fa fa-map\"><\/i> Voir carte<\/a><\/p>\n                                            \n                                            <a href=\"javascript:void(0);\" class=\"rh_loc-select rh-std-background\">S\u00e9lectionner <\/a>\n                                        <\/div>\n                                                                                                                    <\/div>\n                                                                    <\/li>\n                                                            <li data-id=\"18\" data-timetable=\"1\" data-dropoff-timetable=\"1\">\n                                    <span class=\"rh_loc_label\">Protur Safari Park Aparthotel<\/span>\n                                                                        <div class=\"rh_loc_more_info\"><span class=\"rh_info_open\">+<\/span> Infos<\/div>\n                                                                        <span class=\"rh_loc_icon\">\n                                                                                    <i class=\"fa fa-building\"><\/i>\n                                                                            <\/span>\n                                                                        <div class=\"rh_location-data\">\n                                        <div class=\"rh_loc_name_address\">\n                                            <h3 class=\"rh_loc_name\">Protur Safari Park Aparthotel<\/h3>\n                                        <\/div>\n\n                                        <div class=\"rh_loc_other_info\">\n                                                                                        <p>\n                                                                                                Carrer Liles \n                                                \n                                                                                                S\/N, \n                                                                                                \n                                            <\/p>\n                                            \n                                                                                        <p>\n                                                                                                Sant Lloren\u00e7 des Cardassar, \n                                                \n                                                                                                PM, \n                                                \n                                                                                                07530, \n                                                \n                                                                                                ES\n                                                                                            <\/p>\n                                            \n                                                                                        <p><a href=\"https:\/\/www.google.com\/maps?q=39.5812285,3.3765857\" target=\"_blank\"><i class=\"fa fa-map\"><\/i> Voir carte<\/a><\/p>\n                                            \n                                            <a href=\"javascript:void(0);\" class=\"rh_loc-select rh-std-background\">S\u00e9lectionner <\/a>\n                                        <\/div>\n                                                                                                                    <\/div>\n                                                                    <\/li>\n                                                            <li data-id=\"20\" data-timetable=\"1\" data-dropoff-timetable=\"1\">\n                                    <span class=\"rh_loc_label\">H\u00f4tel Protur Tur\u00f3 Pins (exclusif pour les clients de l&#039;h\u00f4tel et location minimum de 3 jours)<\/span>\n                                                                        <div class=\"rh_loc_more_info\"><span class=\"rh_info_open\">+<\/span> Infos<\/div>\n                                                                        <span class=\"rh_loc_icon\">\n                                                                                    <i class=\"fa fa-building\"><\/i>\n                                                                            <\/span>\n                                                                        <div class=\"rh_location-data\">\n                                        <div class=\"rh_loc_name_address\">\n                                            <h3 class=\"rh_loc_name\">H\u00f4tel Protur Tur\u00f3 Pins (exclusif pour les clients de l&#039;h\u00f4tel et location minimum de 3 jours)<\/h3>\n                                        <\/div>\n\n                                        <div class=\"rh_loc_other_info\">\n                                                                                        <p>\n                                                                                                Carrer de na Lliteres \n                                                \n                                                                                                \n                                            <\/p>\n                                            \n                                                                                        <p>\n                                                                                                Capdepera, \n                                                \n                                                                                                PM, \n                                                \n                                                                                                07590, \n                                                \n                                                                                                ES\n                                                                                            <\/p>\n                                            \n                                                                                        <p><a href=\"https:\/\/www.google.com\/maps?q=39.718003,3.463763\" target=\"_blank\"><i class=\"fa fa-map\"><\/i> Voir carte<\/a><\/p>\n                                            \n                                            <a href=\"javascript:void(0);\" class=\"rh_loc-select rh-std-background\">S\u00e9lectionner <\/a>\n                                        <\/div>\n                                                                                                                        <div class=\"rh_loc_desc\">\n                                            <h3>Description<\/h3>\n                                            <p>(exclusif pour les clients de l'h\u00f4tel et location minimum de 3 jours)<\/p>\n                                        <\/div>\n                                                                            <\/div>\n                                                                    <\/li>\n                                                            <li data-id=\"19\" data-timetable=\"1\" data-dropoff-timetable=\"1\">\n                                    <span class=\"rh_loc_label\">Protur Vista Bad\u00eda Aparthotel<\/span>\n                                                                        <div class=\"rh_loc_more_info\"><span class=\"rh_info_open\">+<\/span> Infos<\/div>\n                                                                        <span class=\"rh_loc_icon\">\n                                                                                    <i class=\"fa fa-building\"><\/i>\n                                                                            <\/span>\n                                                                        <div class=\"rh_location-data\">\n                                        <div class=\"rh_loc_name_address\">\n                                            <h3 class=\"rh_loc_name\">Protur Vista Bad\u00eda Aparthotel<\/h3>\n                                        <\/div>\n\n                                        <div class=\"rh_loc_other_info\">\n                                                                                        <p>\n                                                                                                Carrer Xiprers \n                                                \n                                                                                                \n                                            <\/p>\n                                            \n                                                                                        <p>\n                                                                                                Sant Lloren\u00e7 des Cardassar, \n                                                \n                                                                                                PM, \n                                                \n                                                                                                07560, \n                                                \n                                                                                                ES\n                                                                                            <\/p>\n                                            \n                                                                                        <p><a href=\"https:\/\/www.google.com\/maps?q=39.5801659,3.3768804\" target=\"_blank\"><i class=\"fa fa-map\"><\/i> Voir carte<\/a><\/p>\n                                            \n                                            <a href=\"javascript:void(0);\" class=\"rh_loc-select rh-std-background\">S\u00e9lectionner <\/a>\n                                        <\/div>\n                                                                                                                    <\/div>\n                                                                    <\/li>\n                                                            <li data-id=\"21\" data-timetable=\"1\" data-dropoff-timetable=\"1\">\n                                    <span class=\"rh_loc_label\">Restaurante - Residencia Son Floriana<\/span>\n                                                                        <div class=\"rh_loc_more_info\"><span class=\"rh_info_open\">+<\/span> Infos<\/div>\n                                                                        <span class=\"rh_loc_icon\">\n                                                                                    <i class=\"fa fa-building\"><\/i>\n                                                                            <\/span>\n                                                                        <div class=\"rh_location-data\">\n                                        <div class=\"rh_loc_name_address\">\n                                            <h3 class=\"rh_loc_name\">Restaurante - Residencia Son Floriana<\/h3>\n                                        <\/div>\n\n                                        <div class=\"rh_loc_other_info\">\n                                                                                        <p>\n                                                                                                Avenida Magnolia \n                                                \n                                                                                                \n                                            <\/p>\n                                            \n                                                                                        <p>\n                                                                                                Son Servera, \n                                                \n                                                                                                PM, \n                                                \n                                                                                                07559, \n                                                \n                                                                                                ES\n                                                                                            <\/p>\n                                            \n                                                                                        <p><a href=\"https:\/\/www.google.com\/maps?q=39.611479,3.383928\" target=\"_blank\"><i class=\"fa fa-map\"><\/i> Voir carte<\/a><\/p>\n                                            \n                                            <a href=\"javascript:void(0);\" class=\"rh_loc-select rh-std-background\">S\u00e9lectionner <\/a>\n                                        <\/div>\n                                                                                                                    <\/div>\n                                                                    <\/li>\n                                                            <li data-id=\"24\" data-timetable=\"2\" data-dropoff-timetable=\"2\">\n                                    <span class=\"rh_loc_label\">Hotel Club S&#039;Illot<\/span>\n                                                                        <div class=\"rh_loc_more_info\"><span class=\"rh_info_open\">+<\/span> Infos<\/div>\n                                                                        <span class=\"rh_loc_icon\">\n                                                                                    <i class=\"fa fa-building\"><\/i>\n                                                                            <\/span>\n                                                                        <div class=\"rh_location-data\">\n                                        <div class=\"rh_loc_name_address\">\n                                            <h3 class=\"rh_loc_name\">Hotel Club S&#039;Illot<\/h3>\n                                        <\/div>\n\n                                        <div class=\"rh_loc_other_info\">\n                                                                                        <p>\n                                                                                                Carrer dels Cards \n                                                \n                                                                                                2, \n                                                                                                \n                                            <\/p>\n                                            \n                                                                                        <p>\n                                                                                                Manacor, \n                                                \n                                                                                                PM, \n                                                \n                                                                                                07687, \n                                                \n                                                                                                ES\n                                                                                            <\/p>\n                                            \n                                                                                        <p><a href=\"https:\/\/www.google.com\/maps?q=39.5656124,3.37242\" target=\"_blank\"><i class=\"fa fa-map\"><\/i> Voir carte<\/a><\/p>\n                                            \n                                            <a href=\"javascript:void(0);\" class=\"rh_loc-select rh-std-background\">S\u00e9lectionner <\/a>\n                                        <\/div>\n                                                                                <div class=\"rh_loc_contacts\">\n                                            <h3>Contacts<\/h3>\n                                                                                                                                    <p>E-mail: <a href=\"emailto:HOTEL@HOTELSILLOT.COM\">HOTEL@HOTELSILLOT.COM<\/a><\/p>\n                                                                                    <\/div>\n                                                                                                                    <\/div>\n                                                                    <\/li>\n                                                            <li data-id=\"3\" data-timetable=\"1\" data-dropoff-timetable=\"1\">\n                                    <span class=\"rh_loc_label\">Aeropuerto de Palma de Mallorca<\/span>\n                                                                        <div class=\"rh_loc_more_info\"><span class=\"rh_info_open\">+<\/span> Infos<\/div>\n                                                                        <span class=\"rh_loc_icon\">\n                                                                                    <i class=\"fa fa-plane\"><\/i>\n                                                                            <\/span>\n                                                                        <div class=\"rh_location-data\">\n                                        <div class=\"rh_loc_name_address\">\n                                            <h3 class=\"rh_loc_name\">Aeropuerto de Palma de Mallorca<\/h3>\n                                        <\/div>\n\n                                        <div class=\"rh_loc_other_info\">\n                                                                                        <p>\n                                                                                                LEVANTE \n                                                \n                                                                                                \n                                            <\/p>\n                                            \n                                                                                        <p>\n                                                                                                Palma , \n                                                \n                                                                                                Illes Balears, \n                                                \n                                                                                                07611, \n                                                \n                                                                                                ES\n                                                                                            <\/p>\n                                            \n                                                                                        <p><a href=\"https:\/\/www.google.com\/maps?q=39.5524708,2.7393803\" target=\"_blank\"><i class=\"fa fa-map\"><\/i> Voir carte<\/a><\/p>\n                                            \n                                            <a href=\"javascript:void(0);\" class=\"rh_loc-select rh-std-background\">S\u00e9lectionner <\/a>\n                                        <\/div>\n                                                                                                                        <div class=\"rh_loc_desc\">\n                                            <h3>Description<\/h3>\n                                            <p>avec un suppl\u00e9ment pour un service suppl\u00e9mentaire de prise en charge et\/ou de retour et un minimum de 4 jours complets (96 h). La prise en charge et la d\u00e9pose se font au rez-de-chauss\u00e9e du b\u00e2timent du parking, zone G.<\/p>\n                                        <\/div>\n                                                                            <\/div>\n                                                                    <\/li>\n                                                        <\/ul>\n                                                        <div class=\"rh_location_info\"><\/div>\n                                                    <\/div>\n                    <\/div>\n                <\/div>\n\n                                    <div class=\"nrhsf-dropoff-container gs-cs-12 gs-cm-6 gs-cl-6\">\n                        <div class=\"gs-fgroup\">\n                            <label>\n                                Lieux de restitution\n                            <\/label>\n                            <select required class=\"gs-fcontrol gs-hidden-sm\" id=\"rsf_dropoff\" name=\"rsf_dropoff\">\n                                <option value=\"\">- Choisir -<\/option>\n                                                                    <option \n                                            value=\"4\" data-timetable=\"1\">Bureau Protur Cars de Cala Millor | Central<\/option>\n                                                                    <option \n                                            value=\"6\" data-timetable=\"1\">Bureau Cala Millor Protur Cars | Sa M\u00e0niga<\/option>\n                                                                    <option \n                                            value=\"5\" data-timetable=\"1\">Bureau Sa Coma Protur Cars | Savines<\/option>\n                                                                    <option \n                                            value=\"1\" data-timetable=\"3\">Bureau Sa Coma Protur Cars | Club House<\/option>\n                                                                    <option \n                                            value=\"8\" data-timetable=\"1\">Protur Alicia Hotel<\/option>\n                                                                    <option \n                                            value=\"7\" data-timetable=\"1\">Protur Atalaya Apartamentos<\/option>\n                                                                    <option \n                                            value=\"9\" data-timetable=\"1\">Protur Bad\u00eda Park Aparthotel<\/option>\n                                                                    <option \n                                            value=\"10\" data-timetable=\"1\">Protur Biomar Sensatori Resort<\/option>\n                                                                    <option \n                                            value=\"11\" data-timetable=\"1\">Protur Bonaire Aparthotel<\/option>\n                                                                    <option \n                                            value=\"12\" data-timetable=\"1\">Protur Bonamar Hotel<\/option>\n                                                                    <option \n                                            value=\"13\" data-timetable=\"1\">Protur Floriana Resort Aparthotel<\/option>\n                                                                    <option \n                                            value=\"14\" data-timetable=\"1\">Protur Monte Safari Aparthotel<\/option>\n                                                                    <option \n                                            value=\"15\" data-timetable=\"1\">Protur Palmeras Playa Hotel<\/option>\n                                                                    <option \n                                            value=\"16\" data-timetable=\"1\">Protur Playa Cala Millor Hotel<\/option>\n                                                                    <option \n                                            value=\"17\" data-timetable=\"1\">Protur Sa Coma Playa Hotel &amp; Spa<\/option>\n                                                                    <option \n                                            value=\"18\" data-timetable=\"1\">Protur Safari Park Aparthotel<\/option>\n                                                                    <option \n                                            value=\"20\" data-timetable=\"1\">H\u00f4tel Protur Tur\u00f3 Pins (exclusif pour les clients de l&#039;h\u00f4tel et location minimum de 3 jours)<\/option>\n                                                                    <option \n                                            value=\"19\" data-timetable=\"1\">Protur Vista Bad\u00eda Aparthotel<\/option>\n                                                                    <option \n                                            value=\"21\" data-timetable=\"1\">Restaurante - Residencia Son Floriana<\/option>\n                                                                    <option \n                                            value=\"24\" data-timetable=\"2\">Hotel Club S&#039;Illot<\/option>\n                                                                    <option \n                                            value=\"3\" data-timetable=\"1\">Aeropuerto de Palma de Mallorca<\/option>\n                                                            <\/select>\n                            <div class=\"location_input\">\n                                \n\n                                                                <input type=\"text\" required class=\"gs-fcontrol\" name=\"rsf_dropoff_input\" id=\"rsf_dropoff_input\" autocomplete=\"off\" placeholder=\"Lieux de restitution\" value=\"\" \/>\n                                                                \n                            <\/div>\n                            <div class=\"rh_location_results\" id=\"dropoff_rh_location_results\">\n                                <ul class=\"rh_dropoff_locations\">\n                                                                    <li data-id=\"4\" data-timetable=\"1\" data-dropoff-timetable=\"1\">\n                                        <span class=\"rh_loc_label\">Bureau Protur Cars de Cala Millor | Central<\/span>\n                                                                                <div class=\"rh_loc_more_info\"><span class=\"rh_info_open\">+<\/span> Infos<\/div>\n                                                                                <span class=\"rh_loc_icon\">\n                                                                                            <i class=\"fa fa-building\"><\/i>\n                                                                                    <\/span>\n                                                                                <div class=\"rh_location-data\">\n                                            <div class=\"rh_loc_name_address\">\n                                                <h3 class=\"rh_loc_name\">Bureau Protur Cars de Cala Millor | Central<\/h3>\n                                            <\/div>\n\n                                            <div class=\"rh_loc_other_info\">\n                                                                                                <p>\n                                                                                                        Carrer de sa Roca \n                                                                                                        \n                                                                                                        2, \n                                                                                                    <\/p>\n                                                \n                                                                                                <p>\n                                                                                                        Sant Lloren\u00e7 des Cardassar, \n                                                    \n                                                                                                        PM, \n                                                    \n                                                                                                        07530, \n                                                    \n                                                                                                        ES\n                                                                                                    <\/p>\n                                                \n                                                                                                <p><a href=\"https:\/\/www.google.com\/maps?q=39.5939717,3.3795364\" target=\"_blank\"><i class=\"fa fa-map\"><\/i> Voir carte<\/a><\/p>\n                                                \n                                                <a href=\"javascript:void(0);\" class=\"rh_loc-select rh-std-background\">S\u00e9lectionner <\/a>\n                                            <\/div>\n                                                                                                                                <\/div>\n                                                                            <\/li>\n                                                                    <li data-id=\"6\" data-timetable=\"1\" data-dropoff-timetable=\"1\">\n                                        <span class=\"rh_loc_label\">Bureau Cala Millor Protur Cars | Sa M\u00e0niga<\/span>\n                                                                                <div class=\"rh_loc_more_info\"><span class=\"rh_info_open\">+<\/span> Infos<\/div>\n                                                                                <span class=\"rh_loc_icon\">\n                                                                                            <i class=\"fa fa-building\"><\/i>\n                                                                                    <\/span>\n                                                                                <div class=\"rh_location-data\">\n                                            <div class=\"rh_loc_name_address\">\n                                                <h3 class=\"rh_loc_name\">Bureau Cala Millor Protur Cars | Sa M\u00e0niga<\/h3>\n                                            <\/div>\n\n                                            <div class=\"rh_loc_other_info\">\n                                                                                                <p>\n                                                                                                        Avinguda sa Coma \n                                                                                                        \n                                                                                                        14, \n                                                                                                    <\/p>\n                                                \n                                                                                                <p>\n                                                                                                        Sant Lloren\u00e7 des Cardassar, \n                                                    \n                                                                                                        PM, \n                                                    \n                                                                                                        07560, \n                                                    \n                                                                                                        ES\n                                                                                                    <\/p>\n                                                \n                                                                                                <p><a href=\"https:\/\/www.google.com\/maps?q=39.5935766,3.3825542\" target=\"_blank\"><i class=\"fa fa-map\"><\/i> Voir carte<\/a><\/p>\n                                                \n                                                <a href=\"javascript:void(0);\" class=\"rh_loc-select rh-std-background\">S\u00e9lectionner <\/a>\n                                            <\/div>\n                                                                                                                                <\/div>\n                                                                            <\/li>\n                                                                    <li data-id=\"5\" data-timetable=\"1\" data-dropoff-timetable=\"1\">\n                                        <span class=\"rh_loc_label\">Bureau Sa Coma Protur Cars | Savines<\/span>\n                                                                                <div class=\"rh_loc_more_info\"><span class=\"rh_info_open\">+<\/span> Infos<\/div>\n                                                                                <span class=\"rh_loc_icon\">\n                                                                                            <i class=\"fa fa-building\"><\/i>\n                                                                                    <\/span>\n                                                                                <div class=\"rh_location-data\">\n                                            <div class=\"rh_loc_name_address\">\n                                                <h3 class=\"rh_loc_name\">Bureau Sa Coma Protur Cars | Savines<\/h3>\n                                            <\/div>\n\n                                            <div class=\"rh_loc_other_info\">\n                                                                                                <p>\n                                                                                                        Carrer Atzeroles \n                                                                                                        \n                                                                                                        2, \n                                                                                                    <\/p>\n                                                \n                                                                                                <p>\n                                                                                                        Son Servera, \n                                                    \n                                                                                                        PM, \n                                                    \n                                                                                                        07560, \n                                                    \n                                                                                                        ES\n                                                                                                    <\/p>\n                                                \n                                                                                                <p><a href=\"https:\/\/www.google.com\/maps?q=39.5708185,3.373305\" target=\"_blank\"><i class=\"fa fa-map\"><\/i> Voir carte<\/a><\/p>\n                                                \n                                                <a href=\"javascript:void(0);\" class=\"rh_loc-select rh-std-background\">S\u00e9lectionner <\/a>\n                                            <\/div>\n                                                                                                                                <\/div>\n                                                                            <\/li>\n                                                                    <li data-id=\"1\" data-timetable=\"3\" data-dropoff-timetable=\"3\">\n                                        <span class=\"rh_loc_label\">Bureau Sa Coma Protur Cars | Club House<\/span>\n                                                                                <div class=\"rh_loc_more_info\"><span class=\"rh_info_open\">+<\/span> Infos<\/div>\n                                                                                <span class=\"rh_loc_icon\">\n                                                                                            <i class=\"fa fa-building\"><\/i>\n                                                                                    <\/span>\n                                                                                <div class=\"rh_location-data\">\n                                            <div class=\"rh_loc_name_address\">\n                                                <h3 class=\"rh_loc_name\">Bureau Sa Coma Protur Cars | Club House<\/h3>\n                                            <\/div>\n\n                                            <div class=\"rh_loc_other_info\">\n                                                                                                <p>\n                                                                                                        Carrer de les Mimoses \n                                                                                                        \n                                                                                                        4, \n                                                                                                    <\/p>\n                                                \n                                                                                                <p>\n                                                                                                        Sant Lloren\u00e7 des Cardassar, \n                                                    \n                                                                                                        Illes Balears, \n                                                    \n                                                                                                        07560, \n                                                    \n                                                                                                        ES\n                                                                                                    <\/p>\n                                                \n                                                                                                <p><a href=\"https:\/\/www.google.com\/maps?q=39.5828795,3.3752794\" target=\"_blank\"><i class=\"fa fa-map\"><\/i> Voir carte<\/a><\/p>\n                                                \n                                                <a href=\"javascript:void(0);\" class=\"rh_loc-select rh-std-background\">S\u00e9lectionner <\/a>\n                                            <\/div>\n                                                                                                                                    <div class=\"rh_loc_desc\">\n                                                <h3>Description<\/h3>\n                                                <p>Oficina abierta solo por las ma\u00f1anas en horario de 08.00 h a 12.00 h; domingos cerrado.<\/p>\n                                            <\/div>\n                                                                                    <\/div>\n                                                                            <\/li>\n                                                                    <li data-id=\"8\" data-timetable=\"1\" data-dropoff-timetable=\"1\">\n                                        <span class=\"rh_loc_label\">Protur Alicia Hotel<\/span>\n                                                                                <div class=\"rh_loc_more_info\"><span class=\"rh_info_open\">+<\/span> Infos<\/div>\n                                                                                <span class=\"rh_loc_icon\">\n                                                                                            <i class=\"fa fa-building\"><\/i>\n                                                                                    <\/span>\n                                                                                <div class=\"rh_location-data\">\n                                            <div class=\"rh_loc_name_address\">\n                                                <h3 class=\"rh_loc_name\">Protur Alicia Hotel<\/h3>\n                                            <\/div>\n\n                                            <div class=\"rh_loc_other_info\">\n                                                                                                <p>\n                                                                                                        Carrer na Llambies \n                                                                                                        \n                                                                                                        26, \n                                                                                                    <\/p>\n                                                \n                                                                                                <p>\n                                                                                                        Son Servera, \n                                                    \n                                                                                                        PM, \n                                                    \n                                                                                                        07559, \n                                                    \n                                                                                                        ES\n                                                                                                    <\/p>\n                                                \n                                                                                                <p><a href=\"https:\/\/www.google.com\/maps?q=39.6090814,3.3896632\" target=\"_blank\"><i class=\"fa fa-map\"><\/i> Voir carte<\/a><\/p>\n                                                \n                                                <a href=\"javascript:void(0);\" class=\"rh_loc-select rh-std-background\">S\u00e9lectionner <\/a>\n                                            <\/div>\n                                                                                                                                <\/div>\n                                                                            <\/li>\n                                                                    <li data-id=\"7\" data-timetable=\"1\" data-dropoff-timetable=\"1\">\n                                        <span class=\"rh_loc_label\">Protur Atalaya Apartamentos<\/span>\n                                                                                <div class=\"rh_loc_more_info\"><span class=\"rh_info_open\">+<\/span> Infos<\/div>\n                                                                                <span class=\"rh_loc_icon\">\n                                                                                            <i class=\"fa fa-building\"><\/i>\n                                                                                    <\/span>\n                                                                                <div class=\"rh_location-data\">\n                                            <div class=\"rh_loc_name_address\">\n                                                <h3 class=\"rh_loc_name\">Protur Atalaya Apartamentos<\/h3>\n                                            <\/div>\n\n                                            <div class=\"rh_loc_other_info\">\n                                                                                                <p>\n                                                                                                        Carrer Sol Naixent \n                                                                                                        \n                                                                                                        s\/n, \n                                                                                                    <\/p>\n                                                \n                                                                                                <p>\n                                                                                                        Sant Lloren\u00e7 des Cardassar, \n                                                    \n                                                                                                        PM, \n                                                    \n                                                    \n                                                                                                        ES\n                                                                                                    <\/p>\n                                                \n                                                                                                <p><a href=\"https:\/\/www.google.com\/maps?q=39.600578,3.3829411\" target=\"_blank\"><i class=\"fa fa-map\"><\/i> Voir carte<\/a><\/p>\n                                                \n                                                <a href=\"javascript:void(0);\" class=\"rh_loc-select rh-std-background\">S\u00e9lectionner <\/a>\n                                            <\/div>\n                                                                                                                                <\/div>\n                                                                            <\/li>\n                                                                    <li data-id=\"9\" data-timetable=\"1\" data-dropoff-timetable=\"1\">\n                                        <span class=\"rh_loc_label\">Protur Bad\u00eda Park Aparthotel<\/span>\n                                                                                <div class=\"rh_loc_more_info\"><span class=\"rh_info_open\">+<\/span> Infos<\/div>\n                                                                                <span class=\"rh_loc_icon\">\n                                                                                            <i class=\"fa fa-building\"><\/i>\n                                                                                    <\/span>\n                                                                                <div class=\"rh_location-data\">\n                                            <div class=\"rh_loc_name_address\">\n                                                <h3 class=\"rh_loc_name\">Protur Bad\u00eda Park Aparthotel<\/h3>\n                                            <\/div>\n\n                                            <div class=\"rh_loc_other_info\">\n                                                                                                <p>\n                                                                                                        Avinguda de ses Palmeres \n                                                                                                        \n                                                                                                        6, \n                                                                                                    <\/p>\n                                                \n                                                                                                <p>\n                                                                                                        Sant Lloren\u00e7 des Cardassar, \n                                                    \n                                                                                                        PM, \n                                                    \n                                                                                                        07560, \n                                                    \n                                                                                                        ES\n                                                                                                    <\/p>\n                                                \n                                                                                                <p><a href=\"https:\/\/www.google.com\/maps?q=39.579362,3.37458\" target=\"_blank\"><i class=\"fa fa-map\"><\/i> Voir carte<\/a><\/p>\n                                                \n                                                <a href=\"javascript:void(0);\" class=\"rh_loc-select rh-std-background\">S\u00e9lectionner <\/a>\n                                            <\/div>\n                                                                                                                                <\/div>\n                                                                            <\/li>\n                                                                    <li data-id=\"10\" data-timetable=\"1\" data-dropoff-timetable=\"1\">\n                                        <span class=\"rh_loc_label\">Protur Biomar Sensatori Resort<\/span>\n                                                                                <div class=\"rh_loc_more_info\"><span class=\"rh_info_open\">+<\/span> Infos<\/div>\n                                                                                <span class=\"rh_loc_icon\">\n                                                                                            <i class=\"fa fa-building\"><\/i>\n                                                                                    <\/span>\n                                                                                <div class=\"rh_location-data\">\n                                            <div class=\"rh_loc_name_address\">\n                                                <h3 class=\"rh_loc_name\">Protur Biomar Sensatori Resort<\/h3>\n                                            <\/div>\n\n                                            <div class=\"rh_loc_other_info\">\n                                                                                                <p>\n                                                                                                        Carrer dels Baladres \n                                                                                                        \n                                                                                                        5, \n                                                                                                    <\/p>\n                                                \n                                                                                                <p>\n                                                                                                        Sant Lloren\u00e7 des Cardassar, \n                                                    \n                                                                                                        PM, \n                                                    \n                                                                                                        07560, \n                                                    \n                                                                                                        ES\n                                                                                                    <\/p>\n                                                \n                                                                                                <p><a href=\"https:\/\/www.google.com\/maps?q=39.5805769,3.3793518\" target=\"_blank\"><i class=\"fa fa-map\"><\/i> Voir carte<\/a><\/p>\n                                                \n                                                <a href=\"javascript:void(0);\" class=\"rh_loc-select rh-std-background\">S\u00e9lectionner <\/a>\n                                            <\/div>\n                                                                                                                                <\/div>\n                                                                            <\/li>\n                                                                    <li data-id=\"11\" data-timetable=\"1\" data-dropoff-timetable=\"1\">\n                                        <span class=\"rh_loc_label\">Protur Bonaire Aparthotel<\/span>\n                                                                                <div class=\"rh_loc_more_info\"><span class=\"rh_info_open\">+<\/span> Infos<\/div>\n                                                                                <span class=\"rh_loc_icon\">\n                                                                                            <i class=\"fa fa-building\"><\/i>\n                                                                                    <\/span>\n                                                                                <div class=\"rh_location-data\">\n                                            <div class=\"rh_loc_name_address\">\n                                                <h3 class=\"rh_loc_name\">Protur Bonaire Aparthotel<\/h3>\n                                            <\/div>\n\n                                            <div class=\"rh_loc_other_info\">\n                                                                                                <p>\n                                                                                                        Passeig Pintor Miquel Vives \n                                                                                                        \n                                                                                                        29, \n                                                                                                    <\/p>\n                                                \n                                                                                                <p>\n                                                                                                        Son Servera, \n                                                    \n                                                                                                        PM, \n                                                    \n                                                                                                        07559, \n                                                    \n                                                                                                        ES\n                                                                                                    <\/p>\n                                                \n                                                                                                <p><a href=\"https:\/\/www.google.com\/maps?q=39.6178377,3.3900255\" target=\"_blank\"><i class=\"fa fa-map\"><\/i> Voir carte<\/a><\/p>\n                                                \n                                                <a href=\"javascript:void(0);\" class=\"rh_loc-select rh-std-background\">S\u00e9lectionner <\/a>\n                                            <\/div>\n                                                                                                                                <\/div>\n                                                                            <\/li>\n                                                                    <li data-id=\"12\" data-timetable=\"1\" data-dropoff-timetable=\"1\">\n                                        <span class=\"rh_loc_label\">Protur Bonamar Hotel<\/span>\n                                                                                <div class=\"rh_loc_more_info\"><span class=\"rh_info_open\">+<\/span> Infos<\/div>\n                                                                                <span class=\"rh_loc_icon\">\n                                                                                            <i class=\"fa fa-building\"><\/i>\n                                                                                    <\/span>\n                                                                                <div class=\"rh_location-data\">\n                                            <div class=\"rh_loc_name_address\">\n                                                <h3 class=\"rh_loc_name\">Protur Bonamar Hotel<\/h3>\n                                            <\/div>\n\n                                            <div class=\"rh_loc_other_info\">\n                                                                                                <p>\n                                                                                                        Carrer na Llambies \n                                                                                                        \n                                                                                                    <\/p>\n                                                \n                                                                                                <p>\n                                                                                                        Sant Lloren\u00e7 des Cardassar, \n                                                    \n                                                                                                        PM, \n                                                    \n                                                                                                        07560, \n                                                    \n                                                                                                        ES\n                                                                                                    <\/p>\n                                                \n                                                                                                <p><a href=\"https:\/\/www.google.com\/maps?q=39.606793,3.3880689\" target=\"_blank\"><i class=\"fa fa-map\"><\/i> Voir carte<\/a><\/p>\n                                                \n                                                <a href=\"javascript:void(0);\" class=\"rh_loc-select rh-std-background\">S\u00e9lectionner <\/a>\n                                            <\/div>\n                                                                                                                                <\/div>\n                                                                            <\/li>\n                                                                    <li data-id=\"13\" data-timetable=\"1\" data-dropoff-timetable=\"1\">\n                                        <span class=\"rh_loc_label\">Protur Floriana Resort Aparthotel<\/span>\n                                                                                <div class=\"rh_loc_more_info\"><span class=\"rh_info_open\">+<\/span> Infos<\/div>\n                                                                                <span class=\"rh_loc_icon\">\n                                                                                            <i class=\"fa fa-building\"><\/i>\n                                                                                    <\/span>\n                                                                                <div class=\"rh_location-data\">\n                                            <div class=\"rh_loc_name_address\">\n                                                <h3 class=\"rh_loc_name\">Protur Floriana Resort Aparthotel<\/h3>\n                                            <\/div>\n\n                                            <div class=\"rh_loc_other_info\">\n                                                                                                <p>\n                                                                                                        carrer de ses joanetes \n                                                                                                        \n                                                                                                        s\/n, \n                                                                                                    <\/p>\n                                                \n                                                                                                <p>\n                                                                                                        Son Servera, \n                                                    \n                                                                                                        Illes Balears, \n                                                    \n                                                                                                        07559, \n                                                    \n                                                                                                        ES\n                                                                                                    <\/p>\n                                                \n                                                                                                <p><a href=\"https:\/\/www.google.com\/maps?q=39.6123,3.38586\" target=\"_blank\"><i class=\"fa fa-map\"><\/i> Voir carte<\/a><\/p>\n                                                \n                                                <a href=\"javascript:void(0);\" class=\"rh_loc-select rh-std-background\">S\u00e9lectionner <\/a>\n                                            <\/div>\n                                                                                                                                <\/div>\n                                                                            <\/li>\n                                                                    <li data-id=\"14\" data-timetable=\"1\" data-dropoff-timetable=\"1\">\n                                        <span class=\"rh_loc_label\">Protur Monte Safari Aparthotel<\/span>\n                                                                                <div class=\"rh_loc_more_info\"><span class=\"rh_info_open\">+<\/span> Infos<\/div>\n                                                                                <span class=\"rh_loc_icon\">\n                                                                                            <i class=\"fa fa-building\"><\/i>\n                                                                                    <\/span>\n                                                                                <div class=\"rh_location-data\">\n                                            <div class=\"rh_loc_name_address\">\n                                                <h3 class=\"rh_loc_name\">Protur Monte Safari Aparthotel<\/h3>\n                                            <\/div>\n\n                                            <div class=\"rh_loc_other_info\">\n                                                                                                <p>\n                                                                                                        Carretera Porto Cristo-Son Servera \n                                                                                                        \n                                                                                                        s\/n, \n                                                                                                    <\/p>\n                                                \n                                                                                                <p>\n                                                                                                        Sant Lloren\u00e7 des Cardassar, \n                                                    \n                                                                                                        PM, \n                                                    \n                                                                                                        07560, \n                                                    \n                                                                                                        ES\n                                                                                                    <\/p>\n                                                \n                                                                                                <p><a href=\"https:\/\/www.google.com\/maps?q=39.5987984,3.3679956\" target=\"_blank\"><i class=\"fa fa-map\"><\/i> Voir carte<\/a><\/p>\n                                                \n                                                <a href=\"javascript:void(0);\" class=\"rh_loc-select rh-std-background\">S\u00e9lectionner <\/a>\n                                            <\/div>\n                                                                                                                                <\/div>\n                                                                            <\/li>\n                                                                    <li data-id=\"15\" data-timetable=\"1\" data-dropoff-timetable=\"1\">\n                                        <span class=\"rh_loc_label\">Protur Palmeras Playa Hotel<\/span>\n                                                                                <div class=\"rh_loc_more_info\"><span class=\"rh_info_open\">+<\/span> Infos<\/div>\n                                                                                <span class=\"rh_loc_icon\">\n                                                                                            <i class=\"fa fa-building\"><\/i>\n                                                                                    <\/span>\n                                                                                <div class=\"rh_location-data\">\n                                            <div class=\"rh_loc_name_address\">\n                                                <h3 class=\"rh_loc_name\">Protur Palmeras Playa Hotel<\/h3>\n                                            <\/div>\n\n                                            <div class=\"rh_loc_other_info\">\n                                                                                                <p>\n                                                                                                        Avinguda de les Savines \n                                                                                                        \n                                                                                                    <\/p>\n                                                \n                                                                                                <p>\n                                                                                                        Sant Lloren\u00e7 des Cardassar, \n                                                    \n                                                                                                        PM, \n                                                    \n                                                                                                        07560, \n                                                    \n                                                                                                        ES\n                                                                                                    <\/p>\n                                                \n                                                                                                <p><a href=\"https:\/\/www.google.com\/maps?q=39.5704256,3.3731303\" target=\"_blank\"><i class=\"fa fa-map\"><\/i> Voir carte<\/a><\/p>\n                                                \n                                                <a href=\"javascript:void(0);\" class=\"rh_loc-select rh-std-background\">S\u00e9lectionner <\/a>\n                                            <\/div>\n                                                                                                                                <\/div>\n                                                                            <\/li>\n                                                                    <li data-id=\"16\" data-timetable=\"1\" data-dropoff-timetable=\"1\">\n                                        <span class=\"rh_loc_label\">Protur Playa Cala Millor Hotel<\/span>\n                                                                                <div class=\"rh_loc_more_info\"><span class=\"rh_info_open\">+<\/span> Infos<\/div>\n                                                                                <span class=\"rh_loc_icon\">\n                                                                                            <i class=\"fa fa-building\"><\/i>\n                                                                                    <\/span>\n                                                                                <div class=\"rh_location-data\">\n                                            <div class=\"rh_loc_name_address\">\n                                                <h3 class=\"rh_loc_name\">Protur Playa Cala Millor Hotel<\/h3>\n                                            <\/div>\n\n                                            <div class=\"rh_loc_other_info\">\n                                                                                                <p>\n                                                                                                        Carrer Platja Cala Millor \n                                                                                                        \n                                                                                                        1, \n                                                                                                    <\/p>\n                                                \n                                                                                                <p>\n                                                                                                        Sant Lloren\u00e7 des Cardassar, \n                                                    \n                                                                                                        PM, \n                                                    \n                                                                                                        07560, \n                                                    \n                                                                                                        ES\n                                                                                                    <\/p>\n                                                \n                                                                                                <p><a href=\"https:\/\/www.google.com\/maps?q=39.5933038,3.3833273\" target=\"_blank\"><i class=\"fa fa-map\"><\/i> Voir carte<\/a><\/p>\n                                                \n                                                <a href=\"javascript:void(0);\" class=\"rh_loc-select rh-std-background\">S\u00e9lectionner <\/a>\n                                            <\/div>\n                                                                                                                                <\/div>\n                                                                            <\/li>\n                                                                    <li data-id=\"17\" data-timetable=\"1\" data-dropoff-timetable=\"1\">\n                                        <span class=\"rh_loc_label\">Protur Sa Coma Playa Hotel &amp; Spa<\/span>\n                                                                                <div class=\"rh_loc_more_info\"><span class=\"rh_info_open\">+<\/span> Infos<\/div>\n                                                                                <span class=\"rh_loc_icon\">\n                                                                                            <i class=\"fa fa-building\"><\/i>\n                                                                                    <\/span>\n                                                                                <div class=\"rh_location-data\">\n                                            <div class=\"rh_loc_name_address\">\n                                                <h3 class=\"rh_loc_name\">Protur Sa Coma Playa Hotel &amp; Spa<\/h3>\n                                            <\/div>\n\n                                            <div class=\"rh_loc_other_info\">\n                                                                                                <p>\n                                                                                                        Carrer Eucaliptus \n                                                                                                        \n                                                                                                    <\/p>\n                                                \n                                                                                                <p>\n                                                                                                        Sant Lloren\u00e7 des Cardassar, \n                                                    \n                                                                                                        PM, \n                                                    \n                                                                                                        07560, \n                                                    \n                                                                                                        ES\n                                                                                                    <\/p>\n                                                \n                                                                                                <p><a href=\"https:\/\/www.google.com\/maps?q=39.580986,3.3774187\" target=\"_blank\"><i class=\"fa fa-map\"><\/i> Voir carte<\/a><\/p>\n                                                \n                                                <a href=\"javascript:void(0);\" class=\"rh_loc-select rh-std-background\">S\u00e9lectionner <\/a>\n                                            <\/div>\n                                                                                                                                <\/div>\n                                                                            <\/li>\n                                                                    <li data-id=\"18\" data-timetable=\"1\" data-dropoff-timetable=\"1\">\n                                        <span class=\"rh_loc_label\">Protur Safari Park Aparthotel<\/span>\n                                                                                <div class=\"rh_loc_more_info\"><span class=\"rh_info_open\">+<\/span> Infos<\/div>\n                                                                                <span class=\"rh_loc_icon\">\n                                                                                            <i class=\"fa fa-building\"><\/i>\n                                                                                    <\/span>\n                                                                                <div class=\"rh_location-data\">\n                                            <div class=\"rh_loc_name_address\">\n                                                <h3 class=\"rh_loc_name\">Protur Safari Park Aparthotel<\/h3>\n                                            <\/div>\n\n                                            <div class=\"rh_loc_other_info\">\n                                                                                                <p>\n                                                                                                        Carrer Liles \n                                                                                                        \n                                                                                                        S\/N, \n                                                                                                    <\/p>\n                                                \n                                                                                                <p>\n                                                                                                        Sant Lloren\u00e7 des Cardassar, \n                                                    \n                                                                                                        PM, \n                                                    \n                                                                                                        07530, \n                                                    \n                                                                                                        ES\n                                                                                                    <\/p>\n                                                \n                                                                                                <p><a href=\"https:\/\/www.google.com\/maps?q=39.5812285,3.3765857\" target=\"_blank\"><i class=\"fa fa-map\"><\/i> Voir carte<\/a><\/p>\n                                                \n                                                <a href=\"javascript:void(0);\" class=\"rh_loc-select rh-std-background\">S\u00e9lectionner <\/a>\n                                            <\/div>\n                                                                                                                                <\/div>\n                                                                            <\/li>\n                                                                    <li data-id=\"20\" data-timetable=\"1\" data-dropoff-timetable=\"1\">\n                                        <span class=\"rh_loc_label\">H\u00f4tel Protur Tur\u00f3 Pins (exclusif pour les clients de l&#039;h\u00f4tel et location minimum de 3 jours)<\/span>\n                                                                                <div class=\"rh_loc_more_info\"><span class=\"rh_info_open\">+<\/span> Infos<\/div>\n                                                                                <span class=\"rh_loc_icon\">\n                                                                                            <i class=\"fa fa-building\"><\/i>\n                                                                                    <\/span>\n                                                                                <div class=\"rh_location-data\">\n                                            <div class=\"rh_loc_name_address\">\n                                                <h3 class=\"rh_loc_name\">H\u00f4tel Protur Tur\u00f3 Pins (exclusif pour les clients de l&#039;h\u00f4tel et location minimum de 3 jours)<\/h3>\n                                            <\/div>\n\n                                            <div class=\"rh_loc_other_info\">\n                                                                                                <p>\n                                                                                                        Carrer de na Lliteres \n                                                                                                        \n                                                                                                    <\/p>\n                                                \n                                                                                                <p>\n                                                                                                        Capdepera, \n                                                    \n                                                                                                        PM, \n                                                    \n                                                                                                        07590, \n                                                    \n                                                                                                        ES\n                                                                                                    <\/p>\n                                                \n                                                                                                <p><a href=\"https:\/\/www.google.com\/maps?q=39.718003,3.463763\" target=\"_blank\"><i class=\"fa fa-map\"><\/i> Voir carte<\/a><\/p>\n                                                \n                                                <a href=\"javascript:void(0);\" class=\"rh_loc-select rh-std-background\">S\u00e9lectionner <\/a>\n                                            <\/div>\n                                                                                                                                    <div class=\"rh_loc_desc\">\n                                                <h3>Description<\/h3>\n                                                <p>(exclusif pour les clients de l'h\u00f4tel et location minimum de 3 jours)<\/p>\n                                            <\/div>\n                                                                                    <\/div>\n                                                                            <\/li>\n                                                                    <li data-id=\"19\" data-timetable=\"1\" data-dropoff-timetable=\"1\">\n                                        <span class=\"rh_loc_label\">Protur Vista Bad\u00eda Aparthotel<\/span>\n                                                                                <div class=\"rh_loc_more_info\"><span class=\"rh_info_open\">+<\/span> Infos<\/div>\n                                                                                <span class=\"rh_loc_icon\">\n                                                                                            <i class=\"fa fa-building\"><\/i>\n                                                                                    <\/span>\n                                                                                <div class=\"rh_location-data\">\n                                            <div class=\"rh_loc_name_address\">\n                                                <h3 class=\"rh_loc_name\">Protur Vista Bad\u00eda Aparthotel<\/h3>\n                                            <\/div>\n\n                                            <div class=\"rh_loc_other_info\">\n                                                                                                <p>\n                                                                                                        Carrer Xiprers \n                                                                                                        \n                                                                                                    <\/p>\n                                                \n                                                                                                <p>\n                                                                                                        Sant Lloren\u00e7 des Cardassar, \n                                                    \n                                                                                                        PM, \n                                                    \n                                                                                                        07560, \n                                                    \n                                                                                                        ES\n                                                                                                    <\/p>\n                                                \n                                                                                                <p><a href=\"https:\/\/www.google.com\/maps?q=39.5801659,3.3768804\" target=\"_blank\"><i class=\"fa fa-map\"><\/i> Voir carte<\/a><\/p>\n                                                \n                                                <a href=\"javascript:void(0);\" class=\"rh_loc-select rh-std-background\">S\u00e9lectionner <\/a>\n                                            <\/div>\n                                                                                                                                <\/div>\n                                                                            <\/li>\n                                                                    <li data-id=\"21\" data-timetable=\"1\" data-dropoff-timetable=\"1\">\n                                        <span class=\"rh_loc_label\">Restaurante - Residencia Son Floriana<\/span>\n                                                                                <div class=\"rh_loc_more_info\"><span class=\"rh_info_open\">+<\/span> Infos<\/div>\n                                                                                <span class=\"rh_loc_icon\">\n                                                                                            <i class=\"fa fa-building\"><\/i>\n                                                                                    <\/span>\n                                                                                <div class=\"rh_location-data\">\n                                            <div class=\"rh_loc_name_address\">\n                                                <h3 class=\"rh_loc_name\">Restaurante - Residencia Son Floriana<\/h3>\n                                            <\/div>\n\n                                            <div class=\"rh_loc_other_info\">\n                                                                                                <p>\n                                                                                                        Avenida Magnolia \n                                                                                                        \n                                                                                                    <\/p>\n                                                \n                                                                                                <p>\n                                                                                                        Son Servera, \n                                                    \n                                                                                                        PM, \n                                                    \n                                                                                                        07559, \n                                                    \n                                                                                                        ES\n                                                                                                    <\/p>\n                                                \n                                                                                                <p><a href=\"https:\/\/www.google.com\/maps?q=39.611479,3.383928\" target=\"_blank\"><i class=\"fa fa-map\"><\/i> Voir carte<\/a><\/p>\n                                                \n                                                <a href=\"javascript:void(0);\" class=\"rh_loc-select rh-std-background\">S\u00e9lectionner <\/a>\n                                            <\/div>\n                                                                                                                                <\/div>\n                                                                            <\/li>\n                                                                    <li data-id=\"24\" data-timetable=\"2\" data-dropoff-timetable=\"2\">\n                                        <span class=\"rh_loc_label\">Hotel Club S&#039;Illot<\/span>\n                                                                                <div class=\"rh_loc_more_info\"><span class=\"rh_info_open\">+<\/span> Infos<\/div>\n                                                                                <span class=\"rh_loc_icon\">\n                                                                                            <i class=\"fa fa-building\"><\/i>\n                                                                                    <\/span>\n                                                                                <div class=\"rh_location-data\">\n                                            <div class=\"rh_loc_name_address\">\n                                                <h3 class=\"rh_loc_name\">Hotel Club S&#039;Illot<\/h3>\n                                            <\/div>\n\n                                            <div class=\"rh_loc_other_info\">\n                                                                                                <p>\n                                                                                                        Carrer dels Cards \n                                                                                                        \n                                                                                                        2, \n                                                                                                    <\/p>\n                                                \n                                                                                                <p>\n                                                                                                        Manacor, \n                                                    \n                                                                                                        PM, \n                                                    \n                                                                                                        07687, \n                                                    \n                                                                                                        ES\n                                                                                                    <\/p>\n                                                \n                                                                                                <p><a href=\"https:\/\/www.google.com\/maps?q=39.5656124,3.37242\" target=\"_blank\"><i class=\"fa fa-map\"><\/i> Voir carte<\/a><\/p>\n                                                \n                                                <a href=\"javascript:void(0);\" class=\"rh_loc-select rh-std-background\">S\u00e9lectionner <\/a>\n                                            <\/div>\n                                                                                        <div class=\"rh_loc_contacts\">\n                                                <h3>Contacts<\/h3>\n                                                                                                                                                <p>E-mail: <a href=\"emailto:HOTEL@HOTELSILLOT.COM\">HOTEL@HOTELSILLOT.COM<\/a><\/p>\n                                                                                            <\/div>\n                                                                                                                                <\/div>\n                                                                            <\/li>\n                                                                    <li data-id=\"3\" data-timetable=\"1\" data-dropoff-timetable=\"1\">\n                                        <span class=\"rh_loc_label\">Aeropuerto de Palma de Mallorca<\/span>\n                                                                                <div class=\"rh_loc_more_info\"><span class=\"rh_info_open\">+<\/span> Infos<\/div>\n                                                                                <span class=\"rh_loc_icon\">\n                                                                                            <i class=\"fa fa-plane\"><\/i>\n                                                                                    <\/span>\n                                                                                <div class=\"rh_location-data\">\n                                            <div class=\"rh_loc_name_address\">\n                                                <h3 class=\"rh_loc_name\">Aeropuerto de Palma de Mallorca<\/h3>\n                                            <\/div>\n\n                                            <div class=\"rh_loc_other_info\">\n                                                                                                <p>\n                                                                                                        LEVANTE \n                                                                                                        \n                                                                                                    <\/p>\n                                                \n                                                                                                <p>\n                                                                                                        Palma , \n                                                    \n                                                                                                        Illes Balears, \n                                                    \n                                                                                                        07611, \n                                                    \n                                                                                                        ES\n                                                                                                    <\/p>\n                                                \n                                                                                                <p><a href=\"https:\/\/www.google.com\/maps?q=39.5524708,2.7393803\" target=\"_blank\"><i class=\"fa fa-map\"><\/i> Voir carte<\/a><\/p>\n                                                \n                                                <a href=\"javascript:void(0);\" class=\"rh_loc-select rh-std-background\">S\u00e9lectionner <\/a>\n                                            <\/div>\n                                                                                                                                    <div class=\"rh_loc_desc\">\n                                                <h3>Description<\/h3>\n                                                <p>avec un suppl\u00e9ment pour un service suppl\u00e9mentaire de prise en charge et\/ou de retour et un minimum de 4 jours complets (96 h). La prise en charge et la d\u00e9pose se font au rez-de-chauss\u00e9e du b\u00e2timent du parking, zone G.<\/p>\n                                            <\/div>\n                                                                                    <\/div>\n                                                                            <\/li>\n                                                                <\/ul>\n                                                                <div class=\"rh_location_info\"><\/div>\n                                                            <\/div>\n                        <\/div>\n                    <\/div>\n                \n                <div class=\"nrhsf-pickup-datetime-container gs-cs-12 gs-cm-6 gs-cl-6\">\n                    <div class=\"gs-fgroup\">\n                        <label>Date\/Heure prise en charge<\/label>\n                        <div class=\"new-datetime-group\">\n                            <input readonly placeholder=\"Date\/Heure prise en charge\" required\n                                   class=\"gs-fcontrol datepicker-input\" id=\"rsf_pickup_date\" name=\"rsf_pickup_date\"\n                                   value=\"\">\n                            <select required class=\"gs-fcontrol timepicker-input\" name=\"rsf_pickup_time\"\n                                    id=\"rsf_pickup_time\">\n                                <option value=\"\">- Choisir -<\/option>\n                            <\/select>\n                        <\/div>\n                    <\/div>\n                <\/div>\n                \n                <div class=\"nrhsf-dropoff-datetime-container gs-cs-12 gs-cm-6 gs-cl-6\">\n                    <label>Date\/Heure restitution<\/label>\n                    <div class=\"new-datetime-group\">\n                        <input readonly placeholder=\"Date\/Heure restitution\" required\n                               class=\"gs-fcontrol datepicker-input\" id=\"rsf_dropoff_date\" name=\"rsf_dropoff_date\"\n                               value=\"\">\n                        <select required class=\"gs-fcontrol timepicker-input\" name=\"rsf_dropoff_time\"\n                                id=\"rsf_dropoff_time\">\n                            <option value=\"\">- Choisir -<\/option>\n                        <\/select>\n                    <\/div>\n                <\/div>\n                \n                                <div class=\"renthub-coupon-checkbox gs-cs-12 gs-cm-6 gs-cl-6\">\n                    <label class=\"rsf_coupon_checkbox_container\" style=\"\"><input type=\"checkbox\" id=\"rsf_add_coupon\"  \/> Avez-vous un coupon ?<\/label>\n                    <div class=\"rsf_show_coupon\" style=\"display:none\">\n                        <label>Avez-vous un coupon? Saisissez-le<\/label>\n                        <input class=\"gs-fcontrol\" type=\"text\" name=\"rbf_coupon\" id=\"rbf_coupon\" placeholder=\"Avez-vous un coupon? Saisissez-le\" value=\"\">\n                    <\/div>\n                <\/div>\n                            <\/div>\n            <div class=\"gs-row\">\n                                    <div class=\"nrhsf-age gs-cs-12 gs-cm-4 gs-cl-3\">\n                        <div class=\"gs-fgroup agecontainer\">\n                            <label>\u00c2ge<\/label>\n                            <select required class=\"gs-fcontrol\" id=\"rsf_age\" name=\"rsf_age\">\n                                                                    <option \n                                            value=\"18\">18<\/option>\n                                                                    <option \n                                            value=\"19\">19<\/option>\n                                                                    <option \n                                            value=\"20\">20<\/option>\n                                                                    <option selected=\"selected\"\n                                            value=\"21\">21-80<\/option>\n                                                            <\/select>\n                        <\/div>\n                    <\/div>\n                                <div class=\"nrhsf-search-btn-container gs-cs-12 gs-cm-8 gs-cl-9\">\n                    <label>&nbsp;<\/label>\n                    <button id=\"rsf_start_search\" name=\"rsf_start_search\" value=\"1\" type=\"submit\"\n                            class=\"rh-second-button-100 btn-submit\">Chercher<\/button>\n                <\/div>\n            <\/div>\n        <\/form>\n    <\/div>\n<\/div>\n<\/div>\n\t\t\t\t\t\t<\/div>\n\t\t\t\t<\/div>\n\t\t\t\t\t<\/div>\n\t\t<\/div>\n\t\t\t\t\t<\/div>\n\t\t<\/section>\n\t\t\t\t\t<\/div>\n\t\t<\/div>\n\t\t\t\t\t<\/div>\n\t\t<\/section>\n\t\t\t\t<section class=\"elementor-section elementor-top-section elementor-element elementor-element-50335fd4 elementor-section-boxed elementor-section-height-default elementor-section-height-default\" data-id=\"50335fd4\" data-element_type=\"section\" data-e-type=\"section\">\n\t\t\t\t\t\t<div class=\"elementor-container elementor-column-gap-wider\">\n\t\t\t\t\t<div class=\"elementor-column elementor-col-100 elementor-top-column elementor-element elementor-element-6591851a\" data-id=\"6591851a\" data-element_type=\"column\" data-e-type=\"column\">\n\t\t\t<div class=\"elementor-widget-wrap elementor-element-populated\">\n\t\t\t\t\t\t<div class=\"elementor-element elementor-element-2402971 elementor-widget elementor-widget-heading\" data-id=\"2402971\" data-element_type=\"widget\" data-e-type=\"widget\" data-widget_type=\"heading.default\">\n\t\t\t\t<div class=\"elementor-widget-container\">\n\t\t\t\t\t<h1 class=\"elementor-heading-title elementor-size-default\">Couvertures de l'Assurance Tous Risques de Protur Cars\n<\/h1>\t\t\t\t<\/div>\n\t\t\t\t<\/div>\n\t\t\t\t<div class=\"elementor-element elementor-element-1a5b0833 elementor-widget elementor-widget-text-editor\" data-id=\"1a5b0833\" data-element_type=\"widget\" data-e-type=\"widget\" data-widget_type=\"text-editor.default\">\n\t\t\t\t<div class=\"elementor-widget-container\">\n\t\t\t\t\t\t\t\t\t<p>Chez Protur Cars, lorsque vous louez une voiture avec nous, vous \u00eates toujours couvert par notre assurance tous risques sans franchise ni d\u00e9p\u00f4t, ce qui signifie que vous pouvez conduire en toute tranquillit\u00e9. Voici les couvertures dont vous b\u00e9n\u00e9ficierez en souscrivant \u00e0 notre service :<\/p><ol><li><strong>Couverture des Dommages Tous Risques<\/strong> : Vous \u00eates prot\u00e9g\u00e9 contre tout dommage que pourrait subir le v\u00e9hicule pendant la p\u00e9riode de location. Cela inclut les dommages \u00e0 la carrosserie, les vitres, les r\u00e9troviseurs, les jantes et les pneus.<\/li><li><strong>Exon\u00e9ration Totale de Responsabilit\u00e9 (SCDW)<\/strong> : Vous n\u2019aurez pas \u00e0 payer pour les dommages au v\u00e9hicule, gr\u00e2ce \u00e0 l\u2019exon\u00e9ration totale de responsabilit\u00e9 qui couvre tous types d\u2019incidents, y compris le vol du v\u00e9hicule.<\/li><li><strong>Couverture contre le Vol<\/strong> : En cas de vol du v\u00e9hicule, vous \u00eates enti\u00e8rement couvert. Il suffira de d\u00e9poser une plainte aupr\u00e8s de la police.<\/li><li><strong>Sans Franchise ni D\u00e9p\u00f4t<\/strong> : Vous n\u2019aurez pas \u00e0 laisser de d\u00e9p\u00f4t ni \u00e0 payer de franchise en cas d\u2019accident ou de dommages au v\u00e9hicule, ce qui signifie qu\u2019il n\u2019y aura pas de frais surprises.<\/li><li><strong>Responsabilit\u00e9 Civile envers Tiers<\/strong> : Vous \u00eates couvert par une police de responsabilit\u00e9 civile qui prot\u00e8ge contre les dommages caus\u00e9s \u00e0 des tiers, avec une limite allant jusqu\u2019\u00e0 50 millions d\u2019euros.<\/li><\/ol>\t\t\t\t\t\t\t\t<\/div>\n\t\t\t\t<\/div>\n\t\t\t\t\t<\/div>\n\t\t<\/div>\n\t\t\t\t\t<\/div>\n\t\t<\/section>\n\t\t\t\t<section class=\"elementor-section elementor-top-section elementor-element elementor-element-f70fb5e elementor-section-boxed elementor-section-height-default elementor-section-height-default\" data-id=\"f70fb5e\" data-element_type=\"section\" data-e-type=\"section\">\n\t\t\t\t\t\t<div class=\"elementor-container elementor-column-gap-wider\">\n\t\t\t\t\t<div class=\"elementor-column elementor-col-100 elementor-top-column elementor-element elementor-element-71e7294\" data-id=\"71e7294\" data-element_type=\"column\" data-e-type=\"column\">\n\t\t\t<div class=\"elementor-widget-wrap elementor-element-populated\">\n\t\t\t\t\t\t<div class=\"elementor-element elementor-element-7e415df elementor-widget elementor-widget-heading\" data-id=\"7e415df\" data-element_type=\"widget\" data-e-type=\"widget\" data-widget_type=\"heading.default\">\n\t\t\t\t<div class=\"elementor-widget-container\">\n\t\t\t\t\t<h2 class=\"elementor-heading-title elementor-size-default\">Conditions pour Maintenir la Couverture\n<\/h2>\t\t\t\t<\/div>\n\t\t\t\t<\/div>\n\t\t\t\t<div class=\"elementor-element elementor-element-17bb443 elementor-widget elementor-widget-text-editor\" data-id=\"17bb443\" data-element_type=\"widget\" data-e-type=\"widget\" data-widget_type=\"text-editor.default\">\n\t\t\t\t<div class=\"elementor-widget-container\">\n\t\t\t\t\t\t\t\t\t<p>Pour que toutes ces couvertures soient valides, en cas d\u2019accident ou de dommages, vous devrez remplir et remettre un constat d\u2019accident dans nos bureaux. En cas de vol, il sera n\u00e9cessaire de porter plainte aupr\u00e8s de la police. Ne pas signaler un incident pourrait \u00eatre consid\u00e9r\u00e9 comme de la n\u00e9gligence et entra\u00eener des frais suppl\u00e9mentaires.<\/p><p>Avec Protur Cars, profitez de votre voiture de location en sachant que vous \u00eates compl\u00e8tement couvert \u00e0 tout moment.<\/p>\t\t\t\t\t\t\t\t<\/div>\n\t\t\t\t<\/div>\n\t\t\t\t\t<\/div>\n\t\t<\/div>\n\t\t\t\t\t<\/div>\n\t\t<\/section>\n\t\t\t\t<section class=\"elementor-section elementor-top-section elementor-element elementor-element-645f3d2 elementor-section-boxed elementor-section-height-default elementor-section-height-default\" data-id=\"645f3d2\" data-element_type=\"section\" data-e-type=\"section\">\n\t\t\t\t\t\t<div class=\"elementor-container elementor-column-gap-wider\">\n\t\t\t\t\t<div class=\"elementor-column elementor-col-100 elementor-top-column elementor-element elementor-element-a71b01d\" data-id=\"a71b01d\" data-element_type=\"column\" data-e-type=\"column\">\n\t\t\t<div class=\"elementor-widget-wrap elementor-element-populated\">\n\t\t\t\t\t\t<div class=\"elementor-element elementor-element-256957c elementor-widget elementor-widget-heading\" data-id=\"256957c\" data-element_type=\"widget\" data-e-type=\"widget\" data-widget_type=\"heading.default\">\n\t\t\t\t<div class=\"elementor-widget-container\">\n\t\t\t\t\t<h1 class=\"elementor-heading-title elementor-size-default\">Couvertures Suppl\u00e9mentaires avec le Pack Protur Cars\n<\/h1>\t\t\t\t<\/div>\n\t\t\t\t<\/div>\n\t\t\t\t<div class=\"elementor-element elementor-element-3dc3157 elementor-widget elementor-widget-text-editor\" data-id=\"3dc3157\" data-element_type=\"widget\" data-e-type=\"widget\" data-widget_type=\"text-editor.default\">\n\t\t\t\t<div class=\"elementor-widget-container\">\n\t\t\t\t\t\t\t\t\t<p>En ajoutant le <strong>Pack Protur Cars pour seulement 6\u20ac par jou<\/strong>r, vous obtenez une protection encore plus grande qui couvre les impr\u00e9vus normalement non inclus dans l\u2019assurance tous risques standard. Voici les couvertures suppl\u00e9mentaires que vous aurez :<\/p>\t\t\t\t\t\t\t\t<\/div>\n\t\t\t\t<\/div>\n\t\t\t\t\t<\/div>\n\t\t<\/div>\n\t\t\t\t\t<\/div>\n\t\t<\/section>\n\t\t\t\t<section class=\"elementor-section elementor-top-section elementor-element elementor-element-39376520 elementor-section-content-middle elementor-section-boxed elementor-section-height-default elementor-section-height-default\" data-id=\"39376520\" data-element_type=\"section\" data-e-type=\"section\">\n\t\t\t\t\t\t<div class=\"elementor-container elementor-column-gap-wider\">\n\t\t\t\t\t<div class=\"elementor-column elementor-col-33 elementor-top-column elementor-element elementor-element-130eb049\" data-id=\"130eb049\" data-element_type=\"column\" data-e-type=\"column\">\n\t\t\t<div class=\"elementor-widget-wrap elementor-element-populated\">\n\t\t\t\t\t\t<div class=\"elementor-element elementor-element-6e5377fa elementor-view-default elementor-position-block-start elementor-mobile-position-block-start elementor-invisible elementor-widget elementor-widget-icon-box\" data-id=\"6e5377fa\" data-element_type=\"widget\" data-e-type=\"widget\" data-settings=\"{&quot;_animation&quot;:&quot;zoomInDown&quot;}\" data-widget_type=\"icon-box.default\">\n\t\t\t\t<div class=\"elementor-widget-container\">\n\t\t\t\t\t\t\t<div class=\"elementor-icon-box-wrapper\">\n\n\t\t\t\t\t\t<div class=\"elementor-icon-box-icon\">\n\t\t\t\t<span  class=\"elementor-icon\">\n\t\t\t\t<svg xmlns=\"http:\/\/www.w3.org\/2000\/svg\" xmlns:xlink=\"http:\/\/www.w3.org\/1999\/xlink\" width=\"512\" height=\"512\" x=\"0\" y=\"0\" viewBox=\"0 0 512 512\" style=\"enable-background:new 0 0 512 512\" xml:space=\"preserve\" class=\"\"><g><path d=\"M100.226 57.48 69.474 95.264l30.752 37.785h39.069l6.591-6.19 6.592 6.19h23.668l10.274-8.779 10.274 8.779h28.865l3.111-3.21 3.11 3.21h30.742V57.48zM404.289 0h-77.757C307.84 0 292.64 15.2 292.64 33.892l-.014 38.638h-.006V118h.006l.014 38.648c0 18.682 15.2 33.882 33.892 33.882h77.757c18.682 0 33.882-15.2 33.882-33.882V33.892C438.171 15.2 422.971 0 404.289 0zm-8.086 128.574h-30.099v-66.62h30.099v66.62zM441.813 259.647h-51.219l-11.739 16.635-22.966-34.454a43.625 43.625 0 0 0-36.38-19.464H192.35a43.621 43.621 0 0 0-36.37 19.464l-22.906 34.353-11.669-16.535H70.187c-11.739 0-21.26 9.511-21.26 21.26v5.799c0 11.739 9.521 21.26 21.26 21.26h39.731L86.25 326.899c-5.859 4.695-10.374 10.625-13.264 17.297v.01l11.799 12.682 12.23 13.153H135.803v30.099H83.902l-14.648-15.752v64.092h99.489v-16.053c0-18.812 15.301-34.113 34.113-34.113h106.291c18.812 0 34.113 15.301 34.113 34.113v16.053H442.618v-63.951L428.1 400.141h-51.902v-30.099h38.788l12.12-13.033 11.809-12.702v-.01c-2.89-6.702-7.404-12.682-13.304-17.397l-23.658-18.932h39.862c11.739 0 21.26-9.521 21.26-21.26v-5.799c-.001-11.751-9.523-21.262-21.262-21.262zm-49.714 48.32-5.95 6.401-10.394 11.187-6.742 7.244H142.987l-6.792-7.304-10.424-11.217-5.869-6.311-4.665-5.017 17.157-25.745 5.799 6.241 4.736 5.087 10.545 11.337 2.629 2.829h199.8l2.558-2.749 10.535-11.327 4.816-5.177 1.906-2.054 3.813-4.107 17.167 25.745-4.599 4.937z\" fill=\"#92ba1f\" opacity=\"1\" data-original=\"#000000\" class=\"\"><\/path><path d=\"M309.145 428.414h-106.29a4.019 4.019 0 0 0-4.013 4.013v16.053h114.317v-16.053a4.019 4.019 0 0 0-4.014-4.013zM168.742 478.58H89.53c1.816 18.732 17.658 33.42 36.852 33.42h16.906c9.853 0 18.802-3.863 25.454-10.154.321-.301.632-.612.943-.923 5.779-5.879 9.622-13.675 10.465-22.344h-11.408zM407.299 478.58H331.85c.843 8.669 4.685 16.464 10.465 22.344.311.311.622.622.943.923 6.652 6.29 15.601 10.153 25.454 10.153h16.906c19.193 0 35.036-14.688 36.852-33.42h-15.171z\" fill=\"#92ba1f\" opacity=\"1\" data-original=\"#000000\" class=\"\"><\/path><\/g><\/svg>\t\t\t\t<\/span>\n\t\t\t<\/div>\n\t\t\t\n\t\t\t\t\t\t<div class=\"elementor-icon-box-content\">\n\n\t\t\t\t\t\t\t\t\t<h3 class=\"elementor-icon-box-title\">\n\t\t\t\t\t\t<span  >\n\t\t\t\t\t\t\tPerte ou dommage des cl\u00e9s :\t\t\t\t\t\t<\/span>\n\t\t\t\t\t<\/h3>\n\t\t\t\t\n\t\t\t\t\t\t\t\t\t<p class=\"elementor-icon-box-description\">\n\t\t\t\t\t\tTous les co\u00fbts li\u00e9s \u00e0 la perte ou \u00e0 l\u2019endommagement des cl\u00e9s du v\u00e9hicule seront couverts. Sans le Pack, ce type d\u2019incident pourrait entra\u00eener un co\u00fbt consid\u00e9rable.\n\n\t\t\t\t\t<\/p>\n\t\t\t\t\n\t\t\t<\/div>\n\t\t\t\n\t\t<\/div>\n\t\t\t\t\t\t<\/div>\n\t\t\t\t<\/div>\n\t\t\t\t<div class=\"elementor-element elementor-element-6031c79 elementor-widget__width-initial elementor-view-default elementor-position-block-start elementor-mobile-position-block-start elementor-invisible elementor-widget elementor-widget-icon-box\" data-id=\"6031c79\" data-element_type=\"widget\" data-e-type=\"widget\" data-settings=\"{&quot;_animation&quot;:&quot;zoomInDown&quot;}\" data-widget_type=\"icon-box.default\">\n\t\t\t\t<div class=\"elementor-widget-container\">\n\t\t\t\t\t\t\t<div class=\"elementor-icon-box-wrapper\">\n\n\t\t\t\t\t\t<div class=\"elementor-icon-box-icon\">\n\t\t\t\t<span  class=\"elementor-icon\">\n\t\t\t\t<svg xmlns=\"http:\/\/www.w3.org\/2000\/svg\" xmlns:xlink=\"http:\/\/www.w3.org\/1999\/xlink\" width=\"512\" height=\"512\" x=\"0\" y=\"0\" viewBox=\"0 0 492 492\" style=\"enable-background:new 0 0 512 512\" xml:space=\"preserve\" class=\"\"><g><g fill-rule=\"evenodd\" clip-rule=\"evenodd\"><path d=\"M372 134.2 263.9 276l6.5 4.9 108-141.8c-1.1-.6-2.2-1.3-3.3-2.1-1.1-.9-2.2-1.8-3.1-2.8zM399.2 76.3 376.6 106c-2.8 3.7-4.1 8.4-3.5 13 .6 4.3 2.7 8.2 6 11 .3.1.6.3.8.5.3.2.5.5.7.7 2.9 2 6.2 3 9.8 3 5.5 0 10.6-2.5 14-6.9L427 97.5c5.9-7.7 4.4-18.7-3.3-24.6-3-2.3-6.7-3.5-10.5-3.5-.8 0-1.6 0-2.4.1-4.7.7-8.8 3.1-11.6 6.8zM248.4 274.3l-36.1 47.4 27.8 21.2 36.1-47.3-13.6-10.4c-.1-.1-.3-.2-.4-.3-.2-.1-.3-.2-.4-.4zM200.3 322.9l-29.1 38.2c4.9.3 9.8.8 14.7 1.4 14.9 1.9 29.4 5.2 43.6 9.6l13-17.1-4.1-3.1-.1-.1c-.1 0-.1-.1-.2-.2zM61.9 387.6V424h252.8l-5.5-3.7c-25.5-17.3-51.6-30.6-78.4-39.4-.6-.1-1.2-.2-1.7-.5-21.3-6.9-43.1-10.8-65.2-11.7-.5.1-1 0-1.4 0-32.5-1-65.6 4.8-99.4 18.4z\" fill=\"#92ba1f\" opacity=\"1\" data-original=\"#000000\"><\/path><\/g><\/g><\/svg>\t\t\t\t<\/span>\n\t\t\t<\/div>\n\t\t\t\n\t\t\t\t\t\t<div class=\"elementor-icon-box-content\">\n\n\t\t\t\t\t\t\t\t\t<h3 class=\"elementor-icon-box-title\">\n\t\t\t\t\t\t<span  >\n\t\t\t\t\t\t\tVol ou perte de l'antenne du v\u00e9hicule :\t\t\t\t\t\t<\/span>\n\t\t\t\t\t<\/h3>\n\t\t\t\t\n\t\t\t\t\t\t\t\t\t<p class=\"elementor-icon-box-description\">\n\t\t\t\t\t\tVous \u00eates couvert en cas de vol ou de perte de l\u2019antenne de la voiture, ce qui n'est g\u00e9n\u00e9ralement pas couvert par l\u2019assurance de base.\n\n\t\t\t\t\t<\/p>\n\t\t\t\t\n\t\t\t<\/div>\n\t\t\t\n\t\t<\/div>\n\t\t\t\t\t\t<\/div>\n\t\t\t\t<\/div>\n\t\t\t\t\t<\/div>\n\t\t<\/div>\n\t\t\t\t<div class=\"elementor-column elementor-col-33 elementor-top-column elementor-element elementor-element-7bd1a851\" data-id=\"7bd1a851\" data-element_type=\"column\" data-e-type=\"column\">\n\t\t\t<div class=\"elementor-widget-wrap elementor-element-populated\">\n\t\t\t\t\t\t<div class=\"elementor-element elementor-element-346c7aa8 elementor-widget elementor-widget-image\" data-id=\"346c7aa8\" data-element_type=\"widget\" data-e-type=\"widget\" data-settings=\"{&quot;motion_fx_motion_fx_scrolling&quot;:&quot;yes&quot;,&quot;motion_fx_rotateZ_effect&quot;:&quot;yes&quot;,&quot;motion_fx_rotateZ_speed&quot;:{&quot;unit&quot;:&quot;px&quot;,&quot;size&quot;:1,&quot;sizes&quot;:[]},&quot;motion_fx_rotateZ_affectedRange&quot;:{&quot;unit&quot;:&quot;%&quot;,&quot;size&quot;:&quot;&quot;,&quot;sizes&quot;:{&quot;start&quot;:0,&quot;end&quot;:100}},&quot;motion_fx_devices&quot;:[&quot;desktop&quot;,&quot;tablet&quot;,&quot;mobile&quot;]}\" data-widget_type=\"image.default\">\n\t\t\t\t<div class=\"elementor-widget-container\">\n\t\t\t\t\t\t\t\t\t\t\t\t\t\t\t<img decoding=\"async\" width=\"450\" height=\"802\" src=\"https:\/\/proturcars.com\/wp-content\/uploads\/2024\/10\/pack-protur-cars.png\" class=\"attachment-full size-full wp-image-2863\" alt=\"Zus\u00e4tzliche Deckungen mit dem Protur Cars Paket\" srcset=\"https:\/\/proturcars.com\/wp-content\/uploads\/2024\/10\/pack-protur-cars.png 450w, https:\/\/proturcars.com\/wp-content\/uploads\/2024\/10\/pack-protur-cars-168x300.png 168w, https:\/\/proturcars.com\/wp-content\/uploads\/2024\/10\/pack-protur-cars-370x659.png 370w\" sizes=\"(max-width: 450px) 100vw, 450px\" \/>\t\t\t\t\t\t\t\t\t\t\t\t\t\t\t<\/div>\n\t\t\t\t<\/div>\n\t\t\t\t\t<\/div>\n\t\t<\/div>\n\t\t\t\t<div class=\"elementor-column elementor-col-33 elementor-top-column elementor-element elementor-element-6cea4b3\" data-id=\"6cea4b3\" data-element_type=\"column\" data-e-type=\"column\">\n\t\t\t<div class=\"elementor-widget-wrap elementor-element-populated\">\n\t\t\t\t\t\t<div class=\"elementor-element elementor-element-3ef8f7d elementor-widget__width-initial elementor-view-default elementor-position-block-start elementor-mobile-position-block-start elementor-invisible elementor-widget elementor-widget-icon-box\" data-id=\"3ef8f7d\" data-element_type=\"widget\" data-e-type=\"widget\" data-settings=\"{&quot;_animation&quot;:&quot;zoomInDown&quot;}\" data-widget_type=\"icon-box.default\">\n\t\t\t\t<div class=\"elementor-widget-container\">\n\t\t\t\t\t\t\t<div class=\"elementor-icon-box-wrapper\">\n\n\t\t\t\t\t\t<div class=\"elementor-icon-box-icon\">\n\t\t\t\t<span  class=\"elementor-icon\">\n\t\t\t\t<svg xmlns=\"http:\/\/www.w3.org\/2000\/svg\" xmlns:xlink=\"http:\/\/www.w3.org\/1999\/xlink\" width=\"512\" height=\"512\" x=\"0\" y=\"0\" viewBox=\"0 0 512.125 512\" style=\"enable-background:new 0 0 512 512\" xml:space=\"preserve\" class=\"\"><g><path d=\"m10.32 49.855 136.551 40.227a32.105 32.105 0 0 1 11.563 6.18l41.52 34.59 34.944-37.489-57.382-46.625a14.024 14.024 0 0 0-4.899-2.578L24.813.637a14.069 14.069 0 0 0-17.473 9.52L.812 32.401c-2.187 7.442 2.067 15.254 9.508 17.453zM216.887 144.95a9.146 9.146 0 0 1 3.125 5.292l63.535 330.23a37.252 37.252 0 0 0 51.629 27.047l95.004-41.976a9.147 9.147 0 0 1 12.16 4.91 12.198 12.198 0 0 0 15.918 6.676l46.289-18.992c6.234-2.551 9.219-9.676 6.664-15.907l-86.406-210.843a9.134 9.134 0 0 1 1.554-9.453l9.926-11.465c5.07-5.871 4.434-14.739-1.426-19.824l-96.418-83.54a14.07 14.07 0 0 0-10.23-3.375 14.08 14.08 0 0 0-9.621 4.848l-21.465 24.832c-3.266 3.79-8.969 4.254-12.8 1.043l-35.31-29.422-35.027 37.559zm117.027 333.23a20.756 20.756 0 0 1-28.883-15.864L283.637 320.97a43.659 43.659 0 0 1 6.758-30.703l23.835 18.836a59.882 59.882 0 0 1 20.032 28.449l41.144 122.304zm-14.629-207.04L333 268.68c21.414-3.72 42.352 8.687 49.371 29.258l43.887 130.386a9.14 9.14 0 0 1-4.973 11.29l-29.031 12.827-40.629-120.64a77.876 77.876 0 0 0-26.113-37.063l-22.035-17.457a44.179 44.179 0 0 1 15.863-6.14zm-49.836-64.093 12.953 54.86c1.145 4.906-1.902 9.816-6.808 10.968a8.692 8.692 0 0 1-2.106.246 9.138 9.138 0 0 1-8.894-7.039l-12.957-54.855a9.158 9.158 0 0 1 2.633-8.766 9.154 9.154 0 0 1 8.906-2.102 9.162 9.162 0 0 1 6.273 6.66zm-25.601-54.758c4.89-1.246 9.867 1.703 11.117 6.594l4.574 17.91c1.246 4.895-1.71 9.871-6.601 11.117a8.732 8.732 0 0 1-2.27.285 9.139 9.139 0 0 1-8.848-6.875l-4.554-17.882a9.14 9.14 0 0 1 6.601-11.149zM45.742 277.723a44.219 44.219 0 0 0 32.79-12.926 44.188 44.188 0 0 0 12.921-32.79c0-21.155-29.594-68.25-45.71-86.859C29.632 163.746.026 210.84.026 232.008a44.203 44.203 0 0 0 12.922 32.789 44.221 44.221 0 0 0 32.793 12.926zm0 0\" fill=\"#92ba1f\" opacity=\"1\" data-original=\"#000000\"><\/path><\/g><\/svg>\t\t\t\t<\/span>\n\t\t\t<\/div>\n\t\t\t\n\t\t\t\t\t\t<div class=\"elementor-icon-box-content\">\n\n\t\t\t\t\t\t\t\t\t<h3 class=\"elementor-icon-box-title\">\n\t\t\t\t\t\t<span  >\n\t\t\t\t\t\t\tErreur de carburant :\t\t\t\t\t\t<\/span>\n\t\t\t\t\t<\/h3>\n\t\t\t\t\n\t\t\t\t\t\t\t\t\t<p class=\"elementor-icon-box-description\">\n\t\t\t\t\t\tSi vous faites une erreur en remplissant le r\u00e9servoir avec le mauvais carburant, le Pack Protur Cars couvrira les frais de r\u00e9paration et de transport de la voiture au garage, \u00e9vitant ainsi des frais importants.\n\n\t\t\t\t\t<\/p>\n\t\t\t\t\n\t\t\t<\/div>\n\t\t\t\n\t\t<\/div>\n\t\t\t\t\t\t<\/div>\n\t\t\t\t<\/div>\n\t\t\t\t<div class=\"elementor-element elementor-element-8f11ebb elementor-widget__width-initial elementor-view-default elementor-position-block-start elementor-mobile-position-block-start elementor-invisible elementor-widget elementor-widget-icon-box\" data-id=\"8f11ebb\" data-element_type=\"widget\" data-e-type=\"widget\" data-settings=\"{&quot;_animation&quot;:&quot;zoomInDown&quot;}\" data-widget_type=\"icon-box.default\">\n\t\t\t\t<div class=\"elementor-widget-container\">\n\t\t\t\t\t\t\t<div class=\"elementor-icon-box-wrapper\">\n\n\t\t\t\t\t\t<div class=\"elementor-icon-box-icon\">\n\t\t\t\t<span  class=\"elementor-icon\">\n\t\t\t\t<svg xmlns=\"http:\/\/www.w3.org\/2000\/svg\" xmlns:xlink=\"http:\/\/www.w3.org\/1999\/xlink\" width=\"512\" height=\"512\" x=\"0\" y=\"0\" viewBox=\"0 0 512 512\" style=\"enable-background:new 0 0 512 512\" xml:space=\"preserve\"><g><path fill-rule=\"evenodd\" d=\"M152.3 302.2c0-9.7-8.748-17.169-16.5-21.517-11.977-6.718-27-9.591-40.624-9.591s-28.649 2.872-40.626 9.591c-7.75 4.353-16.49 11.824-16.49 21.517s8.737 17.177 16.494 21.53c11.977 6.721 27 9.593 40.626 9.593s28.648-2.873 40.624-9.593c7.757-4.352 16.5-11.827 16.5-21.53zm203.8-117.963c-10.394 2.881-21.423 7.462-29.812 14.233-5.677 4.582-11.277 11.2-11.277 18.9 0 12.35 13.174 21.522 23.022 26.375 16.866 8.312 37.762 11.709 56.43 11.709s39.57-3.4 56.439-11.709c9.848-4.852 23.03-14.024 23.03-26.375 0-7.7-5.615-14.325-11.288-18.9-8.392-6.772-19.419-11.355-29.816-14.233L400.844 220.9a8.449 8.449 0 0 1-12.751 0l-31.988-36.663zm4.331-99.553a34.033 34.033 0 1 0 34.032-34.027 34.074 34.074 0 0 0-34.032 34.027zm84.993 0a50.958 50.958 0 1 1-50.961-50.955 51.014 51.014 0 0 1 50.961 50.955zm-50.956 117.787L337.956 137.7a93.177 93.177 0 0 1-20.429-38.71 82.442 82.442 0 0 1 .058-40.724 76.359 76.359 0 0 1 19.973-34.81 80.768 80.768 0 0 1 113.821 0A76.343 76.343 0 0 1 471.366 58.3a82.437 82.437 0 0 1 .044 40.705 93.208 93.208 0 0 1-20.428 38.69l-56.514 64.775zM326.45 480.877c0-9.7-8.742-17.171-16.5-21.521-11.978-6.72-27-9.592-40.628-9.592s-28.648 2.874-40.624 9.592c-7.754 4.349-16.5 11.822-16.5 21.521s8.742 17.178 16.5 21.531c11.976 6.719 27 9.592 40.624 9.592s28.651-2.872 40.628-9.592c7.758-4.353 16.5-11.828 16.5-21.531zM154.89 273.512a54.048 54.048 0 0 1 11.074 14.232l142.129-45.223a53.339 53.339 0 0 1-8.735-14.97zm65.234 171.211a103.984 103.984 0 0 1 16.454-7.066l-91.02-99.929a48.512 48.512 0 0 1-16.282 7.248z\" fill=\"#92ba1f\" opacity=\"1\" data-original=\"#000000\"><\/path><\/g><\/svg>\t\t\t\t<\/span>\n\t\t\t<\/div>\n\t\t\t\n\t\t\t\t\t\t<div class=\"elementor-icon-box-content\">\n\n\t\t\t\t\t\t\t\t\t<h3 class=\"elementor-icon-box-title\">\n\t\t\t\t\t\t<span  >\n\t\t\t\t\t\t\tTransport en cas d\u2019accident :\t\t\t\t\t\t<\/span>\n\t\t\t\t\t<\/h3>\n\t\t\t\t\n\t\t\t\t\t\t\t\t\t<p class=\"elementor-icon-box-description\">\n\t\t\t\t\t\tEn cas d'accident, le Pack Protur Cars couvre le transport vers votre h\u00f4tel ou lieu de s\u00e9jour depuis le lieu de l\u2019incident, afin que vous n'ayez pas \u00e0 vous soucier du transport.\n\n\t\t\t\t\t<\/p>\n\t\t\t\t\n\t\t\t<\/div>\n\t\t\t\n\t\t<\/div>\n\t\t\t\t\t\t<\/div>\n\t\t\t\t<\/div>\n\t\t\t\t\t<\/div>\n\t\t<\/div>\n\t\t\t\t\t<\/div>\n\t\t<\/section>\n\t\t\t\t<section class=\"elementor-section elementor-top-section elementor-element elementor-element-f17eeed elementor-section-boxed elementor-section-height-default elementor-section-height-default\" data-id=\"f17eeed\" data-element_type=\"section\" data-e-type=\"section\">\n\t\t\t\t\t\t<div class=\"elementor-container elementor-column-gap-wider\">\n\t\t\t\t\t<div class=\"elementor-column elementor-col-100 elementor-top-column elementor-element elementor-element-d9fe4a7\" data-id=\"d9fe4a7\" data-element_type=\"column\" data-e-type=\"column\">\n\t\t\t<div class=\"elementor-widget-wrap elementor-element-populated\">\n\t\t\t\t\t\t<div class=\"elementor-element elementor-element-d947a70 elementor-widget elementor-widget-text-editor\" data-id=\"d947a70\" data-element_type=\"widget\" data-e-type=\"widget\" data-widget_type=\"text-editor.default\">\n\t\t\t\t<div class=\"elementor-widget-container\">\n\t\t\t\t\t\t\t\t\t<p>Avec le<strong> Pack Protur Cars<\/strong>, vous b\u00e9n\u00e9ficierez d&rsquo;une protection compl\u00e8te couvrant m\u00eame les incidents les plus inattendus, comme la perte ou le vol de l&rsquo;antenne du v\u00e9hicule, vous offrant ainsi une plus grande tranquillit\u00e9 d\u2019esprit pendant votre voyage.<\/p>\t\t\t\t\t\t\t\t<\/div>\n\t\t\t\t<\/div>\n\t\t\t\t\t<\/div>\n\t\t<\/div>\n\t\t\t\t\t<\/div>\n\t\t<\/section>\n\t\t\t\t<section class=\"elementor-section elementor-top-section elementor-element elementor-element-189385c elementor-section-boxed elementor-section-height-default elementor-section-height-default\" data-id=\"189385c\" data-element_type=\"section\" data-e-type=\"section\">\n\t\t\t\t\t\t<div class=\"elementor-container elementor-column-gap-wider\">\n\t\t\t\t\t<div class=\"elementor-column elementor-col-100 elementor-top-column elementor-element elementor-element-e0b91e3\" data-id=\"e0b91e3\" data-element_type=\"column\" data-e-type=\"column\">\n\t\t\t<div class=\"elementor-widget-wrap elementor-element-populated\">\n\t\t\t\t\t\t<div class=\"elementor-element elementor-element-1d67537 elementor-widget elementor-widget-spacer\" data-id=\"1d67537\" data-element_type=\"widget\" data-e-type=\"widget\" data-widget_type=\"spacer.default\">\n\t\t\t\t<div class=\"elementor-widget-container\">\n\t\t\t\t\t\t\t<div class=\"elementor-spacer\">\n\t\t\t<div class=\"elementor-spacer-inner\"><\/div>\n\t\t<\/div>\n\t\t\t\t\t\t<\/div>\n\t\t\t\t<\/div>\n\t\t\t\t\t<\/div>\n\t\t<\/div>\n\t\t\t\t\t<\/div>\n\t\t<\/section>\n\t\t\t\t<\/div>\n\t\t","protected":false},"excerpt":{"rendered":"<p>Couvertures de l&rsquo;Assurance Tous Risques de Protur Cars Chez Protur Cars, lorsque vous louez une voiture avec nous, vous \u00eates toujours couvert par notre assurance tous risques sans franchise ni d\u00e9p\u00f4t, ce qui signifie que vous pouvez conduire en toute tranquillit\u00e9. Voici les couvertures dont vous b\u00e9n\u00e9ficierez en souscrivant \u00e0 notre service : Couverture des [&hellip;]<\/p>\n","protected":false},"author":1,"featured_media":2848,"parent":0,"menu_order":0,"comment_status":"closed","ping_status":"closed","template":"","meta":{"footnotes":""},"class_list":["post-3083","page","type-page","status-publish","has-post-thumbnail","hentry"],"yoast_head":"<!-- This site is optimized with the Yoast SEO plugin v27.4 - https:\/\/yoast.com\/product\/yoast-seo-wordpress\/ -->\n<title>Pack Protur Cars : Sans franchise, sans d\u00e9p\u00f4t. Tout compris.<\/title>\n<meta name=\"description\" content=\"Avec le Pack Protur Cars, vous \u00eates toujours couvert avec notre assurance tous risques, sans franchise ni d\u00e9p\u00f4t. Conduisez en toute s\u00e9r\u00e9nit\u00e9.\" \/>\n<meta name=\"robots\" content=\"index, follow, max-snippet:-1, max-image-preview:large, max-video-preview:-1\" \/>\n<link rel=\"canonical\" href=\"https:\/\/proturcars.com\/fr\/pack-protur-cars\/\" \/>\n<meta property=\"og:locale\" content=\"fr_FR\" \/>\n<meta property=\"og:type\" content=\"article\" \/>\n<meta property=\"og:title\" content=\"Pack Protur Cars : Sans franchise, sans d\u00e9p\u00f4t. Tout compris.\" \/>\n<meta property=\"og:description\" content=\"Avec le Pack Protur Cars, vous \u00eates toujours couvert avec notre assurance tous risques, sans franchise ni d\u00e9p\u00f4t. Conduisez en toute s\u00e9r\u00e9nit\u00e9.\" \/>\n<meta property=\"og:url\" content=\"https:\/\/proturcars.com\/fr\/pack-protur-cars\/\" \/>\n<meta property=\"og:site_name\" content=\"Alquiler de Coches en Cala Millor, Sa Coma y Cala Bona\" \/>\n<meta property=\"article:modified_time\" content=\"2024-12-19T10:28:34+00:00\" \/>\n<meta property=\"og:image\" content=\"https:\/\/proturcars.com\/CARS\/wp-content\/uploads\/2024\/10\/pack-protur-cars-proteccion-total.jpg\" \/>\n<meta name=\"twitter:card\" content=\"summary_large_image\" \/>\n<meta name=\"twitter:label1\" content=\"Dur\u00e9e de lecture estim\u00e9e\" \/>\n\t<meta name=\"twitter:data1\" content=\"3 minutes\" \/>\n<script type=\"application\/ld+json\" class=\"yoast-schema-graph\">{\"@context\":\"https:\\\/\\\/schema.org\",\"@graph\":[{\"@type\":\"WebPage\",\"@id\":\"https:\\\/\\\/proturcars.com\\\/fr\\\/pack-protur-cars\\\/\",\"url\":\"https:\\\/\\\/proturcars.com\\\/fr\\\/pack-protur-cars\\\/\",\"name\":\"Pack Protur Cars : Sans franchise, sans d\u00e9p\u00f4t. Tout compris.\",\"isPartOf\":{\"@id\":\"https:\\\/\\\/proturcars.com\\\/fr\\\/#website\"},\"primaryImageOfPage\":{\"@id\":\"https:\\\/\\\/proturcars.com\\\/fr\\\/pack-protur-cars\\\/#primaryimage\"},\"image\":{\"@id\":\"https:\\\/\\\/proturcars.com\\\/fr\\\/pack-protur-cars\\\/#primaryimage\"},\"thumbnailUrl\":\"https:\\\/\\\/proturcars.com\\\/wp-content\\\/uploads\\\/2024\\\/10\\\/pack-protur-cars-proteccion-total.jpg\",\"datePublished\":\"2019-01-08T12:29:28+00:00\",\"dateModified\":\"2024-12-19T10:28:34+00:00\",\"description\":\"Avec le Pack Protur Cars, vous \u00eates toujours couvert avec notre assurance tous risques, sans franchise ni d\u00e9p\u00f4t. Conduisez en toute s\u00e9r\u00e9nit\u00e9.\",\"breadcrumb\":{\"@id\":\"https:\\\/\\\/proturcars.com\\\/fr\\\/pack-protur-cars\\\/#breadcrumb\"},\"inLanguage\":\"fr-FR\",\"potentialAction\":[{\"@type\":\"ReadAction\",\"target\":[\"https:\\\/\\\/proturcars.com\\\/fr\\\/pack-protur-cars\\\/\"]}]},{\"@type\":\"ImageObject\",\"inLanguage\":\"fr-FR\",\"@id\":\"https:\\\/\\\/proturcars.com\\\/fr\\\/pack-protur-cars\\\/#primaryimage\",\"url\":\"https:\\\/\\\/proturcars.com\\\/wp-content\\\/uploads\\\/2024\\\/10\\\/pack-protur-cars-proteccion-total.jpg\",\"contentUrl\":\"https:\\\/\\\/proturcars.com\\\/wp-content\\\/uploads\\\/2024\\\/10\\\/pack-protur-cars-proteccion-total.jpg\",\"width\":2427,\"height\":700,\"caption\":\"Pack Protur Cars protecci\u00f3n total\"},{\"@type\":\"BreadcrumbList\",\"@id\":\"https:\\\/\\\/proturcars.com\\\/fr\\\/pack-protur-cars\\\/#breadcrumb\",\"itemListElement\":[{\"@type\":\"ListItem\",\"position\":1,\"name\":\"Portada\",\"item\":\"https:\\\/\\\/proturcars.com\\\/fr\\\/\"},{\"@type\":\"ListItem\",\"position\":2,\"name\":\"Pack Protur Cars\"}]},{\"@type\":\"WebSite\",\"@id\":\"https:\\\/\\\/proturcars.com\\\/fr\\\/#website\",\"url\":\"https:\\\/\\\/proturcars.com\\\/fr\\\/\",\"name\":\"Alquiler de Coches en Cala Millor, Sa Coma y Cala Bona\",\"description\":\"Alquila coches en Cala Millor, Sa Coma, Cala Bona y S'Illot. Seguro sin franquicia, asistencia 24\\\/7 y kil&oacute;metros ilimitados\",\"publisher\":{\"@id\":\"https:\\\/\\\/proturcars.com\\\/fr\\\/#organization\"},\"alternateName\":\"Alquiler de Coches en Cala Millor, Sa Coma y Cala Bona\",\"potentialAction\":[{\"@type\":\"SearchAction\",\"target\":{\"@type\":\"EntryPoint\",\"urlTemplate\":\"https:\\\/\\\/proturcars.com\\\/fr\\\/?s={search_term_string}\"},\"query-input\":{\"@type\":\"PropertyValueSpecification\",\"valueRequired\":true,\"valueName\":\"search_term_string\"}}],\"inLanguage\":\"fr-FR\"},{\"@type\":\"Organization\",\"@id\":\"https:\\\/\\\/proturcars.com\\\/fr\\\/#organization\",\"name\":\"Protur Cars alquiler de coches en Cala Millor, Sa Coma y Cala Bona\",\"alternateName\":\"Protur Cars alquiler de coches\",\"url\":\"https:\\\/\\\/proturcars.com\\\/fr\\\/\",\"logo\":{\"@type\":\"ImageObject\",\"inLanguage\":\"fr-FR\",\"@id\":\"https:\\\/\\\/proturcars.com\\\/fr\\\/#\\\/schema\\\/logo\\\/image\\\/\",\"url\":\"https:\\\/\\\/proturcars.com\\\/wp-content\\\/uploads\\\/2024\\\/10\\\/cropped-proturcars-logo.webp\",\"contentUrl\":\"https:\\\/\\\/proturcars.com\\\/wp-content\\\/uploads\\\/2024\\\/10\\\/cropped-proturcars-logo.webp\",\"width\":500,\"height\":194,\"caption\":\"Protur Cars alquiler de coches en Cala Millor, Sa Coma y Cala Bona\"},\"image\":{\"@id\":\"https:\\\/\\\/proturcars.com\\\/fr\\\/#\\\/schema\\\/logo\\\/image\\\/\"}}]}<\/script>\n<!-- \/ Yoast SEO plugin. -->","yoast_head_json":{"title":"Pack Protur Cars : Sans franchise, sans d\u00e9p\u00f4t. Tout compris.","description":"Avec le Pack Protur Cars, vous \u00eates toujours couvert avec notre assurance tous risques, sans franchise ni d\u00e9p\u00f4t. Conduisez en toute s\u00e9r\u00e9nit\u00e9.","robots":{"index":"index","follow":"follow","max-snippet":"max-snippet:-1","max-image-preview":"max-image-preview:large","max-video-preview":"max-video-preview:-1"},"canonical":"https:\/\/proturcars.com\/fr\/pack-protur-cars\/","og_locale":"fr_FR","og_type":"article","og_title":"Pack Protur Cars : Sans franchise, sans d\u00e9p\u00f4t. Tout compris.","og_description":"Avec le Pack Protur Cars, vous \u00eates toujours couvert avec notre assurance tous risques, sans franchise ni d\u00e9p\u00f4t. Conduisez en toute s\u00e9r\u00e9nit\u00e9.","og_url":"https:\/\/proturcars.com\/fr\/pack-protur-cars\/","og_site_name":"Alquiler de Coches en Cala Millor, Sa Coma y Cala Bona","article_modified_time":"2024-12-19T10:28:34+00:00","og_image":[{"url":"https:\/\/proturcars.com\/CARS\/wp-content\/uploads\/2024\/10\/pack-protur-cars-proteccion-total.jpg","type":"","width":"","height":""}],"twitter_card":"summary_large_image","twitter_misc":{"Dur\u00e9e de lecture estim\u00e9e":"3 minutes"},"schema":{"@context":"https:\/\/schema.org","@graph":[{"@type":"WebPage","@id":"https:\/\/proturcars.com\/fr\/pack-protur-cars\/","url":"https:\/\/proturcars.com\/fr\/pack-protur-cars\/","name":"Pack Protur Cars : Sans franchise, sans d\u00e9p\u00f4t. Tout compris.","isPartOf":{"@id":"https:\/\/proturcars.com\/fr\/#website"},"primaryImageOfPage":{"@id":"https:\/\/proturcars.com\/fr\/pack-protur-cars\/#primaryimage"},"image":{"@id":"https:\/\/proturcars.com\/fr\/pack-protur-cars\/#primaryimage"},"thumbnailUrl":"https:\/\/proturcars.com\/wp-content\/uploads\/2024\/10\/pack-protur-cars-proteccion-total.jpg","datePublished":"2019-01-08T12:29:28+00:00","dateModified":"2024-12-19T10:28:34+00:00","description":"Avec le Pack Protur Cars, vous \u00eates toujours couvert avec notre assurance tous risques, sans franchise ni d\u00e9p\u00f4t. Conduisez en toute s\u00e9r\u00e9nit\u00e9.","breadcrumb":{"@id":"https:\/\/proturcars.com\/fr\/pack-protur-cars\/#breadcrumb"},"inLanguage":"fr-FR","potentialAction":[{"@type":"ReadAction","target":["https:\/\/proturcars.com\/fr\/pack-protur-cars\/"]}]},{"@type":"ImageObject","inLanguage":"fr-FR","@id":"https:\/\/proturcars.com\/fr\/pack-protur-cars\/#primaryimage","url":"https:\/\/proturcars.com\/wp-content\/uploads\/2024\/10\/pack-protur-cars-proteccion-total.jpg","contentUrl":"https:\/\/proturcars.com\/wp-content\/uploads\/2024\/10\/pack-protur-cars-proteccion-total.jpg","width":2427,"height":700,"caption":"Pack Protur Cars protecci\u00f3n total"},{"@type":"BreadcrumbList","@id":"https:\/\/proturcars.com\/fr\/pack-protur-cars\/#breadcrumb","itemListElement":[{"@type":"ListItem","position":1,"name":"Portada","item":"https:\/\/proturcars.com\/fr\/"},{"@type":"ListItem","position":2,"name":"Pack Protur Cars"}]},{"@type":"WebSite","@id":"https:\/\/proturcars.com\/fr\/#website","url":"https:\/\/proturcars.com\/fr\/","name":"Alquiler de Coches en Cala Millor, Sa Coma y Cala Bona","description":"Alquila coches en Cala Millor, Sa Coma, Cala Bona y S'Illot. Seguro sin franquicia, asistencia 24\/7 y kil&oacute;metros ilimitados","publisher":{"@id":"https:\/\/proturcars.com\/fr\/#organization"},"alternateName":"Alquiler de Coches en Cala Millor, Sa Coma y Cala Bona","potentialAction":[{"@type":"SearchAction","target":{"@type":"EntryPoint","urlTemplate":"https:\/\/proturcars.com\/fr\/?s={search_term_string}"},"query-input":{"@type":"PropertyValueSpecification","valueRequired":true,"valueName":"search_term_string"}}],"inLanguage":"fr-FR"},{"@type":"Organization","@id":"https:\/\/proturcars.com\/fr\/#organization","name":"Protur Cars alquiler de coches en Cala Millor, Sa Coma y Cala Bona","alternateName":"Protur Cars alquiler de coches","url":"https:\/\/proturcars.com\/fr\/","logo":{"@type":"ImageObject","inLanguage":"fr-FR","@id":"https:\/\/proturcars.com\/fr\/#\/schema\/logo\/image\/","url":"https:\/\/proturcars.com\/wp-content\/uploads\/2024\/10\/cropped-proturcars-logo.webp","contentUrl":"https:\/\/proturcars.com\/wp-content\/uploads\/2024\/10\/cropped-proturcars-logo.webp","width":500,"height":194,"caption":"Protur Cars alquiler de coches en Cala Millor, Sa Coma y Cala Bona"},"image":{"@id":"https:\/\/proturcars.com\/fr\/#\/schema\/logo\/image\/"}}]}},"_links":{"self":[{"href":"https:\/\/proturcars.com\/fr\/wp-json\/wp\/v2\/pages\/3083","targetHints":{"allow":["GET"]}}],"collection":[{"href":"https:\/\/proturcars.com\/fr\/wp-json\/wp\/v2\/pages"}],"about":[{"href":"https:\/\/proturcars.com\/fr\/wp-json\/wp\/v2\/types\/page"}],"author":[{"embeddable":true,"href":"https:\/\/proturcars.com\/fr\/wp-json\/wp\/v2\/users\/1"}],"replies":[{"embeddable":true,"href":"https:\/\/proturcars.com\/fr\/wp-json\/wp\/v2\/comments?post=3083"}],"version-history":[{"count":0,"href":"https:\/\/proturcars.com\/fr\/wp-json\/wp\/v2\/pages\/3083\/revisions"}],"wp:featuredmedia":[{"embeddable":true,"href":"https:\/\/proturcars.com\/fr\/wp-json\/wp\/v2\/media\/2848"}],"wp:attachment":[{"href":"https:\/\/proturcars.com\/fr\/wp-json\/wp\/v2\/media?parent=3083"}],"curies":[{"name":"wp","href":"https:\/\/api.w.org\/{rel}","templated":true}]}}