{"id":3139,"date":"2024-10-07T07:55:36","date_gmt":"2024-10-07T07:55:36","guid":{"rendered":"https:\/\/proturcars.com\/CARS\/terminos-y-condiciones-de-alquiler\/"},"modified":"2024-12-19T15:54:00","modified_gmt":"2024-12-19T15:54:00","slug":"termes-et-conditions","status":"publish","type":"page","link":"https:\/\/proturcars.com\/fr\/termes-et-conditions\/","title":{"rendered":"Termes et conditions de location de voitures"},"content":{"rendered":"\t\t<div data-elementor-type=\"wp-page\" data-elementor-id=\"3139\" class=\"elementor elementor-3139 elementor-530\" data-elementor-post-type=\"page\">\n\t\t\t\t\t\t<section class=\"elementor-section elementor-top-section elementor-element elementor-element-db2dc84 elementor-section-boxed elementor-section-height-default elementor-section-height-default\" data-id=\"db2dc84\" data-element_type=\"section\" data-e-type=\"section\">\n\t\t\t\t\t\t<div class=\"elementor-container elementor-column-gap-default\">\n\t\t\t\t\t<div class=\"elementor-column elementor-col-100 elementor-top-column elementor-element elementor-element-dec43e9\" data-id=\"dec43e9\" data-element_type=\"column\" data-e-type=\"column\">\n\t\t\t<div class=\"elementor-widget-wrap elementor-element-populated\">\n\t\t\t\t\t\t<div class=\"elementor-element elementor-element-dd34f13 elementor-widget elementor-widget-spacer\" data-id=\"dd34f13\" data-element_type=\"widget\" data-e-type=\"widget\" data-widget_type=\"spacer.default\">\n\t\t\t\t<div class=\"elementor-widget-container\">\n\t\t\t\t\t\t\t<div class=\"elementor-spacer\">\n\t\t\t<div class=\"elementor-spacer-inner\"><\/div>\n\t\t<\/div>\n\t\t\t\t\t\t<\/div>\n\t\t\t\t<\/div>\n\t\t\t\t\t<\/div>\n\t\t<\/div>\n\t\t\t\t\t<\/div>\n\t\t<\/section>\n\t\t\t\t<section class=\"elementor-section elementor-top-section elementor-element elementor-element-e4e92a5 elementor-section-stretched elementor-section-full_width search-box elementor-section-height-default elementor-section-height-default\" data-id=\"e4e92a5\" data-element_type=\"section\" data-e-type=\"section\" data-settings=\"{&quot;stretch_section&quot;:&quot;section-stretched&quot;,&quot;background_background&quot;:&quot;classic&quot;}\">\n\t\t\t\t\t\t<div class=\"elementor-container elementor-column-gap-no\">\n\t\t\t\t\t<div class=\"elementor-column elementor-col-100 elementor-top-column elementor-element elementor-element-d2dae9a\" data-id=\"d2dae9a\" data-element_type=\"column\" data-e-type=\"column\">\n\t\t\t<div class=\"elementor-widget-wrap elementor-element-populated\">\n\t\t\t\t\t\t<section class=\"elementor-section elementor-inner-section elementor-element elementor-element-15c18e4 elementor-section-full_width elementor-section-height-default elementor-section-height-default\" data-id=\"15c18e4\" data-element_type=\"section\" data-e-type=\"section\" data-settings=\"{&quot;background_background&quot;:&quot;classic&quot;}\">\n\t\t\t\t\t\t<div class=\"elementor-container elementor-column-gap-no\">\n\t\t\t\t\t<div class=\"elementor-column elementor-col-100 elementor-inner-column elementor-element elementor-element-9e9b34b\" data-id=\"9e9b34b\" data-element_type=\"column\" data-e-type=\"column\">\n\t\t\t<div class=\"elementor-widget-wrap elementor-element-populated\">\n\t\t\t\t\t\t<div class=\"elementor-element elementor-element-9834602 elementor-widget elementor-widget-shortcode\" data-id=\"9834602\" data-element_type=\"widget\" data-e-type=\"widget\" data-widget_type=\"shortcode.default\">\n\t\t\t\t<div class=\"elementor-widget-container\">\n\t\t\t\t\t\t\t<div class=\"elementor-shortcode\"><div class=\"nrhsf-container rh-std-background rh-std-radius\">\n            <div class=\"nrhsf-form-container gs-container-fluid \">\n        <form class=\"renthub-search-form\" method=\"GET\" action=\"https:\/\/proturcars.com\/fr\/choisissez-votre-voiture-de-location\/\">\n            <div class=\"gs-row\">\n                \n                                        <input type=\"hidden\" id=\"rsf_type\" name=\"rsf_type\" value=\"\">\n                \n                <input type=\"hidden\" id=\"rsf_macro_type\" name=\"rsf_macro_type\" value=\"\">\n\n                <div class=\"nrhsf-pickup-container gs-cs-12 gs-cm-6 gs-cl-6 rh_details_show_right\">\n                    <div class=\"gs-fgroup\">\n                        <label>\n                                                            Lieux de prise en charge\n                                                    <\/label>\n                        <select required class=\"gs-fcontrol gs-hidden-sm\" id=\"rsf_pickup\" name=\"rsf_pickup\">\n                            <option value=\"\">- Choisir -<\/option>\n                                                            <option \n                                        value=\"4\" data-timetable=\"1\" data-dropoff-timetable=\"1\">Bureau Protur Cars de Cala Millor | Central<\/option>\n                                                            <option \n                                        value=\"6\" data-timetable=\"1\" data-dropoff-timetable=\"1\">Bureau Cala Millor Protur Cars | Sa M\u00e0niga<\/option>\n                                                            <option \n                                        value=\"5\" data-timetable=\"1\" data-dropoff-timetable=\"1\">Bureau Sa Coma Protur Cars | Savines<\/option>\n                                                            <option \n                                        value=\"1\" data-timetable=\"3\" data-dropoff-timetable=\"3\">Bureau Sa Coma Protur Cars | Club House<\/option>\n                                                            <option \n                                        value=\"8\" data-timetable=\"1\" data-dropoff-timetable=\"1\">Protur Alicia Hotel<\/option>\n                                                            <option \n                                        value=\"7\" data-timetable=\"1\" data-dropoff-timetable=\"1\">Protur Atalaya Apartamentos<\/option>\n                                                            <option \n                                        value=\"9\" data-timetable=\"1\" data-dropoff-timetable=\"1\">Protur Bad\u00eda Park Aparthotel<\/option>\n                                                            <option \n                                        value=\"10\" data-timetable=\"1\" data-dropoff-timetable=\"1\">Protur Biomar Sensatori Resort<\/option>\n                                                            <option \n                                        value=\"11\" data-timetable=\"1\" data-dropoff-timetable=\"1\">Protur Bonaire Aparthotel<\/option>\n                                                            <option \n                                        value=\"12\" data-timetable=\"1\" data-dropoff-timetable=\"1\">Protur Bonamar Hotel<\/option>\n                                                            <option \n                                        value=\"13\" data-timetable=\"1\" data-dropoff-timetable=\"1\">Protur Floriana Resort Aparthotel<\/option>\n                                                            <option \n                                        value=\"14\" data-timetable=\"1\" data-dropoff-timetable=\"1\">Protur Monte Safari Aparthotel<\/option>\n                                                            <option \n                                        value=\"15\" data-timetable=\"1\" data-dropoff-timetable=\"1\">Protur Palmeras Playa Hotel<\/option>\n                                                            <option \n                                        value=\"16\" data-timetable=\"1\" data-dropoff-timetable=\"1\">Protur Playa Cala Millor Hotel<\/option>\n                                                            <option \n                                        value=\"17\" data-timetable=\"1\" data-dropoff-timetable=\"1\">Protur Sa Coma Playa Hotel &amp; Spa<\/option>\n                                                            <option \n                                        value=\"18\" data-timetable=\"1\" data-dropoff-timetable=\"1\">Protur Safari Park Aparthotel<\/option>\n                                                            <option \n                                        value=\"20\" data-timetable=\"1\" data-dropoff-timetable=\"1\">H\u00f4tel Protur Tur\u00f3 Pins (exclusif pour les clients de l&#039;h\u00f4tel et location minimum de 3 jours)<\/option>\n                                                            <option \n                                        value=\"19\" data-timetable=\"1\" data-dropoff-timetable=\"1\">Protur Vista Bad\u00eda Aparthotel<\/option>\n                                                            <option \n                                        value=\"21\" data-timetable=\"1\" data-dropoff-timetable=\"1\">Restaurante - Residencia Son Floriana<\/option>\n                                                            <option \n                                        value=\"24\" data-timetable=\"2\" data-dropoff-timetable=\"2\">Hotel Club S&#039;Illot<\/option>\n                                                            <option \n                                        value=\"3\" data-timetable=\"1\" data-dropoff-timetable=\"1\">Aeropuerto de Palma de Mallorca<\/option>\n                                                    <\/select>\n                        <div class=\"location_input\">\n                                                        <input type=\"text\" required class=\"gs-fcontrol rsf_pickup_input\" name=\"rsf_pickup_input\" id=\"rsf_pickup_input\" autocomplete=\"off\" placeholder=\"Lieux de prise en charge\" value=\"\" \/>\n                                                    <\/div>\n                        <div class=\"rh_location_results\" id=\"rh_location_results\">\n                            <ul class=\"rh_pickup_locations\">\n                                                            <li data-id=\"4\" data-timetable=\"1\" data-dropoff-timetable=\"1\">\n                                    <span class=\"rh_loc_label\">Bureau Protur Cars de Cala Millor | Central<\/span>\n                                                                        <div class=\"rh_loc_more_info\"><span class=\"rh_info_open\">+<\/span> Infos<\/div>\n                                                                        <span class=\"rh_loc_icon\">\n                                                                                    <i class=\"fa fa-building\"><\/i>\n                                                                            <\/span>\n                                                                        <div class=\"rh_location-data\">\n                                        <div class=\"rh_loc_name_address\">\n                                            <h3 class=\"rh_loc_name\">Bureau Protur Cars de Cala Millor | Central<\/h3>\n                                        <\/div>\n\n                                        <div class=\"rh_loc_other_info\">\n                                                                                        <p>\n                                                                                                Carrer de sa Roca \n                                                \n                                                                                                2, \n                                                                                                \n                                            <\/p>\n                                            \n                                                                                        <p>\n                                                                                                Sant Lloren\u00e7 des Cardassar, \n                                                \n                                                                                                PM, \n                                                \n                                                                                                07530, \n                                                \n                                                                                                ES\n                                                                                            <\/p>\n                                            \n                                                                                        <p><a href=\"https:\/\/www.google.com\/maps?q=39.5939717,3.3795364\" target=\"_blank\"><i class=\"fa fa-map\"><\/i> Voir carte<\/a><\/p>\n                                            \n                                            <a href=\"javascript:void(0);\" class=\"rh_loc-select rh-std-background\">S\u00e9lectionner <\/a>\n                                        <\/div>\n                                                                                                                    <\/div>\n                                                                    <\/li>\n                                                            <li data-id=\"6\" data-timetable=\"1\" data-dropoff-timetable=\"1\">\n                                    <span class=\"rh_loc_label\">Bureau Cala Millor Protur Cars | Sa M\u00e0niga<\/span>\n                                                                        <div class=\"rh_loc_more_info\"><span class=\"rh_info_open\">+<\/span> Infos<\/div>\n                                                                        <span class=\"rh_loc_icon\">\n                                                                                    <i class=\"fa fa-building\"><\/i>\n                                                                            <\/span>\n                                                                        <div class=\"rh_location-data\">\n                                        <div class=\"rh_loc_name_address\">\n                                            <h3 class=\"rh_loc_name\">Bureau Cala Millor Protur Cars | Sa M\u00e0niga<\/h3>\n                                        <\/div>\n\n                                        <div class=\"rh_loc_other_info\">\n                                                                                        <p>\n                                                                                                Avinguda sa Coma \n                                                \n                                                                                                14, \n                                                                                                \n                                            <\/p>\n                                            \n                                                                                        <p>\n                                                                                                Sant Lloren\u00e7 des Cardassar, \n                                                \n                                                                                                PM, \n                                                \n                                                                                                07560, \n                                                \n                                                                                                ES\n                                                                                            <\/p>\n                                            \n                                                                                        <p><a href=\"https:\/\/www.google.com\/maps?q=39.5935766,3.3825542\" target=\"_blank\"><i class=\"fa fa-map\"><\/i> Voir carte<\/a><\/p>\n                                            \n                                            <a href=\"javascript:void(0);\" class=\"rh_loc-select rh-std-background\">S\u00e9lectionner <\/a>\n                                        <\/div>\n                                                                                                                    <\/div>\n                                                                    <\/li>\n                                                            <li data-id=\"5\" data-timetable=\"1\" data-dropoff-timetable=\"1\">\n                                    <span class=\"rh_loc_label\">Bureau Sa Coma Protur Cars | Savines<\/span>\n                                                                        <div class=\"rh_loc_more_info\"><span class=\"rh_info_open\">+<\/span> Infos<\/div>\n                                                                        <span class=\"rh_loc_icon\">\n                                                                                    <i class=\"fa fa-building\"><\/i>\n                                                                            <\/span>\n                                                                        <div class=\"rh_location-data\">\n                                        <div class=\"rh_loc_name_address\">\n                                            <h3 class=\"rh_loc_name\">Bureau Sa Coma Protur Cars | Savines<\/h3>\n                                        <\/div>\n\n                                        <div class=\"rh_loc_other_info\">\n                                                                                        <p>\n                                                                                                Carrer Atzeroles \n                                                \n                                                                                                2, \n                                                                                                \n                                            <\/p>\n                                            \n                                                                                        <p>\n                                                                                                Son Servera, \n                                                \n                                                                                                PM, \n                                                \n                                                                                                07560, \n                                                \n                                                                                                ES\n                                                                                            <\/p>\n                                            \n                                                                                        <p><a href=\"https:\/\/www.google.com\/maps?q=39.5708185,3.373305\" target=\"_blank\"><i class=\"fa fa-map\"><\/i> Voir carte<\/a><\/p>\n                                            \n                                            <a href=\"javascript:void(0);\" class=\"rh_loc-select rh-std-background\">S\u00e9lectionner <\/a>\n                                        <\/div>\n                                                                                                                    <\/div>\n                                                                    <\/li>\n                                                            <li data-id=\"1\" data-timetable=\"3\" data-dropoff-timetable=\"3\">\n                                    <span class=\"rh_loc_label\">Bureau Sa Coma Protur Cars | Club House<\/span>\n                                                                        <div class=\"rh_loc_more_info\"><span class=\"rh_info_open\">+<\/span> Infos<\/div>\n                                                                        <span class=\"rh_loc_icon\">\n                                                                                    <i class=\"fa fa-building\"><\/i>\n                                                                            <\/span>\n                                                                        <div class=\"rh_location-data\">\n                                        <div class=\"rh_loc_name_address\">\n                                            <h3 class=\"rh_loc_name\">Bureau Sa Coma Protur Cars | Club House<\/h3>\n                                        <\/div>\n\n                                        <div class=\"rh_loc_other_info\">\n                                                                                        <p>\n                                                                                                Carrer de les Mimoses \n                                                \n                                                                                                4, \n                                                                                                \n                                            <\/p>\n                                            \n                                                                                        <p>\n                                                                                                Sant Lloren\u00e7 des Cardassar, \n                                                \n                                                                                                Illes Balears, \n                                                \n                                                                                                07560, \n                                                \n                                                                                                ES\n                                                                                            <\/p>\n                                            \n                                                                                        <p><a href=\"https:\/\/www.google.com\/maps?q=39.5828795,3.3752794\" target=\"_blank\"><i class=\"fa fa-map\"><\/i> Voir carte<\/a><\/p>\n                                            \n                                            <a href=\"javascript:void(0);\" class=\"rh_loc-select rh-std-background\">S\u00e9lectionner <\/a>\n                                        <\/div>\n                                                                                                                        <div class=\"rh_loc_desc\">\n                                            <h3>Description<\/h3>\n                                            <p>Oficina abierta solo por las ma\u00f1anas en horario de 08.00 h a 12.00 h; domingos cerrado.<\/p>\n                                        <\/div>\n                                                                            <\/div>\n                                                                    <\/li>\n                                                            <li data-id=\"8\" data-timetable=\"1\" data-dropoff-timetable=\"1\">\n                                    <span class=\"rh_loc_label\">Protur Alicia Hotel<\/span>\n                                                                        <div class=\"rh_loc_more_info\"><span class=\"rh_info_open\">+<\/span> Infos<\/div>\n                                                                        <span class=\"rh_loc_icon\">\n                                                                                    <i class=\"fa fa-building\"><\/i>\n                                                                            <\/span>\n                                                                        <div class=\"rh_location-data\">\n                                        <div class=\"rh_loc_name_address\">\n                                            <h3 class=\"rh_loc_name\">Protur Alicia Hotel<\/h3>\n                                        <\/div>\n\n                                        <div class=\"rh_loc_other_info\">\n                                                                                        <p>\n                                                                                                Carrer na Llambies \n                                                \n                                                                                                26, \n                                                                                                \n                                            <\/p>\n                                            \n                                                                                        <p>\n                                                                                                Son Servera, \n                                                \n                                                                                                PM, \n                                                \n                                                                                                07559, \n                                                \n                                                                                                ES\n                                                                                            <\/p>\n                                            \n                                                                                        <p><a href=\"https:\/\/www.google.com\/maps?q=39.6090814,3.3896632\" target=\"_blank\"><i class=\"fa fa-map\"><\/i> Voir carte<\/a><\/p>\n                                            \n                                            <a href=\"javascript:void(0);\" class=\"rh_loc-select rh-std-background\">S\u00e9lectionner <\/a>\n                                        <\/div>\n                                                                                                                    <\/div>\n                                                                    <\/li>\n                                                            <li data-id=\"7\" data-timetable=\"1\" data-dropoff-timetable=\"1\">\n                                    <span class=\"rh_loc_label\">Protur Atalaya Apartamentos<\/span>\n                                                                        <div class=\"rh_loc_more_info\"><span class=\"rh_info_open\">+<\/span> Infos<\/div>\n                                                                        <span class=\"rh_loc_icon\">\n                                                                                    <i class=\"fa fa-building\"><\/i>\n                                                                            <\/span>\n                                                                        <div class=\"rh_location-data\">\n                                        <div class=\"rh_loc_name_address\">\n                                            <h3 class=\"rh_loc_name\">Protur Atalaya Apartamentos<\/h3>\n                                        <\/div>\n\n                                        <div class=\"rh_loc_other_info\">\n                                                                                        <p>\n                                                                                                Carrer Sol Naixent \n                                                \n                                                                                                s\/n, \n                                                                                                \n                                            <\/p>\n                                            \n                                                                                        <p>\n                                                                                                Sant Lloren\u00e7 des Cardassar, \n                                                \n                                                                                                PM, \n                                                \n                                                \n                                                                                                ES\n                                                                                            <\/p>\n                                            \n                                                                                        <p><a href=\"https:\/\/www.google.com\/maps?q=39.600578,3.3829411\" target=\"_blank\"><i class=\"fa fa-map\"><\/i> Voir carte<\/a><\/p>\n                                            \n                                            <a href=\"javascript:void(0);\" class=\"rh_loc-select rh-std-background\">S\u00e9lectionner <\/a>\n                                        <\/div>\n                                                                                                                    <\/div>\n                                                                    <\/li>\n                                                            <li data-id=\"9\" data-timetable=\"1\" data-dropoff-timetable=\"1\">\n                                    <span class=\"rh_loc_label\">Protur Bad\u00eda Park Aparthotel<\/span>\n                                                                        <div class=\"rh_loc_more_info\"><span class=\"rh_info_open\">+<\/span> Infos<\/div>\n                                                                        <span class=\"rh_loc_icon\">\n                                                                                    <i class=\"fa fa-building\"><\/i>\n                                                                            <\/span>\n                                                                        <div class=\"rh_location-data\">\n                                        <div class=\"rh_loc_name_address\">\n                                            <h3 class=\"rh_loc_name\">Protur Bad\u00eda Park Aparthotel<\/h3>\n                                        <\/div>\n\n                                        <div class=\"rh_loc_other_info\">\n                                                                                        <p>\n                                                                                                Avinguda de ses Palmeres \n                                                \n                                                                                                6, \n                                                                                                \n                                            <\/p>\n                                            \n                                                                                        <p>\n                                                                                                Sant Lloren\u00e7 des Cardassar, \n                                                \n                                                                                                PM, \n                                                \n                                                                                                07560, \n                                                \n                                                                                                ES\n                                                                                            <\/p>\n                                            \n                                                                                        <p><a href=\"https:\/\/www.google.com\/maps?q=39.579362,3.37458\" target=\"_blank\"><i class=\"fa fa-map\"><\/i> Voir carte<\/a><\/p>\n                                            \n                                            <a href=\"javascript:void(0);\" class=\"rh_loc-select rh-std-background\">S\u00e9lectionner <\/a>\n                                        <\/div>\n                                                                                                                    <\/div>\n                                                                    <\/li>\n                                                            <li data-id=\"10\" data-timetable=\"1\" data-dropoff-timetable=\"1\">\n                                    <span class=\"rh_loc_label\">Protur Biomar Sensatori Resort<\/span>\n                                                                        <div class=\"rh_loc_more_info\"><span class=\"rh_info_open\">+<\/span> Infos<\/div>\n                                                                        <span class=\"rh_loc_icon\">\n                                                                                    <i class=\"fa fa-building\"><\/i>\n                                                                            <\/span>\n                                                                        <div class=\"rh_location-data\">\n                                        <div class=\"rh_loc_name_address\">\n                                            <h3 class=\"rh_loc_name\">Protur Biomar Sensatori Resort<\/h3>\n                                        <\/div>\n\n                                        <div class=\"rh_loc_other_info\">\n                                                                                        <p>\n                                                                                                Carrer dels Baladres \n                                                \n                                                                                                5, \n                                                                                                \n                                            <\/p>\n                                            \n                                                                                        <p>\n                                                                                                Sant Lloren\u00e7 des Cardassar, \n                                                \n                                                                                                PM, \n                                                \n                                                                                                07560, \n                                                \n                                                                                                ES\n                                                                                            <\/p>\n                                            \n                                                                                        <p><a href=\"https:\/\/www.google.com\/maps?q=39.5805769,3.3793518\" target=\"_blank\"><i class=\"fa fa-map\"><\/i> Voir carte<\/a><\/p>\n                                            \n                                            <a href=\"javascript:void(0);\" class=\"rh_loc-select rh-std-background\">S\u00e9lectionner <\/a>\n                                        <\/div>\n                                                                                                                    <\/div>\n                                                                    <\/li>\n                                                            <li data-id=\"11\" data-timetable=\"1\" data-dropoff-timetable=\"1\">\n                                    <span class=\"rh_loc_label\">Protur Bonaire Aparthotel<\/span>\n                                                                        <div class=\"rh_loc_more_info\"><span class=\"rh_info_open\">+<\/span> Infos<\/div>\n                                                                        <span class=\"rh_loc_icon\">\n                                                                                    <i class=\"fa fa-building\"><\/i>\n                                                                            <\/span>\n                                                                        <div class=\"rh_location-data\">\n                                        <div class=\"rh_loc_name_address\">\n                                            <h3 class=\"rh_loc_name\">Protur Bonaire Aparthotel<\/h3>\n                                        <\/div>\n\n                                        <div class=\"rh_loc_other_info\">\n                                                                                        <p>\n                                                                                                Passeig Pintor Miquel Vives \n                                                \n                                                                                                29, \n                                                                                                \n                                            <\/p>\n                                            \n                                                                                        <p>\n                                                                                                Son Servera, \n                                                \n                                                                                                PM, \n                                                \n                                                                                                07559, \n                                                \n                                                                                                ES\n                                                                                            <\/p>\n                                            \n                                                                                        <p><a href=\"https:\/\/www.google.com\/maps?q=39.6178377,3.3900255\" target=\"_blank\"><i class=\"fa fa-map\"><\/i> Voir carte<\/a><\/p>\n                                            \n                                            <a href=\"javascript:void(0);\" class=\"rh_loc-select rh-std-background\">S\u00e9lectionner <\/a>\n                                        <\/div>\n                                                                                                                    <\/div>\n                                                                    <\/li>\n                                                            <li data-id=\"12\" data-timetable=\"1\" data-dropoff-timetable=\"1\">\n                                    <span class=\"rh_loc_label\">Protur Bonamar Hotel<\/span>\n                                                                        <div class=\"rh_loc_more_info\"><span class=\"rh_info_open\">+<\/span> Infos<\/div>\n                                                                        <span class=\"rh_loc_icon\">\n                                                                                    <i class=\"fa fa-building\"><\/i>\n                                                                            <\/span>\n                                                                        <div class=\"rh_location-data\">\n                                        <div class=\"rh_loc_name_address\">\n                                            <h3 class=\"rh_loc_name\">Protur Bonamar Hotel<\/h3>\n                                        <\/div>\n\n                                        <div class=\"rh_loc_other_info\">\n                                                                                        <p>\n                                                                                                Carrer na Llambies \n                                                \n                                                                                                \n                                            <\/p>\n                                            \n                                                                                        <p>\n                                                                                                Sant Lloren\u00e7 des Cardassar, \n                                                \n                                                                                                PM, \n                                                \n                                                                                                07560, \n                                                \n                                                                                                ES\n                                                                                            <\/p>\n                                            \n                                                                                        <p><a href=\"https:\/\/www.google.com\/maps?q=39.606793,3.3880689\" target=\"_blank\"><i class=\"fa fa-map\"><\/i> Voir carte<\/a><\/p>\n                                            \n                                            <a href=\"javascript:void(0);\" class=\"rh_loc-select rh-std-background\">S\u00e9lectionner <\/a>\n                                        <\/div>\n                                                                                                                    <\/div>\n                                                                    <\/li>\n                                                            <li data-id=\"13\" data-timetable=\"1\" data-dropoff-timetable=\"1\">\n                                    <span class=\"rh_loc_label\">Protur Floriana Resort Aparthotel<\/span>\n                                                                        <div class=\"rh_loc_more_info\"><span class=\"rh_info_open\">+<\/span> Infos<\/div>\n                                                                        <span class=\"rh_loc_icon\">\n                                                                                    <i class=\"fa fa-building\"><\/i>\n                                                                            <\/span>\n                                                                        <div class=\"rh_location-data\">\n                                        <div class=\"rh_loc_name_address\">\n                                            <h3 class=\"rh_loc_name\">Protur Floriana Resort Aparthotel<\/h3>\n                                        <\/div>\n\n                                        <div class=\"rh_loc_other_info\">\n                                                                                        <p>\n                                                                                                carrer de ses joanetes \n                                                \n                                                                                                s\/n, \n                                                                                                \n                                            <\/p>\n                                            \n                                                                                        <p>\n                                                                                                Son Servera, \n                                                \n                                                                                                Illes Balears, \n                                                \n                                                                                                07559, \n                                                \n                                                                                                ES\n                                                                                            <\/p>\n                                            \n                                                                                        <p><a href=\"https:\/\/www.google.com\/maps?q=39.6123,3.38586\" target=\"_blank\"><i class=\"fa fa-map\"><\/i> Voir carte<\/a><\/p>\n                                            \n                                            <a href=\"javascript:void(0);\" class=\"rh_loc-select rh-std-background\">S\u00e9lectionner <\/a>\n                                        <\/div>\n                                                                                                                    <\/div>\n                                                                    <\/li>\n                                                            <li data-id=\"14\" data-timetable=\"1\" data-dropoff-timetable=\"1\">\n                                    <span class=\"rh_loc_label\">Protur Monte Safari Aparthotel<\/span>\n                                                                        <div class=\"rh_loc_more_info\"><span class=\"rh_info_open\">+<\/span> Infos<\/div>\n                                                                        <span class=\"rh_loc_icon\">\n                                                                                    <i class=\"fa fa-building\"><\/i>\n                                                                            <\/span>\n                                                                        <div class=\"rh_location-data\">\n                                        <div class=\"rh_loc_name_address\">\n                                            <h3 class=\"rh_loc_name\">Protur Monte Safari Aparthotel<\/h3>\n                                        <\/div>\n\n                                        <div class=\"rh_loc_other_info\">\n                                                                                        <p>\n                                                                                                Carretera Porto Cristo-Son Servera \n                                                \n                                                                                                s\/n, \n                                                                                                \n                                            <\/p>\n                                            \n                                                                                        <p>\n                                                                                                Sant Lloren\u00e7 des Cardassar, \n                                                \n                                                                                                PM, \n                                                \n                                                                                                07560, \n                                                \n                                                                                                ES\n                                                                                            <\/p>\n                                            \n                                                                                        <p><a href=\"https:\/\/www.google.com\/maps?q=39.5987984,3.3679956\" target=\"_blank\"><i class=\"fa fa-map\"><\/i> Voir carte<\/a><\/p>\n                                            \n                                            <a href=\"javascript:void(0);\" class=\"rh_loc-select rh-std-background\">S\u00e9lectionner <\/a>\n                                        <\/div>\n                                                                                                                    <\/div>\n                                                                    <\/li>\n                                                            <li data-id=\"15\" data-timetable=\"1\" data-dropoff-timetable=\"1\">\n                                    <span class=\"rh_loc_label\">Protur Palmeras Playa Hotel<\/span>\n                                                                        <div class=\"rh_loc_more_info\"><span class=\"rh_info_open\">+<\/span> Infos<\/div>\n                                                                        <span class=\"rh_loc_icon\">\n                                                                                    <i class=\"fa fa-building\"><\/i>\n                                                                            <\/span>\n                                                                        <div class=\"rh_location-data\">\n                                        <div class=\"rh_loc_name_address\">\n                                            <h3 class=\"rh_loc_name\">Protur Palmeras Playa Hotel<\/h3>\n                                        <\/div>\n\n                                        <div class=\"rh_loc_other_info\">\n                                                                                        <p>\n                                                                                                Avinguda de les Savines \n                                                \n                                                                                                \n                                            <\/p>\n                                            \n                                                                                        <p>\n                                                                                                Sant Lloren\u00e7 des Cardassar, \n                                                \n                                                                                                PM, \n                                                \n                                                                                                07560, \n                                                \n                                                                                                ES\n                                                                                            <\/p>\n                                            \n                                                                                        <p><a href=\"https:\/\/www.google.com\/maps?q=39.5704256,3.3731303\" target=\"_blank\"><i class=\"fa fa-map\"><\/i> Voir carte<\/a><\/p>\n                                            \n                                            <a href=\"javascript:void(0);\" class=\"rh_loc-select rh-std-background\">S\u00e9lectionner <\/a>\n                                        <\/div>\n                                                                                                                    <\/div>\n                                                                    <\/li>\n                                                            <li data-id=\"16\" data-timetable=\"1\" data-dropoff-timetable=\"1\">\n                                    <span class=\"rh_loc_label\">Protur Playa Cala Millor Hotel<\/span>\n                                                                        <div class=\"rh_loc_more_info\"><span class=\"rh_info_open\">+<\/span> Infos<\/div>\n                                                                        <span class=\"rh_loc_icon\">\n                                                                                    <i class=\"fa fa-building\"><\/i>\n                                                                            <\/span>\n                                                                        <div class=\"rh_location-data\">\n                                        <div class=\"rh_loc_name_address\">\n                                            <h3 class=\"rh_loc_name\">Protur Playa Cala Millor Hotel<\/h3>\n                                        <\/div>\n\n                                        <div class=\"rh_loc_other_info\">\n                                                                                        <p>\n                                                                                                Carrer Platja Cala Millor \n                                                \n                                                                                                1, \n                                                                                                \n                                            <\/p>\n                                            \n                                                                                        <p>\n                                                                                                Sant Lloren\u00e7 des Cardassar, \n                                                \n                                                                                                PM, \n                                                \n                                                                                                07560, \n                                                \n                                                                                                ES\n                                                                                            <\/p>\n                                            \n                                                                                        <p><a href=\"https:\/\/www.google.com\/maps?q=39.5933038,3.3833273\" target=\"_blank\"><i class=\"fa fa-map\"><\/i> Voir carte<\/a><\/p>\n                                            \n                                            <a href=\"javascript:void(0);\" class=\"rh_loc-select rh-std-background\">S\u00e9lectionner <\/a>\n                                        <\/div>\n                                                                                                                    <\/div>\n                                                                    <\/li>\n                                                            <li data-id=\"17\" data-timetable=\"1\" data-dropoff-timetable=\"1\">\n                                    <span class=\"rh_loc_label\">Protur Sa Coma Playa Hotel &amp; Spa<\/span>\n                                                                        <div class=\"rh_loc_more_info\"><span class=\"rh_info_open\">+<\/span> Infos<\/div>\n                                                                        <span class=\"rh_loc_icon\">\n                                                                                    <i class=\"fa fa-building\"><\/i>\n                                                                            <\/span>\n                                                                        <div class=\"rh_location-data\">\n                                        <div class=\"rh_loc_name_address\">\n                                            <h3 class=\"rh_loc_name\">Protur Sa Coma Playa Hotel &amp; Spa<\/h3>\n                                        <\/div>\n\n                                        <div class=\"rh_loc_other_info\">\n                                                                                        <p>\n                                                                                                Carrer Eucaliptus \n                                                \n                                                                                                \n                                            <\/p>\n                                            \n                                                                                        <p>\n                                                                                                Sant Lloren\u00e7 des Cardassar, \n                                                \n                                                                                                PM, \n                                                \n                                                                                                07560, \n                                                \n                                                                                                ES\n                                                                                            <\/p>\n                                            \n                                                                                        <p><a href=\"https:\/\/www.google.com\/maps?q=39.580986,3.3774187\" target=\"_blank\"><i class=\"fa fa-map\"><\/i> Voir carte<\/a><\/p>\n                                            \n                                            <a href=\"javascript:void(0);\" class=\"rh_loc-select rh-std-background\">S\u00e9lectionner <\/a>\n                                        <\/div>\n                                                                                                                    <\/div>\n                                                                    <\/li>\n                                                            <li data-id=\"18\" data-timetable=\"1\" data-dropoff-timetable=\"1\">\n                                    <span class=\"rh_loc_label\">Protur Safari Park Aparthotel<\/span>\n                                                                        <div class=\"rh_loc_more_info\"><span class=\"rh_info_open\">+<\/span> Infos<\/div>\n                                                                        <span class=\"rh_loc_icon\">\n                                                                                    <i class=\"fa fa-building\"><\/i>\n                                                                            <\/span>\n                                                                        <div class=\"rh_location-data\">\n                                        <div class=\"rh_loc_name_address\">\n                                            <h3 class=\"rh_loc_name\">Protur Safari Park Aparthotel<\/h3>\n                                        <\/div>\n\n                                        <div class=\"rh_loc_other_info\">\n                                                                                        <p>\n                                                                                                Carrer Liles \n                                                \n                                                                                                S\/N, \n                                                                                                \n                                            <\/p>\n                                            \n                                                                                        <p>\n                                                                                                Sant Lloren\u00e7 des Cardassar, \n                                                \n                                                                                                PM, \n                                                \n                                                                                                07530, \n                                                \n                                                                                                ES\n                                                                                            <\/p>\n                                            \n                                                                                        <p><a href=\"https:\/\/www.google.com\/maps?q=39.5812285,3.3765857\" target=\"_blank\"><i class=\"fa fa-map\"><\/i> Voir carte<\/a><\/p>\n                                            \n                                            <a href=\"javascript:void(0);\" class=\"rh_loc-select rh-std-background\">S\u00e9lectionner <\/a>\n                                        <\/div>\n                                                                                                                    <\/div>\n                                                                    <\/li>\n                                                            <li data-id=\"20\" data-timetable=\"1\" data-dropoff-timetable=\"1\">\n                                    <span class=\"rh_loc_label\">H\u00f4tel Protur Tur\u00f3 Pins (exclusif pour les clients de l&#039;h\u00f4tel et location minimum de 3 jours)<\/span>\n                                                                        <div class=\"rh_loc_more_info\"><span class=\"rh_info_open\">+<\/span> Infos<\/div>\n                                                                        <span class=\"rh_loc_icon\">\n                                                                                    <i class=\"fa fa-building\"><\/i>\n                                                                            <\/span>\n                                                                        <div class=\"rh_location-data\">\n                                        <div class=\"rh_loc_name_address\">\n                                            <h3 class=\"rh_loc_name\">H\u00f4tel Protur Tur\u00f3 Pins (exclusif pour les clients de l&#039;h\u00f4tel et location minimum de 3 jours)<\/h3>\n                                        <\/div>\n\n                                        <div class=\"rh_loc_other_info\">\n                                                                                        <p>\n                                                                                                Carrer de na Lliteres \n                                                \n                                                                                                \n                                            <\/p>\n                                            \n                                                                                        <p>\n                                                                                                Capdepera, \n                                                \n                                                                                                PM, \n                                                \n                                                                                                07590, \n                                                \n                                                                                                ES\n                                                                                            <\/p>\n                                            \n                                                                                        <p><a href=\"https:\/\/www.google.com\/maps?q=39.718003,3.463763\" target=\"_blank\"><i class=\"fa fa-map\"><\/i> Voir carte<\/a><\/p>\n                                            \n                                            <a href=\"javascript:void(0);\" class=\"rh_loc-select rh-std-background\">S\u00e9lectionner <\/a>\n                                        <\/div>\n                                                                                                                        <div class=\"rh_loc_desc\">\n                                            <h3>Description<\/h3>\n                                            <p>(exclusif pour les clients de l'h\u00f4tel et location minimum de 3 jours)<\/p>\n                                        <\/div>\n                                                                            <\/div>\n                                                                    <\/li>\n                                                            <li data-id=\"19\" data-timetable=\"1\" data-dropoff-timetable=\"1\">\n                                    <span class=\"rh_loc_label\">Protur Vista Bad\u00eda Aparthotel<\/span>\n                                                                        <div class=\"rh_loc_more_info\"><span class=\"rh_info_open\">+<\/span> Infos<\/div>\n                                                                        <span class=\"rh_loc_icon\">\n                                                                                    <i class=\"fa fa-building\"><\/i>\n                                                                            <\/span>\n                                                                        <div class=\"rh_location-data\">\n                                        <div class=\"rh_loc_name_address\">\n                                            <h3 class=\"rh_loc_name\">Protur Vista Bad\u00eda Aparthotel<\/h3>\n                                        <\/div>\n\n                                        <div class=\"rh_loc_other_info\">\n                                                                                        <p>\n                                                                                                Carrer Xiprers \n                                                \n                                                                                                \n                                            <\/p>\n                                            \n                                                                                        <p>\n                                                                                                Sant Lloren\u00e7 des Cardassar, \n                                                \n                                                                                                PM, \n                                                \n                                                                                                07560, \n                                                \n                                                                                                ES\n                                                                                            <\/p>\n                                            \n                                                                                        <p><a href=\"https:\/\/www.google.com\/maps?q=39.5801659,3.3768804\" target=\"_blank\"><i class=\"fa fa-map\"><\/i> Voir carte<\/a><\/p>\n                                            \n                                            <a href=\"javascript:void(0);\" class=\"rh_loc-select rh-std-background\">S\u00e9lectionner <\/a>\n                                        <\/div>\n                                                                                                                    <\/div>\n                                                                    <\/li>\n                                                            <li data-id=\"21\" data-timetable=\"1\" data-dropoff-timetable=\"1\">\n                                    <span class=\"rh_loc_label\">Restaurante - Residencia Son Floriana<\/span>\n                                                                        <div class=\"rh_loc_more_info\"><span class=\"rh_info_open\">+<\/span> Infos<\/div>\n                                                                        <span class=\"rh_loc_icon\">\n                                                                                    <i class=\"fa fa-building\"><\/i>\n                                                                            <\/span>\n                                                                        <div class=\"rh_location-data\">\n                                        <div class=\"rh_loc_name_address\">\n                                            <h3 class=\"rh_loc_name\">Restaurante - Residencia Son Floriana<\/h3>\n                                        <\/div>\n\n                                        <div class=\"rh_loc_other_info\">\n                                                                                        <p>\n                                                                                                Avenida Magnolia \n                                                \n                                                                                                \n                                            <\/p>\n                                            \n                                                                                        <p>\n                                                                                                Son Servera, \n                                                \n                                                                                                PM, \n                                                \n                                                                                                07559, \n                                                \n                                                                                                ES\n                                                                                            <\/p>\n                                            \n                                                                                        <p><a href=\"https:\/\/www.google.com\/maps?q=39.611479,3.383928\" target=\"_blank\"><i class=\"fa fa-map\"><\/i> Voir carte<\/a><\/p>\n                                            \n                                            <a href=\"javascript:void(0);\" class=\"rh_loc-select rh-std-background\">S\u00e9lectionner <\/a>\n                                        <\/div>\n                                                                                                                    <\/div>\n                                                                    <\/li>\n                                                            <li data-id=\"24\" data-timetable=\"2\" data-dropoff-timetable=\"2\">\n                                    <span class=\"rh_loc_label\">Hotel Club S&#039;Illot<\/span>\n                                                                        <div class=\"rh_loc_more_info\"><span class=\"rh_info_open\">+<\/span> Infos<\/div>\n                                                                        <span class=\"rh_loc_icon\">\n                                                                                    <i class=\"fa fa-building\"><\/i>\n                                                                            <\/span>\n                                                                        <div class=\"rh_location-data\">\n                                        <div class=\"rh_loc_name_address\">\n                                            <h3 class=\"rh_loc_name\">Hotel Club S&#039;Illot<\/h3>\n                                        <\/div>\n\n                                        <div class=\"rh_loc_other_info\">\n                                                                                        <p>\n                                                                                                Carrer dels Cards \n                                                \n                                                                                                2, \n                                                                                                \n                                            <\/p>\n                                            \n                                                                                        <p>\n                                                                                                Manacor, \n                                                \n                                                                                                PM, \n                                                \n                                                                                                07687, \n                                                \n                                                                                                ES\n                                                                                            <\/p>\n                                            \n                                                                                        <p><a href=\"https:\/\/www.google.com\/maps?q=39.5656124,3.37242\" target=\"_blank\"><i class=\"fa fa-map\"><\/i> Voir carte<\/a><\/p>\n                                            \n                                            <a href=\"javascript:void(0);\" class=\"rh_loc-select rh-std-background\">S\u00e9lectionner <\/a>\n                                        <\/div>\n                                                                                <div class=\"rh_loc_contacts\">\n                                            <h3>Contacts<\/h3>\n                                                                                                                                    <p>E-mail: <a href=\"emailto:HOTEL@HOTELSILLOT.COM\">HOTEL@HOTELSILLOT.COM<\/a><\/p>\n                                                                                    <\/div>\n                                                                                                                    <\/div>\n                                                                    <\/li>\n                                                            <li data-id=\"3\" data-timetable=\"1\" data-dropoff-timetable=\"1\">\n                                    <span class=\"rh_loc_label\">Aeropuerto de Palma de Mallorca<\/span>\n                                                                        <div class=\"rh_loc_more_info\"><span class=\"rh_info_open\">+<\/span> Infos<\/div>\n                                                                        <span class=\"rh_loc_icon\">\n                                                                                    <i class=\"fa fa-plane\"><\/i>\n                                                                            <\/span>\n                                                                        <div class=\"rh_location-data\">\n                                        <div class=\"rh_loc_name_address\">\n                                            <h3 class=\"rh_loc_name\">Aeropuerto de Palma de Mallorca<\/h3>\n                                        <\/div>\n\n                                        <div class=\"rh_loc_other_info\">\n                                                                                        <p>\n                                                                                                LEVANTE \n                                                \n                                                                                                \n                                            <\/p>\n                                            \n                                                                                        <p>\n                                                                                                Palma , \n                                                \n                                                                                                Illes Balears, \n                                                \n                                                                                                07611, \n                                                \n                                                                                                ES\n                                                                                            <\/p>\n                                            \n                                                                                        <p><a href=\"https:\/\/www.google.com\/maps?q=39.5524708,2.7393803\" target=\"_blank\"><i class=\"fa fa-map\"><\/i> Voir carte<\/a><\/p>\n                                            \n                                            <a href=\"javascript:void(0);\" class=\"rh_loc-select rh-std-background\">S\u00e9lectionner <\/a>\n                                        <\/div>\n                                                                                                                        <div class=\"rh_loc_desc\">\n                                            <h3>Description<\/h3>\n                                            <p>avec un suppl\u00e9ment pour un service suppl\u00e9mentaire de prise en charge et\/ou de retour et un minimum de 4 jours complets (96 h). La prise en charge et la d\u00e9pose se font au rez-de-chauss\u00e9e du b\u00e2timent du parking, zone G.<\/p>\n                                        <\/div>\n                                                                            <\/div>\n                                                                    <\/li>\n                                                        <\/ul>\n                                                        <div class=\"rh_location_info\"><\/div>\n                                                    <\/div>\n                    <\/div>\n                <\/div>\n\n                                    <div class=\"nrhsf-dropoff-container gs-cs-12 gs-cm-6 gs-cl-6\">\n                        <div class=\"gs-fgroup\">\n                            <label>\n                                Lieux de restitution\n                            <\/label>\n                            <select required class=\"gs-fcontrol gs-hidden-sm\" id=\"rsf_dropoff\" name=\"rsf_dropoff\">\n                                <option value=\"\">- Choisir -<\/option>\n                                                                    <option \n                                            value=\"4\" data-timetable=\"1\">Bureau Protur Cars de Cala Millor | Central<\/option>\n                                                                    <option \n                                            value=\"6\" data-timetable=\"1\">Bureau Cala Millor Protur Cars | Sa M\u00e0niga<\/option>\n                                                                    <option \n                                            value=\"5\" data-timetable=\"1\">Bureau Sa Coma Protur Cars | Savines<\/option>\n                                                                    <option \n                                            value=\"1\" data-timetable=\"3\">Bureau Sa Coma Protur Cars | Club House<\/option>\n                                                                    <option \n                                            value=\"8\" data-timetable=\"1\">Protur Alicia Hotel<\/option>\n                                                                    <option \n                                            value=\"7\" data-timetable=\"1\">Protur Atalaya Apartamentos<\/option>\n                                                                    <option \n                                            value=\"9\" data-timetable=\"1\">Protur Bad\u00eda Park Aparthotel<\/option>\n                                                                    <option \n                                            value=\"10\" data-timetable=\"1\">Protur Biomar Sensatori Resort<\/option>\n                                                                    <option \n                                            value=\"11\" data-timetable=\"1\">Protur Bonaire Aparthotel<\/option>\n                                                                    <option \n                                            value=\"12\" data-timetable=\"1\">Protur Bonamar Hotel<\/option>\n                                                                    <option \n                                            value=\"13\" data-timetable=\"1\">Protur Floriana Resort Aparthotel<\/option>\n                                                                    <option \n                                            value=\"14\" data-timetable=\"1\">Protur Monte Safari Aparthotel<\/option>\n                                                                    <option \n                                            value=\"15\" data-timetable=\"1\">Protur Palmeras Playa Hotel<\/option>\n                                                                    <option \n                                            value=\"16\" data-timetable=\"1\">Protur Playa Cala Millor Hotel<\/option>\n                                                                    <option \n                                            value=\"17\" data-timetable=\"1\">Protur Sa Coma Playa Hotel &amp; Spa<\/option>\n                                                                    <option \n                                            value=\"18\" data-timetable=\"1\">Protur Safari Park Aparthotel<\/option>\n                                                                    <option \n                                            value=\"20\" data-timetable=\"1\">H\u00f4tel Protur Tur\u00f3 Pins (exclusif pour les clients de l&#039;h\u00f4tel et location minimum de 3 jours)<\/option>\n                                                                    <option \n                                            value=\"19\" data-timetable=\"1\">Protur Vista Bad\u00eda Aparthotel<\/option>\n                                                                    <option \n                                            value=\"21\" data-timetable=\"1\">Restaurante - Residencia Son Floriana<\/option>\n                                                                    <option \n                                            value=\"24\" data-timetable=\"2\">Hotel Club S&#039;Illot<\/option>\n                                                                    <option \n                                            value=\"3\" data-timetable=\"1\">Aeropuerto de Palma de Mallorca<\/option>\n                                                            <\/select>\n                            <div class=\"location_input\">\n                                \n\n                                                                <input type=\"text\" required class=\"gs-fcontrol\" name=\"rsf_dropoff_input\" id=\"rsf_dropoff_input\" autocomplete=\"off\" placeholder=\"Lieux de restitution\" value=\"\" \/>\n                                                                \n                            <\/div>\n                            <div class=\"rh_location_results\" id=\"dropoff_rh_location_results\">\n                                <ul class=\"rh_dropoff_locations\">\n                                                                    <li data-id=\"4\" data-timetable=\"1\" data-dropoff-timetable=\"1\">\n                                        <span class=\"rh_loc_label\">Bureau Protur Cars de Cala Millor | Central<\/span>\n                                                                                <div class=\"rh_loc_more_info\"><span class=\"rh_info_open\">+<\/span> Infos<\/div>\n                                                                                <span class=\"rh_loc_icon\">\n                                                                                            <i class=\"fa fa-building\"><\/i>\n                                                                                    <\/span>\n                                                                                <div class=\"rh_location-data\">\n                                            <div class=\"rh_loc_name_address\">\n                                                <h3 class=\"rh_loc_name\">Bureau Protur Cars de Cala Millor | Central<\/h3>\n                                            <\/div>\n\n                                            <div class=\"rh_loc_other_info\">\n                                                                                                <p>\n                                                                                                        Carrer de sa Roca \n                                                                                                        \n                                                                                                        2, \n                                                                                                    <\/p>\n                                                \n                                                                                                <p>\n                                                                                                        Sant Lloren\u00e7 des Cardassar, \n                                                    \n                                                                                                        PM, \n                                                    \n                                                                                                        07530, \n                                                    \n                                                                                                        ES\n                                                                                                    <\/p>\n                                                \n                                                                                                <p><a href=\"https:\/\/www.google.com\/maps?q=39.5939717,3.3795364\" target=\"_blank\"><i class=\"fa fa-map\"><\/i> Voir carte<\/a><\/p>\n                                                \n                                                <a href=\"javascript:void(0);\" class=\"rh_loc-select rh-std-background\">S\u00e9lectionner <\/a>\n                                            <\/div>\n                                                                                                                                <\/div>\n                                                                            <\/li>\n                                                                    <li data-id=\"6\" data-timetable=\"1\" data-dropoff-timetable=\"1\">\n                                        <span class=\"rh_loc_label\">Bureau Cala Millor Protur Cars | Sa M\u00e0niga<\/span>\n                                                                                <div class=\"rh_loc_more_info\"><span class=\"rh_info_open\">+<\/span> Infos<\/div>\n                                                                                <span class=\"rh_loc_icon\">\n                                                                                            <i class=\"fa fa-building\"><\/i>\n                                                                                    <\/span>\n                                                                                <div class=\"rh_location-data\">\n                                            <div class=\"rh_loc_name_address\">\n                                                <h3 class=\"rh_loc_name\">Bureau Cala Millor Protur Cars | Sa M\u00e0niga<\/h3>\n                                            <\/div>\n\n                                            <div class=\"rh_loc_other_info\">\n                                                                                                <p>\n                                                                                                        Avinguda sa Coma \n                                                                                                        \n                                                                                                        14, \n                                                                                                    <\/p>\n                                                \n                                                                                                <p>\n                                                                                                        Sant Lloren\u00e7 des Cardassar, \n                                                    \n                                                                                                        PM, \n                                                    \n                                                                                                        07560, \n                                                    \n                                                                                                        ES\n                                                                                                    <\/p>\n                                                \n                                                                                                <p><a href=\"https:\/\/www.google.com\/maps?q=39.5935766,3.3825542\" target=\"_blank\"><i class=\"fa fa-map\"><\/i> Voir carte<\/a><\/p>\n                                                \n                                                <a href=\"javascript:void(0);\" class=\"rh_loc-select rh-std-background\">S\u00e9lectionner <\/a>\n                                            <\/div>\n                                                                                                                                <\/div>\n                                                                            <\/li>\n                                                                    <li data-id=\"5\" data-timetable=\"1\" data-dropoff-timetable=\"1\">\n                                        <span class=\"rh_loc_label\">Bureau Sa Coma Protur Cars | Savines<\/span>\n                                                                                <div class=\"rh_loc_more_info\"><span class=\"rh_info_open\">+<\/span> Infos<\/div>\n                                                                                <span class=\"rh_loc_icon\">\n                                                                                            <i class=\"fa fa-building\"><\/i>\n                                                                                    <\/span>\n                                                                                <div class=\"rh_location-data\">\n                                            <div class=\"rh_loc_name_address\">\n                                                <h3 class=\"rh_loc_name\">Bureau Sa Coma Protur Cars | Savines<\/h3>\n                                            <\/div>\n\n                                            <div class=\"rh_loc_other_info\">\n                                                                                                <p>\n                                                                                                        Carrer Atzeroles \n                                                                                                        \n                                                                                                        2, \n                                                                                                    <\/p>\n                                                \n                                                                                                <p>\n                                                                                                        Son Servera, \n                                                    \n                                                                                                        PM, \n                                                    \n                                                                                                        07560, \n                                                    \n                                                                                                        ES\n                                                                                                    <\/p>\n                                                \n                                                                                                <p><a href=\"https:\/\/www.google.com\/maps?q=39.5708185,3.373305\" target=\"_blank\"><i class=\"fa fa-map\"><\/i> Voir carte<\/a><\/p>\n                                                \n                                                <a href=\"javascript:void(0);\" class=\"rh_loc-select rh-std-background\">S\u00e9lectionner <\/a>\n                                            <\/div>\n                                                                                                                                <\/div>\n                                                                            <\/li>\n                                                                    <li data-id=\"1\" data-timetable=\"3\" data-dropoff-timetable=\"3\">\n                                        <span class=\"rh_loc_label\">Bureau Sa Coma Protur Cars | Club House<\/span>\n                                                                                <div class=\"rh_loc_more_info\"><span class=\"rh_info_open\">+<\/span> Infos<\/div>\n                                                                                <span class=\"rh_loc_icon\">\n                                                                                            <i class=\"fa fa-building\"><\/i>\n                                                                                    <\/span>\n                                                                                <div class=\"rh_location-data\">\n                                            <div class=\"rh_loc_name_address\">\n                                                <h3 class=\"rh_loc_name\">Bureau Sa Coma Protur Cars | Club House<\/h3>\n                                            <\/div>\n\n                                            <div class=\"rh_loc_other_info\">\n                                                                                                <p>\n                                                                                                        Carrer de les Mimoses \n                                                                                                        \n                                                                                                        4, \n                                                                                                    <\/p>\n                                                \n                                                                                                <p>\n                                                                                                        Sant Lloren\u00e7 des Cardassar, \n                                                    \n                                                                                                        Illes Balears, \n                                                    \n                                                                                                        07560, \n                                                    \n                                                                                                        ES\n                                                                                                    <\/p>\n                                                \n                                                                                                <p><a href=\"https:\/\/www.google.com\/maps?q=39.5828795,3.3752794\" target=\"_blank\"><i class=\"fa fa-map\"><\/i> Voir carte<\/a><\/p>\n                                                \n                                                <a href=\"javascript:void(0);\" class=\"rh_loc-select rh-std-background\">S\u00e9lectionner <\/a>\n                                            <\/div>\n                                                                                                                                    <div class=\"rh_loc_desc\">\n                                                <h3>Description<\/h3>\n                                                <p>Oficina abierta solo por las ma\u00f1anas en horario de 08.00 h a 12.00 h; domingos cerrado.<\/p>\n                                            <\/div>\n                                                                                    <\/div>\n                                                                            <\/li>\n                                                                    <li data-id=\"8\" data-timetable=\"1\" data-dropoff-timetable=\"1\">\n                                        <span class=\"rh_loc_label\">Protur Alicia Hotel<\/span>\n                                                                                <div class=\"rh_loc_more_info\"><span class=\"rh_info_open\">+<\/span> Infos<\/div>\n                                                                                <span class=\"rh_loc_icon\">\n                                                                                            <i class=\"fa fa-building\"><\/i>\n                                                                                    <\/span>\n                                                                                <div class=\"rh_location-data\">\n                                            <div class=\"rh_loc_name_address\">\n                                                <h3 class=\"rh_loc_name\">Protur Alicia Hotel<\/h3>\n                                            <\/div>\n\n                                            <div class=\"rh_loc_other_info\">\n                                                                                                <p>\n                                                                                                        Carrer na Llambies \n                                                                                                        \n                                                                                                        26, \n                                                                                                    <\/p>\n                                                \n                                                                                                <p>\n                                                                                                        Son Servera, \n                                                    \n                                                                                                        PM, \n                                                    \n                                                                                                        07559, \n                                                    \n                                                                                                        ES\n                                                                                                    <\/p>\n                                                \n                                                                                                <p><a href=\"https:\/\/www.google.com\/maps?q=39.6090814,3.3896632\" target=\"_blank\"><i class=\"fa fa-map\"><\/i> Voir carte<\/a><\/p>\n                                                \n                                                <a href=\"javascript:void(0);\" class=\"rh_loc-select rh-std-background\">S\u00e9lectionner <\/a>\n                                            <\/div>\n                                                                                                                                <\/div>\n                                                                            <\/li>\n                                                                    <li data-id=\"7\" data-timetable=\"1\" data-dropoff-timetable=\"1\">\n                                        <span class=\"rh_loc_label\">Protur Atalaya Apartamentos<\/span>\n                                                                                <div class=\"rh_loc_more_info\"><span class=\"rh_info_open\">+<\/span> Infos<\/div>\n                                                                                <span class=\"rh_loc_icon\">\n                                                                                            <i class=\"fa fa-building\"><\/i>\n                                                                                    <\/span>\n                                                                                <div class=\"rh_location-data\">\n                                            <div class=\"rh_loc_name_address\">\n                                                <h3 class=\"rh_loc_name\">Protur Atalaya Apartamentos<\/h3>\n                                            <\/div>\n\n                                            <div class=\"rh_loc_other_info\">\n                                                                                                <p>\n                                                                                                        Carrer Sol Naixent \n                                                                                                        \n                                                                                                        s\/n, \n                                                                                                    <\/p>\n                                                \n                                                                                                <p>\n                                                                                                        Sant Lloren\u00e7 des Cardassar, \n                                                    \n                                                                                                        PM, \n                                                    \n                                                    \n                                                                                                        ES\n                                                                                                    <\/p>\n                                                \n                                                                                                <p><a href=\"https:\/\/www.google.com\/maps?q=39.600578,3.3829411\" target=\"_blank\"><i class=\"fa fa-map\"><\/i> Voir carte<\/a><\/p>\n                                                \n                                                <a href=\"javascript:void(0);\" class=\"rh_loc-select rh-std-background\">S\u00e9lectionner <\/a>\n                                            <\/div>\n                                                                                                                                <\/div>\n                                                                            <\/li>\n                                                                    <li data-id=\"9\" data-timetable=\"1\" data-dropoff-timetable=\"1\">\n                                        <span class=\"rh_loc_label\">Protur Bad\u00eda Park Aparthotel<\/span>\n                                                                                <div class=\"rh_loc_more_info\"><span class=\"rh_info_open\">+<\/span> Infos<\/div>\n                                                                                <span class=\"rh_loc_icon\">\n                                                                                            <i class=\"fa fa-building\"><\/i>\n                                                                                    <\/span>\n                                                                                <div class=\"rh_location-data\">\n                                            <div class=\"rh_loc_name_address\">\n                                                <h3 class=\"rh_loc_name\">Protur Bad\u00eda Park Aparthotel<\/h3>\n                                            <\/div>\n\n                                            <div class=\"rh_loc_other_info\">\n                                                                                                <p>\n                                                                                                        Avinguda de ses Palmeres \n                                                                                                        \n                                                                                                        6, \n                                                                                                    <\/p>\n                                                \n                                                                                                <p>\n                                                                                                        Sant Lloren\u00e7 des Cardassar, \n                                                    \n                                                                                                        PM, \n                                                    \n                                                                                                        07560, \n                                                    \n                                                                                                        ES\n                                                                                                    <\/p>\n                                                \n                                                                                                <p><a href=\"https:\/\/www.google.com\/maps?q=39.579362,3.37458\" target=\"_blank\"><i class=\"fa fa-map\"><\/i> Voir carte<\/a><\/p>\n                                                \n                                                <a href=\"javascript:void(0);\" class=\"rh_loc-select rh-std-background\">S\u00e9lectionner <\/a>\n                                            <\/div>\n                                                                                                                                <\/div>\n                                                                            <\/li>\n                                                                    <li data-id=\"10\" data-timetable=\"1\" data-dropoff-timetable=\"1\">\n                                        <span class=\"rh_loc_label\">Protur Biomar Sensatori Resort<\/span>\n                                                                                <div class=\"rh_loc_more_info\"><span class=\"rh_info_open\">+<\/span> Infos<\/div>\n                                                                                <span class=\"rh_loc_icon\">\n                                                                                            <i class=\"fa fa-building\"><\/i>\n                                                                                    <\/span>\n                                                                                <div class=\"rh_location-data\">\n                                            <div class=\"rh_loc_name_address\">\n                                                <h3 class=\"rh_loc_name\">Protur Biomar Sensatori Resort<\/h3>\n                                            <\/div>\n\n                                            <div class=\"rh_loc_other_info\">\n                                                                                                <p>\n                                                                                                        Carrer dels Baladres \n                                                                                                        \n                                                                                                        5, \n                                                                                                    <\/p>\n                                                \n                                                                                                <p>\n                                                                                                        Sant Lloren\u00e7 des Cardassar, \n                                                    \n                                                                                                        PM, \n                                                    \n                                                                                                        07560, \n                                                    \n                                                                                                        ES\n                                                                                                    <\/p>\n                                                \n                                                                                                <p><a href=\"https:\/\/www.google.com\/maps?q=39.5805769,3.3793518\" target=\"_blank\"><i class=\"fa fa-map\"><\/i> Voir carte<\/a><\/p>\n                                                \n                                                <a href=\"javascript:void(0);\" class=\"rh_loc-select rh-std-background\">S\u00e9lectionner <\/a>\n                                            <\/div>\n                                                                                                                                <\/div>\n                                                                            <\/li>\n                                                                    <li data-id=\"11\" data-timetable=\"1\" data-dropoff-timetable=\"1\">\n                                        <span class=\"rh_loc_label\">Protur Bonaire Aparthotel<\/span>\n                                                                                <div class=\"rh_loc_more_info\"><span class=\"rh_info_open\">+<\/span> Infos<\/div>\n                                                                                <span class=\"rh_loc_icon\">\n                                                                                            <i class=\"fa fa-building\"><\/i>\n                                                                                    <\/span>\n                                                                                <div class=\"rh_location-data\">\n                                            <div class=\"rh_loc_name_address\">\n                                                <h3 class=\"rh_loc_name\">Protur Bonaire Aparthotel<\/h3>\n                                            <\/div>\n\n                                            <div class=\"rh_loc_other_info\">\n                                                                                                <p>\n                                                                                                        Passeig Pintor Miquel Vives \n                                                                                                        \n                                                                                                        29, \n                                                                                                    <\/p>\n                                                \n                                                                                                <p>\n                                                                                                        Son Servera, \n                                                    \n                                                                                                        PM, \n                                                    \n                                                                                                        07559, \n                                                    \n                                                                                                        ES\n                                                                                                    <\/p>\n                                                \n                                                                                                <p><a href=\"https:\/\/www.google.com\/maps?q=39.6178377,3.3900255\" target=\"_blank\"><i class=\"fa fa-map\"><\/i> Voir carte<\/a><\/p>\n                                                \n                                                <a href=\"javascript:void(0);\" class=\"rh_loc-select rh-std-background\">S\u00e9lectionner <\/a>\n                                            <\/div>\n                                                                                                                                <\/div>\n                                                                            <\/li>\n                                                                    <li data-id=\"12\" data-timetable=\"1\" data-dropoff-timetable=\"1\">\n                                        <span class=\"rh_loc_label\">Protur Bonamar Hotel<\/span>\n                                                                                <div class=\"rh_loc_more_info\"><span class=\"rh_info_open\">+<\/span> Infos<\/div>\n                                                                                <span class=\"rh_loc_icon\">\n                                                                                            <i class=\"fa fa-building\"><\/i>\n                                                                                    <\/span>\n                                                                                <div class=\"rh_location-data\">\n                                            <div class=\"rh_loc_name_address\">\n                                                <h3 class=\"rh_loc_name\">Protur Bonamar Hotel<\/h3>\n                                            <\/div>\n\n                                            <div class=\"rh_loc_other_info\">\n                                                                                                <p>\n                                                                                                        Carrer na Llambies \n                                                                                                        \n                                                                                                    <\/p>\n                                                \n                                                                                                <p>\n                                                                                                        Sant Lloren\u00e7 des Cardassar, \n                                                    \n                                                                                                        PM, \n                                                    \n                                                                                                        07560, \n                                                    \n                                                                                                        ES\n                                                                                                    <\/p>\n                                                \n                                                                                                <p><a href=\"https:\/\/www.google.com\/maps?q=39.606793,3.3880689\" target=\"_blank\"><i class=\"fa fa-map\"><\/i> Voir carte<\/a><\/p>\n                                                \n                                                <a href=\"javascript:void(0);\" class=\"rh_loc-select rh-std-background\">S\u00e9lectionner <\/a>\n                                            <\/div>\n                                                                                                                                <\/div>\n                                                                            <\/li>\n                                                                    <li data-id=\"13\" data-timetable=\"1\" data-dropoff-timetable=\"1\">\n                                        <span class=\"rh_loc_label\">Protur Floriana Resort Aparthotel<\/span>\n                                                                                <div class=\"rh_loc_more_info\"><span class=\"rh_info_open\">+<\/span> Infos<\/div>\n                                                                                <span class=\"rh_loc_icon\">\n                                                                                            <i class=\"fa fa-building\"><\/i>\n                                                                                    <\/span>\n                                                                                <div class=\"rh_location-data\">\n                                            <div class=\"rh_loc_name_address\">\n                                                <h3 class=\"rh_loc_name\">Protur Floriana Resort Aparthotel<\/h3>\n                                            <\/div>\n\n                                            <div class=\"rh_loc_other_info\">\n                                                                                                <p>\n                                                                                                        carrer de ses joanetes \n                                                                                                        \n                                                                                                        s\/n, \n                                                                                                    <\/p>\n                                                \n                                                                                                <p>\n                                                                                                        Son Servera, \n                                                    \n                                                                                                        Illes Balears, \n                                                    \n                                                                                                        07559, \n                                                    \n                                                                                                        ES\n                                                                                                    <\/p>\n                                                \n                                                                                                <p><a href=\"https:\/\/www.google.com\/maps?q=39.6123,3.38586\" target=\"_blank\"><i class=\"fa fa-map\"><\/i> Voir carte<\/a><\/p>\n                                                \n                                                <a href=\"javascript:void(0);\" class=\"rh_loc-select rh-std-background\">S\u00e9lectionner <\/a>\n                                            <\/div>\n                                                                                                                                <\/div>\n                                                                            <\/li>\n                                                                    <li data-id=\"14\" data-timetable=\"1\" data-dropoff-timetable=\"1\">\n                                        <span class=\"rh_loc_label\">Protur Monte Safari Aparthotel<\/span>\n                                                                                <div class=\"rh_loc_more_info\"><span class=\"rh_info_open\">+<\/span> Infos<\/div>\n                                                                                <span class=\"rh_loc_icon\">\n                                                                                            <i class=\"fa fa-building\"><\/i>\n                                                                                    <\/span>\n                                                                                <div class=\"rh_location-data\">\n                                            <div class=\"rh_loc_name_address\">\n                                                <h3 class=\"rh_loc_name\">Protur Monte Safari Aparthotel<\/h3>\n                                            <\/div>\n\n                                            <div class=\"rh_loc_other_info\">\n                                                                                                <p>\n                                                                                                        Carretera Porto Cristo-Son Servera \n                                                                                                        \n                                                                                                        s\/n, \n                                                                                                    <\/p>\n                                                \n                                                                                                <p>\n                                                                                                        Sant Lloren\u00e7 des Cardassar, \n                                                    \n                                                                                                        PM, \n                                                    \n                                                                                                        07560, \n                                                    \n                                                                                                        ES\n                                                                                                    <\/p>\n                                                \n                                                                                                <p><a href=\"https:\/\/www.google.com\/maps?q=39.5987984,3.3679956\" target=\"_blank\"><i class=\"fa fa-map\"><\/i> Voir carte<\/a><\/p>\n                                                \n                                                <a href=\"javascript:void(0);\" class=\"rh_loc-select rh-std-background\">S\u00e9lectionner <\/a>\n                                            <\/div>\n                                                                                                                                <\/div>\n                                                                            <\/li>\n                                                                    <li data-id=\"15\" data-timetable=\"1\" data-dropoff-timetable=\"1\">\n                                        <span class=\"rh_loc_label\">Protur Palmeras Playa Hotel<\/span>\n                                                                                <div class=\"rh_loc_more_info\"><span class=\"rh_info_open\">+<\/span> Infos<\/div>\n                                                                                <span class=\"rh_loc_icon\">\n                                                                                            <i class=\"fa fa-building\"><\/i>\n                                                                                    <\/span>\n                                                                                <div class=\"rh_location-data\">\n                                            <div class=\"rh_loc_name_address\">\n                                                <h3 class=\"rh_loc_name\">Protur Palmeras Playa Hotel<\/h3>\n                                            <\/div>\n\n                                            <div class=\"rh_loc_other_info\">\n                                                                                                <p>\n                                                                                                        Avinguda de les Savines \n                                                                                                        \n                                                                                                    <\/p>\n                                                \n                                                                                                <p>\n                                                                                                        Sant Lloren\u00e7 des Cardassar, \n                                                    \n                                                                                                        PM, \n                                                    \n                                                                                                        07560, \n                                                    \n                                                                                                        ES\n                                                                                                    <\/p>\n                                                \n                                                                                                <p><a href=\"https:\/\/www.google.com\/maps?q=39.5704256,3.3731303\" target=\"_blank\"><i class=\"fa fa-map\"><\/i> Voir carte<\/a><\/p>\n                                                \n                                                <a href=\"javascript:void(0);\" class=\"rh_loc-select rh-std-background\">S\u00e9lectionner <\/a>\n                                            <\/div>\n                                                                                                                                <\/div>\n                                                                            <\/li>\n                                                                    <li data-id=\"16\" data-timetable=\"1\" data-dropoff-timetable=\"1\">\n                                        <span class=\"rh_loc_label\">Protur Playa Cala Millor Hotel<\/span>\n                                                                                <div class=\"rh_loc_more_info\"><span class=\"rh_info_open\">+<\/span> Infos<\/div>\n                                                                                <span class=\"rh_loc_icon\">\n                                                                                            <i class=\"fa fa-building\"><\/i>\n                                                                                    <\/span>\n                                                                                <div class=\"rh_location-data\">\n                                            <div class=\"rh_loc_name_address\">\n                                                <h3 class=\"rh_loc_name\">Protur Playa Cala Millor Hotel<\/h3>\n                                            <\/div>\n\n                                            <div class=\"rh_loc_other_info\">\n                                                                                                <p>\n                                                                                                        Carrer Platja Cala Millor \n                                                                                                        \n                                                                                                        1, \n                                                                                                    <\/p>\n                                                \n                                                                                                <p>\n                                                                                                        Sant Lloren\u00e7 des Cardassar, \n                                                    \n                                                                                                        PM, \n                                                    \n                                                                                                        07560, \n                                                    \n                                                                                                        ES\n                                                                                                    <\/p>\n                                                \n                                                                                                <p><a href=\"https:\/\/www.google.com\/maps?q=39.5933038,3.3833273\" target=\"_blank\"><i class=\"fa fa-map\"><\/i> Voir carte<\/a><\/p>\n                                                \n                                                <a href=\"javascript:void(0);\" class=\"rh_loc-select rh-std-background\">S\u00e9lectionner <\/a>\n                                            <\/div>\n                                                                                                                                <\/div>\n                                                                            <\/li>\n                                                                    <li data-id=\"17\" data-timetable=\"1\" data-dropoff-timetable=\"1\">\n                                        <span class=\"rh_loc_label\">Protur Sa Coma Playa Hotel &amp; Spa<\/span>\n                                                                                <div class=\"rh_loc_more_info\"><span class=\"rh_info_open\">+<\/span> Infos<\/div>\n                                                                                <span class=\"rh_loc_icon\">\n                                                                                            <i class=\"fa fa-building\"><\/i>\n                                                                                    <\/span>\n                                                                                <div class=\"rh_location-data\">\n                                            <div class=\"rh_loc_name_address\">\n                                                <h3 class=\"rh_loc_name\">Protur Sa Coma Playa Hotel &amp; Spa<\/h3>\n                                            <\/div>\n\n                                            <div class=\"rh_loc_other_info\">\n                                                                                                <p>\n                                                                                                        Carrer Eucaliptus \n                                                                                                        \n                                                                                                    <\/p>\n                                                \n                                                                                                <p>\n                                                                                                        Sant Lloren\u00e7 des Cardassar, \n                                                    \n                                                                                                        PM, \n                                                    \n                                                                                                        07560, \n                                                    \n                                                                                                        ES\n                                                                                                    <\/p>\n                                                \n                                                                                                <p><a href=\"https:\/\/www.google.com\/maps?q=39.580986,3.3774187\" target=\"_blank\"><i class=\"fa fa-map\"><\/i> Voir carte<\/a><\/p>\n                                                \n                                                <a href=\"javascript:void(0);\" class=\"rh_loc-select rh-std-background\">S\u00e9lectionner <\/a>\n                                            <\/div>\n                                                                                                                                <\/div>\n                                                                            <\/li>\n                                                                    <li data-id=\"18\" data-timetable=\"1\" data-dropoff-timetable=\"1\">\n                                        <span class=\"rh_loc_label\">Protur Safari Park Aparthotel<\/span>\n                                                                                <div class=\"rh_loc_more_info\"><span class=\"rh_info_open\">+<\/span> Infos<\/div>\n                                                                                <span class=\"rh_loc_icon\">\n                                                                                            <i class=\"fa fa-building\"><\/i>\n                                                                                    <\/span>\n                                                                                <div class=\"rh_location-data\">\n                                            <div class=\"rh_loc_name_address\">\n                                                <h3 class=\"rh_loc_name\">Protur Safari Park Aparthotel<\/h3>\n                                            <\/div>\n\n                                            <div class=\"rh_loc_other_info\">\n                                                                                                <p>\n                                                                                                        Carrer Liles \n                                                                                                        \n                                                                                                        S\/N, \n                                                                                                    <\/p>\n                                                \n                                                                                                <p>\n                                                                                                        Sant Lloren\u00e7 des Cardassar, \n                                                    \n                                                                                                        PM, \n                                                    \n                                                                                                        07530, \n                                                    \n                                                                                                        ES\n                                                                                                    <\/p>\n                                                \n                                                                                                <p><a href=\"https:\/\/www.google.com\/maps?q=39.5812285,3.3765857\" target=\"_blank\"><i class=\"fa fa-map\"><\/i> Voir carte<\/a><\/p>\n                                                \n                                                <a href=\"javascript:void(0);\" class=\"rh_loc-select rh-std-background\">S\u00e9lectionner <\/a>\n                                            <\/div>\n                                                                                                                                <\/div>\n                                                                            <\/li>\n                                                                    <li data-id=\"20\" data-timetable=\"1\" data-dropoff-timetable=\"1\">\n                                        <span class=\"rh_loc_label\">H\u00f4tel Protur Tur\u00f3 Pins (exclusif pour les clients de l&#039;h\u00f4tel et location minimum de 3 jours)<\/span>\n                                                                                <div class=\"rh_loc_more_info\"><span class=\"rh_info_open\">+<\/span> Infos<\/div>\n                                                                                <span class=\"rh_loc_icon\">\n                                                                                            <i class=\"fa fa-building\"><\/i>\n                                                                                    <\/span>\n                                                                                <div class=\"rh_location-data\">\n                                            <div class=\"rh_loc_name_address\">\n                                                <h3 class=\"rh_loc_name\">H\u00f4tel Protur Tur\u00f3 Pins (exclusif pour les clients de l&#039;h\u00f4tel et location minimum de 3 jours)<\/h3>\n                                            <\/div>\n\n                                            <div class=\"rh_loc_other_info\">\n                                                                                                <p>\n                                                                                                        Carrer de na Lliteres \n                                                                                                        \n                                                                                                    <\/p>\n                                                \n                                                                                                <p>\n                                                                                                        Capdepera, \n                                                    \n                                                                                                        PM, \n                                                    \n                                                                                                        07590, \n                                                    \n                                                                                                        ES\n                                                                                                    <\/p>\n                                                \n                                                                                                <p><a href=\"https:\/\/www.google.com\/maps?q=39.718003,3.463763\" target=\"_blank\"><i class=\"fa fa-map\"><\/i> Voir carte<\/a><\/p>\n                                                \n                                                <a href=\"javascript:void(0);\" class=\"rh_loc-select rh-std-background\">S\u00e9lectionner <\/a>\n                                            <\/div>\n                                                                                                                                    <div class=\"rh_loc_desc\">\n                                                <h3>Description<\/h3>\n                                                <p>(exclusif pour les clients de l'h\u00f4tel et location minimum de 3 jours)<\/p>\n                                            <\/div>\n                                                                                    <\/div>\n                                                                            <\/li>\n                                                                    <li data-id=\"19\" data-timetable=\"1\" data-dropoff-timetable=\"1\">\n                                        <span class=\"rh_loc_label\">Protur Vista Bad\u00eda Aparthotel<\/span>\n                                                                                <div class=\"rh_loc_more_info\"><span class=\"rh_info_open\">+<\/span> Infos<\/div>\n                                                                                <span class=\"rh_loc_icon\">\n                                                                                            <i class=\"fa fa-building\"><\/i>\n                                                                                    <\/span>\n                                                                                <div class=\"rh_location-data\">\n                                            <div class=\"rh_loc_name_address\">\n                                                <h3 class=\"rh_loc_name\">Protur Vista Bad\u00eda Aparthotel<\/h3>\n                                            <\/div>\n\n                                            <div class=\"rh_loc_other_info\">\n                                                                                                <p>\n                                                                                                        Carrer Xiprers \n                                                                                                        \n                                                                                                    <\/p>\n                                                \n                                                                                                <p>\n                                                                                                        Sant Lloren\u00e7 des Cardassar, \n                                                    \n                                                                                                        PM, \n                                                    \n                                                                                                        07560, \n                                                    \n                                                                                                        ES\n                                                                                                    <\/p>\n                                                \n                                                                                                <p><a href=\"https:\/\/www.google.com\/maps?q=39.5801659,3.3768804\" target=\"_blank\"><i class=\"fa fa-map\"><\/i> Voir carte<\/a><\/p>\n                                                \n                                                <a href=\"javascript:void(0);\" class=\"rh_loc-select rh-std-background\">S\u00e9lectionner <\/a>\n                                            <\/div>\n                                                                                                                                <\/div>\n                                                                            <\/li>\n                                                                    <li data-id=\"21\" data-timetable=\"1\" data-dropoff-timetable=\"1\">\n                                        <span class=\"rh_loc_label\">Restaurante - Residencia Son Floriana<\/span>\n                                                                                <div class=\"rh_loc_more_info\"><span class=\"rh_info_open\">+<\/span> Infos<\/div>\n                                                                                <span class=\"rh_loc_icon\">\n                                                                                            <i class=\"fa fa-building\"><\/i>\n                                                                                    <\/span>\n                                                                                <div class=\"rh_location-data\">\n                                            <div class=\"rh_loc_name_address\">\n                                                <h3 class=\"rh_loc_name\">Restaurante - Residencia Son Floriana<\/h3>\n                                            <\/div>\n\n                                            <div class=\"rh_loc_other_info\">\n                                                                                                <p>\n                                                                                                        Avenida Magnolia \n                                                                                                        \n                                                                                                    <\/p>\n                                                \n                                                                                                <p>\n                                                                                                        Son Servera, \n                                                    \n                                                                                                        PM, \n                                                    \n                                                                                                        07559, \n                                                    \n                                                                                                        ES\n                                                                                                    <\/p>\n                                                \n                                                                                                <p><a href=\"https:\/\/www.google.com\/maps?q=39.611479,3.383928\" target=\"_blank\"><i class=\"fa fa-map\"><\/i> Voir carte<\/a><\/p>\n                                                \n                                                <a href=\"javascript:void(0);\" class=\"rh_loc-select rh-std-background\">S\u00e9lectionner <\/a>\n                                            <\/div>\n                                                                                                                                <\/div>\n                                                                            <\/li>\n                                                                    <li data-id=\"24\" data-timetable=\"2\" data-dropoff-timetable=\"2\">\n                                        <span class=\"rh_loc_label\">Hotel Club S&#039;Illot<\/span>\n                                                                                <div class=\"rh_loc_more_info\"><span class=\"rh_info_open\">+<\/span> Infos<\/div>\n                                                                                <span class=\"rh_loc_icon\">\n                                                                                            <i class=\"fa fa-building\"><\/i>\n                                                                                    <\/span>\n                                                                                <div class=\"rh_location-data\">\n                                            <div class=\"rh_loc_name_address\">\n                                                <h3 class=\"rh_loc_name\">Hotel Club S&#039;Illot<\/h3>\n                                            <\/div>\n\n                                            <div class=\"rh_loc_other_info\">\n                                                                                                <p>\n                                                                                                        Carrer dels Cards \n                                                                                                        \n                                                                                                        2, \n                                                                                                    <\/p>\n                                                \n                                                                                                <p>\n                                                                                                        Manacor, \n                                                    \n                                                                                                        PM, \n                                                    \n                                                                                                        07687, \n                                                    \n                                                                                                        ES\n                                                                                                    <\/p>\n                                                \n                                                                                                <p><a href=\"https:\/\/www.google.com\/maps?q=39.5656124,3.37242\" target=\"_blank\"><i class=\"fa fa-map\"><\/i> Voir carte<\/a><\/p>\n                                                \n                                                <a href=\"javascript:void(0);\" class=\"rh_loc-select rh-std-background\">S\u00e9lectionner <\/a>\n                                            <\/div>\n                                                                                        <div class=\"rh_loc_contacts\">\n                                                <h3>Contacts<\/h3>\n                                                                                                                                                <p>E-mail: <a href=\"emailto:HOTEL@HOTELSILLOT.COM\">HOTEL@HOTELSILLOT.COM<\/a><\/p>\n                                                                                            <\/div>\n                                                                                                                                <\/div>\n                                                                            <\/li>\n                                                                    <li data-id=\"3\" data-timetable=\"1\" data-dropoff-timetable=\"1\">\n                                        <span class=\"rh_loc_label\">Aeropuerto de Palma de Mallorca<\/span>\n                                                                                <div class=\"rh_loc_more_info\"><span class=\"rh_info_open\">+<\/span> Infos<\/div>\n                                                                                <span class=\"rh_loc_icon\">\n                                                                                            <i class=\"fa fa-plane\"><\/i>\n                                                                                    <\/span>\n                                                                                <div class=\"rh_location-data\">\n                                            <div class=\"rh_loc_name_address\">\n                                                <h3 class=\"rh_loc_name\">Aeropuerto de Palma de Mallorca<\/h3>\n                                            <\/div>\n\n                                            <div class=\"rh_loc_other_info\">\n                                                                                                <p>\n                                                                                                        LEVANTE \n                                                                                                        \n                                                                                                    <\/p>\n                                                \n                                                                                                <p>\n                                                                                                        Palma , \n                                                    \n                                                                                                        Illes Balears, \n                                                    \n                                                                                                        07611, \n                                                    \n                                                                                                        ES\n                                                                                                    <\/p>\n                                                \n                                                                                                <p><a href=\"https:\/\/www.google.com\/maps?q=39.5524708,2.7393803\" target=\"_blank\"><i class=\"fa fa-map\"><\/i> Voir carte<\/a><\/p>\n                                                \n                                                <a href=\"javascript:void(0);\" class=\"rh_loc-select rh-std-background\">S\u00e9lectionner <\/a>\n                                            <\/div>\n                                                                                                                                    <div class=\"rh_loc_desc\">\n                                                <h3>Description<\/h3>\n                                                <p>avec un suppl\u00e9ment pour un service suppl\u00e9mentaire de prise en charge et\/ou de retour et un minimum de 4 jours complets (96 h). La prise en charge et la d\u00e9pose se font au rez-de-chauss\u00e9e du b\u00e2timent du parking, zone G.<\/p>\n                                            <\/div>\n                                                                                    <\/div>\n                                                                            <\/li>\n                                                                <\/ul>\n                                                                <div class=\"rh_location_info\"><\/div>\n                                                            <\/div>\n                        <\/div>\n                    <\/div>\n                \n                <div class=\"nrhsf-pickup-datetime-container gs-cs-12 gs-cm-6 gs-cl-6\">\n                    <div class=\"gs-fgroup\">\n                        <label>Date\/Heure prise en charge<\/label>\n                        <div class=\"new-datetime-group\">\n                            <input readonly placeholder=\"Date\/Heure prise en charge\" required\n                                   class=\"gs-fcontrol datepicker-input\" id=\"rsf_pickup_date\" name=\"rsf_pickup_date\"\n                                   value=\"\">\n                            <select required class=\"gs-fcontrol timepicker-input\" name=\"rsf_pickup_time\"\n                                    id=\"rsf_pickup_time\">\n                                <option value=\"\">- Choisir -<\/option>\n                            <\/select>\n                        <\/div>\n                    <\/div>\n                <\/div>\n                \n                <div class=\"nrhsf-dropoff-datetime-container gs-cs-12 gs-cm-6 gs-cl-6\">\n                    <label>Date\/Heure restitution<\/label>\n                    <div class=\"new-datetime-group\">\n                        <input readonly placeholder=\"Date\/Heure restitution\" required\n                               class=\"gs-fcontrol datepicker-input\" id=\"rsf_dropoff_date\" name=\"rsf_dropoff_date\"\n                               value=\"\">\n                        <select required class=\"gs-fcontrol timepicker-input\" name=\"rsf_dropoff_time\"\n                                id=\"rsf_dropoff_time\">\n                            <option value=\"\">- Choisir -<\/option>\n                        <\/select>\n                    <\/div>\n                <\/div>\n                \n                                <div class=\"renthub-coupon-checkbox gs-cs-12 gs-cm-6 gs-cl-6\">\n                    <label class=\"rsf_coupon_checkbox_container\" style=\"\"><input type=\"checkbox\" id=\"rsf_add_coupon\"  \/> Avez-vous un coupon ?<\/label>\n                    <div class=\"rsf_show_coupon\" style=\"display:none\">\n                        <label>Avez-vous un coupon? Saisissez-le<\/label>\n                        <input class=\"gs-fcontrol\" type=\"text\" name=\"rbf_coupon\" id=\"rbf_coupon\" placeholder=\"Avez-vous un coupon? Saisissez-le\" value=\"\">\n                    <\/div>\n                <\/div>\n                            <\/div>\n            <div class=\"gs-row\">\n                                    <div class=\"nrhsf-age gs-cs-12 gs-cm-4 gs-cl-3\">\n                        <div class=\"gs-fgroup agecontainer\">\n                            <label>\u00c2ge<\/label>\n                            <select required class=\"gs-fcontrol\" id=\"rsf_age\" name=\"rsf_age\">\n                                                                    <option \n                                            value=\"18\">18<\/option>\n                                                                    <option \n                                            value=\"19\">19<\/option>\n                                                                    <option \n                                            value=\"20\">20<\/option>\n                                                                    <option selected=\"selected\"\n                                            value=\"21\">21-80<\/option>\n                                                            <\/select>\n                        <\/div>\n                    <\/div>\n                                <div class=\"nrhsf-search-btn-container gs-cs-12 gs-cm-8 gs-cl-9\">\n                    <label>&nbsp;<\/label>\n                    <button id=\"rsf_start_search\" name=\"rsf_start_search\" value=\"1\" type=\"submit\"\n                            class=\"rh-second-button-100 btn-submit\">Chercher<\/button>\n                <\/div>\n            <\/div>\n        <\/form>\n    <\/div>\n<\/div>\n<\/div>\n\t\t\t\t\t\t<\/div>\n\t\t\t\t<\/div>\n\t\t\t\t\t<\/div>\n\t\t<\/div>\n\t\t\t\t\t<\/div>\n\t\t<\/section>\n\t\t\t\t\t<\/div>\n\t\t<\/div>\n\t\t\t\t\t<\/div>\n\t\t<\/section>\n\t\t\t\t<section class=\"elementor-section elementor-top-section elementor-element elementor-element-420f9be elementor-section-boxed elementor-section-height-default elementor-section-height-default\" data-id=\"420f9be\" data-element_type=\"section\" data-e-type=\"section\">\n\t\t\t\t\t\t<div class=\"elementor-container elementor-column-gap-wider\">\n\t\t\t\t\t<div class=\"elementor-column elementor-col-100 elementor-top-column elementor-element elementor-element-91c66d8\" data-id=\"91c66d8\" data-element_type=\"column\" data-e-type=\"column\">\n\t\t\t<div class=\"elementor-widget-wrap elementor-element-populated\">\n\t\t\t\t\t\t<div class=\"elementor-element elementor-element-b749cac elementor-widget elementor-widget-heading\" data-id=\"b749cac\" data-element_type=\"widget\" data-e-type=\"widget\" data-widget_type=\"heading.default\">\n\t\t\t\t<div class=\"elementor-widget-container\">\n\t\t\t\t\t<h1 class=\"elementor-heading-title elementor-size-default\">Termes et conditions de location de voitures<\/h1>\t\t\t\t<\/div>\n\t\t\t\t<\/div>\n\t\t\t\t<div class=\"elementor-element elementor-element-499630d elementor-widget-divider--view-line elementor-widget elementor-widget-divider\" data-id=\"499630d\" data-element_type=\"widget\" data-e-type=\"widget\" data-widget_type=\"divider.default\">\n\t\t\t\t<div class=\"elementor-widget-container\">\n\t\t\t\t\t\t\t<div class=\"elementor-divider\">\n\t\t\t<span class=\"elementor-divider-separator\">\n\t\t\t\t\t\t<\/span>\n\t\t<\/div>\n\t\t\t\t\t\t<\/div>\n\t\t\t\t<\/div>\n\t\t\t\t\t<\/div>\n\t\t<\/div>\n\t\t\t\t\t<\/div>\n\t\t<\/section>\n\t\t\t\t<section class=\"elementor-section elementor-top-section elementor-element elementor-element-134e4f6 elementor-section-boxed elementor-section-height-default elementor-section-height-default\" data-id=\"134e4f6\" data-element_type=\"section\" data-e-type=\"section\">\n\t\t\t\t\t\t<div class=\"elementor-container elementor-column-gap-wider\">\n\t\t\t\t\t<div class=\"elementor-column elementor-col-100 elementor-top-column elementor-element elementor-element-a7d9b04\" data-id=\"a7d9b04\" data-element_type=\"column\" data-e-type=\"column\">\n\t\t\t<div class=\"elementor-widget-wrap elementor-element-populated\">\n\t\t\t\t\t\t<div class=\"elementor-element elementor-element-86f5326 elementor-widget elementor-widget-heading\" data-id=\"86f5326\" data-element_type=\"widget\" data-e-type=\"widget\" data-widget_type=\"heading.default\">\n\t\t\t\t<div class=\"elementor-widget-container\">\n\t\t\t\t\t<h2 class=\"elementor-heading-title elementor-size-default\">Termes et Conditions de Location - Protur Cars<\/h2>\t\t\t\t<\/div>\n\t\t\t\t<\/div>\n\t\t\t\t<div class=\"elementor-element elementor-element-e7c1738 elementor-widget__width-initial elementor-widget elementor-widget-text-editor\" data-id=\"e7c1738\" data-element_type=\"widget\" data-e-type=\"widget\" data-widget_type=\"text-editor.default\">\n\t\t\t\t<div class=\"elementor-widget-container\">\n\t\t\t\t\t\t\t\t\t<p><b>Inclus dans le prix final :<\/b><\/p><ul><li>TVA et taxes incluses.<\/li><li>Kilom\u00e9trage illimit\u00e9.<\/li><li>Couverture contre le vol du v\u00e9hicule.<\/li><li>Couverture tous risques sans franchise ni d\u00e9p\u00f4t, incluant CDW (Collision Damage Waiver), qui exon\u00e8re le client de toute responsabilit\u00e9 en cas de dommages au v\u00e9hicule, et SCDW (Super Cover Damage Waiver), qui offre une exon\u00e9ration totale de responsabilit\u00e9 pour les dommages caus\u00e9s au v\u00e9hicule ou son vol, y compris les fen\u00eatres, les miroirs, les jantes et les pneus.<\/li><\/ul><p><b>Obligations en cas d&rsquo;accident ou de vol :<\/b><\/p><ul><li>En cas d&rsquo;accident ou de dommage au v\u00e9hicule, le client doit remplir un constat d&rsquo;accident\/dommages et le remettre \u00e0 notre bureau.<\/li><li>En cas de vol du v\u00e9hicule, le client doit porter plainte \u00e0 la police et pr\u00e9senter la plainte \u00e0 notre bureau.<\/li><li>Tout accident ou dommage non signal\u00e9 sera consid\u00e9r\u00e9 comme de la n\u00e9gligence de la part du client, ce qui pourrait entra\u00eener des frais suppl\u00e9mentaires.<\/li><\/ul><p><b>Couverture d&rsquo;assurance :<\/b><\/p><ul><li>L&rsquo;assurance souscrite par Protur Cars couvre le locataire et les conducteurs autoris\u00e9s en vertu du pr\u00e9sent contrat contre la responsabilit\u00e9 civile (dommages aux tiers) jusqu&rsquo;\u00e0 un montant de cinquante millions d&rsquo;euros (50 000 000 \u20ac).<\/li><\/ul><p><b>Non inclus dans le prix (extras) :<\/b><\/p><ul><li>Conducteurs suppl\u00e9mentaires : 4\u20ac\/jour.<\/li><li>Accessoires suppl\u00e9mentaires (navigateur, si\u00e8ges pour enfants, etc.) dont les prix seront indiqu\u00e9s lors de la r\u00e9servation.<\/li><\/ul><p><b>Non couvert par l&rsquo;assurance (frais \u00e0 la charge du client) :<\/b><\/p><ul><li>Perte ou dommage des cl\u00e9s du v\u00e9hicule.<\/li><li>Transport depuis le lieu de l&rsquo;accident jusqu&rsquo;\u00e0 l&rsquo;h\u00f4tel.<\/li><li>Erreur de carburant. Si le carburant incorrect est utilis\u00e9, le locataire sera responsable des frais de r\u00e9paration et de transport au garage.<\/li><li>Perte ou vol de l&rsquo;antenne du v\u00e9hicule.<\/li><\/ul><p><em>Note :<\/em> Ces impr\u00e9vus peuvent \u00eatre couverts en souscrivant au Pack Protur Cars pour 6\u20ac\/jour.<\/p><p><b>Cartes de cr\u00e9dit :<\/b><\/p><ul><li>Cartes VISA et Mastercard accept\u00e9es.<\/li><\/ul><p><b>Assistance <\/b>:<\/p><ul><li>Service d&rsquo;assistance 24h\/24, 365 jours par an.<\/li><\/ul><p><b>Politique de carburant :<\/b><\/p><ul><li>Le v\u00e9hicule est livr\u00e9 avec le r\u00e9servoir plein et doit \u00eatre retourn\u00e9 dans les m\u00eames conditions. Si le v\u00e9hicule est rendu avec moins de carburant, le client devra payer la diff\u00e9rence au prix en vigueur, ainsi qu&rsquo;une frais de 20\u20ac pour le service de ravitaillement. Aucun remboursement ne sera effectu\u00e9 si du carburant incorrect est utilis\u00e9.<\/li><\/ul><p><b>Amendes de circulation :<\/b><\/p><ul><li>Protur Cars SL est tenu de fournir aux autorit\u00e9s les coordonn\u00e9es des clients ayant re\u00e7u des amendes de circulation pendant la p\u00e9riode de location. Le client devra g\u00e9rer le paiement de ces amendes directement avec les autorit\u00e9s.<\/li><\/ul><p><b>Abandon du v\u00e9hicule :<\/b><\/p><ul><li>Les clients qui abandonnent le v\u00e9hicule \u00e0 un endroit diff\u00e9rent de celui convenu dans le contrat seront responsables des frais g\u00e9n\u00e9r\u00e9s. En plus du tarif journalier de location, une p\u00e9nalit\u00e9 de 30,00 \u20ac (TVA incluse) sera appliqu\u00e9e par jour.<\/li><\/ul><p><b>Restrictions <\/b>:<\/p><ul><li>Les v\u00e9hicules ne peuvent \u00eatre conduits qu&rsquo;\u00e0 Majorque et ne peuvent pas quitter l&rsquo;\u00eele.<\/li><li>Les clients doivent fournir une adresse locale (appartement, villa, h\u00f4tel, etc.) pendant la p\u00e9riode de location.<\/li><li>L&rsquo;\u00e2ge minimum du conducteur est de 21 ans et il doit poss\u00e9der un permis de conduire d&rsquo;au moins 2 ans.<\/li><li>Si la cat\u00e9gorie de v\u00e9hicule r\u00e9serv\u00e9e n&rsquo;est pas disponible au moment de la prise en charge, un v\u00e9hicule de cat\u00e9gorie sup\u00e9rieure sera fourni sans frais suppl\u00e9mentaires.<\/li><li>L&rsquo;assurance ne couvre pas les accidents ou dommages caus\u00e9s par la conduite sous l&rsquo;influence de l&rsquo;alcool, des drogues, des m\u00e9dicaments ou d&rsquo;autres substances affectant la capacit\u00e9 de conduite, ni lorsque le conducteur n&rsquo;est pas autoris\u00e9 par le contrat de location ou ne respecte pas le code de la route.<\/li><li>Le transport de marchandises ou d&rsquo;animaux n\u00e9cessite l&rsquo;accord pr\u00e9alable de Protur Cars SL. En cas de non-respect, un nettoyage sp\u00e9cial pourra \u00eatre factur\u00e9 jusqu&rsquo;\u00e0 95\u20ac.<\/li><li>Il est interdit de fumer \u00e0 l&rsquo;int\u00e9rieur du v\u00e9hicule.<\/li><\/ul><p><b>Nettoyage du v\u00e9hicule :<\/b><\/p><ul><li>Le prix de la location comprend un nettoyage standard du v\u00e9hicule. Si le v\u00e9hicule est retourn\u00e9 dans un \u00e9tat de salet\u00e9 extr\u00eame, Protur Cars SL appliquera un frais de nettoyage sp\u00e9cial de 95\u20ac.<\/li><\/ul><p><b>Annulation de la r\u00e9servation :<\/b><\/p><ul><li>Les annulations sans p\u00e9nalit\u00e9 doivent \u00eatre effectu\u00e9es au moins 48 heures avant le d\u00e9but de la location (08h00 le premier jour). Dans le cas contraire :<ul><li>Entre 48 et 24 heures avant le d\u00e9but, 50% du prix total convenu sera factur\u00e9.<\/li><li>Moins de 24 heures avant le d\u00e9but, 100% du prix total convenu sera factur\u00e9.<\/li><\/ul><\/li><\/ul><p><b>Retour tardif du v\u00e9hicule :<\/b><\/p><ul><li>Si le v\u00e9hicule est retourn\u00e9 apr\u00e8s la date convenue, l&rsquo;assurance sera annul\u00e9e et le client devra payer 30,25\u20ac par jour (TVA incluse), en plus du tarif journalier de location.<\/li><\/ul><p><b>Prise en charge et retour \u00e0 l&rsquo;a\u00e9roport :<\/b><\/p><ul><li>La prise en charge se fait au 4\u00e8me \u00e9tage du parking, dans le hall des ascenseurs. Le retour se fait au 3\u00e8me \u00e9tage.<\/li><li>La remise et la restitution \u00e0 l&rsquo;a\u00e9roport n\u00e9cessitent une location minimum de 4 jours complets (96 h), ainsi qu&rsquo;un suppl\u00e9ment de 110\u20ac par service. Sinon, la r\u00e9servation ne sera pas valide.<\/li><\/ul>\t\t\t\t\t\t\t\t<\/div>\n\t\t\t\t<\/div>\n\t\t\t\t\t<\/div>\n\t\t<\/div>\n\t\t\t\t\t<\/div>\n\t\t<\/section>\n\t\t\t\t<section class=\"elementor-section elementor-top-section elementor-element elementor-element-8489f0e elementor-section-boxed elementor-section-height-default elementor-section-height-default\" data-id=\"8489f0e\" data-element_type=\"section\" data-e-type=\"section\">\n\t\t\t\t\t\t<div class=\"elementor-container elementor-column-gap-default\">\n\t\t\t\t\t<div class=\"elementor-column elementor-col-100 elementor-top-column elementor-element elementor-element-44ce53b\" data-id=\"44ce53b\" data-element_type=\"column\" data-e-type=\"column\">\n\t\t\t<div class=\"elementor-widget-wrap elementor-element-populated\">\n\t\t\t\t\t\t<div class=\"elementor-element elementor-element-2488a34 elementor-widget elementor-widget-spacer\" data-id=\"2488a34\" data-element_type=\"widget\" data-e-type=\"widget\" data-widget_type=\"spacer.default\">\n\t\t\t\t<div class=\"elementor-widget-container\">\n\t\t\t\t\t\t\t<div class=\"elementor-spacer\">\n\t\t\t<div class=\"elementor-spacer-inner\"><\/div>\n\t\t<\/div>\n\t\t\t\t\t\t<\/div>\n\t\t\t\t<\/div>\n\t\t\t\t\t<\/div>\n\t\t<\/div>\n\t\t\t\t\t<\/div>\n\t\t<\/section>\n\t\t\t\t<\/div>\n\t\t","protected":false},"excerpt":{"rendered":"<p>Termes et conditions de location de voitures Termes et Conditions de Location &#8211; Protur Cars Inclus dans le prix final : TVA et taxes incluses. Kilom\u00e9trage illimit\u00e9. Couverture contre le vol du v\u00e9hicule. Couverture tous risques sans franchise ni d\u00e9p\u00f4t, incluant CDW (Collision Damage Waiver), qui exon\u00e8re le client de toute responsabilit\u00e9 en cas de [&hellip;]<\/p>\n","protected":false},"author":1,"featured_media":0,"parent":0,"menu_order":0,"comment_status":"closed","ping_status":"closed","template":"","meta":{"footnotes":""},"class_list":["post-3139","page","type-page","status-publish","hentry"],"yoast_head":"<!-- This site is optimized with the Yoast SEO plugin v27.4 - https:\/\/yoast.com\/product\/yoast-seo-wordpress\/ -->\n<title>Termes et conditions de location de voitures | Protur Cars<\/title>\n<meta name=\"description\" content=\"Consultez les conditions g\u00e9n\u00e9rales de Protur Cars pour en savoir plus sur les r\u00e9servations, les paiements, les politiques d&#039;annulation...\" \/>\n<meta name=\"robots\" content=\"index, follow, max-snippet:-1, max-image-preview:large, max-video-preview:-1\" \/>\n<link rel=\"canonical\" href=\"https:\/\/proturcars.com\/fr\/termes-et-conditions\/\" \/>\n<meta property=\"og:locale\" content=\"fr_FR\" \/>\n<meta property=\"og:type\" content=\"article\" \/>\n<meta property=\"og:title\" content=\"Termes et conditions de location de voitures | Protur Cars\" \/>\n<meta property=\"og:description\" content=\"Consultez les conditions g\u00e9n\u00e9rales de Protur Cars pour en savoir plus sur les r\u00e9servations, les paiements, les politiques d&#039;annulation...\" \/>\n<meta property=\"og:url\" content=\"https:\/\/proturcars.com\/fr\/termes-et-conditions\/\" \/>\n<meta property=\"og:site_name\" content=\"Alquiler de Coches en Cala Millor, Sa Coma y Cala Bona\" \/>\n<meta property=\"article:modified_time\" content=\"2024-12-19T15:54:00+00:00\" \/>\n<meta property=\"og:image\" content=\"https:\/\/proturcars.com\/wp-content\/uploads\/2024\/11\/protur-cars.jpg\" \/>\n\t<meta property=\"og:image:width\" content=\"1200\" \/>\n\t<meta property=\"og:image:height\" content=\"675\" \/>\n\t<meta property=\"og:image:type\" content=\"image\/jpeg\" \/>\n<meta name=\"twitter:card\" content=\"summary_large_image\" \/>\n<meta name=\"twitter:label1\" content=\"Dur\u00e9e de lecture estim\u00e9e\" \/>\n\t<meta name=\"twitter:data1\" content=\"5 minutes\" \/>\n<script type=\"application\/ld+json\" class=\"yoast-schema-graph\">{\"@context\":\"https:\\\/\\\/schema.org\",\"@graph\":[{\"@type\":\"WebPage\",\"@id\":\"https:\\\/\\\/proturcars.com\\\/fr\\\/termes-et-conditions\\\/\",\"url\":\"https:\\\/\\\/proturcars.com\\\/fr\\\/termes-et-conditions\\\/\",\"name\":\"Termes et conditions de location de voitures | Protur Cars\",\"isPartOf\":{\"@id\":\"https:\\\/\\\/proturcars.com\\\/fr\\\/#website\"},\"datePublished\":\"2024-10-07T07:55:36+00:00\",\"dateModified\":\"2024-12-19T15:54:00+00:00\",\"description\":\"Consultez les conditions g\u00e9n\u00e9rales de Protur Cars pour en savoir plus sur les r\u00e9servations, les paiements, les politiques d'annulation...\",\"breadcrumb\":{\"@id\":\"https:\\\/\\\/proturcars.com\\\/fr\\\/termes-et-conditions\\\/#breadcrumb\"},\"inLanguage\":\"fr-FR\",\"potentialAction\":[{\"@type\":\"ReadAction\",\"target\":[\"https:\\\/\\\/proturcars.com\\\/fr\\\/termes-et-conditions\\\/\"]}]},{\"@type\":\"BreadcrumbList\",\"@id\":\"https:\\\/\\\/proturcars.com\\\/fr\\\/termes-et-conditions\\\/#breadcrumb\",\"itemListElement\":[{\"@type\":\"ListItem\",\"position\":1,\"name\":\"Portada\",\"item\":\"https:\\\/\\\/proturcars.com\\\/fr\\\/\"},{\"@type\":\"ListItem\",\"position\":2,\"name\":\"Termes et conditions de location de voitures\"}]},{\"@type\":\"WebSite\",\"@id\":\"https:\\\/\\\/proturcars.com\\\/fr\\\/#website\",\"url\":\"https:\\\/\\\/proturcars.com\\\/fr\\\/\",\"name\":\"Alquiler de Coches en Cala Millor, Sa Coma y Cala Bona\",\"description\":\"Alquila coches en Cala Millor, Sa Coma, Cala Bona y S'Illot. Seguro sin franquicia, asistencia 24\\\/7 y kil&oacute;metros ilimitados\",\"publisher\":{\"@id\":\"https:\\\/\\\/proturcars.com\\\/fr\\\/#organization\"},\"alternateName\":\"Alquiler de Coches en Cala Millor, Sa Coma y Cala Bona\",\"potentialAction\":[{\"@type\":\"SearchAction\",\"target\":{\"@type\":\"EntryPoint\",\"urlTemplate\":\"https:\\\/\\\/proturcars.com\\\/fr\\\/?s={search_term_string}\"},\"query-input\":{\"@type\":\"PropertyValueSpecification\",\"valueRequired\":true,\"valueName\":\"search_term_string\"}}],\"inLanguage\":\"fr-FR\"},{\"@type\":\"Organization\",\"@id\":\"https:\\\/\\\/proturcars.com\\\/fr\\\/#organization\",\"name\":\"Protur Cars alquiler de coches en Cala Millor, Sa Coma y Cala Bona\",\"alternateName\":\"Protur Cars alquiler de coches\",\"url\":\"https:\\\/\\\/proturcars.com\\\/fr\\\/\",\"logo\":{\"@type\":\"ImageObject\",\"inLanguage\":\"fr-FR\",\"@id\":\"https:\\\/\\\/proturcars.com\\\/fr\\\/#\\\/schema\\\/logo\\\/image\\\/\",\"url\":\"https:\\\/\\\/proturcars.com\\\/wp-content\\\/uploads\\\/2024\\\/10\\\/cropped-proturcars-logo.webp\",\"contentUrl\":\"https:\\\/\\\/proturcars.com\\\/wp-content\\\/uploads\\\/2024\\\/10\\\/cropped-proturcars-logo.webp\",\"width\":500,\"height\":194,\"caption\":\"Protur Cars alquiler de coches en Cala Millor, Sa Coma y Cala Bona\"},\"image\":{\"@id\":\"https:\\\/\\\/proturcars.com\\\/fr\\\/#\\\/schema\\\/logo\\\/image\\\/\"}}]}<\/script>\n<!-- \/ Yoast SEO plugin. -->","yoast_head_json":{"title":"Termes et conditions de location de voitures | Protur Cars","description":"Consultez les conditions g\u00e9n\u00e9rales de Protur Cars pour en savoir plus sur les r\u00e9servations, les paiements, les politiques d'annulation...","robots":{"index":"index","follow":"follow","max-snippet":"max-snippet:-1","max-image-preview":"max-image-preview:large","max-video-preview":"max-video-preview:-1"},"canonical":"https:\/\/proturcars.com\/fr\/termes-et-conditions\/","og_locale":"fr_FR","og_type":"article","og_title":"Termes et conditions de location de voitures | Protur Cars","og_description":"Consultez les conditions g\u00e9n\u00e9rales de Protur Cars pour en savoir plus sur les r\u00e9servations, les paiements, les politiques d'annulation...","og_url":"https:\/\/proturcars.com\/fr\/termes-et-conditions\/","og_site_name":"Alquiler de Coches en Cala Millor, Sa Coma y Cala Bona","article_modified_time":"2024-12-19T15:54:00+00:00","og_image":[{"width":1200,"height":675,"url":"https:\/\/proturcars.com\/wp-content\/uploads\/2024\/11\/protur-cars.jpg","type":"image\/jpeg"}],"twitter_card":"summary_large_image","twitter_misc":{"Dur\u00e9e de lecture estim\u00e9e":"5 minutes"},"schema":{"@context":"https:\/\/schema.org","@graph":[{"@type":"WebPage","@id":"https:\/\/proturcars.com\/fr\/termes-et-conditions\/","url":"https:\/\/proturcars.com\/fr\/termes-et-conditions\/","name":"Termes et conditions de location de voitures | Protur Cars","isPartOf":{"@id":"https:\/\/proturcars.com\/fr\/#website"},"datePublished":"2024-10-07T07:55:36+00:00","dateModified":"2024-12-19T15:54:00+00:00","description":"Consultez les conditions g\u00e9n\u00e9rales de Protur Cars pour en savoir plus sur les r\u00e9servations, les paiements, les politiques d'annulation...","breadcrumb":{"@id":"https:\/\/proturcars.com\/fr\/termes-et-conditions\/#breadcrumb"},"inLanguage":"fr-FR","potentialAction":[{"@type":"ReadAction","target":["https:\/\/proturcars.com\/fr\/termes-et-conditions\/"]}]},{"@type":"BreadcrumbList","@id":"https:\/\/proturcars.com\/fr\/termes-et-conditions\/#breadcrumb","itemListElement":[{"@type":"ListItem","position":1,"name":"Portada","item":"https:\/\/proturcars.com\/fr\/"},{"@type":"ListItem","position":2,"name":"Termes et conditions de location de voitures"}]},{"@type":"WebSite","@id":"https:\/\/proturcars.com\/fr\/#website","url":"https:\/\/proturcars.com\/fr\/","name":"Alquiler de Coches en Cala Millor, Sa Coma y Cala Bona","description":"Alquila coches en Cala Millor, Sa Coma, Cala Bona y S'Illot. Seguro sin franquicia, asistencia 24\/7 y kil&oacute;metros ilimitados","publisher":{"@id":"https:\/\/proturcars.com\/fr\/#organization"},"alternateName":"Alquiler de Coches en Cala Millor, Sa Coma y Cala Bona","potentialAction":[{"@type":"SearchAction","target":{"@type":"EntryPoint","urlTemplate":"https:\/\/proturcars.com\/fr\/?s={search_term_string}"},"query-input":{"@type":"PropertyValueSpecification","valueRequired":true,"valueName":"search_term_string"}}],"inLanguage":"fr-FR"},{"@type":"Organization","@id":"https:\/\/proturcars.com\/fr\/#organization","name":"Protur Cars alquiler de coches en Cala Millor, Sa Coma y Cala Bona","alternateName":"Protur Cars alquiler de coches","url":"https:\/\/proturcars.com\/fr\/","logo":{"@type":"ImageObject","inLanguage":"fr-FR","@id":"https:\/\/proturcars.com\/fr\/#\/schema\/logo\/image\/","url":"https:\/\/proturcars.com\/wp-content\/uploads\/2024\/10\/cropped-proturcars-logo.webp","contentUrl":"https:\/\/proturcars.com\/wp-content\/uploads\/2024\/10\/cropped-proturcars-logo.webp","width":500,"height":194,"caption":"Protur Cars alquiler de coches en Cala Millor, Sa Coma y Cala Bona"},"image":{"@id":"https:\/\/proturcars.com\/fr\/#\/schema\/logo\/image\/"}}]}},"_links":{"self":[{"href":"https:\/\/proturcars.com\/fr\/wp-json\/wp\/v2\/pages\/3139","targetHints":{"allow":["GET"]}}],"collection":[{"href":"https:\/\/proturcars.com\/fr\/wp-json\/wp\/v2\/pages"}],"about":[{"href":"https:\/\/proturcars.com\/fr\/wp-json\/wp\/v2\/types\/page"}],"author":[{"embeddable":true,"href":"https:\/\/proturcars.com\/fr\/wp-json\/wp\/v2\/users\/1"}],"replies":[{"embeddable":true,"href":"https:\/\/proturcars.com\/fr\/wp-json\/wp\/v2\/comments?post=3139"}],"version-history":[{"count":0,"href":"https:\/\/proturcars.com\/fr\/wp-json\/wp\/v2\/pages\/3139\/revisions"}],"wp:attachment":[{"href":"https:\/\/proturcars.com\/fr\/wp-json\/wp\/v2\/media?parent=3139"}],"curies":[{"name":"wp","href":"https:\/\/api.w.org\/{rel}","templated":true}]}}