{"id":3237,"date":"2024-10-24T15:03:45","date_gmt":"2024-10-24T15:03:45","guid":{"rendered":"https:\/\/proturcars.com\/CARS\/nosotros\/"},"modified":"2024-12-23T10:59:23","modified_gmt":"2024-12-23T10:59:23","slug":"nous","status":"publish","type":"page","link":"https:\/\/proturcars.com\/fr\/nous\/","title":{"rendered":"\u00c0 propos de nous"},"content":{"rendered":"\t\t<div data-elementor-type=\"wp-page\" data-elementor-id=\"3237\" class=\"elementor elementor-3237 elementor-2535\" data-elementor-post-type=\"page\">\n\t\t\t\t\t\t<section class=\"elementor-section elementor-top-section elementor-element elementor-element-19378c5 elementor-section-full_width elementor-section-stretched elementor-section-height-default elementor-section-height-default\" data-id=\"19378c5\" data-element_type=\"section\" data-e-type=\"section\" data-settings=\"{&quot;stretch_section&quot;:&quot;section-stretched&quot;}\">\n\t\t\t\t\t\t<div class=\"elementor-container elementor-column-gap-no\">\n\t\t\t\t\t<div class=\"elementor-column elementor-col-100 elementor-top-column elementor-element elementor-element-a264e19\" data-id=\"a264e19\" data-element_type=\"column\" data-e-type=\"column\">\n\t\t\t<div class=\"elementor-widget-wrap elementor-element-populated\">\n\t\t\t\t\t\t<div class=\"elementor-element elementor-element-d204b8d elementor-hidden-tablet elementor-hidden-mobile elementor-widget elementor-widget-image\" data-id=\"d204b8d\" data-element_type=\"widget\" data-e-type=\"widget\" data-widget_type=\"image.default\">\n\t\t\t\t<div class=\"elementor-widget-container\">\n\t\t\t\t\t\t\t\t\t\t\t\t\t\t\t<img fetchpriority=\"high\" decoding=\"async\" width=\"2427\" height=\"700\" src=\"https:\/\/proturcars.com\/wp-content\/uploads\/2024\/10\/quienes-somos-grup-bauza-empresas.jpg\" class=\"attachment-full size-full wp-image-3007\" alt=\"Qui sommes-nous ? Entreprises du Groupe Bauz\u00e1\" srcset=\"https:\/\/proturcars.com\/wp-content\/uploads\/2024\/10\/quienes-somos-grup-bauza-empresas.jpg 2427w, https:\/\/proturcars.com\/wp-content\/uploads\/2024\/10\/quienes-somos-grup-bauza-empresas-300x87.jpg 300w, https:\/\/proturcars.com\/wp-content\/uploads\/2024\/10\/quienes-somos-grup-bauza-empresas-1024x295.jpg 1024w, https:\/\/proturcars.com\/wp-content\/uploads\/2024\/10\/quienes-somos-grup-bauza-empresas-768x222.jpg 768w, https:\/\/proturcars.com\/wp-content\/uploads\/2024\/10\/quienes-somos-grup-bauza-empresas-1536x443.jpg 1536w, https:\/\/proturcars.com\/wp-content\/uploads\/2024\/10\/quienes-somos-grup-bauza-empresas-2048x591.jpg 2048w, https:\/\/proturcars.com\/wp-content\/uploads\/2024\/10\/quienes-somos-grup-bauza-empresas-370x107.jpg 370w, https:\/\/proturcars.com\/wp-content\/uploads\/2024\/10\/quienes-somos-grup-bauza-empresas-760x219.jpg 760w\" sizes=\"(max-width: 2427px) 100vw, 2427px\" \/>\t\t\t\t\t\t\t\t\t\t\t\t\t\t\t<\/div>\n\t\t\t\t<\/div>\n\t\t\t\t<div class=\"elementor-element elementor-element-8feab59 elementor-widget elementor-widget-spacer\" data-id=\"8feab59\" data-element_type=\"widget\" data-e-type=\"widget\" data-widget_type=\"spacer.default\">\n\t\t\t\t<div class=\"elementor-widget-container\">\n\t\t\t\t\t\t\t<div class=\"elementor-spacer\">\n\t\t\t<div class=\"elementor-spacer-inner\"><\/div>\n\t\t<\/div>\n\t\t\t\t\t\t<\/div>\n\t\t\t\t<\/div>\n\t\t\t\t<div class=\"elementor-element elementor-element-e98ef13 elementor-hidden-desktop elementor-widget elementor-widget-image\" data-id=\"e98ef13\" data-element_type=\"widget\" data-e-type=\"widget\" data-widget_type=\"image.default\">\n\t\t\t\t<div class=\"elementor-widget-container\">\n\t\t\t\t\t\t\t\t\t\t\t\t\t\t\t<img decoding=\"async\" width=\"700\" height=\"700\" src=\"https:\/\/proturcars.com\/wp-content\/uploads\/2024\/10\/proturcars-quienes-somos-grup-bauza-empresas.jpg\" class=\"attachment-medium_large size-medium_large wp-image-3010\" alt=\"Qui sommes-nous ? Entreprises du Groupe Bauz\u00e1\" srcset=\"https:\/\/proturcars.com\/wp-content\/uploads\/2024\/10\/proturcars-quienes-somos-grup-bauza-empresas.jpg 700w, https:\/\/proturcars.com\/wp-content\/uploads\/2024\/10\/proturcars-quienes-somos-grup-bauza-empresas-300x300.jpg 300w, https:\/\/proturcars.com\/wp-content\/uploads\/2024\/10\/proturcars-quienes-somos-grup-bauza-empresas-150x150.jpg 150w, https:\/\/proturcars.com\/wp-content\/uploads\/2024\/10\/proturcars-quienes-somos-grup-bauza-empresas-370x370.jpg 370w, https:\/\/proturcars.com\/wp-content\/uploads\/2024\/10\/proturcars-quienes-somos-grup-bauza-empresas-90x90.jpg 90w\" sizes=\"(max-width: 700px) 100vw, 700px\" \/>\t\t\t\t\t\t\t\t\t\t\t\t\t\t\t<\/div>\n\t\t\t\t<\/div>\n\t\t\t\t\t<\/div>\n\t\t<\/div>\n\t\t\t\t\t<\/div>\n\t\t<\/section>\n\t\t\t\t<section class=\"elementor-section elementor-top-section elementor-element elementor-element-4ebdbd3 elementor-section-stretched elementor-section-full_width search-box elementor-section-height-default elementor-section-height-default\" data-id=\"4ebdbd3\" data-element_type=\"section\" data-e-type=\"section\" data-settings=\"{&quot;stretch_section&quot;:&quot;section-stretched&quot;,&quot;background_background&quot;:&quot;classic&quot;}\">\n\t\t\t\t\t\t<div class=\"elementor-container elementor-column-gap-no\">\n\t\t\t\t\t<div class=\"elementor-column elementor-col-100 elementor-top-column elementor-element elementor-element-3a6697d\" data-id=\"3a6697d\" data-element_type=\"column\" data-e-type=\"column\">\n\t\t\t<div class=\"elementor-widget-wrap elementor-element-populated\">\n\t\t\t\t\t\t<section class=\"elementor-section elementor-inner-section elementor-element elementor-element-476e506 elementor-section-full_width elementor-section-height-default elementor-section-height-default\" data-id=\"476e506\" data-element_type=\"section\" data-e-type=\"section\" data-settings=\"{&quot;background_background&quot;:&quot;classic&quot;}\">\n\t\t\t\t\t\t<div class=\"elementor-container elementor-column-gap-no\">\n\t\t\t\t\t<div class=\"elementor-column elementor-col-100 elementor-inner-column elementor-element elementor-element-5c6d2c4\" data-id=\"5c6d2c4\" data-element_type=\"column\" data-e-type=\"column\">\n\t\t\t<div class=\"elementor-widget-wrap elementor-element-populated\">\n\t\t\t\t\t\t<div class=\"elementor-element elementor-element-a6266d7 elementor-widget elementor-widget-shortcode\" data-id=\"a6266d7\" data-element_type=\"widget\" data-e-type=\"widget\" data-widget_type=\"shortcode.default\">\n\t\t\t\t<div class=\"elementor-widget-container\">\n\t\t\t\t\t\t\t<div class=\"elementor-shortcode\"><div class=\"nrhsf-container rh-std-background rh-std-radius\">\n            <div class=\"nrhsf-form-container gs-container-fluid \">\n        <form class=\"renthub-search-form\" method=\"GET\" action=\"https:\/\/proturcars.com\/fr\/choisissez-votre-voiture-de-location\/\">\n            <div class=\"gs-row\">\n                \n                                        <input type=\"hidden\" id=\"rsf_type\" name=\"rsf_type\" value=\"\">\n                \n                <input type=\"hidden\" id=\"rsf_macro_type\" name=\"rsf_macro_type\" value=\"\">\n\n                <div class=\"nrhsf-pickup-container gs-cs-12 gs-cm-6 gs-cl-6 rh_details_show_right\">\n                    <div class=\"gs-fgroup\">\n                        <label>\n                                                            Lieux de prise en charge\n                                                    <\/label>\n                        <select required class=\"gs-fcontrol gs-hidden-sm\" id=\"rsf_pickup\" name=\"rsf_pickup\">\n                            <option value=\"\">- Choisir -<\/option>\n                                                            <option \n                                        value=\"4\" data-timetable=\"1\" data-dropoff-timetable=\"1\">Bureau Protur Cars de Cala Millor | Central<\/option>\n                                                            <option \n                                        value=\"6\" data-timetable=\"1\" data-dropoff-timetable=\"1\">Bureau Cala Millor Protur Cars | Sa M\u00e0niga<\/option>\n                                                            <option \n                                        value=\"5\" data-timetable=\"1\" data-dropoff-timetable=\"1\">Bureau Sa Coma Protur Cars | Savines<\/option>\n                                                            <option \n                                        value=\"1\" data-timetable=\"3\" data-dropoff-timetable=\"3\">Bureau Sa Coma Protur Cars | Club House<\/option>\n                                                            <option \n                                        value=\"8\" data-timetable=\"1\" data-dropoff-timetable=\"1\">Protur Alicia Hotel<\/option>\n                                                            <option \n                                        value=\"7\" data-timetable=\"1\" data-dropoff-timetable=\"1\">Protur Atalaya Apartamentos<\/option>\n                                                            <option \n                                        value=\"9\" data-timetable=\"1\" data-dropoff-timetable=\"1\">Protur Bad\u00eda Park Aparthotel<\/option>\n                                                            <option \n                                        value=\"10\" data-timetable=\"1\" data-dropoff-timetable=\"1\">Protur Biomar Sensatori Resort<\/option>\n                                                            <option \n                                        value=\"11\" data-timetable=\"1\" data-dropoff-timetable=\"1\">Protur Bonaire Aparthotel<\/option>\n                                                            <option \n                                        value=\"12\" data-timetable=\"1\" data-dropoff-timetable=\"1\">Protur Bonamar Hotel<\/option>\n                                                            <option \n                                        value=\"13\" data-timetable=\"1\" data-dropoff-timetable=\"1\">Protur Floriana Resort Aparthotel<\/option>\n                                                            <option \n                                        value=\"14\" data-timetable=\"1\" data-dropoff-timetable=\"1\">Protur Monte Safari Aparthotel<\/option>\n                                                            <option \n                                        value=\"15\" data-timetable=\"1\" data-dropoff-timetable=\"1\">Protur Palmeras Playa Hotel<\/option>\n                                                            <option \n                                        value=\"16\" data-timetable=\"1\" data-dropoff-timetable=\"1\">Protur Playa Cala Millor Hotel<\/option>\n                                                            <option \n                                        value=\"17\" data-timetable=\"1\" data-dropoff-timetable=\"1\">Protur Sa Coma Playa Hotel &amp; Spa<\/option>\n                                                            <option \n                                        value=\"18\" data-timetable=\"1\" data-dropoff-timetable=\"1\">Protur Safari Park Aparthotel<\/option>\n                                                            <option \n                                        value=\"20\" data-timetable=\"1\" data-dropoff-timetable=\"1\">H\u00f4tel Protur Tur\u00f3 Pins (exclusif pour les clients de l&#039;h\u00f4tel et location minimum de 3 jours)<\/option>\n                                                            <option \n                                        value=\"19\" data-timetable=\"1\" data-dropoff-timetable=\"1\">Protur Vista Bad\u00eda Aparthotel<\/option>\n                                                            <option \n                                        value=\"21\" data-timetable=\"1\" data-dropoff-timetable=\"1\">Restaurante - Residencia Son Floriana<\/option>\n                                                            <option \n                                        value=\"24\" data-timetable=\"2\" data-dropoff-timetable=\"2\">Hotel Club S&#039;Illot<\/option>\n                                                            <option \n                                        value=\"3\" data-timetable=\"1\" data-dropoff-timetable=\"1\">Aeropuerto de Palma de Mallorca<\/option>\n                                                    <\/select>\n                        <div class=\"location_input\">\n                                                        <input type=\"text\" required class=\"gs-fcontrol rsf_pickup_input\" name=\"rsf_pickup_input\" id=\"rsf_pickup_input\" autocomplete=\"off\" placeholder=\"Lieux de prise en charge\" value=\"\" \/>\n                                                    <\/div>\n                        <div class=\"rh_location_results\" id=\"rh_location_results\">\n                            <ul class=\"rh_pickup_locations\">\n                                                            <li data-id=\"4\" data-timetable=\"1\" data-dropoff-timetable=\"1\">\n                                    <span class=\"rh_loc_label\">Bureau Protur Cars de Cala Millor | Central<\/span>\n                                                                        <div class=\"rh_loc_more_info\"><span class=\"rh_info_open\">+<\/span> Infos<\/div>\n                                                                        <span class=\"rh_loc_icon\">\n                                                                                    <i class=\"fa fa-building\"><\/i>\n                                                                            <\/span>\n                                                                        <div class=\"rh_location-data\">\n                                        <div class=\"rh_loc_name_address\">\n                                            <h3 class=\"rh_loc_name\">Bureau Protur Cars de Cala Millor | Central<\/h3>\n                                        <\/div>\n\n                                        <div class=\"rh_loc_other_info\">\n                                                                                        <p>\n                                                                                                Carrer de sa Roca \n                                                \n                                                                                                2, \n                                                                                                \n                                            <\/p>\n                                            \n                                                                                        <p>\n                                                                                                Sant Lloren\u00e7 des Cardassar, \n                                                \n                                                                                                PM, \n                                                \n                                                                                                07530, \n                                                \n                                                                                                ES\n                                                                                            <\/p>\n                                            \n                                                                                        <p><a href=\"https:\/\/www.google.com\/maps?q=39.5939717,3.3795364\" target=\"_blank\"><i class=\"fa fa-map\"><\/i> Voir carte<\/a><\/p>\n                                            \n                                            <a href=\"javascript:void(0);\" class=\"rh_loc-select rh-std-background\">S\u00e9lectionner <\/a>\n                                        <\/div>\n                                                                                                                    <\/div>\n                                                                    <\/li>\n                                                            <li data-id=\"6\" data-timetable=\"1\" data-dropoff-timetable=\"1\">\n                                    <span class=\"rh_loc_label\">Bureau Cala Millor Protur Cars | Sa M\u00e0niga<\/span>\n                                                                        <div class=\"rh_loc_more_info\"><span class=\"rh_info_open\">+<\/span> Infos<\/div>\n                                                                        <span class=\"rh_loc_icon\">\n                                                                                    <i class=\"fa fa-building\"><\/i>\n                                                                            <\/span>\n                                                                        <div class=\"rh_location-data\">\n                                        <div class=\"rh_loc_name_address\">\n                                            <h3 class=\"rh_loc_name\">Bureau Cala Millor Protur Cars | Sa M\u00e0niga<\/h3>\n                                        <\/div>\n\n                                        <div class=\"rh_loc_other_info\">\n                                                                                        <p>\n                                                                                                Avinguda sa Coma \n                                                \n                                                                                                14, \n                                                                                                \n                                            <\/p>\n                                            \n                                                                                        <p>\n                                                                                                Sant Lloren\u00e7 des Cardassar, \n                                                \n                                                                                                PM, \n                                                \n                                                                                                07560, \n                                                \n                                                                                                ES\n                                                                                            <\/p>\n                                            \n                                                                                        <p><a href=\"https:\/\/www.google.com\/maps?q=39.5935766,3.3825542\" target=\"_blank\"><i class=\"fa fa-map\"><\/i> Voir carte<\/a><\/p>\n                                            \n                                            <a href=\"javascript:void(0);\" class=\"rh_loc-select rh-std-background\">S\u00e9lectionner <\/a>\n                                        <\/div>\n                                                                                                                    <\/div>\n                                                                    <\/li>\n                                                            <li data-id=\"5\" data-timetable=\"1\" data-dropoff-timetable=\"1\">\n                                    <span class=\"rh_loc_label\">Bureau Sa Coma Protur Cars | Savines<\/span>\n                                                                        <div class=\"rh_loc_more_info\"><span class=\"rh_info_open\">+<\/span> Infos<\/div>\n                                                                        <span class=\"rh_loc_icon\">\n                                                                                    <i class=\"fa fa-building\"><\/i>\n                                                                            <\/span>\n                                                                        <div class=\"rh_location-data\">\n                                        <div class=\"rh_loc_name_address\">\n                                            <h3 class=\"rh_loc_name\">Bureau Sa Coma Protur Cars | Savines<\/h3>\n                                        <\/div>\n\n                                        <div class=\"rh_loc_other_info\">\n                                                                                        <p>\n                                                                                                Carrer Atzeroles \n                                                \n                                                                                                2, \n                                                                                                \n                                            <\/p>\n                                            \n                                                                                        <p>\n                                                                                                Son Servera, \n                                                \n                                                                                                PM, \n                                                \n                                                                                                07560, \n                                                \n                                                                                                ES\n                                                                                            <\/p>\n                                            \n                                                                                        <p><a href=\"https:\/\/www.google.com\/maps?q=39.5708185,3.373305\" target=\"_blank\"><i class=\"fa fa-map\"><\/i> Voir carte<\/a><\/p>\n                                            \n                                            <a href=\"javascript:void(0);\" class=\"rh_loc-select rh-std-background\">S\u00e9lectionner <\/a>\n                                        <\/div>\n                                                                                                                    <\/div>\n                                                                    <\/li>\n                                                            <li data-id=\"1\" data-timetable=\"3\" data-dropoff-timetable=\"3\">\n                                    <span class=\"rh_loc_label\">Bureau Sa Coma Protur Cars | Club House<\/span>\n                                                                        <div class=\"rh_loc_more_info\"><span class=\"rh_info_open\">+<\/span> Infos<\/div>\n                                                                        <span class=\"rh_loc_icon\">\n                                                                                    <i class=\"fa fa-building\"><\/i>\n                                                                            <\/span>\n                                                                        <div class=\"rh_location-data\">\n                                        <div class=\"rh_loc_name_address\">\n                                            <h3 class=\"rh_loc_name\">Bureau Sa Coma Protur Cars | Club House<\/h3>\n                                        <\/div>\n\n                                        <div class=\"rh_loc_other_info\">\n                                                                                        <p>\n                                                                                                Carrer de les Mimoses \n                                                \n                                                                                                4, \n                                                                                                \n                                            <\/p>\n                                            \n                                                                                        <p>\n                                                                                                Sant Lloren\u00e7 des Cardassar, \n                                                \n                                                                                                Illes Balears, \n                                                \n                                                                                                07560, \n                                                \n                                                                                                ES\n                                                                                            <\/p>\n                                            \n                                                                                        <p><a href=\"https:\/\/www.google.com\/maps?q=39.5828795,3.3752794\" target=\"_blank\"><i class=\"fa fa-map\"><\/i> Voir carte<\/a><\/p>\n                                            \n                                            <a href=\"javascript:void(0);\" class=\"rh_loc-select rh-std-background\">S\u00e9lectionner <\/a>\n                                        <\/div>\n                                                                                                                        <div class=\"rh_loc_desc\">\n                                            <h3>Description<\/h3>\n                                            <p>Oficina abierta solo por las ma\u00f1anas en horario de 08.00 h a 12.00 h; domingos cerrado.<\/p>\n                                        <\/div>\n                                                                            <\/div>\n                                                                    <\/li>\n                                                            <li data-id=\"8\" data-timetable=\"1\" data-dropoff-timetable=\"1\">\n                                    <span class=\"rh_loc_label\">Protur Alicia Hotel<\/span>\n                                                                        <div class=\"rh_loc_more_info\"><span class=\"rh_info_open\">+<\/span> Infos<\/div>\n                                                                        <span class=\"rh_loc_icon\">\n                                                                                    <i class=\"fa fa-building\"><\/i>\n                                                                            <\/span>\n                                                                        <div class=\"rh_location-data\">\n                                        <div class=\"rh_loc_name_address\">\n                                            <h3 class=\"rh_loc_name\">Protur Alicia Hotel<\/h3>\n                                        <\/div>\n\n                                        <div class=\"rh_loc_other_info\">\n                                                                                        <p>\n                                                                                                Carrer na Llambies \n                                                \n                                                                                                26, \n                                                                                                \n                                            <\/p>\n                                            \n                                                                                        <p>\n                                                                                                Son Servera, \n                                                \n                                                                                                PM, \n                                                \n                                                                                                07559, \n                                                \n                                                                                                ES\n                                                                                            <\/p>\n                                            \n                                                                                        <p><a href=\"https:\/\/www.google.com\/maps?q=39.6090814,3.3896632\" target=\"_blank\"><i class=\"fa fa-map\"><\/i> Voir carte<\/a><\/p>\n                                            \n                                            <a href=\"javascript:void(0);\" class=\"rh_loc-select rh-std-background\">S\u00e9lectionner <\/a>\n                                        <\/div>\n                                                                                                                    <\/div>\n                                                                    <\/li>\n                                                            <li data-id=\"7\" data-timetable=\"1\" data-dropoff-timetable=\"1\">\n                                    <span class=\"rh_loc_label\">Protur Atalaya Apartamentos<\/span>\n                                                                        <div class=\"rh_loc_more_info\"><span class=\"rh_info_open\">+<\/span> Infos<\/div>\n                                                                        <span class=\"rh_loc_icon\">\n                                                                                    <i class=\"fa fa-building\"><\/i>\n                                                                            <\/span>\n                                                                        <div class=\"rh_location-data\">\n                                        <div class=\"rh_loc_name_address\">\n                                            <h3 class=\"rh_loc_name\">Protur Atalaya Apartamentos<\/h3>\n                                        <\/div>\n\n                                        <div class=\"rh_loc_other_info\">\n                                                                                        <p>\n                                                                                                Carrer Sol Naixent \n                                                \n                                                                                                s\/n, \n                                                                                                \n                                            <\/p>\n                                            \n                                                                                        <p>\n                                                                                                Sant Lloren\u00e7 des Cardassar, \n                                                \n                                                                                                PM, \n                                                \n                                                \n                                                                                                ES\n                                                                                            <\/p>\n                                            \n                                                                                        <p><a href=\"https:\/\/www.google.com\/maps?q=39.600578,3.3829411\" target=\"_blank\"><i class=\"fa fa-map\"><\/i> Voir carte<\/a><\/p>\n                                            \n                                            <a href=\"javascript:void(0);\" class=\"rh_loc-select rh-std-background\">S\u00e9lectionner <\/a>\n                                        <\/div>\n                                                                                                                    <\/div>\n                                                                    <\/li>\n                                                            <li data-id=\"9\" data-timetable=\"1\" data-dropoff-timetable=\"1\">\n                                    <span class=\"rh_loc_label\">Protur Bad\u00eda Park Aparthotel<\/span>\n                                                                        <div class=\"rh_loc_more_info\"><span class=\"rh_info_open\">+<\/span> Infos<\/div>\n                                                                        <span class=\"rh_loc_icon\">\n                                                                                    <i class=\"fa fa-building\"><\/i>\n                                                                            <\/span>\n                                                                        <div class=\"rh_location-data\">\n                                        <div class=\"rh_loc_name_address\">\n                                            <h3 class=\"rh_loc_name\">Protur Bad\u00eda Park Aparthotel<\/h3>\n                                        <\/div>\n\n                                        <div class=\"rh_loc_other_info\">\n                                                                                        <p>\n                                                                                                Avinguda de ses Palmeres \n                                                \n                                                                                                6, \n                                                                                                \n                                            <\/p>\n                                            \n                                                                                        <p>\n                                                                                                Sant Lloren\u00e7 des Cardassar, \n                                                \n                                                                                                PM, \n                                                \n                                                                                                07560, \n                                                \n                                                                                                ES\n                                                                                            <\/p>\n                                            \n                                                                                        <p><a href=\"https:\/\/www.google.com\/maps?q=39.579362,3.37458\" target=\"_blank\"><i class=\"fa fa-map\"><\/i> Voir carte<\/a><\/p>\n                                            \n                                            <a href=\"javascript:void(0);\" class=\"rh_loc-select rh-std-background\">S\u00e9lectionner <\/a>\n                                        <\/div>\n                                                                                                                    <\/div>\n                                                                    <\/li>\n                                                            <li data-id=\"10\" data-timetable=\"1\" data-dropoff-timetable=\"1\">\n                                    <span class=\"rh_loc_label\">Protur Biomar Sensatori Resort<\/span>\n                                                                        <div class=\"rh_loc_more_info\"><span class=\"rh_info_open\">+<\/span> Infos<\/div>\n                                                                        <span class=\"rh_loc_icon\">\n                                                                                    <i class=\"fa fa-building\"><\/i>\n                                                                            <\/span>\n                                                                        <div class=\"rh_location-data\">\n                                        <div class=\"rh_loc_name_address\">\n                                            <h3 class=\"rh_loc_name\">Protur Biomar Sensatori Resort<\/h3>\n                                        <\/div>\n\n                                        <div class=\"rh_loc_other_info\">\n                                                                                        <p>\n                                                                                                Carrer dels Baladres \n                                                \n                                                                                                5, \n                                                                                                \n                                            <\/p>\n                                            \n                                                                                        <p>\n                                                                                                Sant Lloren\u00e7 des Cardassar, \n                                                \n                                                                                                PM, \n                                                \n                                                                                                07560, \n                                                \n                                                                                                ES\n                                                                                            <\/p>\n                                            \n                                                                                        <p><a href=\"https:\/\/www.google.com\/maps?q=39.5805769,3.3793518\" target=\"_blank\"><i class=\"fa fa-map\"><\/i> Voir carte<\/a><\/p>\n                                            \n                                            <a href=\"javascript:void(0);\" class=\"rh_loc-select rh-std-background\">S\u00e9lectionner <\/a>\n                                        <\/div>\n                                                                                                                    <\/div>\n                                                                    <\/li>\n                                                            <li data-id=\"11\" data-timetable=\"1\" data-dropoff-timetable=\"1\">\n                                    <span class=\"rh_loc_label\">Protur Bonaire Aparthotel<\/span>\n                                                                        <div class=\"rh_loc_more_info\"><span class=\"rh_info_open\">+<\/span> Infos<\/div>\n                                                                        <span class=\"rh_loc_icon\">\n                                                                                    <i class=\"fa fa-building\"><\/i>\n                                                                            <\/span>\n                                                                        <div class=\"rh_location-data\">\n                                        <div class=\"rh_loc_name_address\">\n                                            <h3 class=\"rh_loc_name\">Protur Bonaire Aparthotel<\/h3>\n                                        <\/div>\n\n                                        <div class=\"rh_loc_other_info\">\n                                                                                        <p>\n                                                                                                Passeig Pintor Miquel Vives \n                                                \n                                                                                                29, \n                                                                                                \n                                            <\/p>\n                                            \n                                                                                        <p>\n                                                                                                Son Servera, \n                                                \n                                                                                                PM, \n                                                \n                                                                                                07559, \n                                                \n                                                                                                ES\n                                                                                            <\/p>\n                                            \n                                                                                        <p><a href=\"https:\/\/www.google.com\/maps?q=39.6178377,3.3900255\" target=\"_blank\"><i class=\"fa fa-map\"><\/i> Voir carte<\/a><\/p>\n                                            \n                                            <a href=\"javascript:void(0);\" class=\"rh_loc-select rh-std-background\">S\u00e9lectionner <\/a>\n                                        <\/div>\n                                                                                                                    <\/div>\n                                                                    <\/li>\n                                                            <li data-id=\"12\" data-timetable=\"1\" data-dropoff-timetable=\"1\">\n                                    <span class=\"rh_loc_label\">Protur Bonamar Hotel<\/span>\n                                                                        <div class=\"rh_loc_more_info\"><span class=\"rh_info_open\">+<\/span> Infos<\/div>\n                                                                        <span class=\"rh_loc_icon\">\n                                                                                    <i class=\"fa fa-building\"><\/i>\n                                                                            <\/span>\n                                                                        <div class=\"rh_location-data\">\n                                        <div class=\"rh_loc_name_address\">\n                                            <h3 class=\"rh_loc_name\">Protur Bonamar Hotel<\/h3>\n                                        <\/div>\n\n                                        <div class=\"rh_loc_other_info\">\n                                                                                        <p>\n                                                                                                Carrer na Llambies \n                                                \n                                                                                                \n                                            <\/p>\n                                            \n                                                                                        <p>\n                                                                                                Sant Lloren\u00e7 des Cardassar, \n                                                \n                                                                                                PM, \n                                                \n                                                                                                07560, \n                                                \n                                                                                                ES\n                                                                                            <\/p>\n                                            \n                                                                                        <p><a href=\"https:\/\/www.google.com\/maps?q=39.606793,3.3880689\" target=\"_blank\"><i class=\"fa fa-map\"><\/i> Voir carte<\/a><\/p>\n                                            \n                                            <a href=\"javascript:void(0);\" class=\"rh_loc-select rh-std-background\">S\u00e9lectionner <\/a>\n                                        <\/div>\n                                                                                                                    <\/div>\n                                                                    <\/li>\n                                                            <li data-id=\"13\" data-timetable=\"1\" data-dropoff-timetable=\"1\">\n                                    <span class=\"rh_loc_label\">Protur Floriana Resort Aparthotel<\/span>\n                                                                        <div class=\"rh_loc_more_info\"><span class=\"rh_info_open\">+<\/span> Infos<\/div>\n                                                                        <span class=\"rh_loc_icon\">\n                                                                                    <i class=\"fa fa-building\"><\/i>\n                                                                            <\/span>\n                                                                        <div class=\"rh_location-data\">\n                                        <div class=\"rh_loc_name_address\">\n                                            <h3 class=\"rh_loc_name\">Protur Floriana Resort Aparthotel<\/h3>\n                                        <\/div>\n\n                                        <div class=\"rh_loc_other_info\">\n                                                                                        <p>\n                                                                                                carrer de ses joanetes \n                                                \n                                                                                                s\/n, \n                                                                                                \n                                            <\/p>\n                                            \n                                                                                        <p>\n                                                                                                Son Servera, \n                                                \n                                                                                                Illes Balears, \n                                                \n                                                                                                07559, \n                                                \n                                                                                                ES\n                                                                                            <\/p>\n                                            \n                                                                                        <p><a href=\"https:\/\/www.google.com\/maps?q=39.6123,3.38586\" target=\"_blank\"><i class=\"fa fa-map\"><\/i> Voir carte<\/a><\/p>\n                                            \n                                            <a href=\"javascript:void(0);\" class=\"rh_loc-select rh-std-background\">S\u00e9lectionner <\/a>\n                                        <\/div>\n                                                                                                                    <\/div>\n                                                                    <\/li>\n                                                            <li data-id=\"14\" data-timetable=\"1\" data-dropoff-timetable=\"1\">\n                                    <span class=\"rh_loc_label\">Protur Monte Safari Aparthotel<\/span>\n                                                                        <div class=\"rh_loc_more_info\"><span class=\"rh_info_open\">+<\/span> Infos<\/div>\n                                                                        <span class=\"rh_loc_icon\">\n                                                                                    <i class=\"fa fa-building\"><\/i>\n                                                                            <\/span>\n                                                                        <div class=\"rh_location-data\">\n                                        <div class=\"rh_loc_name_address\">\n                                            <h3 class=\"rh_loc_name\">Protur Monte Safari Aparthotel<\/h3>\n                                        <\/div>\n\n                                        <div class=\"rh_loc_other_info\">\n                                                                                        <p>\n                                                                                                Carretera Porto Cristo-Son Servera \n                                                \n                                                                                                s\/n, \n                                                                                                \n                                            <\/p>\n                                            \n                                                                                        <p>\n                                                                                                Sant Lloren\u00e7 des Cardassar, \n                                                \n                                                                                                PM, \n                                                \n                                                                                                07560, \n                                                \n                                                                                                ES\n                                                                                            <\/p>\n                                            \n                                                                                        <p><a href=\"https:\/\/www.google.com\/maps?q=39.5987984,3.3679956\" target=\"_blank\"><i class=\"fa fa-map\"><\/i> Voir carte<\/a><\/p>\n                                            \n                                            <a href=\"javascript:void(0);\" class=\"rh_loc-select rh-std-background\">S\u00e9lectionner <\/a>\n                                        <\/div>\n                                                                                                                    <\/div>\n                                                                    <\/li>\n                                                            <li data-id=\"15\" data-timetable=\"1\" data-dropoff-timetable=\"1\">\n                                    <span class=\"rh_loc_label\">Protur Palmeras Playa Hotel<\/span>\n                                                                        <div class=\"rh_loc_more_info\"><span class=\"rh_info_open\">+<\/span> Infos<\/div>\n                                                                        <span class=\"rh_loc_icon\">\n                                                                                    <i class=\"fa fa-building\"><\/i>\n                                                                            <\/span>\n                                                                        <div class=\"rh_location-data\">\n                                        <div class=\"rh_loc_name_address\">\n                                            <h3 class=\"rh_loc_name\">Protur Palmeras Playa Hotel<\/h3>\n                                        <\/div>\n\n                                        <div class=\"rh_loc_other_info\">\n                                                                                        <p>\n                                                                                                Avinguda de les Savines \n                                                \n                                                                                                \n                                            <\/p>\n                                            \n                                                                                        <p>\n                                                                                                Sant Lloren\u00e7 des Cardassar, \n                                                \n                                                                                                PM, \n                                                \n                                                                                                07560, \n                                                \n                                                                                                ES\n                                                                                            <\/p>\n                                            \n                                                                                        <p><a href=\"https:\/\/www.google.com\/maps?q=39.5704256,3.3731303\" target=\"_blank\"><i class=\"fa fa-map\"><\/i> Voir carte<\/a><\/p>\n                                            \n                                            <a href=\"javascript:void(0);\" class=\"rh_loc-select rh-std-background\">S\u00e9lectionner <\/a>\n                                        <\/div>\n                                                                                                                    <\/div>\n                                                                    <\/li>\n                                                            <li data-id=\"16\" data-timetable=\"1\" data-dropoff-timetable=\"1\">\n                                    <span class=\"rh_loc_label\">Protur Playa Cala Millor Hotel<\/span>\n                                                                        <div class=\"rh_loc_more_info\"><span class=\"rh_info_open\">+<\/span> Infos<\/div>\n                                                                        <span class=\"rh_loc_icon\">\n                                                                                    <i class=\"fa fa-building\"><\/i>\n                                                                            <\/span>\n                                                                        <div class=\"rh_location-data\">\n                                        <div class=\"rh_loc_name_address\">\n                                            <h3 class=\"rh_loc_name\">Protur Playa Cala Millor Hotel<\/h3>\n                                        <\/div>\n\n                                        <div class=\"rh_loc_other_info\">\n                                                                                        <p>\n                                                                                                Carrer Platja Cala Millor \n                                                \n                                                                                                1, \n                                                                                                \n                                            <\/p>\n                                            \n                                                                                        <p>\n                                                                                                Sant Lloren\u00e7 des Cardassar, \n                                                \n                                                                                                PM, \n                                                \n                                                                                                07560, \n                                                \n                                                                                                ES\n                                                                                            <\/p>\n                                            \n                                                                                        <p><a href=\"https:\/\/www.google.com\/maps?q=39.5933038,3.3833273\" target=\"_blank\"><i class=\"fa fa-map\"><\/i> Voir carte<\/a><\/p>\n                                            \n                                            <a href=\"javascript:void(0);\" class=\"rh_loc-select rh-std-background\">S\u00e9lectionner <\/a>\n                                        <\/div>\n                                                                                                                    <\/div>\n                                                                    <\/li>\n                                                            <li data-id=\"17\" data-timetable=\"1\" data-dropoff-timetable=\"1\">\n                                    <span class=\"rh_loc_label\">Protur Sa Coma Playa Hotel &amp; Spa<\/span>\n                                                                        <div class=\"rh_loc_more_info\"><span class=\"rh_info_open\">+<\/span> Infos<\/div>\n                                                                        <span class=\"rh_loc_icon\">\n                                                                                    <i class=\"fa fa-building\"><\/i>\n                                                                            <\/span>\n                                                                        <div class=\"rh_location-data\">\n                                        <div class=\"rh_loc_name_address\">\n                                            <h3 class=\"rh_loc_name\">Protur Sa Coma Playa Hotel &amp; Spa<\/h3>\n                                        <\/div>\n\n                                        <div class=\"rh_loc_other_info\">\n                                                                                        <p>\n                                                                                                Carrer Eucaliptus \n                                                \n                                                                                                \n                                            <\/p>\n                                            \n                                                                                        <p>\n                                                                                                Sant Lloren\u00e7 des Cardassar, \n                                                \n                                                                                                PM, \n                                                \n                                                                                                07560, \n                                                \n                                                                                                ES\n                                                                                            <\/p>\n                                            \n                                                                                        <p><a href=\"https:\/\/www.google.com\/maps?q=39.580986,3.3774187\" target=\"_blank\"><i class=\"fa fa-map\"><\/i> Voir carte<\/a><\/p>\n                                            \n                                            <a href=\"javascript:void(0);\" class=\"rh_loc-select rh-std-background\">S\u00e9lectionner <\/a>\n                                        <\/div>\n                                                                                                                    <\/div>\n                                                                    <\/li>\n                                                            <li data-id=\"18\" data-timetable=\"1\" data-dropoff-timetable=\"1\">\n                                    <span class=\"rh_loc_label\">Protur Safari Park Aparthotel<\/span>\n                                                                        <div class=\"rh_loc_more_info\"><span class=\"rh_info_open\">+<\/span> Infos<\/div>\n                                                                        <span class=\"rh_loc_icon\">\n                                                                                    <i class=\"fa fa-building\"><\/i>\n                                                                            <\/span>\n                                                                        <div class=\"rh_location-data\">\n                                        <div class=\"rh_loc_name_address\">\n                                            <h3 class=\"rh_loc_name\">Protur Safari Park Aparthotel<\/h3>\n                                        <\/div>\n\n                                        <div class=\"rh_loc_other_info\">\n                                                                                        <p>\n                                                                                                Carrer Liles \n                                                \n                                                                                                S\/N, \n                                                                                                \n                                            <\/p>\n                                            \n                                                                                        <p>\n                                                                                                Sant Lloren\u00e7 des Cardassar, \n                                                \n                                                                                                PM, \n                                                \n                                                                                                07530, \n                                                \n                                                                                                ES\n                                                                                            <\/p>\n                                            \n                                                                                        <p><a href=\"https:\/\/www.google.com\/maps?q=39.5812285,3.3765857\" target=\"_blank\"><i class=\"fa fa-map\"><\/i> Voir carte<\/a><\/p>\n                                            \n                                            <a href=\"javascript:void(0);\" class=\"rh_loc-select rh-std-background\">S\u00e9lectionner <\/a>\n                                        <\/div>\n                                                                                                                    <\/div>\n                                                                    <\/li>\n                                                            <li data-id=\"20\" data-timetable=\"1\" data-dropoff-timetable=\"1\">\n                                    <span class=\"rh_loc_label\">H\u00f4tel Protur Tur\u00f3 Pins (exclusif pour les clients de l&#039;h\u00f4tel et location minimum de 3 jours)<\/span>\n                                                                        <div class=\"rh_loc_more_info\"><span class=\"rh_info_open\">+<\/span> Infos<\/div>\n                                                                        <span class=\"rh_loc_icon\">\n                                                                                    <i class=\"fa fa-building\"><\/i>\n                                                                            <\/span>\n                                                                        <div class=\"rh_location-data\">\n                                        <div class=\"rh_loc_name_address\">\n                                            <h3 class=\"rh_loc_name\">H\u00f4tel Protur Tur\u00f3 Pins (exclusif pour les clients de l&#039;h\u00f4tel et location minimum de 3 jours)<\/h3>\n                                        <\/div>\n\n                                        <div class=\"rh_loc_other_info\">\n                                                                                        <p>\n                                                                                                Carrer de na Lliteres \n                                                \n                                                                                                \n                                            <\/p>\n                                            \n                                                                                        <p>\n                                                                                                Capdepera, \n                                                \n                                                                                                PM, \n                                                \n                                                                                                07590, \n                                                \n                                                                                                ES\n                                                                                            <\/p>\n                                            \n                                                                                        <p><a href=\"https:\/\/www.google.com\/maps?q=39.718003,3.463763\" target=\"_blank\"><i class=\"fa fa-map\"><\/i> Voir carte<\/a><\/p>\n                                            \n                                            <a href=\"javascript:void(0);\" class=\"rh_loc-select rh-std-background\">S\u00e9lectionner <\/a>\n                                        <\/div>\n                                                                                                                        <div class=\"rh_loc_desc\">\n                                            <h3>Description<\/h3>\n                                            <p>(exclusif pour les clients de l'h\u00f4tel et location minimum de 3 jours)<\/p>\n                                        <\/div>\n                                                                            <\/div>\n                                                                    <\/li>\n                                                            <li data-id=\"19\" data-timetable=\"1\" data-dropoff-timetable=\"1\">\n                                    <span class=\"rh_loc_label\">Protur Vista Bad\u00eda Aparthotel<\/span>\n                                                                        <div class=\"rh_loc_more_info\"><span class=\"rh_info_open\">+<\/span> Infos<\/div>\n                                                                        <span class=\"rh_loc_icon\">\n                                                                                    <i class=\"fa fa-building\"><\/i>\n                                                                            <\/span>\n                                                                        <div class=\"rh_location-data\">\n                                        <div class=\"rh_loc_name_address\">\n                                            <h3 class=\"rh_loc_name\">Protur Vista Bad\u00eda Aparthotel<\/h3>\n                                        <\/div>\n\n                                        <div class=\"rh_loc_other_info\">\n                                                                                        <p>\n                                                                                                Carrer Xiprers \n                                                \n                                                                                                \n                                            <\/p>\n                                            \n                                                                                        <p>\n                                                                                                Sant Lloren\u00e7 des Cardassar, \n                                                \n                                                                                                PM, \n                                                \n                                                                                                07560, \n                                                \n                                                                                                ES\n                                                                                            <\/p>\n                                            \n                                                                                        <p><a href=\"https:\/\/www.google.com\/maps?q=39.5801659,3.3768804\" target=\"_blank\"><i class=\"fa fa-map\"><\/i> Voir carte<\/a><\/p>\n                                            \n                                            <a href=\"javascript:void(0);\" class=\"rh_loc-select rh-std-background\">S\u00e9lectionner <\/a>\n                                        <\/div>\n                                                                                                                    <\/div>\n                                                                    <\/li>\n                                                            <li data-id=\"21\" data-timetable=\"1\" data-dropoff-timetable=\"1\">\n                                    <span class=\"rh_loc_label\">Restaurante - Residencia Son Floriana<\/span>\n                                                                        <div class=\"rh_loc_more_info\"><span class=\"rh_info_open\">+<\/span> Infos<\/div>\n                                                                        <span class=\"rh_loc_icon\">\n                                                                                    <i class=\"fa fa-building\"><\/i>\n                                                                            <\/span>\n                                                                        <div class=\"rh_location-data\">\n                                        <div class=\"rh_loc_name_address\">\n                                            <h3 class=\"rh_loc_name\">Restaurante - Residencia Son Floriana<\/h3>\n                                        <\/div>\n\n                                        <div class=\"rh_loc_other_info\">\n                                                                                        <p>\n                                                                                                Avenida Magnolia \n                                                \n                                                                                                \n                                            <\/p>\n                                            \n                                                                                        <p>\n                                                                                                Son Servera, \n                                                \n                                                                                                PM, \n                                                \n                                                                                                07559, \n                                                \n                                                                                                ES\n                                                                                            <\/p>\n                                            \n                                                                                        <p><a href=\"https:\/\/www.google.com\/maps?q=39.611479,3.383928\" target=\"_blank\"><i class=\"fa fa-map\"><\/i> Voir carte<\/a><\/p>\n                                            \n                                            <a href=\"javascript:void(0);\" class=\"rh_loc-select rh-std-background\">S\u00e9lectionner <\/a>\n                                        <\/div>\n                                                                                                                    <\/div>\n                                                                    <\/li>\n                                                            <li data-id=\"24\" data-timetable=\"2\" data-dropoff-timetable=\"2\">\n                                    <span class=\"rh_loc_label\">Hotel Club S&#039;Illot<\/span>\n                                                                        <div class=\"rh_loc_more_info\"><span class=\"rh_info_open\">+<\/span> Infos<\/div>\n                                                                        <span class=\"rh_loc_icon\">\n                                                                                    <i class=\"fa fa-building\"><\/i>\n                                                                            <\/span>\n                                                                        <div class=\"rh_location-data\">\n                                        <div class=\"rh_loc_name_address\">\n                                            <h3 class=\"rh_loc_name\">Hotel Club S&#039;Illot<\/h3>\n                                        <\/div>\n\n                                        <div class=\"rh_loc_other_info\">\n                                                                                        <p>\n                                                                                                Carrer dels Cards \n                                                \n                                                                                                2, \n                                                                                                \n                                            <\/p>\n                                            \n                                                                                        <p>\n                                                                                                Manacor, \n                                                \n                                                                                                PM, \n                                                \n                                                                                                07687, \n                                                \n                                                                                                ES\n                                                                                            <\/p>\n                                            \n                                                                                        <p><a href=\"https:\/\/www.google.com\/maps?q=39.5656124,3.37242\" target=\"_blank\"><i class=\"fa fa-map\"><\/i> Voir carte<\/a><\/p>\n                                            \n                                            <a href=\"javascript:void(0);\" class=\"rh_loc-select rh-std-background\">S\u00e9lectionner <\/a>\n                                        <\/div>\n                                                                                <div class=\"rh_loc_contacts\">\n                                            <h3>Contacts<\/h3>\n                                                                                                                                    <p>E-mail: <a href=\"emailto:HOTEL@HOTELSILLOT.COM\">HOTEL@HOTELSILLOT.COM<\/a><\/p>\n                                                                                    <\/div>\n                                                                                                                    <\/div>\n                                                                    <\/li>\n                                                            <li data-id=\"3\" data-timetable=\"1\" data-dropoff-timetable=\"1\">\n                                    <span class=\"rh_loc_label\">Aeropuerto de Palma de Mallorca<\/span>\n                                                                        <div class=\"rh_loc_more_info\"><span class=\"rh_info_open\">+<\/span> Infos<\/div>\n                                                                        <span class=\"rh_loc_icon\">\n                                                                                    <i class=\"fa fa-plane\"><\/i>\n                                                                            <\/span>\n                                                                        <div class=\"rh_location-data\">\n                                        <div class=\"rh_loc_name_address\">\n                                            <h3 class=\"rh_loc_name\">Aeropuerto de Palma de Mallorca<\/h3>\n                                        <\/div>\n\n                                        <div class=\"rh_loc_other_info\">\n                                                                                        <p>\n                                                                                                LEVANTE \n                                                \n                                                                                                \n                                            <\/p>\n                                            \n                                                                                        <p>\n                                                                                                Palma , \n                                                \n                                                                                                Illes Balears, \n                                                \n                                                                                                07611, \n                                                \n                                                                                                ES\n                                                                                            <\/p>\n                                            \n                                                                                        <p><a href=\"https:\/\/www.google.com\/maps?q=39.5524708,2.7393803\" target=\"_blank\"><i class=\"fa fa-map\"><\/i> Voir carte<\/a><\/p>\n                                            \n                                            <a href=\"javascript:void(0);\" class=\"rh_loc-select rh-std-background\">S\u00e9lectionner <\/a>\n                                        <\/div>\n                                                                                                                        <div class=\"rh_loc_desc\">\n                                            <h3>Description<\/h3>\n                                            <p>avec un suppl\u00e9ment pour un service suppl\u00e9mentaire de prise en charge et\/ou de retour et un minimum de 4 jours complets (96 h). La prise en charge et la d\u00e9pose se font au rez-de-chauss\u00e9e du b\u00e2timent du parking, zone G.<\/p>\n                                        <\/div>\n                                                                            <\/div>\n                                                                    <\/li>\n                                                        <\/ul>\n                                                        <div class=\"rh_location_info\"><\/div>\n                                                    <\/div>\n                    <\/div>\n                <\/div>\n\n                                    <div class=\"nrhsf-dropoff-container gs-cs-12 gs-cm-6 gs-cl-6\">\n                        <div class=\"gs-fgroup\">\n                            <label>\n                                Lieux de restitution\n                            <\/label>\n                            <select required class=\"gs-fcontrol gs-hidden-sm\" id=\"rsf_dropoff\" name=\"rsf_dropoff\">\n                                <option value=\"\">- Choisir -<\/option>\n                                                                    <option \n                                            value=\"4\" data-timetable=\"1\">Bureau Protur Cars de Cala Millor | Central<\/option>\n                                                                    <option \n                                            value=\"6\" data-timetable=\"1\">Bureau Cala Millor Protur Cars | Sa M\u00e0niga<\/option>\n                                                                    <option \n                                            value=\"5\" data-timetable=\"1\">Bureau Sa Coma Protur Cars | Savines<\/option>\n                                                                    <option \n                                            value=\"1\" data-timetable=\"3\">Bureau Sa Coma Protur Cars | Club House<\/option>\n                                                                    <option \n                                            value=\"8\" data-timetable=\"1\">Protur Alicia Hotel<\/option>\n                                                                    <option \n                                            value=\"7\" data-timetable=\"1\">Protur Atalaya Apartamentos<\/option>\n                                                                    <option \n                                            value=\"9\" data-timetable=\"1\">Protur Bad\u00eda Park Aparthotel<\/option>\n                                                                    <option \n                                            value=\"10\" data-timetable=\"1\">Protur Biomar Sensatori Resort<\/option>\n                                                                    <option \n                                            value=\"11\" data-timetable=\"1\">Protur Bonaire Aparthotel<\/option>\n                                                                    <option \n                                            value=\"12\" data-timetable=\"1\">Protur Bonamar Hotel<\/option>\n                                                                    <option \n                                            value=\"13\" data-timetable=\"1\">Protur Floriana Resort Aparthotel<\/option>\n                                                                    <option \n                                            value=\"14\" data-timetable=\"1\">Protur Monte Safari Aparthotel<\/option>\n                                                                    <option \n                                            value=\"15\" data-timetable=\"1\">Protur Palmeras Playa Hotel<\/option>\n                                                                    <option \n                                            value=\"16\" data-timetable=\"1\">Protur Playa Cala Millor Hotel<\/option>\n                                                                    <option \n                                            value=\"17\" data-timetable=\"1\">Protur Sa Coma Playa Hotel &amp; Spa<\/option>\n                                                                    <option \n                                            value=\"18\" data-timetable=\"1\">Protur Safari Park Aparthotel<\/option>\n                                                                    <option \n                                            value=\"20\" data-timetable=\"1\">H\u00f4tel Protur Tur\u00f3 Pins (exclusif pour les clients de l&#039;h\u00f4tel et location minimum de 3 jours)<\/option>\n                                                                    <option \n                                            value=\"19\" data-timetable=\"1\">Protur Vista Bad\u00eda Aparthotel<\/option>\n                                                                    <option \n                                            value=\"21\" data-timetable=\"1\">Restaurante - Residencia Son Floriana<\/option>\n                                                                    <option \n                                            value=\"24\" data-timetable=\"2\">Hotel Club S&#039;Illot<\/option>\n                                                                    <option \n                                            value=\"3\" data-timetable=\"1\">Aeropuerto de Palma de Mallorca<\/option>\n                                                            <\/select>\n                            <div class=\"location_input\">\n                                \n\n                                                                <input type=\"text\" required class=\"gs-fcontrol\" name=\"rsf_dropoff_input\" id=\"rsf_dropoff_input\" autocomplete=\"off\" placeholder=\"Lieux de restitution\" value=\"\" \/>\n                                                                \n                            <\/div>\n                            <div class=\"rh_location_results\" id=\"dropoff_rh_location_results\">\n                                <ul class=\"rh_dropoff_locations\">\n                                                                    <li data-id=\"4\" data-timetable=\"1\" data-dropoff-timetable=\"1\">\n                                        <span class=\"rh_loc_label\">Bureau Protur Cars de Cala Millor | Central<\/span>\n                                                                                <div class=\"rh_loc_more_info\"><span class=\"rh_info_open\">+<\/span> Infos<\/div>\n                                                                                <span class=\"rh_loc_icon\">\n                                                                                            <i class=\"fa fa-building\"><\/i>\n                                                                                    <\/span>\n                                                                                <div class=\"rh_location-data\">\n                                            <div class=\"rh_loc_name_address\">\n                                                <h3 class=\"rh_loc_name\">Bureau Protur Cars de Cala Millor | Central<\/h3>\n                                            <\/div>\n\n                                            <div class=\"rh_loc_other_info\">\n                                                                                                <p>\n                                                                                                        Carrer de sa Roca \n                                                                                                        \n                                                                                                        2, \n                                                                                                    <\/p>\n                                                \n                                                                                                <p>\n                                                                                                        Sant Lloren\u00e7 des Cardassar, \n                                                    \n                                                                                                        PM, \n                                                    \n                                                                                                        07530, \n                                                    \n                                                                                                        ES\n                                                                                                    <\/p>\n                                                \n                                                                                                <p><a href=\"https:\/\/www.google.com\/maps?q=39.5939717,3.3795364\" target=\"_blank\"><i class=\"fa fa-map\"><\/i> Voir carte<\/a><\/p>\n                                                \n                                                <a href=\"javascript:void(0);\" class=\"rh_loc-select rh-std-background\">S\u00e9lectionner <\/a>\n                                            <\/div>\n                                                                                                                                <\/div>\n                                                                            <\/li>\n                                                                    <li data-id=\"6\" data-timetable=\"1\" data-dropoff-timetable=\"1\">\n                                        <span class=\"rh_loc_label\">Bureau Cala Millor Protur Cars | Sa M\u00e0niga<\/span>\n                                                                                <div class=\"rh_loc_more_info\"><span class=\"rh_info_open\">+<\/span> Infos<\/div>\n                                                                                <span class=\"rh_loc_icon\">\n                                                                                            <i class=\"fa fa-building\"><\/i>\n                                                                                    <\/span>\n                                                                                <div class=\"rh_location-data\">\n                                            <div class=\"rh_loc_name_address\">\n                                                <h3 class=\"rh_loc_name\">Bureau Cala Millor Protur Cars | Sa M\u00e0niga<\/h3>\n                                            <\/div>\n\n                                            <div class=\"rh_loc_other_info\">\n                                                                                                <p>\n                                                                                                        Avinguda sa Coma \n                                                                                                        \n                                                                                                        14, \n                                                                                                    <\/p>\n                                                \n                                                                                                <p>\n                                                                                                        Sant Lloren\u00e7 des Cardassar, \n                                                    \n                                                                                                        PM, \n                                                    \n                                                                                                        07560, \n                                                    \n                                                                                                        ES\n                                                                                                    <\/p>\n                                                \n                                                                                                <p><a href=\"https:\/\/www.google.com\/maps?q=39.5935766,3.3825542\" target=\"_blank\"><i class=\"fa fa-map\"><\/i> Voir carte<\/a><\/p>\n                                                \n                                                <a href=\"javascript:void(0);\" class=\"rh_loc-select rh-std-background\">S\u00e9lectionner <\/a>\n                                            <\/div>\n                                                                                                                                <\/div>\n                                                                            <\/li>\n                                                                    <li data-id=\"5\" data-timetable=\"1\" data-dropoff-timetable=\"1\">\n                                        <span class=\"rh_loc_label\">Bureau Sa Coma Protur Cars | Savines<\/span>\n                                                                                <div class=\"rh_loc_more_info\"><span class=\"rh_info_open\">+<\/span> Infos<\/div>\n                                                                                <span class=\"rh_loc_icon\">\n                                                                                            <i class=\"fa fa-building\"><\/i>\n                                                                                    <\/span>\n                                                                                <div class=\"rh_location-data\">\n                                            <div class=\"rh_loc_name_address\">\n                                                <h3 class=\"rh_loc_name\">Bureau Sa Coma Protur Cars | Savines<\/h3>\n                                            <\/div>\n\n                                            <div class=\"rh_loc_other_info\">\n                                                                                                <p>\n                                                                                                        Carrer Atzeroles \n                                                                                                        \n                                                                                                        2, \n                                                                                                    <\/p>\n                                                \n                                                                                                <p>\n                                                                                                        Son Servera, \n                                                    \n                                                                                                        PM, \n                                                    \n                                                                                                        07560, \n                                                    \n                                                                                                        ES\n                                                                                                    <\/p>\n                                                \n                                                                                                <p><a href=\"https:\/\/www.google.com\/maps?q=39.5708185,3.373305\" target=\"_blank\"><i class=\"fa fa-map\"><\/i> Voir carte<\/a><\/p>\n                                                \n                                                <a href=\"javascript:void(0);\" class=\"rh_loc-select rh-std-background\">S\u00e9lectionner <\/a>\n                                            <\/div>\n                                                                                                                                <\/div>\n                                                                            <\/li>\n                                                                    <li data-id=\"1\" data-timetable=\"3\" data-dropoff-timetable=\"3\">\n                                        <span class=\"rh_loc_label\">Bureau Sa Coma Protur Cars | Club House<\/span>\n                                                                                <div class=\"rh_loc_more_info\"><span class=\"rh_info_open\">+<\/span> Infos<\/div>\n                                                                                <span class=\"rh_loc_icon\">\n                                                                                            <i class=\"fa fa-building\"><\/i>\n                                                                                    <\/span>\n                                                                                <div class=\"rh_location-data\">\n                                            <div class=\"rh_loc_name_address\">\n                                                <h3 class=\"rh_loc_name\">Bureau Sa Coma Protur Cars | Club House<\/h3>\n                                            <\/div>\n\n                                            <div class=\"rh_loc_other_info\">\n                                                                                                <p>\n                                                                                                        Carrer de les Mimoses \n                                                                                                        \n                                                                                                        4, \n                                                                                                    <\/p>\n                                                \n                                                                                                <p>\n                                                                                                        Sant Lloren\u00e7 des Cardassar, \n                                                    \n                                                                                                        Illes Balears, \n                                                    \n                                                                                                        07560, \n                                                    \n                                                                                                        ES\n                                                                                                    <\/p>\n                                                \n                                                                                                <p><a href=\"https:\/\/www.google.com\/maps?q=39.5828795,3.3752794\" target=\"_blank\"><i class=\"fa fa-map\"><\/i> Voir carte<\/a><\/p>\n                                                \n                                                <a href=\"javascript:void(0);\" class=\"rh_loc-select rh-std-background\">S\u00e9lectionner <\/a>\n                                            <\/div>\n                                                                                                                                    <div class=\"rh_loc_desc\">\n                                                <h3>Description<\/h3>\n                                                <p>Oficina abierta solo por las ma\u00f1anas en horario de 08.00 h a 12.00 h; domingos cerrado.<\/p>\n                                            <\/div>\n                                                                                    <\/div>\n                                                                            <\/li>\n                                                                    <li data-id=\"8\" data-timetable=\"1\" data-dropoff-timetable=\"1\">\n                                        <span class=\"rh_loc_label\">Protur Alicia Hotel<\/span>\n                                                                                <div class=\"rh_loc_more_info\"><span class=\"rh_info_open\">+<\/span> Infos<\/div>\n                                                                                <span class=\"rh_loc_icon\">\n                                                                                            <i class=\"fa fa-building\"><\/i>\n                                                                                    <\/span>\n                                                                                <div class=\"rh_location-data\">\n                                            <div class=\"rh_loc_name_address\">\n                                                <h3 class=\"rh_loc_name\">Protur Alicia Hotel<\/h3>\n                                            <\/div>\n\n                                            <div class=\"rh_loc_other_info\">\n                                                                                                <p>\n                                                                                                        Carrer na Llambies \n                                                                                                        \n                                                                                                        26, \n                                                                                                    <\/p>\n                                                \n                                                                                                <p>\n                                                                                                        Son Servera, \n                                                    \n                                                                                                        PM, \n                                                    \n                                                                                                        07559, \n                                                    \n                                                                                                        ES\n                                                                                                    <\/p>\n                                                \n                                                                                                <p><a href=\"https:\/\/www.google.com\/maps?q=39.6090814,3.3896632\" target=\"_blank\"><i class=\"fa fa-map\"><\/i> Voir carte<\/a><\/p>\n                                                \n                                                <a href=\"javascript:void(0);\" class=\"rh_loc-select rh-std-background\">S\u00e9lectionner <\/a>\n                                            <\/div>\n                                                                                                                                <\/div>\n                                                                            <\/li>\n                                                                    <li data-id=\"7\" data-timetable=\"1\" data-dropoff-timetable=\"1\">\n                                        <span class=\"rh_loc_label\">Protur Atalaya Apartamentos<\/span>\n                                                                                <div class=\"rh_loc_more_info\"><span class=\"rh_info_open\">+<\/span> Infos<\/div>\n                                                                                <span class=\"rh_loc_icon\">\n                                                                                            <i class=\"fa fa-building\"><\/i>\n                                                                                    <\/span>\n                                                                                <div class=\"rh_location-data\">\n                                            <div class=\"rh_loc_name_address\">\n                                                <h3 class=\"rh_loc_name\">Protur Atalaya Apartamentos<\/h3>\n                                            <\/div>\n\n                                            <div class=\"rh_loc_other_info\">\n                                                                                                <p>\n                                                                                                        Carrer Sol Naixent \n                                                                                                        \n                                                                                                        s\/n, \n                                                                                                    <\/p>\n                                                \n                                                                                                <p>\n                                                                                                        Sant Lloren\u00e7 des Cardassar, \n                                                    \n                                                                                                        PM, \n                                                    \n                                                    \n                                                                                                        ES\n                                                                                                    <\/p>\n                                                \n                                                                                                <p><a href=\"https:\/\/www.google.com\/maps?q=39.600578,3.3829411\" target=\"_blank\"><i class=\"fa fa-map\"><\/i> Voir carte<\/a><\/p>\n                                                \n                                                <a href=\"javascript:void(0);\" class=\"rh_loc-select rh-std-background\">S\u00e9lectionner <\/a>\n                                            <\/div>\n                                                                                                                                <\/div>\n                                                                            <\/li>\n                                                                    <li data-id=\"9\" data-timetable=\"1\" data-dropoff-timetable=\"1\">\n                                        <span class=\"rh_loc_label\">Protur Bad\u00eda Park Aparthotel<\/span>\n                                                                                <div class=\"rh_loc_more_info\"><span class=\"rh_info_open\">+<\/span> Infos<\/div>\n                                                                                <span class=\"rh_loc_icon\">\n                                                                                            <i class=\"fa fa-building\"><\/i>\n                                                                                    <\/span>\n                                                                                <div class=\"rh_location-data\">\n                                            <div class=\"rh_loc_name_address\">\n                                                <h3 class=\"rh_loc_name\">Protur Bad\u00eda Park Aparthotel<\/h3>\n                                            <\/div>\n\n                                            <div class=\"rh_loc_other_info\">\n                                                                                                <p>\n                                                                                                        Avinguda de ses Palmeres \n                                                                                                        \n                                                                                                        6, \n                                                                                                    <\/p>\n                                                \n                                                                                                <p>\n                                                                                                        Sant Lloren\u00e7 des Cardassar, \n                                                    \n                                                                                                        PM, \n                                                    \n                                                                                                        07560, \n                                                    \n                                                                                                        ES\n                                                                                                    <\/p>\n                                                \n                                                                                                <p><a href=\"https:\/\/www.google.com\/maps?q=39.579362,3.37458\" target=\"_blank\"><i class=\"fa fa-map\"><\/i> Voir carte<\/a><\/p>\n                                                \n                                                <a href=\"javascript:void(0);\" class=\"rh_loc-select rh-std-background\">S\u00e9lectionner <\/a>\n                                            <\/div>\n                                                                                                                                <\/div>\n                                                                            <\/li>\n                                                                    <li data-id=\"10\" data-timetable=\"1\" data-dropoff-timetable=\"1\">\n                                        <span class=\"rh_loc_label\">Protur Biomar Sensatori Resort<\/span>\n                                                                                <div class=\"rh_loc_more_info\"><span class=\"rh_info_open\">+<\/span> Infos<\/div>\n                                                                                <span class=\"rh_loc_icon\">\n                                                                                            <i class=\"fa fa-building\"><\/i>\n                                                                                    <\/span>\n                                                                                <div class=\"rh_location-data\">\n                                            <div class=\"rh_loc_name_address\">\n                                                <h3 class=\"rh_loc_name\">Protur Biomar Sensatori Resort<\/h3>\n                                            <\/div>\n\n                                            <div class=\"rh_loc_other_info\">\n                                                                                                <p>\n                                                                                                        Carrer dels Baladres \n                                                                                                        \n                                                                                                        5, \n                                                                                                    <\/p>\n                                                \n                                                                                                <p>\n                                                                                                        Sant Lloren\u00e7 des Cardassar, \n                                                    \n                                                                                                        PM, \n                                                    \n                                                                                                        07560, \n                                                    \n                                                                                                        ES\n                                                                                                    <\/p>\n                                                \n                                                                                                <p><a href=\"https:\/\/www.google.com\/maps?q=39.5805769,3.3793518\" target=\"_blank\"><i class=\"fa fa-map\"><\/i> Voir carte<\/a><\/p>\n                                                \n                                                <a href=\"javascript:void(0);\" class=\"rh_loc-select rh-std-background\">S\u00e9lectionner <\/a>\n                                            <\/div>\n                                                                                                                                <\/div>\n                                                                            <\/li>\n                                                                    <li data-id=\"11\" data-timetable=\"1\" data-dropoff-timetable=\"1\">\n                                        <span class=\"rh_loc_label\">Protur Bonaire Aparthotel<\/span>\n                                                                                <div class=\"rh_loc_more_info\"><span class=\"rh_info_open\">+<\/span> Infos<\/div>\n                                                                                <span class=\"rh_loc_icon\">\n                                                                                            <i class=\"fa fa-building\"><\/i>\n                                                                                    <\/span>\n                                                                                <div class=\"rh_location-data\">\n                                            <div class=\"rh_loc_name_address\">\n                                                <h3 class=\"rh_loc_name\">Protur Bonaire Aparthotel<\/h3>\n                                            <\/div>\n\n                                            <div class=\"rh_loc_other_info\">\n                                                                                                <p>\n                                                                                                        Passeig Pintor Miquel Vives \n                                                                                                        \n                                                                                                        29, \n                                                                                                    <\/p>\n                                                \n                                                                                                <p>\n                                                                                                        Son Servera, \n                                                    \n                                                                                                        PM, \n                                                    \n                                                                                                        07559, \n                                                    \n                                                                                                        ES\n                                                                                                    <\/p>\n                                                \n                                                                                                <p><a href=\"https:\/\/www.google.com\/maps?q=39.6178377,3.3900255\" target=\"_blank\"><i class=\"fa fa-map\"><\/i> Voir carte<\/a><\/p>\n                                                \n                                                <a href=\"javascript:void(0);\" class=\"rh_loc-select rh-std-background\">S\u00e9lectionner <\/a>\n                                            <\/div>\n                                                                                                                                <\/div>\n                                                                            <\/li>\n                                                                    <li data-id=\"12\" data-timetable=\"1\" data-dropoff-timetable=\"1\">\n                                        <span class=\"rh_loc_label\">Protur Bonamar Hotel<\/span>\n                                                                                <div class=\"rh_loc_more_info\"><span class=\"rh_info_open\">+<\/span> Infos<\/div>\n                                                                                <span class=\"rh_loc_icon\">\n                                                                                            <i class=\"fa fa-building\"><\/i>\n                                                                                    <\/span>\n                                                                                <div class=\"rh_location-data\">\n                                            <div class=\"rh_loc_name_address\">\n                                                <h3 class=\"rh_loc_name\">Protur Bonamar Hotel<\/h3>\n                                            <\/div>\n\n                                            <div class=\"rh_loc_other_info\">\n                                                                                                <p>\n                                                                                                        Carrer na Llambies \n                                                                                                        \n                                                                                                    <\/p>\n                                                \n                                                                                                <p>\n                                                                                                        Sant Lloren\u00e7 des Cardassar, \n                                                    \n                                                                                                        PM, \n                                                    \n                                                                                                        07560, \n                                                    \n                                                                                                        ES\n                                                                                                    <\/p>\n                                                \n                                                                                                <p><a href=\"https:\/\/www.google.com\/maps?q=39.606793,3.3880689\" target=\"_blank\"><i class=\"fa fa-map\"><\/i> Voir carte<\/a><\/p>\n                                                \n                                                <a href=\"javascript:void(0);\" class=\"rh_loc-select rh-std-background\">S\u00e9lectionner <\/a>\n                                            <\/div>\n                                                                                                                                <\/div>\n                                                                            <\/li>\n                                                                    <li data-id=\"13\" data-timetable=\"1\" data-dropoff-timetable=\"1\">\n                                        <span class=\"rh_loc_label\">Protur Floriana Resort Aparthotel<\/span>\n                                                                                <div class=\"rh_loc_more_info\"><span class=\"rh_info_open\">+<\/span> Infos<\/div>\n                                                                                <span class=\"rh_loc_icon\">\n                                                                                            <i class=\"fa fa-building\"><\/i>\n                                                                                    <\/span>\n                                                                                <div class=\"rh_location-data\">\n                                            <div class=\"rh_loc_name_address\">\n                                                <h3 class=\"rh_loc_name\">Protur Floriana Resort Aparthotel<\/h3>\n                                            <\/div>\n\n                                            <div class=\"rh_loc_other_info\">\n                                                                                                <p>\n                                                                                                        carrer de ses joanetes \n                                                                                                        \n                                                                                                        s\/n, \n                                                                                                    <\/p>\n                                                \n                                                                                                <p>\n                                                                                                        Son Servera, \n                                                    \n                                                                                                        Illes Balears, \n                                                    \n                                                                                                        07559, \n                                                    \n                                                                                                        ES\n                                                                                                    <\/p>\n                                                \n                                                                                                <p><a href=\"https:\/\/www.google.com\/maps?q=39.6123,3.38586\" target=\"_blank\"><i class=\"fa fa-map\"><\/i> Voir carte<\/a><\/p>\n                                                \n                                                <a href=\"javascript:void(0);\" class=\"rh_loc-select rh-std-background\">S\u00e9lectionner <\/a>\n                                            <\/div>\n                                                                                                                                <\/div>\n                                                                            <\/li>\n                                                                    <li data-id=\"14\" data-timetable=\"1\" data-dropoff-timetable=\"1\">\n                                        <span class=\"rh_loc_label\">Protur Monte Safari Aparthotel<\/span>\n                                                                                <div class=\"rh_loc_more_info\"><span class=\"rh_info_open\">+<\/span> Infos<\/div>\n                                                                                <span class=\"rh_loc_icon\">\n                                                                                            <i class=\"fa fa-building\"><\/i>\n                                                                                    <\/span>\n                                                                                <div class=\"rh_location-data\">\n                                            <div class=\"rh_loc_name_address\">\n                                                <h3 class=\"rh_loc_name\">Protur Monte Safari Aparthotel<\/h3>\n                                            <\/div>\n\n                                            <div class=\"rh_loc_other_info\">\n                                                                                                <p>\n                                                                                                        Carretera Porto Cristo-Son Servera \n                                                                                                        \n                                                                                                        s\/n, \n                                                                                                    <\/p>\n                                                \n                                                                                                <p>\n                                                                                                        Sant Lloren\u00e7 des Cardassar, \n                                                    \n                                                                                                        PM, \n                                                    \n                                                                                                        07560, \n                                                    \n                                                                                                        ES\n                                                                                                    <\/p>\n                                                \n                                                                                                <p><a href=\"https:\/\/www.google.com\/maps?q=39.5987984,3.3679956\" target=\"_blank\"><i class=\"fa fa-map\"><\/i> Voir carte<\/a><\/p>\n                                                \n                                                <a href=\"javascript:void(0);\" class=\"rh_loc-select rh-std-background\">S\u00e9lectionner <\/a>\n                                            <\/div>\n                                                                                                                                <\/div>\n                                                                            <\/li>\n                                                                    <li data-id=\"15\" data-timetable=\"1\" data-dropoff-timetable=\"1\">\n                                        <span class=\"rh_loc_label\">Protur Palmeras Playa Hotel<\/span>\n                                                                                <div class=\"rh_loc_more_info\"><span class=\"rh_info_open\">+<\/span> Infos<\/div>\n                                                                                <span class=\"rh_loc_icon\">\n                                                                                            <i class=\"fa fa-building\"><\/i>\n                                                                                    <\/span>\n                                                                                <div class=\"rh_location-data\">\n                                            <div class=\"rh_loc_name_address\">\n                                                <h3 class=\"rh_loc_name\">Protur Palmeras Playa Hotel<\/h3>\n                                            <\/div>\n\n                                            <div class=\"rh_loc_other_info\">\n                                                                                                <p>\n                                                                                                        Avinguda de les Savines \n                                                                                                        \n                                                                                                    <\/p>\n                                                \n                                                                                                <p>\n                                                                                                        Sant Lloren\u00e7 des Cardassar, \n                                                    \n                                                                                                        PM, \n                                                    \n                                                                                                        07560, \n                                                    \n                                                                                                        ES\n                                                                                                    <\/p>\n                                                \n                                                                                                <p><a href=\"https:\/\/www.google.com\/maps?q=39.5704256,3.3731303\" target=\"_blank\"><i class=\"fa fa-map\"><\/i> Voir carte<\/a><\/p>\n                                                \n                                                <a href=\"javascript:void(0);\" class=\"rh_loc-select rh-std-background\">S\u00e9lectionner <\/a>\n                                            <\/div>\n                                                                                                                                <\/div>\n                                                                            <\/li>\n                                                                    <li data-id=\"16\" data-timetable=\"1\" data-dropoff-timetable=\"1\">\n                                        <span class=\"rh_loc_label\">Protur Playa Cala Millor Hotel<\/span>\n                                                                                <div class=\"rh_loc_more_info\"><span class=\"rh_info_open\">+<\/span> Infos<\/div>\n                                                                                <span class=\"rh_loc_icon\">\n                                                                                            <i class=\"fa fa-building\"><\/i>\n                                                                                    <\/span>\n                                                                                <div class=\"rh_location-data\">\n                                            <div class=\"rh_loc_name_address\">\n                                                <h3 class=\"rh_loc_name\">Protur Playa Cala Millor Hotel<\/h3>\n                                            <\/div>\n\n                                            <div class=\"rh_loc_other_info\">\n                                                                                                <p>\n                                                                                                        Carrer Platja Cala Millor \n                                                                                                        \n                                                                                                        1, \n                                                                                                    <\/p>\n                                                \n                                                                                                <p>\n                                                                                                        Sant Lloren\u00e7 des Cardassar, \n                                                    \n                                                                                                        PM, \n                                                    \n                                                                                                        07560, \n                                                    \n                                                                                                        ES\n                                                                                                    <\/p>\n                                                \n                                                                                                <p><a href=\"https:\/\/www.google.com\/maps?q=39.5933038,3.3833273\" target=\"_blank\"><i class=\"fa fa-map\"><\/i> Voir carte<\/a><\/p>\n                                                \n                                                <a href=\"javascript:void(0);\" class=\"rh_loc-select rh-std-background\">S\u00e9lectionner <\/a>\n                                            <\/div>\n                                                                                                                                <\/div>\n                                                                            <\/li>\n                                                                    <li data-id=\"17\" data-timetable=\"1\" data-dropoff-timetable=\"1\">\n                                        <span class=\"rh_loc_label\">Protur Sa Coma Playa Hotel &amp; Spa<\/span>\n                                                                                <div class=\"rh_loc_more_info\"><span class=\"rh_info_open\">+<\/span> Infos<\/div>\n                                                                                <span class=\"rh_loc_icon\">\n                                                                                            <i class=\"fa fa-building\"><\/i>\n                                                                                    <\/span>\n                                                                                <div class=\"rh_location-data\">\n                                            <div class=\"rh_loc_name_address\">\n                                                <h3 class=\"rh_loc_name\">Protur Sa Coma Playa Hotel &amp; Spa<\/h3>\n                                            <\/div>\n\n                                            <div class=\"rh_loc_other_info\">\n                                                                                                <p>\n                                                                                                        Carrer Eucaliptus \n                                                                                                        \n                                                                                                    <\/p>\n                                                \n                                                                                                <p>\n                                                                                                        Sant Lloren\u00e7 des Cardassar, \n                                                    \n                                                                                                        PM, \n                                                    \n                                                                                                        07560, \n                                                    \n                                                                                                        ES\n                                                                                                    <\/p>\n                                                \n                                                                                                <p><a href=\"https:\/\/www.google.com\/maps?q=39.580986,3.3774187\" target=\"_blank\"><i class=\"fa fa-map\"><\/i> Voir carte<\/a><\/p>\n                                                \n                                                <a href=\"javascript:void(0);\" class=\"rh_loc-select rh-std-background\">S\u00e9lectionner <\/a>\n                                            <\/div>\n                                                                                                                                <\/div>\n                                                                            <\/li>\n                                                                    <li data-id=\"18\" data-timetable=\"1\" data-dropoff-timetable=\"1\">\n                                        <span class=\"rh_loc_label\">Protur Safari Park Aparthotel<\/span>\n                                                                                <div class=\"rh_loc_more_info\"><span class=\"rh_info_open\">+<\/span> Infos<\/div>\n                                                                                <span class=\"rh_loc_icon\">\n                                                                                            <i class=\"fa fa-building\"><\/i>\n                                                                                    <\/span>\n                                                                                <div class=\"rh_location-data\">\n                                            <div class=\"rh_loc_name_address\">\n                                                <h3 class=\"rh_loc_name\">Protur Safari Park Aparthotel<\/h3>\n                                            <\/div>\n\n                                            <div class=\"rh_loc_other_info\">\n                                                                                                <p>\n                                                                                                        Carrer Liles \n                                                                                                        \n                                                                                                        S\/N, \n                                                                                                    <\/p>\n                                                \n                                                                                                <p>\n                                                                                                        Sant Lloren\u00e7 des Cardassar, \n                                                    \n                                                                                                        PM, \n                                                    \n                                                                                                        07530, \n                                                    \n                                                                                                        ES\n                                                                                                    <\/p>\n                                                \n                                                                                                <p><a href=\"https:\/\/www.google.com\/maps?q=39.5812285,3.3765857\" target=\"_blank\"><i class=\"fa fa-map\"><\/i> Voir carte<\/a><\/p>\n                                                \n                                                <a href=\"javascript:void(0);\" class=\"rh_loc-select rh-std-background\">S\u00e9lectionner <\/a>\n                                            <\/div>\n                                                                                                                                <\/div>\n                                                                            <\/li>\n                                                                    <li data-id=\"20\" data-timetable=\"1\" data-dropoff-timetable=\"1\">\n                                        <span class=\"rh_loc_label\">H\u00f4tel Protur Tur\u00f3 Pins (exclusif pour les clients de l&#039;h\u00f4tel et location minimum de 3 jours)<\/span>\n                                                                                <div class=\"rh_loc_more_info\"><span class=\"rh_info_open\">+<\/span> Infos<\/div>\n                                                                                <span class=\"rh_loc_icon\">\n                                                                                            <i class=\"fa fa-building\"><\/i>\n                                                                                    <\/span>\n                                                                                <div class=\"rh_location-data\">\n                                            <div class=\"rh_loc_name_address\">\n                                                <h3 class=\"rh_loc_name\">H\u00f4tel Protur Tur\u00f3 Pins (exclusif pour les clients de l&#039;h\u00f4tel et location minimum de 3 jours)<\/h3>\n                                            <\/div>\n\n                                            <div class=\"rh_loc_other_info\">\n                                                                                                <p>\n                                                                                                        Carrer de na Lliteres \n                                                                                                        \n                                                                                                    <\/p>\n                                                \n                                                                                                <p>\n                                                                                                        Capdepera, \n                                                    \n                                                                                                        PM, \n                                                    \n                                                                                                        07590, \n                                                    \n                                                                                                        ES\n                                                                                                    <\/p>\n                                                \n                                                                                                <p><a href=\"https:\/\/www.google.com\/maps?q=39.718003,3.463763\" target=\"_blank\"><i class=\"fa fa-map\"><\/i> Voir carte<\/a><\/p>\n                                                \n                                                <a href=\"javascript:void(0);\" class=\"rh_loc-select rh-std-background\">S\u00e9lectionner <\/a>\n                                            <\/div>\n                                                                                                                                    <div class=\"rh_loc_desc\">\n                                                <h3>Description<\/h3>\n                                                <p>(exclusif pour les clients de l'h\u00f4tel et location minimum de 3 jours)<\/p>\n                                            <\/div>\n                                                                                    <\/div>\n                                                                            <\/li>\n                                                                    <li data-id=\"19\" data-timetable=\"1\" data-dropoff-timetable=\"1\">\n                                        <span class=\"rh_loc_label\">Protur Vista Bad\u00eda Aparthotel<\/span>\n                                                                                <div class=\"rh_loc_more_info\"><span class=\"rh_info_open\">+<\/span> Infos<\/div>\n                                                                                <span class=\"rh_loc_icon\">\n                                                                                            <i class=\"fa fa-building\"><\/i>\n                                                                                    <\/span>\n                                                                                <div class=\"rh_location-data\">\n                                            <div class=\"rh_loc_name_address\">\n                                                <h3 class=\"rh_loc_name\">Protur Vista Bad\u00eda Aparthotel<\/h3>\n                                            <\/div>\n\n                                            <div class=\"rh_loc_other_info\">\n                                                                                                <p>\n                                                                                                        Carrer Xiprers \n                                                                                                        \n                                                                                                    <\/p>\n                                                \n                                                                                                <p>\n                                                                                                        Sant Lloren\u00e7 des Cardassar, \n                                                    \n                                                                                                        PM, \n                                                    \n                                                                                                        07560, \n                                                    \n                                                                                                        ES\n                                                                                                    <\/p>\n                                                \n                                                                                                <p><a href=\"https:\/\/www.google.com\/maps?q=39.5801659,3.3768804\" target=\"_blank\"><i class=\"fa fa-map\"><\/i> Voir carte<\/a><\/p>\n                                                \n                                                <a href=\"javascript:void(0);\" class=\"rh_loc-select rh-std-background\">S\u00e9lectionner <\/a>\n                                            <\/div>\n                                                                                                                                <\/div>\n                                                                            <\/li>\n                                                                    <li data-id=\"21\" data-timetable=\"1\" data-dropoff-timetable=\"1\">\n                                        <span class=\"rh_loc_label\">Restaurante - Residencia Son Floriana<\/span>\n                                                                                <div class=\"rh_loc_more_info\"><span class=\"rh_info_open\">+<\/span> Infos<\/div>\n                                                                                <span class=\"rh_loc_icon\">\n                                                                                            <i class=\"fa fa-building\"><\/i>\n                                                                                    <\/span>\n                                                                                <div class=\"rh_location-data\">\n                                            <div class=\"rh_loc_name_address\">\n                                                <h3 class=\"rh_loc_name\">Restaurante - Residencia Son Floriana<\/h3>\n                                            <\/div>\n\n                                            <div class=\"rh_loc_other_info\">\n                                                                                                <p>\n                                                                                                        Avenida Magnolia \n                                                                                                        \n                                                                                                    <\/p>\n                                                \n                                                                                                <p>\n                                                                                                        Son Servera, \n                                                    \n                                                                                                        PM, \n                                                    \n                                                                                                        07559, \n                                                    \n                                                                                                        ES\n                                                                                                    <\/p>\n                                                \n                                                                                                <p><a href=\"https:\/\/www.google.com\/maps?q=39.611479,3.383928\" target=\"_blank\"><i class=\"fa fa-map\"><\/i> Voir carte<\/a><\/p>\n                                                \n                                                <a href=\"javascript:void(0);\" class=\"rh_loc-select rh-std-background\">S\u00e9lectionner <\/a>\n                                            <\/div>\n                                                                                                                                <\/div>\n                                                                            <\/li>\n                                                                    <li data-id=\"24\" data-timetable=\"2\" data-dropoff-timetable=\"2\">\n                                        <span class=\"rh_loc_label\">Hotel Club S&#039;Illot<\/span>\n                                                                                <div class=\"rh_loc_more_info\"><span class=\"rh_info_open\">+<\/span> Infos<\/div>\n                                                                                <span class=\"rh_loc_icon\">\n                                                                                            <i class=\"fa fa-building\"><\/i>\n                                                                                    <\/span>\n                                                                                <div class=\"rh_location-data\">\n                                            <div class=\"rh_loc_name_address\">\n                                                <h3 class=\"rh_loc_name\">Hotel Club S&#039;Illot<\/h3>\n                                            <\/div>\n\n                                            <div class=\"rh_loc_other_info\">\n                                                                                                <p>\n                                                                                                        Carrer dels Cards \n                                                                                                        \n                                                                                                        2, \n                                                                                                    <\/p>\n                                                \n                                                                                                <p>\n                                                                                                        Manacor, \n                                                    \n                                                                                                        PM, \n                                                    \n                                                                                                        07687, \n                                                    \n                                                                                                        ES\n                                                                                                    <\/p>\n                                                \n                                                                                                <p><a href=\"https:\/\/www.google.com\/maps?q=39.5656124,3.37242\" target=\"_blank\"><i class=\"fa fa-map\"><\/i> Voir carte<\/a><\/p>\n                                                \n                                                <a href=\"javascript:void(0);\" class=\"rh_loc-select rh-std-background\">S\u00e9lectionner <\/a>\n                                            <\/div>\n                                                                                        <div class=\"rh_loc_contacts\">\n                                                <h3>Contacts<\/h3>\n                                                                                                                                                <p>E-mail: <a href=\"emailto:HOTEL@HOTELSILLOT.COM\">HOTEL@HOTELSILLOT.COM<\/a><\/p>\n                                                                                            <\/div>\n                                                                                                                                <\/div>\n                                                                            <\/li>\n                                                                    <li data-id=\"3\" data-timetable=\"1\" data-dropoff-timetable=\"1\">\n                                        <span class=\"rh_loc_label\">Aeropuerto de Palma de Mallorca<\/span>\n                                                                                <div class=\"rh_loc_more_info\"><span class=\"rh_info_open\">+<\/span> Infos<\/div>\n                                                                                <span class=\"rh_loc_icon\">\n                                                                                            <i class=\"fa fa-plane\"><\/i>\n                                                                                    <\/span>\n                                                                                <div class=\"rh_location-data\">\n                                            <div class=\"rh_loc_name_address\">\n                                                <h3 class=\"rh_loc_name\">Aeropuerto de Palma de Mallorca<\/h3>\n                                            <\/div>\n\n                                            <div class=\"rh_loc_other_info\">\n                                                                                                <p>\n                                                                                                        LEVANTE \n                                                                                                        \n                                                                                                    <\/p>\n                                                \n                                                                                                <p>\n                                                                                                        Palma , \n                                                    \n                                                                                                        Illes Balears, \n                                                    \n                                                                                                        07611, \n                                                    \n                                                                                                        ES\n                                                                                                    <\/p>\n                                                \n                                                                                                <p><a href=\"https:\/\/www.google.com\/maps?q=39.5524708,2.7393803\" target=\"_blank\"><i class=\"fa fa-map\"><\/i> Voir carte<\/a><\/p>\n                                                \n                                                <a href=\"javascript:void(0);\" class=\"rh_loc-select rh-std-background\">S\u00e9lectionner <\/a>\n                                            <\/div>\n                                                                                                                                    <div class=\"rh_loc_desc\">\n                                                <h3>Description<\/h3>\n                                                <p>avec un suppl\u00e9ment pour un service suppl\u00e9mentaire de prise en charge et\/ou de retour et un minimum de 4 jours complets (96 h). La prise en charge et la d\u00e9pose se font au rez-de-chauss\u00e9e du b\u00e2timent du parking, zone G.<\/p>\n                                            <\/div>\n                                                                                    <\/div>\n                                                                            <\/li>\n                                                                <\/ul>\n                                                                <div class=\"rh_location_info\"><\/div>\n                                                            <\/div>\n                        <\/div>\n                    <\/div>\n                \n                <div class=\"nrhsf-pickup-datetime-container gs-cs-12 gs-cm-6 gs-cl-6\">\n                    <div class=\"gs-fgroup\">\n                        <label>Date\/Heure prise en charge<\/label>\n                        <div class=\"new-datetime-group\">\n                            <input readonly placeholder=\"Date\/Heure prise en charge\" required\n                                   class=\"gs-fcontrol datepicker-input\" id=\"rsf_pickup_date\" name=\"rsf_pickup_date\"\n                                   value=\"\">\n                            <select required class=\"gs-fcontrol timepicker-input\" name=\"rsf_pickup_time\"\n                                    id=\"rsf_pickup_time\">\n                                <option value=\"\">- Choisir -<\/option>\n                            <\/select>\n                        <\/div>\n                    <\/div>\n                <\/div>\n                \n                <div class=\"nrhsf-dropoff-datetime-container gs-cs-12 gs-cm-6 gs-cl-6\">\n                    <label>Date\/Heure restitution<\/label>\n                    <div class=\"new-datetime-group\">\n                        <input readonly placeholder=\"Date\/Heure restitution\" required\n                               class=\"gs-fcontrol datepicker-input\" id=\"rsf_dropoff_date\" name=\"rsf_dropoff_date\"\n                               value=\"\">\n                        <select required class=\"gs-fcontrol timepicker-input\" name=\"rsf_dropoff_time\"\n                                id=\"rsf_dropoff_time\">\n                            <option value=\"\">- Choisir -<\/option>\n                        <\/select>\n                    <\/div>\n                <\/div>\n                \n                                <div class=\"renthub-coupon-checkbox gs-cs-12 gs-cm-6 gs-cl-6\">\n                    <label class=\"rsf_coupon_checkbox_container\" style=\"\"><input type=\"checkbox\" id=\"rsf_add_coupon\"  \/> Avez-vous un coupon ?<\/label>\n                    <div class=\"rsf_show_coupon\" style=\"display:none\">\n                        <label>Avez-vous un coupon? Saisissez-le<\/label>\n                        <input class=\"gs-fcontrol\" type=\"text\" name=\"rbf_coupon\" id=\"rbf_coupon\" placeholder=\"Avez-vous un coupon? Saisissez-le\" value=\"\">\n                    <\/div>\n                <\/div>\n                            <\/div>\n            <div class=\"gs-row\">\n                                    <div class=\"nrhsf-age gs-cs-12 gs-cm-4 gs-cl-3\">\n                        <div class=\"gs-fgroup agecontainer\">\n                            <label>\u00c2ge<\/label>\n                            <select required class=\"gs-fcontrol\" id=\"rsf_age\" name=\"rsf_age\">\n                                                                    <option \n                                            value=\"18\">18<\/option>\n                                                                    <option \n                                            value=\"19\">19<\/option>\n                                                                    <option \n                                            value=\"20\">20<\/option>\n                                                                    <option selected=\"selected\"\n                                            value=\"21\">21-80<\/option>\n                                                            <\/select>\n                        <\/div>\n                    <\/div>\n                                <div class=\"nrhsf-search-btn-container gs-cs-12 gs-cm-8 gs-cl-9\">\n                    <label>&nbsp;<\/label>\n                    <button id=\"rsf_start_search\" name=\"rsf_start_search\" value=\"1\" type=\"submit\"\n                            class=\"rh-second-button-100 btn-submit\">Chercher<\/button>\n                <\/div>\n            <\/div>\n        <\/form>\n    <\/div>\n<\/div>\n<\/div>\n\t\t\t\t\t\t<\/div>\n\t\t\t\t<\/div>\n\t\t\t\t\t<\/div>\n\t\t<\/div>\n\t\t\t\t\t<\/div>\n\t\t<\/section>\n\t\t\t\t\t<\/div>\n\t\t<\/div>\n\t\t\t\t\t<\/div>\n\t\t<\/section>\n\t\t\t\t<section class=\"elementor-section elementor-top-section elementor-element elementor-element-b787bca elementor-section-full_width elementor-section-stretched elementor-section-height-default elementor-section-height-default\" data-id=\"b787bca\" data-element_type=\"section\" data-e-type=\"section\" data-settings=\"{&quot;stretch_section&quot;:&quot;section-stretched&quot;}\">\n\t\t\t\t\t\t<div class=\"elementor-container elementor-column-gap-no\">\n\t\t\t\t\t<div class=\"elementor-column elementor-col-100 elementor-top-column elementor-element elementor-element-dac4e3a\" data-id=\"dac4e3a\" data-element_type=\"column\" data-e-type=\"column\">\n\t\t\t<div class=\"elementor-widget-wrap elementor-element-populated\">\n\t\t\t\t\t\t<div class=\"elementor-element elementor-element-ff71232 elementor-widget elementor-widget-spacer\" data-id=\"ff71232\" data-element_type=\"widget\" data-e-type=\"widget\" data-widget_type=\"spacer.default\">\n\t\t\t\t<div class=\"elementor-widget-container\">\n\t\t\t\t\t\t\t<div class=\"elementor-spacer\">\n\t\t\t<div class=\"elementor-spacer-inner\"><\/div>\n\t\t<\/div>\n\t\t\t\t\t\t<\/div>\n\t\t\t\t<\/div>\n\t\t\t\t\t<\/div>\n\t\t<\/div>\n\t\t\t\t\t<\/div>\n\t\t<\/section>\n\t\t\t\t<section class=\"elementor-section elementor-top-section elementor-element elementor-element-016e9fd elementor-section-boxed elementor-section-height-default elementor-section-height-default\" data-id=\"016e9fd\" data-element_type=\"section\" data-e-type=\"section\">\n\t\t\t\t\t\t<div class=\"elementor-container elementor-column-gap-wider\">\n\t\t\t\t\t<div class=\"elementor-column elementor-col-100 elementor-top-column elementor-element elementor-element-2de5424\" data-id=\"2de5424\" data-element_type=\"column\" data-e-type=\"column\">\n\t\t\t<div class=\"elementor-widget-wrap elementor-element-populated\">\n\t\t\t\t\t\t<div class=\"elementor-element elementor-element-779200b elementor-widget elementor-widget-heading\" data-id=\"779200b\" data-element_type=\"widget\" data-e-type=\"widget\" data-widget_type=\"heading.default\">\n\t\t\t\t<div class=\"elementor-widget-container\">\n\t\t\t\t\t<h1 class=\"elementor-heading-title elementor-size-default\">Qui\u00e9nes Somos - Protur Cars<\/h1>\t\t\t\t<\/div>\n\t\t\t\t<\/div>\n\t\t\t\t<div class=\"elementor-element elementor-element-5e69260 elementor-widget-divider--view-line elementor-widget elementor-widget-divider\" data-id=\"5e69260\" data-element_type=\"widget\" data-e-type=\"widget\" data-widget_type=\"divider.default\">\n\t\t\t\t<div class=\"elementor-widget-container\">\n\t\t\t\t\t\t\t<div class=\"elementor-divider\">\n\t\t\t<span class=\"elementor-divider-separator\">\n\t\t\t\t\t\t<\/span>\n\t\t<\/div>\n\t\t\t\t\t\t<\/div>\n\t\t\t\t<\/div>\n\t\t\t\t\t<\/div>\n\t\t<\/div>\n\t\t\t\t\t<\/div>\n\t\t<\/section>\n\t\t\t\t<section class=\"elementor-section elementor-top-section elementor-element elementor-element-5ad7979 elementor-section-boxed elementor-section-height-default elementor-section-height-default\" data-id=\"5ad7979\" data-element_type=\"section\" data-e-type=\"section\">\n\t\t\t\t\t\t<div class=\"elementor-container elementor-column-gap-wider\">\n\t\t\t\t\t<div class=\"elementor-column elementor-col-100 elementor-top-column elementor-element elementor-element-46ca82d\" data-id=\"46ca82d\" data-element_type=\"column\" data-e-type=\"column\">\n\t\t\t<div class=\"elementor-widget-wrap elementor-element-populated\">\n\t\t\t\t\t\t<div class=\"elementor-element elementor-element-d76a168 elementor-widget__width-initial elementor-widget elementor-widget-text-editor\" data-id=\"d76a168\" data-element_type=\"widget\" data-e-type=\"widget\" data-widget_type=\"text-editor.default\">\n\t\t\t\t<div class=\"elementor-widget-container\">\n\t\t\t\t\t\t\t\t\t<p>P<b>rotur Cars <\/b>es una empresa de alquiler de coches que forma parte del prestigioso GRUPO BAUZA. Fundada inicialmente para ofrecer un servicio exclusivo a los hu\u00e9spedes de Protur Hotels, ahora hemos ampliado nuestra oferta para atender a todo el p\u00fablico que busca explorar Mallorca con comodidad y estilo.<\/p>\t\t\t\t\t\t\t\t<\/div>\n\t\t\t\t<\/div>\n\t\t\t\t\t<\/div>\n\t\t<\/div>\n\t\t\t\t\t<\/div>\n\t\t<\/section>\n\t\t\t\t<section class=\"elementor-section elementor-top-section elementor-element elementor-element-fb9e1b7 elementor-section-boxed elementor-section-height-default elementor-section-height-default\" data-id=\"fb9e1b7\" data-element_type=\"section\" data-e-type=\"section\">\n\t\t\t\t\t\t<div class=\"elementor-container elementor-column-gap-wider\">\n\t\t\t\t\t<div class=\"elementor-column elementor-col-100 elementor-top-column elementor-element elementor-element-5840623\" data-id=\"5840623\" data-element_type=\"column\" data-e-type=\"column\">\n\t\t\t<div class=\"elementor-widget-wrap elementor-element-populated\">\n\t\t\t\t\t\t<div class=\"elementor-element elementor-element-9e3c747 elementor-widget elementor-widget-heading\" data-id=\"9e3c747\" data-element_type=\"widget\" data-e-type=\"widget\" data-widget_type=\"heading.default\">\n\t\t\t\t<div class=\"elementor-widget-container\">\n\t\t\t\t\t<h2 class=\"elementor-heading-title elementor-size-default\">Nuestra Misi\u00f3n<\/h2>\t\t\t\t<\/div>\n\t\t\t\t<\/div>\n\t\t\t\t<div class=\"elementor-element elementor-element-4efc8d1 elementor-widget__width-initial elementor-widget elementor-widget-text-editor\" data-id=\"4efc8d1\" data-element_type=\"widget\" data-e-type=\"widget\" data-widget_type=\"text-editor.default\">\n\t\t\t\t<div class=\"elementor-widget-container\">\n\t\t\t\t\t\t\t\t\t<p>En Protur Cars, nos apasiona proporcionar una experiencia de alquiler de coches excepcional. Nos esforzamos por ofrecer un servicio de calidad, personalizado y adaptado a las necesidades de cada cliente. Nuestro equipo de profesionales est\u00e1 comprometido a ayudarte a encontrar el veh\u00edculo perfecto para tu aventura, ya sea que viajes por negocios o placer.<br><\/p>\t\t\t\t\t\t\t\t<\/div>\n\t\t\t\t<\/div>\n\t\t\t\t\t<\/div>\n\t\t<\/div>\n\t\t\t\t\t<\/div>\n\t\t<\/section>\n\t\t\t\t<section class=\"elementor-section elementor-top-section elementor-element elementor-element-3fbe5b3 elementor-section-boxed elementor-section-height-default elementor-section-height-default\" data-id=\"3fbe5b3\" data-element_type=\"section\" data-e-type=\"section\">\n\t\t\t\t\t\t<div class=\"elementor-container elementor-column-gap-wider\">\n\t\t\t\t\t<div class=\"elementor-column elementor-col-100 elementor-top-column elementor-element elementor-element-da4fe01\" data-id=\"da4fe01\" data-element_type=\"column\" data-e-type=\"column\">\n\t\t\t<div class=\"elementor-widget-wrap elementor-element-populated\">\n\t\t\t\t\t\t<div class=\"elementor-element elementor-element-388519b elementor-widget elementor-widget-heading\" data-id=\"388519b\" data-element_type=\"widget\" data-e-type=\"widget\" data-widget_type=\"heading.default\">\n\t\t\t\t<div class=\"elementor-widget-container\">\n\t\t\t\t\t<h2 class=\"elementor-heading-title elementor-size-default\">Flota Moderna y Segura<\/h2>\t\t\t\t<\/div>\n\t\t\t\t<\/div>\n\t\t\t\t<div class=\"elementor-element elementor-element-3b43bbb elementor-widget__width-initial elementor-widget elementor-widget-text-editor\" data-id=\"3b43bbb\" data-element_type=\"widget\" data-e-type=\"widget\" data-widget_type=\"text-editor.default\">\n\t\t\t\t<div class=\"elementor-widget-container\">\n\t\t\t\t\t\t\t\t\t<p>La seguridad y satisfacci\u00f3n de nuestros clientes son nuestras principales prioridades. Por eso, el 80% de nuestra flota est\u00e1 compuesta por coches nuevos, con menos de un a\u00f1o de antig\u00fcedad. Cada veh\u00edculo est\u00e1 equipado con las \u00faltimas innovaciones en tecnolog\u00eda y seguridad, asegurando que disfrutes de un viaje placentero y seguro por la isla.<br><\/p>\t\t\t\t\t\t\t\t<\/div>\n\t\t\t\t<\/div>\n\t\t\t\t\t<\/div>\n\t\t<\/div>\n\t\t\t\t\t<\/div>\n\t\t<\/section>\n\t\t\t\t<section class=\"elementor-section elementor-top-section elementor-element elementor-element-48018c4 elementor-section-boxed elementor-section-height-default elementor-section-height-default\" data-id=\"48018c4\" data-element_type=\"section\" data-e-type=\"section\">\n\t\t\t\t\t\t<div class=\"elementor-container elementor-column-gap-wider\">\n\t\t\t\t\t<div class=\"elementor-column elementor-col-100 elementor-top-column elementor-element elementor-element-8a7fd12\" data-id=\"8a7fd12\" data-element_type=\"column\" data-e-type=\"column\">\n\t\t\t<div class=\"elementor-widget-wrap elementor-element-populated\">\n\t\t\t\t\t\t<div class=\"elementor-element elementor-element-8d0c4a9 elementor-widget elementor-widget-heading\" data-id=\"8d0c4a9\" data-element_type=\"widget\" data-e-type=\"widget\" data-widget_type=\"heading.default\">\n\t\t\t\t<div class=\"elementor-widget-container\">\n\t\t\t\t\t<h2 class=\"elementor-heading-title elementor-size-default\">Ubicaci\u00f3n y Accesibilidad<\/h2>\t\t\t\t<\/div>\n\t\t\t\t<\/div>\n\t\t\t\t<div class=\"elementor-element elementor-element-372b706 elementor-widget__width-initial elementor-widget elementor-widget-text-editor\" data-id=\"372b706\" data-element_type=\"widget\" data-e-type=\"widget\" data-widget_type=\"text-editor.default\">\n\t\t\t\t<div class=\"elementor-widget-container\">\n\t\t\t\t\t\t\t\t\t<p>Con oficinas en Cala Millor y Sa Coma, alquilar un coche con Protur Cars es f\u00e1cil y accesible. Ya sea que llegues al aeropuerto o quieras explorar la isla, estamos aqu\u00ed para ofrecerte la mejor experiencia de alquiler. Adem\u00e1s, ofrecemos servicio de entrega de coches en Costa de los Pinos, Cala Bona, Cala Millor, Sa Coma y S&rsquo;Illot.<\/p>\t\t\t\t\t\t\t\t<\/div>\n\t\t\t\t<\/div>\n\t\t\t\t\t<\/div>\n\t\t<\/div>\n\t\t\t\t\t<\/div>\n\t\t<\/section>\n\t\t\t\t<section class=\"elementor-section elementor-top-section elementor-element elementor-element-e56e279 elementor-section-boxed elementor-section-height-default elementor-section-height-default\" data-id=\"e56e279\" data-element_type=\"section\" data-e-type=\"section\">\n\t\t\t\t\t\t<div class=\"elementor-container elementor-column-gap-wider\">\n\t\t\t\t\t<div class=\"elementor-column elementor-col-100 elementor-top-column elementor-element elementor-element-6415553\" data-id=\"6415553\" data-element_type=\"column\" data-e-type=\"column\">\n\t\t\t<div class=\"elementor-widget-wrap elementor-element-populated\">\n\t\t\t\t\t\t<div class=\"elementor-element elementor-element-ac41945 elementor-widget elementor-widget-heading\" data-id=\"ac41945\" data-element_type=\"widget\" data-e-type=\"widget\" data-widget_type=\"heading.default\">\n\t\t\t\t<div class=\"elementor-widget-container\">\n\t\t\t\t\t<h2 class=\"elementor-heading-title elementor-size-default\">Compromiso con la Calidad<\/h2>\t\t\t\t<\/div>\n\t\t\t\t<\/div>\n\t\t\t\t<div class=\"elementor-element elementor-element-9b4b48a elementor-widget__width-initial elementor-widget elementor-widget-text-editor\" data-id=\"9b4b48a\" data-element_type=\"widget\" data-e-type=\"widget\" data-widget_type=\"text-editor.default\">\n\t\t\t\t<div class=\"elementor-widget-container\">\n\t\t\t\t\t\t\t\t\t<p>En Protur Cars, nos enorgullece ofrecer una excelente relaci\u00f3n calidad-precio. Trabajamos incansablemente para mantener tarifas competitivas y transparentes, sin sorpresas. Nuestro objetivo es que cada cliente se sienta valorado y satisfecho con su elecci\u00f3n.<\/p>\t\t\t\t\t\t\t\t<\/div>\n\t\t\t\t<\/div>\n\t\t\t\t\t<\/div>\n\t\t<\/div>\n\t\t\t\t\t<\/div>\n\t\t<\/section>\n\t\t\t\t<section class=\"elementor-section elementor-top-section elementor-element elementor-element-b30aa69 elementor-section-boxed elementor-section-height-default elementor-section-height-default\" data-id=\"b30aa69\" data-element_type=\"section\" data-e-type=\"section\">\n\t\t\t\t\t\t<div class=\"elementor-container elementor-column-gap-wider\">\n\t\t\t\t\t<div class=\"elementor-column elementor-col-100 elementor-top-column elementor-element elementor-element-11d480a\" data-id=\"11d480a\" data-element_type=\"column\" data-e-type=\"column\">\n\t\t\t<div class=\"elementor-widget-wrap elementor-element-populated\">\n\t\t\t\t\t\t<div class=\"elementor-element elementor-element-5f57cff elementor-widget elementor-widget-heading\" data-id=\"5f57cff\" data-element_type=\"widget\" data-e-type=\"widget\" data-widget_type=\"heading.default\">\n\t\t\t\t<div class=\"elementor-widget-container\">\n\t\t\t\t\t<h2 class=\"elementor-heading-title elementor-size-default\">\u00danete a Nuestra Comunidad<\/h2>\t\t\t\t<\/div>\n\t\t\t\t<\/div>\n\t\t\t\t<div class=\"elementor-element elementor-element-f4bec77 elementor-widget__width-initial elementor-widget elementor-widget-text-editor\" data-id=\"f4bec77\" data-element_type=\"widget\" data-e-type=\"widget\" data-widget_type=\"text-editor.default\">\n\t\t\t\t<div class=\"elementor-widget-container\">\n\t\t\t\t\t\t\t\t\t<p>Te invitamos a descubrir Mallorca de una manera \u00fanica y emocionante. Al elegir Protur Cars, no solo alquilas un coche, sino que tambi\u00e9n te unes a una familia que valora la calidad, el servicio y la satisfacci\u00f3n del cliente.<\/p>\t\t\t\t\t\t\t\t<\/div>\n\t\t\t\t<\/div>\n\t\t\t\t\t<\/div>\n\t\t<\/div>\n\t\t\t\t\t<\/div>\n\t\t<\/section>\n\t\t\t\t<section class=\"elementor-section elementor-top-section elementor-element elementor-element-26eef949 elementor-section-content-middle elementor-section-boxed elementor-section-height-default elementor-section-height-default\" data-id=\"26eef949\" data-element_type=\"section\" data-e-type=\"section\">\n\t\t\t\t\t\t<div class=\"elementor-container elementor-column-gap-no\">\n\t\t\t\t\t<div class=\"elementor-column elementor-col-33 elementor-top-column elementor-element elementor-element-744e57b7\" data-id=\"744e57b7\" data-element_type=\"column\" data-e-type=\"column\">\n\t\t\t<div class=\"elementor-widget-wrap elementor-element-populated\">\n\t\t\t\t\t\t<div class=\"elementor-element elementor-element-71272b9 elementor-widget elementor-widget-heading\" data-id=\"71272b9\" data-element_type=\"widget\" data-e-type=\"widget\" data-widget_type=\"heading.default\">\n\t\t\t\t<div class=\"elementor-widget-container\">\n\t\t\t\t\t<h2 class=\"elementor-heading-title elementor-size-default\">Empresas\n<b>GRUP BAUZ\u00c1<\/b><\/h2>\t\t\t\t<\/div>\n\t\t\t\t<\/div>\n\t\t\t\t<div class=\"elementor-element elementor-element-3e4f09f elementor-widget-divider--view-line elementor-widget elementor-widget-divider\" data-id=\"3e4f09f\" data-element_type=\"widget\" data-e-type=\"widget\" data-widget_type=\"divider.default\">\n\t\t\t\t<div class=\"elementor-widget-container\">\n\t\t\t\t\t\t\t<div class=\"elementor-divider\">\n\t\t\t<span class=\"elementor-divider-separator\">\n\t\t\t\t\t\t<\/span>\n\t\t<\/div>\n\t\t\t\t\t\t<\/div>\n\t\t\t\t<\/div>\n\t\t\t\t<div class=\"elementor-element elementor-element-59bb967 elementor-widget elementor-widget-image\" data-id=\"59bb967\" data-element_type=\"widget\" data-e-type=\"widget\" data-widget_type=\"image.default\">\n\t\t\t\t<div class=\"elementor-widget-container\">\n\t\t\t\t\t\t\t\t\t\t\t\t\t\t\t<img decoding=\"async\" width=\"600\" height=\"700\" src=\"https:\/\/proturcars.com\/wp-content\/uploads\/2024\/10\/protur-hotels.jpg\" class=\"elementor-animation-grow attachment-large size-large wp-image-2992\" alt=\"Protur Hotels - Hoteldivision der Grup BAUZ\u00c1\" srcset=\"https:\/\/proturcars.com\/wp-content\/uploads\/2024\/10\/protur-hotels.jpg 600w, https:\/\/proturcars.com\/wp-content\/uploads\/2024\/10\/protur-hotels-257x300.jpg 257w, https:\/\/proturcars.com\/wp-content\/uploads\/2024\/10\/protur-hotels-370x432.jpg 370w\" sizes=\"(max-width: 600px) 100vw, 600px\" \/>\t\t\t\t\t\t\t\t\t\t\t\t\t\t\t<\/div>\n\t\t\t\t<\/div>\n\t\t\t\t<div class=\"elementor-element elementor-element-c1dc235 elementor-widget__width-initial elementor-widget elementor-widget-text-editor\" data-id=\"c1dc235\" data-element_type=\"widget\" data-e-type=\"widget\" data-widget_type=\"text-editor.default\">\n\t\t\t\t<div class=\"elementor-widget-container\">\n\t\t\t\t\t\t\t\t\t<p><strong>PROTUR HOTELS es la divisi\u00f3n hotelera de Grup BAUZ\u00c0.<\/strong> Esta cadena hotelera se estableci\u00f3 en 1985 y actualmente cuenta con cerca de 12,000 plazas. Desde entonces, nos hemos dedicado a organizar tus vacaciones en Mallorca, y desde 2011 tambi\u00e9n en Roquetas de Mar, Almer\u00eda.<\/p><p>En la actualidad, operamos 18 establecimientos, que ofrecen aproximadamente 12,000 plazas, situados en las playas y parajes m\u00e1s atractivos: Cala Bona, Cala Millor, Cala Rajada, Sa Coma y Palma en Mallorca, as\u00ed como en Roquetas de Mar, Almer\u00eda.<\/p>\t\t\t\t\t\t\t\t<\/div>\n\t\t\t\t<\/div>\n\t\t\t\t\t<\/div>\n\t\t<\/div>\n\t\t\t\t<div class=\"elementor-column elementor-col-33 elementor-top-column elementor-element elementor-element-71fcb12d\" data-id=\"71fcb12d\" data-element_type=\"column\" data-e-type=\"column\">\n\t\t\t<div class=\"elementor-widget-wrap elementor-element-populated\">\n\t\t\t\t\t\t<div class=\"elementor-element elementor-element-22958dea elementor-widget elementor-widget-image\" data-id=\"22958dea\" data-element_type=\"widget\" data-e-type=\"widget\" data-widget_type=\"image.default\">\n\t\t\t\t<div class=\"elementor-widget-container\">\n\t\t\t\t\t\t\t\t\t\t\t\t\t\t\t<img loading=\"lazy\" decoding=\"async\" width=\"600\" height=\"700\" src=\"https:\/\/proturcars.com\/wp-content\/uploads\/2024\/10\/cotesa-inmobiliaria-mallorca.jpg\" class=\"elementor-animation-grow attachment-large size-large wp-image-2995\" alt=\"Immobilienagentur Cotesa Mallorca\" srcset=\"https:\/\/proturcars.com\/wp-content\/uploads\/2024\/10\/cotesa-inmobiliaria-mallorca.jpg 600w, https:\/\/proturcars.com\/wp-content\/uploads\/2024\/10\/cotesa-inmobiliaria-mallorca-257x300.jpg 257w, https:\/\/proturcars.com\/wp-content\/uploads\/2024\/10\/cotesa-inmobiliaria-mallorca-370x432.jpg 370w\" sizes=\"(max-width: 600px) 100vw, 600px\" \/>\t\t\t\t\t\t\t\t\t\t\t\t\t\t\t<\/div>\n\t\t\t\t<\/div>\n\t\t\t\t<div class=\"elementor-element elementor-element-0f47b9b elementor-widget__width-initial elementor-widget elementor-widget-text-editor\" data-id=\"0f47b9b\" data-element_type=\"widget\" data-e-type=\"widget\" data-widget_type=\"text-editor.default\">\n\t\t\t\t<div class=\"elementor-widget-container\">\n\t\t\t\t\t\t\t\t\t<p style=\"font-family: 'Titillium Web', sans-serif; font-size: 14.4px; font-weight: 400; font-style: normal; letter-spacing: -0.18px;\"><strong style=\"font-size: 14.4px; margin-bottom: 0px;\">COTESA, la primera empresa del GRUP BAUZ\u00c1, ha estado cumpliendo sue\u00f1os desde 1973.<\/strong>\u00a0Como promotora l\u00edder, se ha consolidado como un referente en el sector de la construcci\u00f3n en Mallorca, destac\u00e1ndose por su experiencia y calidad en el desarrollo de todo tipo de proyectos residenciales. Su especializaci\u00f3n abarca la construcci\u00f3n de apartamentos, casas unifamiliares, chalets y fincas, siempre adapt\u00e1ndose a las necesidades de sus clientes y respetando los m\u00e1s altos est\u00e1ndares de calidad y sostenibilidad.<\/p><p style=\"font-family: 'Titillium Web', sans-serif; font-size: 14.4px; font-weight: 400; font-style: normal; letter-spacing: -0.18px;\">A lo largo de los a\u00f1os, COTESA ha impulsado numerosos proyectos, contribuyendo al crecimiento del mercado inmobiliario en la regi\u00f3n y gan\u00e1ndose la confianza de sus clientes gracias a su compromiso con la excelencia, la atenci\u00f3n al detalle y la entrega puntual de cada proyecto.<\/p>\t\t\t\t\t\t\t\t<\/div>\n\t\t\t\t<\/div>\n\t\t\t\t\t<\/div>\n\t\t<\/div>\n\t\t\t\t<div class=\"elementor-column elementor-col-33 elementor-top-column elementor-element elementor-element-1a2ea58c\" data-id=\"1a2ea58c\" data-element_type=\"column\" data-e-type=\"column\">\n\t\t\t<div class=\"elementor-widget-wrap elementor-element-populated\">\n\t\t\t\t\t\t<div class=\"elementor-element elementor-element-74e1b8d0 elementor-widget elementor-widget-image\" data-id=\"74e1b8d0\" data-element_type=\"widget\" data-e-type=\"widget\" data-widget_type=\"image.default\">\n\t\t\t\t<div class=\"elementor-widget-container\">\n\t\t\t\t\t\t\t\t\t\t\t\t\t\t\t<img loading=\"lazy\" decoding=\"async\" width=\"600\" height=\"700\" src=\"https:\/\/proturcars.com\/wp-content\/uploads\/2024\/10\/coemsa-constuccions-embat.jpg\" class=\"elementor-animation-grow attachment-full size-full wp-image-2998\" alt=\"Coemsa ist ein Bauunternehmen, das 1985 auf Mallorca gegr\u00fcndet wurde.\" srcset=\"https:\/\/proturcars.com\/wp-content\/uploads\/2024\/10\/coemsa-constuccions-embat.jpg 600w, https:\/\/proturcars.com\/wp-content\/uploads\/2024\/10\/coemsa-constuccions-embat-257x300.jpg 257w, https:\/\/proturcars.com\/wp-content\/uploads\/2024\/10\/coemsa-constuccions-embat-370x432.jpg 370w\" sizes=\"(max-width: 600px) 100vw, 600px\" \/>\t\t\t\t\t\t\t\t\t\t\t\t\t\t\t<\/div>\n\t\t\t\t<\/div>\n\t\t\t\t<div class=\"elementor-element elementor-element-1790750 elementor-widget__width-initial elementor-widget elementor-widget-text-editor\" data-id=\"1790750\" data-element_type=\"widget\" data-e-type=\"widget\" data-widget_type=\"text-editor.default\">\n\t\t\t\t<div class=\"elementor-widget-container\">\n\t\t\t\t\t\t\t\t\t<p><strong>COEMSA (Construcciones Embat S.A.)<\/strong>, parte del GRUP BAUZ\u00c1, es una empresa constructora fundada en 1985 en Mallorca. Con m\u00e1s de 15 millones de metros cuadrados construidos, se ha consolidado como un referente en la construcci\u00f3n de edificios residenciales, bloques de pisos y proyectos hoteleros. Su experiencia le permite ejecutar tanto obras propias del grupo como colaboraciones externas, destac\u00e1ndose en la calidad, eficiencia y sostenibilidad de sus procesos.<\/p>\t\t\t\t\t\t\t\t<\/div>\n\t\t\t\t<\/div>\n\t\t\t\t\t<\/div>\n\t\t<\/div>\n\t\t\t\t\t<\/div>\n\t\t<\/section>\n\t\t\t\t<section class=\"elementor-section elementor-top-section elementor-element elementor-element-b0ad940 elementor-section-content-middle elementor-section-boxed elementor-section-height-default elementor-section-height-default\" data-id=\"b0ad940\" data-element_type=\"section\" data-e-type=\"section\">\n\t\t\t\t\t\t<div class=\"elementor-container elementor-column-gap-no\">\n\t\t\t\t\t<div class=\"elementor-column elementor-col-33 elementor-top-column elementor-element elementor-element-850b869\" data-id=\"850b869\" data-element_type=\"column\" data-e-type=\"column\">\n\t\t\t<div class=\"elementor-widget-wrap elementor-element-populated\">\n\t\t\t\t\t\t<div class=\"elementor-element elementor-element-e73af41 elementor-widget elementor-widget-image\" data-id=\"e73af41\" data-element_type=\"widget\" data-e-type=\"widget\" data-widget_type=\"image.default\">\n\t\t\t\t<div class=\"elementor-widget-container\">\n\t\t\t\t\t\t\t\t\t\t\t\t\t\t\t<img loading=\"lazy\" decoding=\"async\" width=\"600\" height=\"700\" src=\"https:\/\/proturcars.com\/wp-content\/uploads\/2024\/10\/lavanderia-son-servera.jpg\" class=\"elementor-animation-grow attachment-large size-large wp-image-3001\" alt=\"Lavander\u00eda Son Servera, gegr\u00fcndet 1969, bietet einen tadellosen Service in der Reinigung und Pflege von Industriew\u00e4sche\" srcset=\"https:\/\/proturcars.com\/wp-content\/uploads\/2024\/10\/lavanderia-son-servera.jpg 600w, https:\/\/proturcars.com\/wp-content\/uploads\/2024\/10\/lavanderia-son-servera-257x300.jpg 257w, https:\/\/proturcars.com\/wp-content\/uploads\/2024\/10\/lavanderia-son-servera-370x432.jpg 370w\" sizes=\"(max-width: 600px) 100vw, 600px\" \/>\t\t\t\t\t\t\t\t\t\t\t\t\t\t\t<\/div>\n\t\t\t\t<\/div>\n\t\t\t\t<div class=\"elementor-element elementor-element-d59d853 elementor-widget__width-initial elementor-widget elementor-widget-text-editor\" data-id=\"d59d853\" data-element_type=\"widget\" data-e-type=\"widget\" data-widget_type=\"text-editor.default\">\n\t\t\t\t<div class=\"elementor-widget-container\">\n\t\t\t\t\t\t\t\t\t<p><strong>Lavander\u00eda Son Servera<\/strong>, fundada en 1969, ofrece un servicio impecable de limpieza y tratamiento de lencer\u00eda industrial, ubicada estrat\u00e9gicamente en Sa Coma. Con m\u00e1s de cinco d\u00e9cadas de experiencia, se especializa en la gesti\u00f3n de grandes vol\u00famenes de textiles para hoteles, restaurantes y otras empresas del sector tur\u00edstico e industrial. Su infraestructura moderna y procesos eficientes garantizan que cada pieza de lencer\u00eda sea tratada con el m\u00e1ximo cuidado, manteniendo altos est\u00e1ndares de higiene y presentaci\u00f3n.<\/p>\t\t\t\t\t\t\t\t<\/div>\n\t\t\t\t<\/div>\n\t\t\t\t\t<\/div>\n\t\t<\/div>\n\t\t\t\t<div class=\"elementor-column elementor-col-33 elementor-top-column elementor-element elementor-element-d7530fc\" data-id=\"d7530fc\" data-element_type=\"column\" data-e-type=\"column\">\n\t\t\t<div class=\"elementor-widget-wrap elementor-element-populated\">\n\t\t\t\t\t\t<div class=\"elementor-element elementor-element-4113a48 elementor-widget elementor-widget-image\" data-id=\"4113a48\" data-element_type=\"widget\" data-e-type=\"widget\" data-widget_type=\"image.default\">\n\t\t\t\t<div class=\"elementor-widget-container\">\n\t\t\t\t\t\t\t\t\t\t\t\t\t\t\t<img loading=\"lazy\" decoding=\"async\" width=\"600\" height=\"700\" src=\"https:\/\/proturcars.com\/wp-content\/uploads\/2024\/12\/costera-de-aigues-sant-llorenc.jpg\" class=\"elementor-animation-grow attachment-large size-large wp-image-5137\" alt=\"Aig\u00fces Sant LLoren\u00e7 (Costera d&#039;aig\u00fces i serveis) es una empresa dedicada a la gesti\u00f3n del agua\" srcset=\"https:\/\/proturcars.com\/wp-content\/uploads\/2024\/12\/costera-de-aigues-sant-llorenc.jpg 600w, https:\/\/proturcars.com\/wp-content\/uploads\/2024\/12\/costera-de-aigues-sant-llorenc-257x300.jpg 257w\" sizes=\"(max-width: 600px) 100vw, 600px\" \/>\t\t\t\t\t\t\t\t\t\t\t\t\t\t\t<\/div>\n\t\t\t\t<\/div>\n\t\t\t\t<div class=\"elementor-element elementor-element-3953435 elementor-widget__width-initial elementor-widget elementor-widget-text-editor\" data-id=\"3953435\" data-element_type=\"widget\" data-e-type=\"widget\" data-widget_type=\"text-editor.default\">\n\t\t\t\t<div class=\"elementor-widget-container\">\n\t\t\t\t\t\t\t\t\t<p><b>Aig\u00fces Sant LLoren\u00e7 (Costera d&rsquo;aig\u00fces i serveis)<\/b>\u00a0es una empresa dedicada a la gesti\u00f3n del agua, ofreciendo diversos servicios para asegurar el suministro y mantenimiento de infraestructuras h\u00eddricas y urbanas. Nos encargamos del alquiler y mantenimiento de contadores de agua y gas, as\u00ed como de la gesti\u00f3n de alcantarillado y evacuaci\u00f3n de aguas. Tambi\u00e9n brindamos servicios de limpieza de calles, cuidado de jardines y mantenimiento de piscinas.<\/p><p>Nuestra actividad principal es la captaci\u00f3n, tratamiento y distribuci\u00f3n de agua potable para comunidades, con un enfoque en garantizar un servicio eficiente y sostenible para todos.<\/p>\t\t\t\t\t\t\t\t<\/div>\n\t\t\t\t<\/div>\n\t\t\t\t\t<\/div>\n\t\t<\/div>\n\t\t\t\t<div class=\"elementor-column elementor-col-33 elementor-top-column elementor-element elementor-element-4316427\" data-id=\"4316427\" data-element_type=\"column\" data-e-type=\"column\">\n\t\t\t<div class=\"elementor-widget-wrap elementor-element-populated\">\n\t\t\t\t\t\t<div class=\"elementor-element elementor-element-5bde084 elementor-widget elementor-widget-image\" data-id=\"5bde084\" data-element_type=\"widget\" data-e-type=\"widget\" data-widget_type=\"image.default\">\n\t\t\t\t<div class=\"elementor-widget-container\">\n\t\t\t\t\t\t\t\t\t\t\t\t\t\t\t<img loading=\"lazy\" decoding=\"async\" width=\"600\" height=\"700\" src=\"https:\/\/proturcars.com\/wp-content\/uploads\/2024\/10\/can-parrino.jpg\" class=\"elementor-animation-grow attachment-full size-full wp-image-3004\" alt=\"Les stations-service &quot;CAN PARRINO&quot; se consacrent \u00e0 l&#039;approvisionnement en carburant \u00e0 Son Servera, San Lloren\u00e7 de Cardessar et Palma.\" srcset=\"https:\/\/proturcars.com\/wp-content\/uploads\/2024\/10\/can-parrino.jpg 600w, https:\/\/proturcars.com\/wp-content\/uploads\/2024\/10\/can-parrino-257x300.jpg 257w, https:\/\/proturcars.com\/wp-content\/uploads\/2024\/10\/can-parrino-370x432.jpg 370w\" sizes=\"(max-width: 600px) 100vw, 600px\" \/>\t\t\t\t\t\t\t\t\t\t\t\t\t\t\t<\/div>\n\t\t\t\t<\/div>\n\t\t\t\t<div class=\"elementor-element elementor-element-bad4fb4 elementor-widget__width-initial elementor-widget elementor-widget-text-editor\" data-id=\"bad4fb4\" data-element_type=\"widget\" data-e-type=\"widget\" data-widget_type=\"text-editor.default\">\n\t\t\t\t<div class=\"elementor-widget-container\">\n\t\t\t\t\t\t\t\t\t<p><strong>GASOLINERAS \u00ab\u00a0CAN PARRINO\u00a0\u00bb<\/strong> se dedica al abastecimiento de combustible en <strong>Son Servera, San Lloren\u00e7 de Cardessar y Palma<\/strong>, ofreciendo un servicio integral que incluye tiendas, t\u00faneles de lavado y cafeter\u00edas. Con un enfoque en la atenci\u00f3n al cliente, la empresa se especializa en la venta al por menor de combustibles, carburantes y lubricantes. Cada estaci\u00f3n est\u00e1 dise\u00f1ada para proporcionar comodidad y eficiencia, garantizando productos de calidad y un servicio r\u00e1pido para todos los conductores. Adem\u00e1s, su compromiso con la satisfacci\u00f3n del cliente hace que cada visita sea una experiencia agradable y conveniente.<\/p>\t\t\t\t\t\t\t\t<\/div>\n\t\t\t\t<\/div>\n\t\t\t\t\t<\/div>\n\t\t<\/div>\n\t\t\t\t\t<\/div>\n\t\t<\/section>\n\t\t\t\t<\/div>\n\t\t","protected":false},"excerpt":{"rendered":"<p>Qui\u00e9nes Somos &#8211; Protur Cars Protur Cars es una empresa de alquiler de coches que forma parte del prestigioso GRUPO BAUZA. Fundada inicialmente para ofrecer un servicio exclusivo a los hu\u00e9spedes de Protur Hotels, ahora hemos ampliado nuestra oferta para atender a todo el p\u00fablico que busca explorar Mallorca con comodidad y estilo. Nuestra Misi\u00f3n [&hellip;]<\/p>\n","protected":false},"author":1,"featured_media":0,"parent":0,"menu_order":0,"comment_status":"closed","ping_status":"closed","template":"","meta":{"footnotes":""},"class_list":["post-3237","page","type-page","status-publish","hentry"],"yoast_head":"<!-- This site is optimized with the Yoast SEO plugin v27.4 - https:\/\/yoast.com\/product\/yoast-seo-wordpress\/ -->\n<title>\u00c0 propos de nous | Protur Cars location de voitures \u00e0 Majorque<\/title>\n<meta name=\"description\" content=\"Protur Cars, faisant partie du GRUP BAUZ\u00c1, propose la location de voitures \u00e0 Majorque avec une flotte moderne et s\u00e9curis\u00e9e.\" \/>\n<meta name=\"robots\" content=\"index, follow, max-snippet:-1, max-image-preview:large, max-video-preview:-1\" \/>\n<link rel=\"canonical\" href=\"https:\/\/proturcars.com\/fr\/nous\/\" \/>\n<meta property=\"og:locale\" content=\"fr_FR\" \/>\n<meta property=\"og:type\" content=\"article\" \/>\n<meta property=\"og:title\" content=\"\u00c0 propos de nous | Protur Cars location de voitures \u00e0 Majorque\" \/>\n<meta property=\"og:description\" content=\"Protur Cars, faisant partie du GRUP BAUZ\u00c1, propose la location de voitures \u00e0 Majorque avec une flotte moderne et s\u00e9curis\u00e9e.\" \/>\n<meta property=\"og:url\" content=\"https:\/\/proturcars.com\/fr\/nous\/\" \/>\n<meta property=\"og:site_name\" content=\"Alquiler de Coches en Cala Millor, Sa Coma y Cala Bona\" \/>\n<meta property=\"article:modified_time\" content=\"2024-12-23T10:59:23+00:00\" \/>\n<meta property=\"og:image\" content=\"https:\/\/proturcars.com\/wp-content\/uploads\/2024\/10\/quienes-somos-grup-bauza-empresas.jpg\" \/>\n\t<meta property=\"og:image:width\" content=\"2427\" \/>\n\t<meta property=\"og:image:height\" content=\"700\" \/>\n\t<meta property=\"og:image:type\" content=\"image\/jpeg\" \/>\n<meta name=\"twitter:card\" content=\"summary_large_image\" \/>\n<meta name=\"twitter:label1\" content=\"Dur\u00e9e de lecture estim\u00e9e\" \/>\n\t<meta name=\"twitter:data1\" content=\"6 minutes\" \/>\n<script type=\"application\/ld+json\" class=\"yoast-schema-graph\">{\"@context\":\"https:\\\/\\\/schema.org\",\"@graph\":[{\"@type\":\"WebPage\",\"@id\":\"https:\\\/\\\/proturcars.com\\\/fr\\\/nous\\\/\",\"url\":\"https:\\\/\\\/proturcars.com\\\/fr\\\/nous\\\/\",\"name\":\"\u00c0 propos de nous | Protur Cars location de voitures \u00e0 Majorque\",\"isPartOf\":{\"@id\":\"https:\\\/\\\/proturcars.com\\\/fr\\\/#website\"},\"primaryImageOfPage\":{\"@id\":\"https:\\\/\\\/proturcars.com\\\/fr\\\/nous\\\/#primaryimage\"},\"image\":{\"@id\":\"https:\\\/\\\/proturcars.com\\\/fr\\\/nous\\\/#primaryimage\"},\"thumbnailUrl\":\"https:\\\/\\\/proturcars.com\\\/wp-content\\\/uploads\\\/2024\\\/10\\\/quienes-somos-grup-bauza-empresas.jpg\",\"datePublished\":\"2024-10-24T15:03:45+00:00\",\"dateModified\":\"2024-12-23T10:59:23+00:00\",\"description\":\"Protur Cars, faisant partie du GRUP BAUZ\u00c1, propose la location de voitures \u00e0 Majorque avec une flotte moderne et s\u00e9curis\u00e9e.\",\"breadcrumb\":{\"@id\":\"https:\\\/\\\/proturcars.com\\\/fr\\\/nous\\\/#breadcrumb\"},\"inLanguage\":\"fr-FR\",\"potentialAction\":[{\"@type\":\"ReadAction\",\"target\":[\"https:\\\/\\\/proturcars.com\\\/fr\\\/nous\\\/\"]}]},{\"@type\":\"ImageObject\",\"inLanguage\":\"fr-FR\",\"@id\":\"https:\\\/\\\/proturcars.com\\\/fr\\\/nous\\\/#primaryimage\",\"url\":\"https:\\\/\\\/proturcars.com\\\/wp-content\\\/uploads\\\/2024\\\/10\\\/quienes-somos-grup-bauza-empresas.jpg\",\"contentUrl\":\"https:\\\/\\\/proturcars.com\\\/wp-content\\\/uploads\\\/2024\\\/10\\\/quienes-somos-grup-bauza-empresas.jpg\"},{\"@type\":\"BreadcrumbList\",\"@id\":\"https:\\\/\\\/proturcars.com\\\/fr\\\/nous\\\/#breadcrumb\",\"itemListElement\":[{\"@type\":\"ListItem\",\"position\":1,\"name\":\"Portada\",\"item\":\"https:\\\/\\\/proturcars.com\\\/fr\\\/\"},{\"@type\":\"ListItem\",\"position\":2,\"name\":\"\u00c0 propos de nous\"}]},{\"@type\":\"WebSite\",\"@id\":\"https:\\\/\\\/proturcars.com\\\/fr\\\/#website\",\"url\":\"https:\\\/\\\/proturcars.com\\\/fr\\\/\",\"name\":\"Alquiler de Coches en Cala Millor, Sa Coma y Cala Bona\",\"description\":\"Alquila coches en Cala Millor, Sa Coma, Cala Bona y S'Illot. Seguro sin franquicia, asistencia 24\\\/7 y kil&oacute;metros ilimitados\",\"publisher\":{\"@id\":\"https:\\\/\\\/proturcars.com\\\/fr\\\/#organization\"},\"alternateName\":\"Alquiler de Coches en Cala Millor, Sa Coma y Cala Bona\",\"potentialAction\":[{\"@type\":\"SearchAction\",\"target\":{\"@type\":\"EntryPoint\",\"urlTemplate\":\"https:\\\/\\\/proturcars.com\\\/fr\\\/?s={search_term_string}\"},\"query-input\":{\"@type\":\"PropertyValueSpecification\",\"valueRequired\":true,\"valueName\":\"search_term_string\"}}],\"inLanguage\":\"fr-FR\"},{\"@type\":\"Organization\",\"@id\":\"https:\\\/\\\/proturcars.com\\\/fr\\\/#organization\",\"name\":\"Protur Cars alquiler de coches en Cala Millor, Sa Coma y Cala Bona\",\"alternateName\":\"Protur Cars alquiler de coches\",\"url\":\"https:\\\/\\\/proturcars.com\\\/fr\\\/\",\"logo\":{\"@type\":\"ImageObject\",\"inLanguage\":\"fr-FR\",\"@id\":\"https:\\\/\\\/proturcars.com\\\/fr\\\/#\\\/schema\\\/logo\\\/image\\\/\",\"url\":\"https:\\\/\\\/proturcars.com\\\/wp-content\\\/uploads\\\/2024\\\/10\\\/cropped-proturcars-logo.webp\",\"contentUrl\":\"https:\\\/\\\/proturcars.com\\\/wp-content\\\/uploads\\\/2024\\\/10\\\/cropped-proturcars-logo.webp\",\"width\":500,\"height\":194,\"caption\":\"Protur Cars alquiler de coches en Cala Millor, Sa Coma y Cala Bona\"},\"image\":{\"@id\":\"https:\\\/\\\/proturcars.com\\\/fr\\\/#\\\/schema\\\/logo\\\/image\\\/\"}}]}<\/script>\n<!-- \/ Yoast SEO plugin. -->","yoast_head_json":{"title":"\u00c0 propos de nous | Protur Cars location de voitures \u00e0 Majorque","description":"Protur Cars, faisant partie du GRUP BAUZ\u00c1, propose la location de voitures \u00e0 Majorque avec une flotte moderne et s\u00e9curis\u00e9e.","robots":{"index":"index","follow":"follow","max-snippet":"max-snippet:-1","max-image-preview":"max-image-preview:large","max-video-preview":"max-video-preview:-1"},"canonical":"https:\/\/proturcars.com\/fr\/nous\/","og_locale":"fr_FR","og_type":"article","og_title":"\u00c0 propos de nous | Protur Cars location de voitures \u00e0 Majorque","og_description":"Protur Cars, faisant partie du GRUP BAUZ\u00c1, propose la location de voitures \u00e0 Majorque avec une flotte moderne et s\u00e9curis\u00e9e.","og_url":"https:\/\/proturcars.com\/fr\/nous\/","og_site_name":"Alquiler de Coches en Cala Millor, Sa Coma y Cala Bona","article_modified_time":"2024-12-23T10:59:23+00:00","og_image":[{"width":2427,"height":700,"url":"https:\/\/proturcars.com\/wp-content\/uploads\/2024\/10\/quienes-somos-grup-bauza-empresas.jpg","type":"image\/jpeg"}],"twitter_card":"summary_large_image","twitter_misc":{"Dur\u00e9e de lecture estim\u00e9e":"6 minutes"},"schema":{"@context":"https:\/\/schema.org","@graph":[{"@type":"WebPage","@id":"https:\/\/proturcars.com\/fr\/nous\/","url":"https:\/\/proturcars.com\/fr\/nous\/","name":"\u00c0 propos de nous | Protur Cars location de voitures \u00e0 Majorque","isPartOf":{"@id":"https:\/\/proturcars.com\/fr\/#website"},"primaryImageOfPage":{"@id":"https:\/\/proturcars.com\/fr\/nous\/#primaryimage"},"image":{"@id":"https:\/\/proturcars.com\/fr\/nous\/#primaryimage"},"thumbnailUrl":"https:\/\/proturcars.com\/wp-content\/uploads\/2024\/10\/quienes-somos-grup-bauza-empresas.jpg","datePublished":"2024-10-24T15:03:45+00:00","dateModified":"2024-12-23T10:59:23+00:00","description":"Protur Cars, faisant partie du GRUP BAUZ\u00c1, propose la location de voitures \u00e0 Majorque avec une flotte moderne et s\u00e9curis\u00e9e.","breadcrumb":{"@id":"https:\/\/proturcars.com\/fr\/nous\/#breadcrumb"},"inLanguage":"fr-FR","potentialAction":[{"@type":"ReadAction","target":["https:\/\/proturcars.com\/fr\/nous\/"]}]},{"@type":"ImageObject","inLanguage":"fr-FR","@id":"https:\/\/proturcars.com\/fr\/nous\/#primaryimage","url":"https:\/\/proturcars.com\/wp-content\/uploads\/2024\/10\/quienes-somos-grup-bauza-empresas.jpg","contentUrl":"https:\/\/proturcars.com\/wp-content\/uploads\/2024\/10\/quienes-somos-grup-bauza-empresas.jpg"},{"@type":"BreadcrumbList","@id":"https:\/\/proturcars.com\/fr\/nous\/#breadcrumb","itemListElement":[{"@type":"ListItem","position":1,"name":"Portada","item":"https:\/\/proturcars.com\/fr\/"},{"@type":"ListItem","position":2,"name":"\u00c0 propos de nous"}]},{"@type":"WebSite","@id":"https:\/\/proturcars.com\/fr\/#website","url":"https:\/\/proturcars.com\/fr\/","name":"Alquiler de Coches en Cala Millor, Sa Coma y Cala Bona","description":"Alquila coches en Cala Millor, Sa Coma, Cala Bona y S'Illot. Seguro sin franquicia, asistencia 24\/7 y kil&oacute;metros ilimitados","publisher":{"@id":"https:\/\/proturcars.com\/fr\/#organization"},"alternateName":"Alquiler de Coches en Cala Millor, Sa Coma y Cala Bona","potentialAction":[{"@type":"SearchAction","target":{"@type":"EntryPoint","urlTemplate":"https:\/\/proturcars.com\/fr\/?s={search_term_string}"},"query-input":{"@type":"PropertyValueSpecification","valueRequired":true,"valueName":"search_term_string"}}],"inLanguage":"fr-FR"},{"@type":"Organization","@id":"https:\/\/proturcars.com\/fr\/#organization","name":"Protur Cars alquiler de coches en Cala Millor, Sa Coma y Cala Bona","alternateName":"Protur Cars alquiler de coches","url":"https:\/\/proturcars.com\/fr\/","logo":{"@type":"ImageObject","inLanguage":"fr-FR","@id":"https:\/\/proturcars.com\/fr\/#\/schema\/logo\/image\/","url":"https:\/\/proturcars.com\/wp-content\/uploads\/2024\/10\/cropped-proturcars-logo.webp","contentUrl":"https:\/\/proturcars.com\/wp-content\/uploads\/2024\/10\/cropped-proturcars-logo.webp","width":500,"height":194,"caption":"Protur Cars alquiler de coches en Cala Millor, Sa Coma y Cala Bona"},"image":{"@id":"https:\/\/proturcars.com\/fr\/#\/schema\/logo\/image\/"}}]}},"_links":{"self":[{"href":"https:\/\/proturcars.com\/fr\/wp-json\/wp\/v2\/pages\/3237","targetHints":{"allow":["GET"]}}],"collection":[{"href":"https:\/\/proturcars.com\/fr\/wp-json\/wp\/v2\/pages"}],"about":[{"href":"https:\/\/proturcars.com\/fr\/wp-json\/wp\/v2\/types\/page"}],"author":[{"embeddable":true,"href":"https:\/\/proturcars.com\/fr\/wp-json\/wp\/v2\/users\/1"}],"replies":[{"embeddable":true,"href":"https:\/\/proturcars.com\/fr\/wp-json\/wp\/v2\/comments?post=3237"}],"version-history":[{"count":0,"href":"https:\/\/proturcars.com\/fr\/wp-json\/wp\/v2\/pages\/3237\/revisions"}],"wp:attachment":[{"href":"https:\/\/proturcars.com\/fr\/wp-json\/wp\/v2\/media?parent=3237"}],"curies":[{"name":"wp","href":"https:\/\/api.w.org\/{rel}","templated":true}]}}